{"id":65247,"date":"2024-06-02T09:22:35","date_gmt":"2024-06-02T07:22:35","guid":{"rendered":"https:\/\/watse.fr\/sejour\/grande-traversee-des-alpes-chamonix-modane-between-peaks-and-valleys-part-two\/"},"modified":"2026-04-22T14:46:18","modified_gmt":"2026-04-22T12:46:18","slug":"grande-traversee-des-alpes-chamonix-modane-between-peaks-and-valleys-part-two","status":"publish","type":"sejour","link":"https:\/\/watse.fr\/en\/sejour\/grande-traversee-des-alpes-chamonix-modane-between-peaks-and-valleys-part-two\/","title":{"rendered":"Grande Travers\u00e9e des Alpes : Chamonix-Modane, between peaks and valleys &#8211; part two"},"content":{"rendered":"<p>[et_pb_section fb_built=&#8221;1&#8243; admin_label=&#8221;Section Intro&#8221; module_class=&#8221;destination-first-section&#8221; _builder_version=&#8221;4.27.2&#8243; _dynamic_attributes=&#8221;background_image&#8221; _module_preset=&#8221;default&#8221; background_image=&#8221;@ET-DC@eyJkeW5hbWljIjp0cnVlLCJjb250ZW50IjoicG9zdF9mZWF0dXJlZF9pbWFnZSIsInNldHRpbmdzIjp7fX0=@&#8221; height_tablet=&#8221;auto&#8221; height_phone=&#8221;auto&#8221; height_last_edited=&#8221;off|phone&#8221; custom_padding=&#8221;0px|0px|0px|0px|true|true&#8221; locked=&#8221;off&#8221; global_colors_info=&#8221;{}&#8221;][et_pb_row column_structure=&#8221;2_3,1_3&#8243; _builder_version=&#8221;4.24.2&#8243; _module_preset=&#8221;default&#8221; custom_margin=&#8221;140px||||false|false&#8221; custom_padding=&#8221;||||false|false&#8221; global_colors_info=&#8221;{}&#8221;][et_pb_column type=&#8221;2_3&#8243; module_class=&#8221;trip-title-column&#8221; _builder_version=&#8221;4.24.2&#8243; _module_preset=&#8221;default&#8221; global_colors_info=&#8221;{}&#8221;][et_pb_text _builder_version=&#8221;4.24.2&#8243; _dynamic_attributes=&#8221;content&#8221; _module_preset=&#8221;default&#8221; text_font=&#8221;||||||||&#8221; header_font=&#8221;|700|||||||&#8221; header_text_color=&#8221;#FFFFFF&#8221; header_font_size=&#8221;80px&#8221; header_line_height=&#8221;1.3em&#8221; custom_margin=&#8221;30vh||||false|false&#8221; custom_margin_tablet=&#8221;30vh||||false|false&#8221; custom_margin_phone=&#8221;15vh||||false|false&#8221; custom_margin_last_edited=&#8221;on|phone&#8221; custom_padding_tablet=&#8221;&#8221; custom_padding_phone=&#8221;||||false|false&#8221; custom_padding_last_edited=&#8221;on|phone&#8221; header_font_size_tablet=&#8221;80px&#8221; header_font_size_phone=&#8221;36px&#8221; header_font_size_last_edited=&#8221;on|phone&#8221; global_colors_info=&#8221;{}&#8221;]@ET-DC@eyJkeW5hbWljIjp0cnVlLCJjb250ZW50IjoicG9zdF90aXRsZSIsInNldHRpbmdzIjp7ImJlZm9yZSI6IjxoMT4iLCJhZnRlciI6IjxcL2gxPiJ9fQ==@[\/et_pb_text][et_pb_de_mach_acf_item acf_name=&#8221;field_65e1b95644a9f&#8221; show_label=&#8221;off&#8221; suffix=&#8221; jours&#8221; use_icon=&#8221;on&#8221; font_icon=&#8221;&#xf073;||fa||900&#8243; icon_color=&#8221;#FFFFFF&#8221; use_icon_font_size=&#8221;on&#8221; icon_font_size=&#8221;20px&#8221; admin_label=&#8221;Dur\u00e9e&#8221; module_id=&#8221;trip-info-duration-padding&#8221; module_class=&#8221;trip-info-duration inline-info&#8221; _builder_version=&#8221;4.24.2&#8243; _module_preset=&#8221;default&#8221; title_css_font=&#8221;|700|||||||&#8221; title_css_text_color=&#8221;#FFFFFF&#8221; title_css_font_size=&#8221;18px&#8221; custom_padding=&#8221;|25px|||false|false&#8221; border_width_right=&#8221;2px&#8221; border_color_right=&#8221;#FFFFFF&#8221; border_width_right_tablet=&#8221;2px&#8221; border_width_right_phone=&#8221;0px&#8221; border_width_right_last_edited=&#8221;on|phone&#8221; global_colors_info=&#8221;{}&#8221;][\/et_pb_de_mach_acf_item][et_pb_de_mach_acf_item acf_name=&#8221;field_65e1b7da44a9d&#8221; show_label=&#8221;off&#8221; use_icon=&#8221;on&#8221; font_icon=&#8221;&#xf6fc;||fa||900&#8243; icon_color=&#8221;#FFFFFF&#8221; use_icon_font_size=&#8221;on&#8221; icon_font_size=&#8221;20px&#8221; admin_label=&#8221;Difficult\u00e9&#8221; module_class=&#8221;trip-info-difficulty inline-info&#8221; _builder_version=&#8221;4.24.2&#8243; _module_preset=&#8221;default&#8221; title_css_font=&#8221;|700|||||||&#8221; title_css_text_color=&#8221;#FFFFFF&#8221; title_css_font_size=&#8221;18px&#8221; custom_padding=&#8221;|25px||25px|false|true&#8221; border_width_right=&#8221;2px&#8221; border_color_right=&#8221;#FFFFFF&#8221; border_width_right_tablet=&#8221;2px&#8221; border_width_right_phone=&#8221;0px&#8221; border_width_right_last_edited=&#8221;on|phone&#8221; global_colors_info=&#8221;{}&#8221;][\/et_pb_de_mach_acf_item][et_pb_de_mach_acf_item acf_name=&#8221;field_65e1b90144a9e&#8221; show_label=&#8221;off&#8221; suffix=&#8221; personnes&#8221; use_icon=&#8221;on&#8221; font_icon=&#8221;&#xf0c0;||fa||900&#8243; icon_color=&#8221;#FFFFFF&#8221; use_icon_font_size=&#8221;on&#8221; icon_font_size=&#8221;20px&#8221; admin_label=&#8221;Taille du groupe&#8221; module_class=&#8221;trip-info-group-size inline-info&#8221; _builder_version=&#8221;4.24.2&#8243; _module_preset=&#8221;default&#8221; title_css_font=&#8221;|700|||||||&#8221; title_css_text_color=&#8221;#FFFFFF&#8221; title_css_font_size=&#8221;18px&#8221; custom_padding=&#8221;|||25px|false|false&#8221; global_colors_info=&#8221;{}&#8221;][\/et_pb_de_mach_acf_item][et_pb_code _builder_version=&#8221;4.24.2&#8243; _module_preset=&#8221;default&#8221; global_colors_info=&#8221;{}&#8221;]<\/p>\n<div class=\"trip-infos-inline-container\"><!-- [et_pb_line_break_holder] -->  <!-- [et_pb_line_break_holder] --><\/div>\n<p>[\/et_pb_code][\/et_pb_column][et_pb_column type=&#8221;1_3&#8243; module_class=&#8221;trip-infos-column&#8221; _builder_version=&#8221;4.24.2&#8243; _module_preset=&#8221;default&#8221; background_color=&#8221;#FFFFFF&#8221; custom_padding=&#8221;30px|30px|30px|30px|true|true&#8221; border_radii=&#8221;on|20px|20px|20px|20px&#8221; global_colors_info=&#8221;{}&#8221;][et_pb_text admin_label=&#8221;Titre&#8221; _builder_version=&#8221;4.24.2&#8243; _dynamic_attributes=&#8221;content&#8221; _module_preset=&#8221;default&#8221; text_font=&#8221;|700||on|||||&#8221; text_font_size=&#8221;20px&#8221; custom_margin=&#8221;||15px||false|false&#8221; custom_padding=&#8221;||0px||false|false&#8221; global_colors_info=&#8221;{}&#8221;]@ET-DC@eyJkeW5hbWljIjp0cnVlLCJjb250ZW50IjoicG9zdF90aXRsZSIsInNldHRpbmdzIjp7ImJlZm9yZSI6IiIsImFmdGVyIjoiIn19@[\/et_pb_text][et_pb_blurb title=&#8221;Activity&#8221; use_icon=&#8221;on&#8221; font_icon=&#8221;&#xf70c;||fa||900&#8243; icon_placement=&#8221;left&#8221; image_icon_width=&#8221;26px&#8221; admin_label=&#8221;R\u00e9sum\u00e9 &#8211; Activit\u00e9s&#8221; _builder_version=&#8221;4.24.2&#8243; _module_preset=&#8221;default&#8221; header_font=&#8221;|700|||||||&#8221; header_text_color=&#8221;#0B7A75&#8243; custom_margin=&#8221;||10px||false|false&#8221; custom_padding=&#8221;15px||0px||false|false&#8221; border_width_top=&#8221;2px&#8221; border_color_top=&#8221;#FBEFEF&#8221; global_colors_info=&#8221;{}&#8221;][\/et_pb_blurb][et_pb_de_mach_post_meta display_inline=&#8221;on&#8221; admin_label=&#8221;Meta &#8211; Activit\u00e9s&#8221; _builder_version=&#8221;4.24.2&#8243; _module_preset=&#8221;default&#8221; custom_padding=&#8221;||0px||false|false&#8221; global_colors_info=&#8221;{}&#8221;][et_pb_de_mach_post_meta_item meta_item=&#8221;taxonomy&#8221; custom_tax_choose=&#8221;activite&#8221; post_type_choose=&#8221;sejour&#8221; show_label=&#8221;off&#8221; values_as_btns=&#8221;on&#8221; _builder_version=&#8221;4.24.2&#8243; _module_preset=&#8221;default&#8221; meta_item_text_color=&#8221;#0B7A75&#8243; custom_button=&#8221;on&#8221; button_text_size=&#8221;16px&#8221; button_text_color=&#8221;#0B7A75&#8243; button_bg_color=&#8221;#FFFFFF&#8221; button_border_width=&#8221;2px&#8221; button_border_color=&#8221;#0B7A75&#8243; button_border_radius=&#8221;50px&#8221; button_font=&#8221;|700|||||||&#8221; button_use_icon=&#8221;off&#8221; button_text_color_last_edited=&#8221;off|desktop&#8221; border_color_all=&#8221;#0B7A75&#8243; global_colors_info=&#8221;{}&#8221; button_bg_color__hover_enabled=&#8221;off|desktop&#8221; button_bg_color__hover=&#8221;#0B7A75&#8243; button_bg_enable_color__hover=&#8221;on&#8221; button_border_color__hover_enabled=&#8221;off|hover&#8221; button_text_color__hover_enabled=&#8221;off|desktop&#8221; button_text_color__hover=&#8221;#FBEFEF&#8221;][\/et_pb_de_mach_post_meta_item][\/et_pb_de_mach_post_meta][et_pb_blurb title=&#8221;Difficulty&#8221; use_icon=&#8221;on&#8221; font_icon=&#8221;&#xf6fc;||fa||900&#8243; icon_placement=&#8221;left&#8221; image_icon_width=&#8221;26px&#8221; admin_label=&#8221;R\u00e9sum\u00e9 &#8211; Difficult\u00e9&#8221; _builder_version=&#8221;4.24.2&#8243; _module_preset=&#8221;default&#8221; header_font=&#8221;|700|||||||&#8221; header_text_color=&#8221;#0B7A75&#8243; custom_margin=&#8221;||10px||false|false&#8221; custom_padding=&#8221;15px||0px||false|false&#8221; border_width_top=&#8221;2px&#8221; border_color_top=&#8221;#FBEFEF&#8221; global_colors_info=&#8221;{}&#8221;][\/et_pb_blurb][et_pb_de_mach_acf_item acf_name=&#8221;field_65e1b7da44a9d&#8221; show_label=&#8221;off&#8221; admin_label=&#8221;Meta &#8211; Difficult\u00e9&#8221; _builder_version=&#8221;4.24.2&#8243; _module_preset=&#8221;default&#8221; title_css_font=&#8221;|700|||||||&#8221; title_css_text_color=&#8221;#0B7A75&#8243; title_css_font_size=&#8221;16px&#8221; custom_margin=&#8221;||15px||false|false&#8221; global_colors_info=&#8221;{}&#8221;][\/et_pb_de_mach_acf_item][et_pb_blurb title=&#8221;Duration&#8221; use_icon=&#8221;on&#8221; font_icon=&#8221;&#xf2f2;||fa||900&#8243; icon_placement=&#8221;left&#8221; image_icon_width=&#8221;26px&#8221; admin_label=&#8221;R\u00e9sum\u00e9 &#8211; Dur\u00e9e&#8221; _builder_version=&#8221;4.24.2&#8243; _module_preset=&#8221;default&#8221; header_font=&#8221;|700|||||||&#8221; header_text_color=&#8221;#0B7A75&#8243; custom_margin=&#8221;||10px||false|false&#8221; custom_padding=&#8221;15px||0px||false|false&#8221; border_width_top=&#8221;2px&#8221; border_color_top=&#8221;#FBEFEF&#8221; global_colors_info=&#8221;{}&#8221;][\/et_pb_blurb][et_pb_de_mach_acf_item acf_name=&#8221;field_65e1b95644a9f&#8221; show_label=&#8221;off&#8221; suffix=&#8221; jours&#8221; admin_label=&#8221;ACF Item &#8211; Dur\u00e9e&#8221; _builder_version=&#8221;4.24.2&#8243; _module_preset=&#8221;default&#8221; title_css_font=&#8221;|700|||||||&#8221; title_css_text_color=&#8221;#0B7A75&#8243; title_css_font_size=&#8221;16px&#8221; custom_margin=&#8221;||15px||false|false&#8221; global_colors_info=&#8221;{}&#8221;][\/et_pb_de_mach_acf_item][et_pb_blurb title=&#8221;Dates&#8221; use_icon=&#8221;on&#8221; font_icon=&#8221;&#xf073;||fa||900&#8243; icon_placement=&#8221;left&#8221; image_icon_width=&#8221;26px&#8221; admin_label=&#8221;R\u00e9sum\u00e9 &#8211; Dates&#8221; _builder_version=&#8221;4.24.2&#8243; _module_preset=&#8221;default&#8221; header_font=&#8221;|700|||||||&#8221; header_text_color=&#8221;#0B7A75&#8243; custom_margin=&#8221;||10px||false|false&#8221; custom_padding=&#8221;15px||0px||false|false&#8221; border_width_top=&#8221;2px&#8221; border_color_top=&#8221;#FBEFEF&#8221; global_colors_info=&#8221;{}&#8221;][\/et_pb_blurb][et_pb_code admin_label=&#8221;Shortcode &#8211; Dates&#8221; _builder_version=&#8221;4.24.2&#8243; _module_preset=&#8221;default&#8221; global_colors_info=&#8221;{}&#8221;]<div class=\"travel-next-dates-container whp_get_travel_dates_only\"><div target=\u201d_blank\u201d class='detail-next-date-container'><p class=\"detail-next-date\">12 Jul.<\/p><p class=\"detail-remaining-places\">In progress<\/p><\/div><div target=\u201d_blank\u201d class='detail-next-date-container'><p class=\"detail-next-date\">9 Aug.<\/p><p class=\"detail-remaining-places\">In progress<\/p><\/div><\/div>[\/et_pb_code][et_pb_blurb title=&#8221;Price&#8221; use_icon=&#8221;on&#8221; font_icon=&#8221;&#xf153;||fa||900&#8243; icon_placement=&#8221;left&#8221; image_icon_width=&#8221;26px&#8221; admin_label=&#8221;R\u00e9sum\u00e9 &#8211; Prix&#8221; _builder_version=&#8221;4.24.2&#8243; _module_preset=&#8221;default&#8221; header_font=&#8221;|700|||||||&#8221; header_text_color=&#8221;#0B7A75&#8243; custom_margin=&#8221;||10px||false|false&#8221; custom_padding=&#8221;15px||0px||false|false&#8221; border_width_top=&#8221;2px&#8221; border_color_top=&#8221;#FBEFEF&#8221; global_colors_info=&#8221;{}&#8221;][\/et_pb_blurb][et_pb_code admin_label=&#8221;Shortcode &#8211; Prices&#8221; _builder_version=&#8221;4.24.2&#8243; _module_preset=&#8221;default&#8221; global_colors_info=&#8221;{}&#8221;]<div class=\"trip-price-container\"><p class=\"trip-price\">From <span>940.00 \u20ac<\/span><\/p><\/div>[\/et_pb_code][et_pb_button button_url=&#8221;#prochains-departs&#8221; url_new_window=&#8221;on&#8221; button_text=&#8221;Book&#8221; admin_label=&#8221;Bouton &#8211; R\u00e9server&#8221; module_class=&#8221;book-trip-btn inline-btn&#8221; _builder_version=&#8221;4.24.2&#8243; _module_preset=&#8221;default&#8221; button_use_icon=&#8221;off&#8221; z_index=&#8221;5&#8243; custom_margin=&#8221;||0px||false|false&#8221; custom_padding=&#8221;0px||0px||true|false&#8221; global_colors_info=&#8221;{}&#8221;][\/et_pb_button][et_pb_button button_url=&#8221;@ET-DC@eyJkeW5hbWljIjp0cnVlLCJjb250ZW50IjoiY3VzdG9tX21ldGFfZmljaGVfcGRmIiwic2V0dGluZ3MiOnsiYmVmb3JlIjoiIiwiYWZ0ZXIiOiIiLCJlbmFibGVfaHRtbCI6Im9mZiJ9fQ==@&#8221; url_new_window=&#8221;on&#8221; button_text=&#8221;PDF file&#8221; admin_label=&#8221;Bouton &#8211; Fiche PDF&#8221; module_class=&#8221;pdf-sheet-btn inline-btn&#8221; _builder_version=&#8221;4.24.2&#8243; _dynamic_attributes=&#8221;button_url&#8221; _module_preset=&#8221;default&#8221; button_text_color=&#8221;#0B7A75&#8243; button_bg_color=&#8221;#FFFFFF&#8221; button_border_width=&#8221;2px&#8221; button_icon=&#8221;&#xe092;||divi||400&#8243; button_icon_placement=&#8221;left&#8221; button_on_hover=&#8221;off&#8221; custom_padding=&#8221;0px||0px||true|false&#8221; sticky_limit_top=&#8221;section&#8221; sticky_position_tablet=&#8221;&#8221; sticky_position_phone=&#8221;&#8221; sticky_position_last_edited=&#8221;on|phone&#8221; global_colors_info=&#8221;{}&#8221;][\/et_pb_button][et_pb_code _builder_version=&#8221;4.24.2&#8243; _module_preset=&#8221;default&#8221; z_index=&#8221;5&#8243; custom_margin=&#8221;0px||0px||true|false&#8221; custom_padding=&#8221;0px||0px||true|true&#8221; sticky_position=&#8221;top&#8221; sticky_offset_top=&#8221;100vh&#8221; sticky_transition=&#8221;off&#8221; sticky_position_tablet=&#8221;top&#8221; sticky_position_phone=&#8221;none&#8221; sticky_position_last_edited=&#8221;on|phone&#8221; sticky_offset_top_tablet=&#8221;100vh&#8221; sticky_offset_top_phone=&#8221;0vh&#8221; sticky_offset_top_last_edited=&#8221;on|phone&#8221; custom_css_free_form=&#8221;selector {||  z-index: 5 !important;||}&#8221; global_colors_info=&#8221;{}&#8221;]<\/p>\n<div class=\"inline-btn-container\"><!-- [et_pb_line_break_holder] -->  <!-- [et_pb_line_break_holder] --><\/div>\n<p>[\/et_pb_code][\/et_pb_column][\/et_pb_row][\/et_pb_section][et_pb_section fb_built=&#8221;1&#8243; custom_padding_last_edited=&#8221;on|phone&#8221; admin_label=&#8221;Section Podcast&#8221; _builder_version=&#8221;4.24.2&#8243; _module_preset=&#8221;default&#8221; background_color=&#8221;#ECF8F3&#8243; custom_margin_tablet=&#8221;&#8221; custom_margin_phone=&#8221;||||false|false&#8221; custom_margin_last_edited=&#8221;on|phone&#8221; custom_padding=&#8221;||30px|||&#8221; custom_padding_tablet=&#8221;&#8221; custom_padding_phone=&#8221;||0px||false|false&#8221; locked=&#8221;off&#8221; global_colors_info=&#8221;{}&#8221;][et_pb_row custom_padding_last_edited=&#8221;on|phone&#8221; _builder_version=&#8221;4.24.2&#8243; _module_preset=&#8221;default&#8221; max_width=&#8221;70%&#8221; max_width_tablet=&#8221;90%&#8221; max_width_phone=&#8221;90%&#8221; max_width_last_edited=&#8221;on|phone&#8221; module_alignment=&#8221;left&#8221; custom_margin=&#8221;||||false|false&#8221; custom_margin_tablet=&#8221;||||false|false&#8221; custom_margin_phone=&#8221;||||false|false&#8221; custom_margin_last_edited=&#8221;on|phone&#8221; custom_padding=&#8221;|||70px|false|false&#8221; custom_padding_tablet=&#8221;|||70px|false|false&#8221; custom_padding_phone=&#8221;0px|||0px|false|false&#8221; module_alignment_tablet=&#8221;left&#8221; module_alignment_phone=&#8221;center&#8221; module_alignment_last_edited=&#8221;on|phone&#8221; global_colors_info=&#8221;{}&#8221;][et_pb_column type=&#8221;4_4&#8243; _builder_version=&#8221;4.24.2&#8243; _module_preset=&#8221;default&#8221; global_colors_info=&#8221;{}&#8221;][et_pb_text _builder_version=&#8221;4.27.2&#8243; _module_preset=&#8221;default&#8221; header_2_font_size_tablet=&#8221;&#8221; header_2_font_size_phone=&#8221;34px&#8221; header_2_font_size_last_edited=&#8221;on|phone&#8221; global_colors_info=&#8221;{}&#8221;]<\/p>\n<h2>About the Chamonix to Modane trek &#8211; part two<\/h2>\n<p>[\/et_pb_text][et_pb_text _builder_version=&#8221;4.24.2&#8243; _module_preset=&#8221;default&#8221; custom_margin_tablet=&#8221;&#8221; custom_margin_phone=&#8221;||||false|false&#8221; custom_margin_last_edited=&#8221;on|phone&#8221; custom_padding_tablet=&#8221;&#8221; custom_padding_phone=&#8221;||||false|false&#8221; custom_padding_last_edited=&#8221;on|phone&#8221; global_colors_info=&#8221;{}&#8221;]<\/p>\n<p style=\"text-align: justify;\">Set off on a Grande Travers\u00e9e des Alpes from the shores of Lake Geneva at Saint-Gingolph to the coastal town of Menton! An exceptional 4-part trek, offering a unique journey between majestic mountains and breathtaking landscapes, all the way to the Mediterranean Sea. <\/p>\n<p data-pm-slice=\"1 1 []\" style=\"text-align: justify;\">Continue your adventure with the second part of the Grande Travers\u00e9e des Alpes, from Chamonix to Modane! Over 7 days, this unforgettable trek will take you through the grandiose landscapes of the Alps, from iconic peaks like the Aiguilles Rouges to remote valleys like the Vanoise. The route will reveal the diversity of Alpine ecosystems, while bringing you closer to the Mediterranean Sea.    <\/p>\n<p>[\/et_pb_text][et_pb_audio _builder_version=&#8221;4.24.2&#8243; _module_preset=&#8221;default&#8221; border_radii=&#8221;on|15px|15px|15px|15px&#8221; global_colors_info=&#8221;{}&#8221;][\/et_pb_audio][\/et_pb_column][\/et_pb_row][\/et_pb_section][et_pb_section fb_built=&#8221;1&#8243; custom_padding_last_edited=&#8221;on|phone&#8221; admin_label=&#8221;Section Vous partirez avec&#8221; _builder_version=&#8221;4.24.2&#8243; _module_preset=&#8221;default&#8221; background_color=&#8221;#ECF8F3&#8243; custom_margin=&#8221;||||false|false&#8221; custom_padding=&#8221;13px||0px|70px|false|false&#8221; custom_padding_tablet=&#8221;&#8221; custom_padding_phone=&#8221;||0px|0px|false|false&#8221; global_module=&#8221;3755&#8243; locked=&#8221;off&#8221; global_colors_info=&#8221;{}&#8221;][et_pb_row column_structure=&#8221;1_2,1_2&#8243; custom_padding_last_edited=&#8221;on|phone&#8221; _builder_version=&#8221;4.24.2&#8243; _module_preset=&#8221;default&#8221; background_color=&#8221;#FFFFFF&#8221; max_width=&#8221;70%&#8221; max_width_tablet=&#8221;70%&#8221; max_width_phone=&#8221;90%&#8221; max_width_last_edited=&#8221;on|phone&#8221; module_alignment=&#8221;left&#8221; custom_margin=&#8221;||||false|false&#8221; custom_padding=&#8221;0px||0px||true|false&#8221; custom_padding_tablet=&#8221;0px||0px|70px|true|false&#8221; custom_padding_phone=&#8221;0px||0px|0px|true|false&#8221; module_alignment_tablet=&#8221;center&#8221; module_alignment_phone=&#8221;&#8221; module_alignment_last_edited=&#8221;on|phone&#8221; border_radii=&#8221;on|20px|20px|20px|20px&#8221; locked=&#8221;off&#8221; global_colors_info=&#8221;{}&#8221;][et_pb_column type=&#8221;1_2&#8243; _builder_version=&#8221;4.24.2&#8243; _module_preset=&#8221;default&#8221; background_color=&#8221;#FFFFFF&#8221; custom_padding=&#8221;30px|40px|0px|40px|false|true&#8221; border_radii=&#8221;on|15px|15px|15px|15px&#8221; global_colors_info=&#8221;{}&#8221;][et_pb_text _builder_version=&#8221;4.24.2&#8243; _module_preset=&#8221;default&#8221; text_font=&#8221;|700|||||||&#8221; text_font_size=&#8221;36px&#8221; min_height=&#8221;40px&#8221; custom_margin=&#8221;||10px||false|false&#8221; text_font_size_tablet=&#8221;40px&#8221; text_font_size_phone=&#8221;26px&#8221; text_font_size_last_edited=&#8221;on|phone&#8221; global_colors_info=&#8221;{}&#8221;]<\/p>\n<p>You will leave with :<\/p>\n<p>[\/et_pb_text][et_pb_text _builder_version=&#8221;4.24.2&#8243; _module_preset=&#8221;default&#8221; text_font=&#8221;|700||on|||||&#8221; text_font_size=&#8221;24px&#8221; header_font=&#8221;||||||||&#8221; custom_margin=&#8221;0px||0px||true|false&#8221; custom_padding=&#8221;0px||0px||true|false&#8221; text_font_size_tablet=&#8221;24px&#8221; text_font_size_phone=&#8221;22px&#8221; text_font_size_last_edited=&#8221;on|phone&#8221; global_colors_info=&#8221;{}&#8221;]<\/p>\n<p>S\u00e9bastien<\/p>\n<p>[\/et_pb_text][et_pb_text _builder_version=&#8221;4.27.2&#8243; _module_preset=&#8221;default&#8221; text_font=&#8221;||||||||&#8221; text_font_size=&#8221;18px&#8221; header_font=&#8221;||||||||&#8221; custom_margin=&#8221;0px||0px||true|false&#8221; custom_padding=&#8221;0px||0px||true|false&#8221; global_colors_info=&#8221;{}&#8221;]<\/p>\n<p>Trekking Guide<\/p>\n<p>[\/et_pb_text][et_pb_text _builder_version=&#8221;4.24.2&#8243; _module_preset=&#8221;default&#8221; text_font=&#8221;|300|on||||||&#8221; header_font=&#8221;||||||||&#8221; custom_margin=&#8221;20px||30px||false|false&#8221; custom_padding=&#8221;0px||0px||true|false&#8221; global_colors_info=&#8221;{}&#8221;]<\/p>\n<p>&#8220;The trip to the mountains is a moment of discovery. So you shouldn&#8217;t try to arrive before you&#8217;ve left to take full advantage of it!&#8221;<\/p>\n<p>[\/et_pb_text][\/et_pb_column][et_pb_column type=&#8221;1_2&#8243; _builder_version=&#8221;4.24.2&#8243; _module_preset=&#8221;default&#8221; global_colors_info=&#8221;{}&#8221;][et_pb_image src=&#8221;http:\/\/watse.fr\/wp-content\/uploads\/2024\/08\/Detourage_Seb.png&#8221; alt=&#8221;Seb&#8221; title_text=&#8221;Image 14-min&#8221; align=&#8221;center&#8221; align_tablet=&#8221;&#8221; align_phone=&#8221;center&#8221; align_last_edited=&#8221;on|phone&#8221; _builder_version=&#8221;4.24.2&#8243; _module_preset=&#8221;default&#8221; height=&#8221;250px&#8221; global_colors_info=&#8221;{}&#8221;][\/et_pb_image][\/et_pb_column][\/et_pb_row][\/et_pb_section][et_pb_section fb_built=&#8221;1&#8243; admin_label=&#8221;Section Galerie photo&#8221; _builder_version=&#8221;4.24.2&#8243; _module_preset=&#8221;default&#8221; background_color=&#8221;#ECF8F3&#8243; custom_margin=&#8221;||||false|false&#8221; custom_padding=&#8221;0px||0px||false|false&#8221; locked=&#8221;off&#8221; global_colors_info=&#8221;{}&#8221;][et_pb_row custom_padding_last_edited=&#8221;on|phone&#8221; _builder_version=&#8221;4.24.2&#8243; _module_preset=&#8221;default&#8221; custom_margin=&#8221;||||false|false&#8221; custom_padding=&#8221;||20px||false|false&#8221; custom_padding_tablet=&#8221;||20px||false|false&#8221; custom_padding_phone=&#8221;||0px||false|false&#8221; global_colors_info=&#8221;{}&#8221;][et_pb_column type=&#8221;4_4&#8243; _builder_version=&#8221;4.24.2&#8243; _module_preset=&#8221;default&#8221; global_colors_info=&#8221;{}&#8221;][et_pb_text _builder_version=&#8221;4.27.2&#8243; _module_preset=&#8221;default&#8221; header_3_text_color=&#8221;#0B7A75&#8243; header_3_font_size=&#8221;40px&#8221; width=&#8221;70%&#8221; custom_margin=&#8221;||20px||false|false&#8221; custom_padding=&#8221;||||false|false&#8221; header_3_font_size_tablet=&#8221;40px&#8221; header_3_font_size_phone=&#8221;30px&#8221; header_3_font_size_last_edited=&#8221;on|phone&#8221; text_orientation_tablet=&#8221;&#8221; text_orientation_phone=&#8221;center&#8221; text_orientation_last_edited=&#8221;on|phone&#8221; global_colors_info=&#8221;{}&#8221;]<\/p>\n<h3>Chamonix to Modane trek photo gallery &#8211; part two<\/h3>\n<p>[\/et_pb_text][et_pb_image src=&#8221;https:\/\/watse.fr\/wp-content\/uploads\/2024\/12\/Col-de-Tricot-2-J1.jpg&#8221; alt=&#8221;Col De Tricot 2 J1&#8243; title_text=&#8221;Col de Tricot 2 &#8211; D1&#8243; disabled_on=&#8221;on|on|off&#8221; _builder_version=&#8221;4.27.2&#8243; _module_preset=&#8221;default&#8221; background_enable_image=&#8221;off&#8221; width=&#8221;100vh&#8221; custom_css_free_form=&#8221;selector img{||  width: 100vw;||  height: 60vh !important;||}&#8221; global_colors_info=&#8221;{}&#8221;][\/et_pb_image][\/et_pb_column][\/et_pb_row][et_pb_row custom_padding_last_edited=&#8221;on|phone&#8221; _builder_version=&#8221;4.24.2&#8243; _module_preset=&#8221;default&#8221; max_width_tablet=&#8221;&#8221; max_width_phone=&#8221;90%&#8221; max_width_last_edited=&#8221;on|phone&#8221; custom_margin=&#8221;||||false|false&#8221; custom_padding=&#8221;0px||||false|false&#8221; custom_padding_tablet=&#8221;0px||||false|false&#8221; custom_padding_phone=&#8221;0px||0px||false|false&#8221; module_alignment_tablet=&#8221;&#8221; module_alignment_phone=&#8221;center&#8221; module_alignment_last_edited=&#8221;on|phone&#8221; global_colors_info=&#8221;{}&#8221;][et_pb_column type=&#8221;4_4&#8243; _builder_version=&#8221;4.24.2&#8243; _module_preset=&#8221;default&#8221; global_colors_info=&#8221;{}&#8221;][et_pb_gallery gallery_ids=&#8221;63056,63052,63046,63054,63062,63060,63044,63042&#8243; show_title_and_caption=&#8221;off&#8221; show_pagination=&#8221;off&#8221; zoom_icon_color=&#8221;#FFFFFF&#8221; hover_overlay_color=&#8221;rgba(0,0,0,0.3)&#8221; hover_icon=&#8221;T||divi||400&#8243; _builder_version=&#8221;4.27.2&#8243; _module_preset=&#8221;default&#8221; title_font_size=&#8221;1px&#8221; pagination_font_size=&#8221;1px&#8221; width=&#8221;90%&#8221; max_width=&#8221;100vh&#8221; max_width_tablet=&#8221;100vh&#8221; max_width_phone=&#8221;100%&#8221; max_width_last_edited=&#8221;on|phone&#8221; custom_margin=&#8221;||||false|false&#8221; custom_padding=&#8221;||||false|false&#8221; module_alignment_tablet=&#8221;&#8221; module_alignment_phone=&#8221;center&#8221; module_alignment_last_edited=&#8221;on|phone&#8221; border_radii_image=&#8221;on|10px|10px|10px|10px&#8221; box_shadow_style_image=&#8221;preset1&#8243; global_colors_info=&#8221;{}&#8221;][\/et_pb_gallery][\/et_pb_column][\/et_pb_row][\/et_pb_section][et_pb_section fb_built=&#8221;1&#8243; custom_padding_last_edited=&#8221;on|phone&#8221; admin_label=&#8221;Section le parcours&#8221; _builder_version=&#8221;4.24.2&#8243; _module_preset=&#8221;default&#8221; background_color=&#8221;#ECF8F3&#8243; custom_margin_tablet=&#8221;&#8221; custom_margin_phone=&#8221;||||false|false&#8221; custom_margin_last_edited=&#8221;on|phone&#8221; custom_padding_tablet=&#8221;&#8221; custom_padding_phone=&#8221;0px||0px||false|false&#8221; locked=&#8221;off&#8221; global_colors_info=&#8221;{}&#8221;][et_pb_row _builder_version=&#8221;4.24.2&#8243; _module_preset=&#8221;default&#8221; global_colors_info=&#8221;{}&#8221;][et_pb_column type=&#8221;4_4&#8243; _builder_version=&#8221;4.24.2&#8243; _module_preset=&#8221;default&#8221; global_colors_info=&#8221;{}&#8221;][et_pb_text _builder_version=&#8221;4.27.2&#8243; _module_preset=&#8221;default&#8221; header_3_text_color=&#8221;#0B7A75&#8243; header_3_font_size=&#8221;40px&#8221; width=&#8221;70%&#8221; header_3_font_size_tablet=&#8221;40px&#8221; header_3_font_size_phone=&#8221;30px&#8221; header_3_font_size_last_edited=&#8221;on|phone&#8221; text_orientation_tablet=&#8221;&#8221; text_orientation_phone=&#8221;center&#8221; text_orientation_last_edited=&#8221;on|phone&#8221; global_colors_info=&#8221;{}&#8221;]<\/p>\n<h3>The trek from Chamonix to Modane &#8211; part two<\/h3>\n<p>[\/et_pb_text][et_pb_code _builder_version=&#8221;4.27.2&#8243; _module_preset=&#8221;default&#8221; global_colors_info=&#8221;{}&#8221;]<iframe src=\"https:\/\/www.visugpx.com\/dHohWSaf77?iframe&amp;maponly\" allowfullscreen=\"\" style=\"border: 0;width: 1200px; max-width: 90%; height:540px;\" scrolling=\"no\"><\/iframe>[\/et_pb_code][\/et_pb_column][\/et_pb_row][\/et_pb_section][et_pb_section fb_built=&#8221;1&#8243; custom_padding_last_edited=&#8221;on|phone&#8221; admin_label=&#8221;Section prochains d\u00e9parts&#8221; module_id=&#8221;next departures&#8221; _builder_version=&#8221;4.24.2&#8243; _module_preset=&#8221;default&#8221; background_color=&#8221;#ECF8F3&#8243; custom_padding_tablet=&#8221;&#8221; custom_padding_phone=&#8221;||0px||false|false&#8221; locked=&#8221;off&#8221; global_colors_info=&#8221;{}&#8221;][et_pb_row column_structure=&#8221;2_3,1_3&#8243; custom_padding_last_edited=&#8221;on|phone&#8221; _builder_version=&#8221;4.24.2&#8243; _module_preset=&#8221;default&#8221; custom_padding_tablet=&#8221;&#8221; custom_padding_phone=&#8221;|10px|||false|false&#8221; global_colors_info=&#8221;{}&#8221;][et_pb_column type=&#8221;2_3&#8243; _builder_version=&#8221;4.24.2&#8243; _module_preset=&#8221;default&#8221; global_colors_info=&#8221;{}&#8221;][et_pb_text _builder_version=&#8221;4.24.2&#8243; _module_preset=&#8221;default&#8221; header_3_text_color=&#8221;#0B7A75&#8243; header_3_font_size=&#8221;40px&#8221; header_3_font_size_tablet=&#8221;40px&#8221; header_3_font_size_phone=&#8221;30px&#8221; header_3_font_size_last_edited=&#8221;on|phone&#8221; text_orientation_tablet=&#8221;&#8221; text_orientation_phone=&#8221;center&#8221; text_orientation_last_edited=&#8221;on|phone&#8221; global_colors_info=&#8221;{}&#8221;]<\/p>\n<h3>Upcoming departures<\/h3>\n<p>[\/et_pb_text][et_pb_code _builder_version=&#8221;4.24.2&#8243; _module_preset=&#8221;default&#8221; global_colors_info=&#8221;{}&#8221;]<div class=\"travel-next-dates-container get_dates_shortcode\"><a href='https:\/\/watse.fr\/en\/reservation\/?id=WATSE4587KL&idwrdepart=4400806&alt=1&lng=en#confirmation' class='travel-next-date-container'><div class=\"travel-next-date-col-1 travel-next-date-col\"><p class=\"travel-next-date\">From <span>12 July<\/span> <\/br> to <span>18 July 2026<\/span><\/p><\/div><div class=\"travel-next-date-col-2 travel-next-date-col\"><p class=\"travel-next-date-status status-open\">In progress<\/p><p class=\"travel-next-date-price\">940.00 \u20ac<\/p><\/div><\/a><a href='https:\/\/watse.fr\/en\/reservation\/?id=WATSE4587KL&idwrdepart=4400807&alt=1&lng=en#confirmation' class='travel-next-date-container'><div class=\"travel-next-date-col-1 travel-next-date-col\"><p class=\"travel-next-date\">From <span>9 August<\/span> <\/br> to <span>15 August 2026<\/span><\/p><\/div><div class=\"travel-next-date-col-2 travel-next-date-col\"><p class=\"travel-next-date-status status-open\">In progress<\/p><p class=\"travel-next-date-price\">940.00 \u20ac<\/p><\/div><\/a><\/div>[\/et_pb_code][\/et_pb_column][et_pb_column type=&#8221;1_3&#8243; _builder_version=&#8221;4.24.2&#8243; _module_preset=&#8221;default&#8221; global_colors_info=&#8221;{}&#8221;][\/et_pb_column][\/et_pb_row][\/et_pb_section][et_pb_section fb_built=&#8221;1&#8243; custom_padding_last_edited=&#8221;on|phone&#8221; admin_label=&#8221;Section ce qui est inclus&#8221; _builder_version=&#8221;4.24.2&#8243; _module_preset=&#8221;default&#8221; background_color=&#8221;#ECF8F3&#8243; custom_padding_tablet=&#8221;&#8221; custom_padding_phone=&#8221;||0px||false|false&#8221; locked=&#8221;off&#8221; global_colors_info=&#8221;{}&#8221;][et_pb_row custom_padding_last_edited=&#8221;on|phone&#8221; _builder_version=&#8221;4.24.2&#8243; _module_preset=&#8221;default&#8221; max_width=&#8221;70%&#8221; max_width_tablet=&#8221;70%&#8221; max_width_phone=&#8221;90%&#8221; max_width_last_edited=&#8221;on|phone&#8221; module_alignment=&#8221;left&#8221; custom_padding=&#8221;|||5%|false|false&#8221; custom_padding_tablet=&#8221;|||5%|false|false&#8221; custom_padding_phone=&#8221;|||0%|false|false&#8221; module_alignment_tablet=&#8221;center&#8221; module_alignment_phone=&#8221;center&#8221; module_alignment_last_edited=&#8221;on|phone&#8221; global_colors_info=&#8221;{}&#8221;][et_pb_column type=&#8221;4_4&#8243; _builder_version=&#8221;4.24.2&#8243; _module_preset=&#8221;default&#8221; global_colors_info=&#8221;{}&#8221;][et_pb_toggle title=&#8221;What&#039;s included in the formula&#8221; open_toggle_text_color=&#8221;#0B7A75&#8243; open_toggle_background_color=&#8221;RGBA(255,255,255,0)&#8221; closed_toggle_background_color=&#8221;RGBA(255,255,255,0)&#8221; icon_color=&#8221;#0B7A75&#8243; toggle_icon=&#8221;&#x33;||divi||400&#8243; use_icon_font_size=&#8221;on&#8221; icon_font_size=&#8221;30px&#8221; _builder_version=&#8221;4.27.2&#8243; _module_preset=&#8221;default&#8221; title_text_color=&#8221;#0B7A75&#8243; title_level=&#8221;h6&#8243; title_font_size=&#8221;26px&#8221; body_text_color=&#8221;#0B7A75&#8243; border_radii=&#8221;on|10px|10px|10px|10px&#8221; border_width_all=&#8221;2px&#8221; border_color_all=&#8221;#0B7A75&#8243; global_colors_info=&#8221;{}&#8221;]<\/p>\n<ul>\n<li style=\"text-align: justify;\"><span>Supervision by a state-qualified French mountain leader<\/span><\/li>\n<li style=\"text-align: justify;\"><span>Accommodation in refuges, g\u00eetes or inns in dormitories on a half-board basis<\/span><\/li>\n<li style=\"text-align: justify;\"><span>Possible showers at lodgings<\/span><\/li>\n<li style=\"text-align: justify;\"><span>Luggage transfers except on the evenings indicated in the description<\/span><\/li>\n<li style=\"text-align: justify;\">Transfers during the stay when indicated in the program<\/li>\n<li style=\"text-align: justify;\"><span>Picnic lunches purchased at the huts, in town or brought to the huts<\/span><\/li>\n<li style=\"text-align: justify;\"><span>Snacks during the walk in the form of dried fruit<\/span><\/li>\n<li style=\"text-align: justify;\"><span>Organization costs<\/span><\/li>\n<\/ul>\n<p>[\/et_pb_toggle][et_pb_toggle title=&#8221;What&#039;s not included in the package&#8221; open_toggle_text_color=&#8221;#0B7A75&#8243; open_toggle_background_color=&#8221;RGBA(255,255,255,0)&#8221; closed_toggle_background_color=&#8221;RGBA(255,255,255,0)&#8221; icon_color=&#8221;#0B7A75&#8243; toggle_icon=&#8221;&#x33;||divi||400&#8243; use_icon_font_size=&#8221;on&#8221; icon_font_size=&#8221;30px&#8221; _builder_version=&#8221;4.27.2&#8243; _module_preset=&#8221;default&#8221; title_text_color=&#8221;#0B7A75&#8243; title_level=&#8221;h6&#8243; title_font_size=&#8221;26px&#8221; body_text_color=&#8221;#0B7A75&#8243; border_radii=&#8221;on|10px|10px|10px|10px&#8221; border_width_all=&#8221;2px&#8221; border_color_all=&#8221;#0B7A75&#8243; global_colors_info=&#8221;{}&#8221;]<\/p>\n<ul>\n<li><span>Transfers to and from the meeting point<\/span><\/li>\n<li><span>Personal expenses: drinks, &#8230;<\/span><\/li>\n<li><span>Personal trekking and travel equipment (boots, poles, rucksack, etc.)<\/span><\/li>\n<li><span>Cancellation and repatriation assistance insurance to be taken out on registration.<\/span><\/li>\n<li><span>Any transfers and lifts not mentioned in the program<\/span><span><\/span><\/li>\n<li><span>Anything not indicated in the section &#8220;included in the price of the stay&#8221;.<\/span><\/li>\n<\/ul>\n<p>[\/et_pb_toggle][et_pb_button button_url=&#8221;https:\/\/watse.fr\/en\/faq\/&#8221; button_text=&#8221;Consult the FAQ&#8221; button_alignment=&#8221;left&#8221; button_alignment_tablet=&#8221;center&#8221; button_alignment_phone=&#8221;center&#8221; button_alignment_last_edited=&#8221;on|phone&#8221; _builder_version=&#8221;4.24.2&#8243; _module_preset=&#8221;default&#8221; button_text_color=&#8221;#FFFFFF&#8221; button_border_width=&#8221;2px&#8221; button_use_icon=&#8221;off&#8221; locked=&#8221;off&#8221; global_colors_info=&#8221;{}&#8221; button_bg_color__hover=&#8221;#FFFFFF&#8221;][\/et_pb_button][\/et_pb_column][\/et_pb_row][\/et_pb_section][et_pb_section fb_built=&#8221;1&#8243; disabled_on=&#8221;off|off|off&#8221; admin_label=&#8221;Section d\u00e9roul\u00e9 du s\u00e9jour&#8221; _builder_version=&#8221;4.24.2&#8243; _module_preset=&#8221;default&#8221; background_color=&#8221;#ECF8F3&#8243; z_index=&#8221;10&#8243; custom_css_free_form=&#8221;selector {||  z-index: 20 !important;||}&#8221; locked=&#8221;off&#8221; global_colors_info=&#8221;{}&#8221;][et_pb_row disabled_on=&#8221;off|off|off&#8221; _builder_version=&#8221;4.24.2&#8243; _module_preset=&#8221;default&#8221; background_color=&#8221;#FFFFFF&#8221; z_index=&#8221;12&#8243; width=&#8221;100%&#8221; max_width=&#8221;100%&#8221; custom_margin=&#8221;||||false|false&#8221; custom_padding=&#8221;0px||0px||false|false&#8221; module_alignment_tablet=&#8221;&#8221; module_alignment_phone=&#8221;&#8221; module_alignment_last_edited=&#8221;on|phone&#8221; global_colors_info=&#8221;{}&#8221;][et_pb_column type=&#8221;4_4&#8243; _builder_version=&#8221;4.24.2&#8243; _module_preset=&#8221;default&#8221; global_colors_info=&#8221;{}&#8221;][et_pb_accordion open_toggle_text_color=&#8221;#0B7A75&#8243; closed_toggle_text_color=&#8221;#0B7A75&#8243; icon_color=&#8221;#FFFFFF&#8221; use_icon_font_size=&#8221;on&#8221; icon_font_size=&#8221;18px&#8221; open_toggle_text_color_tablet=&#8221;#0B7A75&#8243; open_toggle_text_color_phone=&#8221;#FFFFFF&#8221; open_toggle_text_color_last_edited=&#8221;on|phone&#8221; closed_toggle_text_color_tablet=&#8221;#0B7A75&#8243; closed_toggle_text_color_phone=&#8221;#FFFFFF&#8221; closed_toggle_text_color_last_edited=&#8221;on|phone&#8221; _builder_version=&#8221;4.27.2&#8243; _module_preset=&#8221;default&#8221; toggle_text_color=&#8221;#0B7A75&#8243; toggle_level=&#8221;h6&#8243; background_enable_image=&#8221;off&#8221; z_index=&#8221;12&#8243; width=&#8221;100%&#8221; module_alignment=&#8221;center&#8221; custom_margin=&#8221;||||false|false&#8221; custom_margin_tablet=&#8221;||||false|false&#8221; custom_margin_phone=&#8221;||||false|false&#8221; custom_margin_last_edited=&#8221;on|phone&#8221; custom_padding=&#8221;||||false|false&#8221; custom_padding_phone=&#8221;||20px||false|false&#8221; custom_padding_last_edited=&#8221;off|desktop&#8221; animation_style=&#8221;fade&#8221; toggle_text_color_tablet=&#8221;#0B7A75&#8243; toggle_text_color_phone=&#8221;#FFFFFF&#8221; toggle_text_color_last_edited=&#8221;on|phone&#8221; toggle_font_size_tablet=&#8221;&#8221; toggle_font_size_phone=&#8221;16px&#8221; toggle_font_size_last_edited=&#8221;on|phone&#8221; body_text_color_tablet=&#8221;&#8221; body_text_color_phone=&#8221;#000000&#8243; body_text_color_last_edited=&#8221;on|phone&#8221; background_last_edited=&#8221;off|desktop&#8221; module_alignment_tablet=&#8221;center&#8221; module_alignment_phone=&#8221;&#8221; module_alignment_last_edited=&#8221;on|phone&#8221; custom_css_free_form=&#8221;selector .daily-content {||  color: black;||  width: 60%;||}||selector .et_pb_toggle_title {||    width: 60%;||  }||\/* Smartphones in portrait mode (0-479px) *\/||@media only screen and ( max-width: 479px ) {||  selector .daily-content {||  margin-top: 170px;||    width: 90%;||}||  selector .et_pb_toggle_title {||    font-size: 20px !important;||    width: 95%;||  }||  ||}&#8221; global_colors_info=&#8221;{}&#8221;][et_pb_accordion_item title=&#8221;Day 1: From Les Houches to Contamines-Montjoie&#8221; open=&#8221;on&#8221; open_toggle_text_color=&#8221;#0B7A75&#8243; closed_toggle_text_color=&#8221;#0B7A75&#8243; closed_toggle_background_color=&#8221;#FFFFFF&#8221; open_toggle_text_color_tablet=&#8221;#0B7A75&#8243; open_toggle_text_color_phone=&#8221;#FFFFFF&#8221; open_toggle_text_color_last_edited=&#8221;on|phone&#8221; closed_toggle_text_color_tablet=&#8221;#0B7A75&#8243; closed_toggle_text_color_phone=&#8221;#FFFFFF&#8221; closed_toggle_text_color_last_edited=&#8221;on|phone&#8221; closed_toggle_background_color_tablet=&#8221;#FFFFFF&#8221; closed_toggle_background_color_phone=&#8221;#FFFFFF&#8221; closed_toggle_background_color_last_edited=&#8221;on|phone&#8221; _builder_version=&#8221;4.27.2&#8243; _module_preset=&#8221;default&#8221; body_text_color=&#8221;#FFFFFF&#8221; body_font_size=&#8221;16px&#8221; background_color_gradient_direction=&#8221;90deg&#8221; background_image=&#8221;https:\/\/watse.fr\/wp-content\/uploads\/2024\/12\/Col-de-Tricot-2-J1.jpg&#8221; background_enable_image=&#8221;on&#8221; background_size=&#8221;custom&#8221; background_image_width=&#8221;35%&#8221; background_image_height=&#8221;0%&#8221; background_position=&#8221;center_right&#8221; max_width_tablet=&#8221;&#8221; max_width_phone=&#8221;&#8221; max_width_last_edited=&#8221;on|phone&#8221; min_height_tablet=&#8221;&#8221; min_height_phone=&#8221;&#8221; min_height_last_edited=&#8221;on|phone&#8221; height_tablet=&#8221;&#8221; height_phone=&#8221;&#8221; height_last_edited=&#8221;on|phone&#8221; max_height_tablet=&#8221;&#8221; max_height_phone=&#8221;&#8221; max_height_last_edited=&#8221;on|phone&#8221; custom_margin=&#8221;||0px||false|false&#8221; custom_padding=&#8221;50px||30px|30px|false|false&#8221; background_last_edited=&#8221;on|desktop&#8221; background_image_phone=&#8221;https:\/\/watse.fr\/wp-content\/uploads\/2024\/12\/Col-de-Tricot-2-J1.jpg&#8221; background_enable_image_phone=&#8221;on&#8221; background_image_width_phone=&#8221;100%&#8221; background_image_height_phone=&#8221;250px&#8221; background_position_phone=&#8221;top_left&#8221; background_horizontal_offset_phone=&#8221;50%&#8221; background_vertical_offset_phone=&#8221;0%&#8221; global_colors_info=&#8221;{}&#8221; toggle_text_color=&#8221;#FFFFFF&#8221; toggle_level=&#8221;h2&#8243; toggle_font_size=&#8221;35px&#8221;]<\/p>\n<div class=\"daily-content\">\n<div class=\"et_pb_module et_pb_text et_pb_text_27_tb_body et_pb_text_align_left et_pb_bg_layout_light\">\n<div class=\"et_pb_text_inner\">\n<p style=\"text-align: justify;\"><em>6 hours 30 mins walk &#8211; Overnight in refuge &#8211; D+ 1560 m \/ D- 1400 m<\/em><\/p>\n<p style=\"text-align: justify;\">The tour starts at 9 a.m. After a short transfer from Chamonix to Les Houches, you&#8217;ll start your trek towards the Col de Voza (1650 m), a pass already offering superb views over the valley. You&#8217;ll then follow the road to Bionassay, where you can enjoy a magnificent panorama of the Bionassay glacier.  <\/p>\n<p style=\"text-align: justify;\">The climb continues up to the Col de Tricot (2120 m), the major ascent of the day, before descending through the alpine meadows to the alpage du Truc. Situated at the foot of the D\u00f4mes de Miage glaciers, this mountain pasture offers an exceptional 360\u00b0 panorama, with breathtaking views of the glaciers, Mont-Joly, D\u00e9sert de Plat\u00e9 and the Aravis mountains. You&#8217;ll end the day in Les Contamines, where you&#8217;ll spend the night in a g\u00eete or refuge.  <\/p>\n<\/div>\n<\/div>\n<\/div>\n<p>[\/et_pb_accordion_item][et_pb_accordion_item title=&#8221;Day 2: From Contamines-Montjoie to Refuge de Plan Mya&#8221; open_toggle_text_color=&#8221;#0B7A75&#8243; closed_toggle_text_color=&#8221;#0B7A75&#8243; closed_toggle_background_color=&#8221;#FFFFFF&#8221; open_toggle_text_color_tablet=&#8221;#0B7A75&#8243; open_toggle_text_color_phone=&#8221;#FFFFFF&#8221; open_toggle_text_color_last_edited=&#8221;on|phone&#8221; closed_toggle_text_color_tablet=&#8221;#0B7A75&#8243; closed_toggle_text_color_phone=&#8221;#FFFFFF&#8221; closed_toggle_text_color_last_edited=&#8221;on|phone&#8221; closed_toggle_background_color_tablet=&#8221;#FFFFFF&#8221; closed_toggle_background_color_phone=&#8221;#FFFFFF&#8221; closed_toggle_background_color_last_edited=&#8221;on|phone&#8221; _builder_version=&#8221;4.27.2&#8243; _module_preset=&#8221;default&#8221; body_text_color=&#8221;#FFFFFF&#8221; body_font_size=&#8221;16px&#8221; background_color_gradient_direction=&#8221;90deg&#8221; background_image=&#8221;https:\/\/watse.fr\/wp-content\/uploads\/2024\/12\/Barrage-de-Roselend-J2.jpg&#8221; background_enable_image=&#8221;on&#8221; background_size=&#8221;custom&#8221; background_image_width=&#8221;35%&#8221; background_image_height=&#8221;0%&#8221; background_position=&#8221;center_right&#8221; max_width_tablet=&#8221;&#8221; max_width_phone=&#8221;&#8221; max_width_last_edited=&#8221;on|phone&#8221; min_height_tablet=&#8221;&#8221; min_height_phone=&#8221;&#8221; min_height_last_edited=&#8221;on|phone&#8221; height_tablet=&#8221;&#8221; height_phone=&#8221;&#8221; height_last_edited=&#8221;on|phone&#8221; max_height_tablet=&#8221;&#8221; max_height_phone=&#8221;&#8221; max_height_last_edited=&#8221;on|phone&#8221; custom_margin=&#8221;||0px||false|false&#8221; custom_padding=&#8221;50px||30px|30px|false|false&#8221; background_last_edited=&#8221;on|desktop&#8221; background_image_phone=&#8221;https:\/\/watse.fr\/wp-content\/uploads\/2024\/12\/Barrage-de-Roselend-J2.jpg&#8221; background_enable_image_phone=&#8221;on&#8221; background_image_width_phone=&#8221;100%&#8221; background_image_height_phone=&#8221;250px&#8221; background_position_phone=&#8221;top_left&#8221; background_horizontal_offset_phone=&#8221;50%&#8221; background_vertical_offset_phone=&#8221;0%&#8221; global_colors_info=&#8221;{}&#8221; toggle_text_color=&#8221;#FFFFFF&#8221; toggle_level=&#8221;h2&#8243; toggle_font_size=&#8221;35px&#8221; open=&#8221;off&#8221;]<\/p>\n<div class=\"daily-content\">\n<div class=\"et_pb_module et_pb_text et_pb_text_27_tb_body et_pb_text_align_left et_pb_bg_layout_light\">\n<div class=\"et_pb_text_inner\">\n<p style=\"text-align: justify;\"><em>7 hours&#8217; walk &#8211; Overnight in refuge &#8211; D+ 1480 m \/ D- 790 m<\/em><\/p>\n<p style=\"text-align: justify;\">You&#8217;ll begin your hike in the footsteps of the Voie Romaine. Your first stop is at the Nant Borant refuge, nestled at the entrance to the valley, before continuing your ascent to the Col du Bonhomme (2329 m). Here, Alpine panoramas open up as far as the eye can see.  <\/p>\n<p style=\"text-align: justify;\">After a break at the Croix du Bonhomme refuge in the heart of the Alps, you&#8217;ll leave the Tour du Mont-Blanc itinerary to reach the Col de la Sauce at 2307 m. The day ends at the Plan Mya refuge in the Beaufortain region, famous for its emblematic Beaufort cheese. <\/p>\n<\/div>\n<\/div>\n<\/div>\n<p>[\/et_pb_accordion_item][et_pb_accordion_item title=&#8221;Day 3: Plan Mya to Valezan, transfer to Refuge de Rosuel&#8221; open_toggle_text_color=&#8221;#0B7A75&#8243; closed_toggle_text_color=&#8221;#0B7A75&#8243; closed_toggle_background_color=&#8221;#FFFFFF&#8221; open_toggle_text_color_tablet=&#8221;#0B7A75&#8243; open_toggle_text_color_phone=&#8221;#FFFFFF&#8221; open_toggle_text_color_last_edited=&#8221;on|phone&#8221; closed_toggle_text_color_tablet=&#8221;#0B7A75&#8243; closed_toggle_text_color_phone=&#8221;#FFFFFF&#8221; closed_toggle_text_color_last_edited=&#8221;on|phone&#8221; closed_toggle_background_color_tablet=&#8221;#FFFFFF&#8221; closed_toggle_background_color_phone=&#8221;#FFFFFF&#8221; closed_toggle_background_color_last_edited=&#8221;on|phone&#8221; _builder_version=&#8221;4.27.2&#8243; _module_preset=&#8221;default&#8221; body_text_color=&#8221;#FFFFFF&#8221; body_font_size=&#8221;16px&#8221; background_color_gradient_direction=&#8221;90deg&#8221; background_image=&#8221;https:\/\/watse.fr\/wp-content\/uploads\/2024\/12\/Pierra-Menta-J3.jpg&#8221; background_enable_image=&#8221;on&#8221; background_size=&#8221;custom&#8221; background_image_width=&#8221;35%&#8221; background_image_height=&#8221;0%&#8221; background_position=&#8221;center_right&#8221; max_width_tablet=&#8221;&#8221; max_width_phone=&#8221;&#8221; max_width_last_edited=&#8221;on|phone&#8221; min_height_tablet=&#8221;&#8221; min_height_phone=&#8221;&#8221; min_height_last_edited=&#8221;on|phone&#8221; height_tablet=&#8221;&#8221; height_phone=&#8221;&#8221; height_last_edited=&#8221;on|phone&#8221; max_height_tablet=&#8221;&#8221; max_height_phone=&#8221;&#8221; max_height_last_edited=&#8221;on|phone&#8221; custom_margin=&#8221;||0px||false|false&#8221; custom_padding=&#8221;50px||30px|30px|false|false&#8221; background_last_edited=&#8221;on|desktop&#8221; background_image_phone=&#8221;https:\/\/watse.fr\/wp-content\/uploads\/2024\/12\/Pierra-Menta-J3.jpg&#8221; background_enable_image_phone=&#8221;on&#8221; background_image_width_phone=&#8221;100%&#8221; background_image_height_phone=&#8221;250px&#8221; background_position_phone=&#8221;top_left&#8221; background_horizontal_offset_phone=&#8221;50%&#8221; background_vertical_offset_phone=&#8221;0%&#8221; global_colors_info=&#8221;{}&#8221; toggle_text_color=&#8221;#FFFFFF&#8221; toggle_level=&#8221;h2&#8243; toggle_font_size=&#8221;35px&#8221; open=&#8221;off&#8221;]<\/p>\n<div class=\"daily-content\">\n<div class=\"et_pb_module et_pb_text et_pb_text_27_tb_body et_pb_text_align_left et_pb_bg_layout_light\">\n<div class=\"et_pb_text_inner\">\n<p style=\"text-align: justify;\"><em><span>7 hours walk &#8211; 40 minutes transfer &#8211; Overnight in refuge &#8211; D+ 995 m \/ D- 1635 m<\/span><\/em><\/p>\n<p style=\"text-align: justify;\">This third stage of your adventure takes you through varied and spectacular scenery, right in the heart of the Beaufortain. The day begins on a quiet alpine road that leads you to the village of Mora. The trail then takes you to the Chalet de la Petite Berge, a small stone house nestled among the alpine pastures.  <\/p>\n<p style=\"text-align: justify;\">The high point of the day will be the Col du Bresson, at 2,477 meters above sea level, offering breathtaking views of the Pierra Menta, an emblematic summit of the Beaufortain. This massif is famous for the ski-mountaineering race that bears its name. After enjoying the panorama, you&#8217;ll descend through a mineral landscape dotted with alpine meadows to the Balme refuge.  <\/p>\n<p style=\"text-align: justify;\">This stage also marks the transition between the Beaufortain massif and the gateway to the Vanoise. You&#8217;ll then reach Valezan, where a transfer awaits you to the Rosuel refuge, located at the gateway to the Vanoise National Park, where you&#8217;ll spend the night. <\/p>\n<\/div>\n<\/div>\n<\/div>\n<p>[\/et_pb_accordion_item][et_pb_accordion_item title=&#8221;Day 4: Refuge de Rosuel to Refuge de Laisonnay&#8221; open_toggle_text_color=&#8221;#0B7A75&#8243; closed_toggle_text_color=&#8221;#0B7A75&#8243; closed_toggle_background_color=&#8221;#FFFFFF&#8221; open_toggle_text_color_tablet=&#8221;#0B7A75&#8243; open_toggle_text_color_phone=&#8221;#FFFFFF&#8221; open_toggle_text_color_last_edited=&#8221;on|phone&#8221; closed_toggle_text_color_tablet=&#8221;#0B7A75&#8243; closed_toggle_text_color_phone=&#8221;#FFFFFF&#8221; closed_toggle_text_color_last_edited=&#8221;on|phone&#8221; closed_toggle_background_color_tablet=&#8221;#FFFFFF&#8221; closed_toggle_background_color_phone=&#8221;#FFFFFF&#8221; closed_toggle_background_color_last_edited=&#8221;on|phone&#8221; _builder_version=&#8221;4.27.2&#8243; _module_preset=&#8221;default&#8221; body_text_color=&#8221;#FFFFFF&#8221; body_font_size=&#8221;16px&#8221; background_color_gradient_direction=&#8221;90deg&#8221; background_image=&#8221;https:\/\/watse.fr\/wp-content\/uploads\/2024\/12\/Lac-de-la-Plagne-J4.jpg&#8221; background_enable_image=&#8221;on&#8221; background_size=&#8221;custom&#8221; background_image_width=&#8221;35%&#8221; background_image_height=&#8221;0%&#8221; background_position=&#8221;center_right&#8221; max_width_tablet=&#8221;&#8221; max_width_phone=&#8221;&#8221; max_width_last_edited=&#8221;on|phone&#8221; min_height_tablet=&#8221;&#8221; min_height_phone=&#8221;&#8221; min_height_last_edited=&#8221;on|phone&#8221; height_tablet=&#8221;&#8221; height_phone=&#8221;&#8221; height_last_edited=&#8221;on|phone&#8221; max_height_tablet=&#8221;&#8221; max_height_phone=&#8221;&#8221; max_height_last_edited=&#8221;on|phone&#8221; custom_margin=&#8221;||0px||false|false&#8221; custom_padding=&#8221;50px||30px|30px|false|false&#8221; background_last_edited=&#8221;on|desktop&#8221; background_image_phone=&#8221;https:\/\/watse.fr\/wp-content\/uploads\/2024\/12\/Lac-de-la-Plagne-J4.jpg&#8221; background_enable_image_phone=&#8221;on&#8221; background_image_width_phone=&#8221;100%&#8221; background_image_height_phone=&#8221;250px&#8221; background_position_phone=&#8221;top_left&#8221; background_horizontal_offset_phone=&#8221;50%&#8221; background_vertical_offset_phone=&#8221;0%&#8221; global_colors_info=&#8221;{}&#8221; toggle_text_color=&#8221;#FFFFFF&#8221; toggle_level=&#8221;h2&#8243; toggle_font_size=&#8221;35px&#8221; open=&#8221;off&#8221;]<\/p>\n<div class=\"daily-content\">\n<div class=\"et_pb_module et_pb_text et_pb_text_27_tb_body et_pb_text_align_left et_pb_bg_layout_light\">\n<div class=\"et_pb_text_inner\">\n<p style=\"text-align: justify;\"><em><span>6 hours&#8217; walk &#8211; Overnight in refuge &#8211; D+ 1085<\/span><\/em><em><span> m \/ D- 1060 m<\/span><\/em><\/p>\n<p style=\"text-align: justify;\">This stage takes you to the gateway to the Vanoise National Park, a veritable haven of nature, dominated by Mont Pourri and D\u00f4me de la Sache. After leaving the Rosuel refuge, you&#8217;ll begin the ascent to the superb Lac de la Plagne, an alpine setting at 2,144 meters altitude, ideal for a break in the heart of the mountains. <\/p>\n<p style=\"text-align: justify;\">The hike continues to the Col du Plan S\u00e9ry at 2,608 meters, the highest point of the day. The landscape becomes wilder and more mineral as you progress. You&#8217;ll then plunge into the Vallaisonnay valley, passing close to the Py waterfall, until you reach the Refuge de Laisonnay, a family-run refuge where you&#8217;ll spend the night.  <\/p>\n<p style=\"text-align: justify;\">If the Laisonnay refuge is unavailable, a short transfer will take you to Champagny-le-Haut for the night.<\/p>\n<\/div>\n<\/div>\n<\/div>\n<p>[\/et_pb_accordion_item][et_pb_accordion_item title=&#8221;Day 5: Refuge de Laisonnay to Refuge du Grand Bec&#8221; open_toggle_text_color=&#8221;#0B7A75&#8243; closed_toggle_text_color=&#8221;#0B7A75&#8243; closed_toggle_background_color=&#8221;#FFFFFF&#8221; open_toggle_text_color_tablet=&#8221;#0B7A75&#8243; open_toggle_text_color_phone=&#8221;#FFFFFF&#8221; open_toggle_text_color_last_edited=&#8221;on|phone&#8221; closed_toggle_text_color_tablet=&#8221;#0B7A75&#8243; closed_toggle_text_color_phone=&#8221;#FFFFFF&#8221; closed_toggle_text_color_last_edited=&#8221;on|phone&#8221; closed_toggle_background_color_tablet=&#8221;#FFFFFF&#8221; closed_toggle_background_color_phone=&#8221;#FFFFFF&#8221; closed_toggle_background_color_last_edited=&#8221;on|phone&#8221; _builder_version=&#8221;4.27.2&#8243; _module_preset=&#8221;default&#8221; body_text_color=&#8221;#FFFFFF&#8221; body_font_size=&#8221;16px&#8221; background_color_gradient_direction=&#8221;90deg&#8221; background_image=&#8221;https:\/\/watse.fr\/wp-content\/uploads\/2024\/12\/Glacier-Vanoise-Leisse-J5.jpg&#8221; background_enable_image=&#8221;on&#8221; background_size=&#8221;custom&#8221; background_image_width=&#8221;35%&#8221; background_image_height=&#8221;0%&#8221; background_position=&#8221;center_right&#8221; max_width_tablet=&#8221;&#8221; max_width_phone=&#8221;&#8221; max_width_last_edited=&#8221;on|phone&#8221; min_height_tablet=&#8221;&#8221; min_height_phone=&#8221;&#8221; min_height_last_edited=&#8221;on|phone&#8221; height_tablet=&#8221;&#8221; height_phone=&#8221;&#8221; height_last_edited=&#8221;on|phone&#8221; max_height_tablet=&#8221;&#8221; max_height_phone=&#8221;&#8221; max_height_last_edited=&#8221;on|phone&#8221; custom_margin=&#8221;||0px||false|false&#8221; custom_padding=&#8221;50px||30px|30px|false|false&#8221; background_last_edited=&#8221;on|desktop&#8221; background_image_phone=&#8221;https:\/\/watse.fr\/wp-content\/uploads\/2024\/12\/Glacier-Vanoise-Leisse-J5.jpg&#8221; background_enable_image_phone=&#8221;on&#8221; background_image_width_phone=&#8221;100%&#8221; background_image_height_phone=&#8221;250px&#8221; background_position_phone=&#8221;top_left&#8221; background_horizontal_offset_phone=&#8221;50%&#8221; background_vertical_offset_phone=&#8221;0%&#8221; global_colors_info=&#8221;{}&#8221; toggle_text_color=&#8221;#FFFFFF&#8221; toggle_level=&#8221;h2&#8243; toggle_font_size=&#8221;35px&#8221; open=&#8221;off&#8221;]<\/p>\n<div class=\"daily-content\">\n<div class=\"et_pb_module et_pb_text et_pb_text_27_tb_body et_pb_text_align_left et_pb_bg_layout_light\">\n<div class=\"et_pb_text_inner\">\n<p style=\"text-align: justify;\"><em>6 hours&#8217; walk &#8211; Overnight in refuge without luggage &#8211; D+ 1180 m \/ D- 335 m<\/em><\/p>\n<p style=\"text-align: justify;\">This fifth stage takes you from the soothing landscapes of the Laisonnay valley to the heights of Pralognan, with a gradual climb that reveals ever more impressive panoramas. The start of the hike follows the Doron de Champagny river, a pleasant path alongside the water, winding through alpine meadows and pastures. The climb then becomes more sustained, gradually revealing the beauty of the surrounding mountains.  <\/p>\n<p style=\"text-align: justify;\">You&#8217;ll reach the Refuge du Grand Bec, nestled high up in the mountains and offering a breathtaking view of the south face of the Grand Bec, the Pointe du Vallonet and the magnificent Chavi\u00e8re valley. This cosy little refuge, located at the foot of the Pointe de la Vuzelle, will be your haven of rest for the night. Exceptionally, the refuge has no showers.  <\/p>\n<\/div>\n<\/div>\n<\/div>\n<p>[\/et_pb_accordion_item][et_pb_accordion_item title=&#8221;Day 6: Refuge du Grand Bec to Refuge Le Repoju&#8221; open_toggle_text_color=&#8221;#0B7A75&#8243; closed_toggle_text_color=&#8221;#0B7A75&#8243; closed_toggle_background_color=&#8221;#FFFFFF&#8221; open_toggle_text_color_tablet=&#8221;#0B7A75&#8243; open_toggle_text_color_phone=&#8221;#FFFFFF&#8221; open_toggle_text_color_last_edited=&#8221;on|phone&#8221; closed_toggle_text_color_tablet=&#8221;#0B7A75&#8243; closed_toggle_text_color_phone=&#8221;#FFFFFF&#8221; closed_toggle_text_color_last_edited=&#8221;on|phone&#8221; closed_toggle_background_color_tablet=&#8221;#FFFFFF&#8221; closed_toggle_background_color_phone=&#8221;#FFFFFF&#8221; closed_toggle_background_color_last_edited=&#8221;on|phone&#8221; _builder_version=&#8221;4.27.2&#8243; _module_preset=&#8221;default&#8221; body_text_color=&#8221;#FFFFFF&#8221; body_font_size=&#8221;16px&#8221; background_color_gradient_direction=&#8221;90deg&#8221; background_image=&#8221;https:\/\/watse.fr\/wp-content\/uploads\/2024\/12\/Pralognan-la-Vanoise-J6.jpg&#8221; background_enable_image=&#8221;on&#8221; background_size=&#8221;custom&#8221; background_image_width=&#8221;35%&#8221; background_image_height=&#8221;0%&#8221; background_position=&#8221;center_right&#8221; max_width_tablet=&#8221;&#8221; max_width_phone=&#8221;&#8221; max_width_last_edited=&#8221;on|phone&#8221; min_height_tablet=&#8221;&#8221; min_height_phone=&#8221;&#8221; min_height_last_edited=&#8221;on|phone&#8221; height_tablet=&#8221;&#8221; height_phone=&#8221;&#8221; height_last_edited=&#8221;on|phone&#8221; max_height_tablet=&#8221;&#8221; max_height_phone=&#8221;&#8221; max_height_last_edited=&#8221;on|phone&#8221; custom_margin=&#8221;||0px||false|false&#8221; custom_padding=&#8221;50px||30px|30px|false|false&#8221; background_last_edited=&#8221;on|desktop&#8221; background_image_phone=&#8221;https:\/\/watse.fr\/wp-content\/uploads\/2024\/12\/Pralognan-la-Vanoise-J6.jpg&#8221; background_enable_image_phone=&#8221;on&#8221; background_image_width_phone=&#8221;100%&#8221; background_image_height_phone=&#8221;250px&#8221; background_position_phone=&#8221;top_left&#8221; background_horizontal_offset_phone=&#8221;50%&#8221; background_vertical_offset_phone=&#8221;0%&#8221; global_colors_info=&#8221;{}&#8221; toggle_text_color=&#8221;#FFFFFF&#8221; toggle_level=&#8221;h2&#8243; toggle_font_size=&#8221;35px&#8221; open=&#8221;off&#8221;]<\/p>\n<div class=\"daily-content\">\n<div class=\"et_pb_module et_pb_text et_pb_text_27_tb_body et_pb_text_align_left et_pb_bg_layout_light\">\n<div class=\"et_pb_text_inner\">\n<p style=\"text-align: justify;\"><em><span>4 hours 30 mins walk &#8211; Overnight in refuge &#8211; D+ 630 m \/ D- 1310 m<\/span><\/em><\/p>\n<p data-pm-slice=\"1 1 []\" style=\"text-align: justify;\">After leaving the Grand Bec refuge, you embark on a wild traverse towards the Col de Leschaux, culminating at 2,564 m. This passage offers breathtaking panoramic views of the surrounding mountains. <\/p>\n<p style=\"text-align: justify;\">Once at the pass, the descent begins, allowing you to enjoy views of the Pralognan valley and its lush forests. The trail takes you through alpine meadows, where the local flora and fauna reveal themselves before your very eyes. The descent is gradual and pleasant, leading you to the Le Repoju refuge, near Prioux.  <\/p>\n<p style=\"text-align: justify;\">Please note that it is possible to take a shuttle bus from Pralognan to the refuge, depending on the shape of the group. Only the guide can decide whether or not to take this option, ensuring the well-being of all concerned. <\/p>\n<\/div>\n<\/div>\n<\/div>\n<p>[\/et_pb_accordion_item][et_pb_accordion_item title=&#8221;Day 7: Refuge le Repoju to Modane&#8221; open_toggle_text_color=&#8221;#0B7A75&#8243; closed_toggle_text_color=&#8221;#0B7A75&#8243; closed_toggle_background_color=&#8221;#FFFFFF&#8221; open_toggle_text_color_tablet=&#8221;#0B7A75&#8243; open_toggle_text_color_phone=&#8221;#FFFFFF&#8221; open_toggle_text_color_last_edited=&#8221;on|phone&#8221; closed_toggle_text_color_tablet=&#8221;#0B7A75&#8243; closed_toggle_text_color_phone=&#8221;#FFFFFF&#8221; closed_toggle_text_color_last_edited=&#8221;on|phone&#8221; closed_toggle_background_color_tablet=&#8221;#FFFFFF&#8221; closed_toggle_background_color_phone=&#8221;#FFFFFF&#8221; closed_toggle_background_color_last_edited=&#8221;on|phone&#8221; _builder_version=&#8221;4.27.2&#8243; _module_preset=&#8221;default&#8221; body_text_color=&#8221;#FFFFFF&#8221; body_font_size=&#8221;16px&#8221; background_color_gradient_direction=&#8221;90deg&#8221; background_image=&#8221;https:\/\/watse.fr\/wp-content\/uploads\/2024\/12\/Vanoise-Refuge-Fournache-J7.jpg&#8221; background_enable_image=&#8221;on&#8221; background_size=&#8221;custom&#8221; background_image_width=&#8221;35%&#8221; background_image_height=&#8221;0%&#8221; background_position=&#8221;center_right&#8221; max_width_tablet=&#8221;&#8221; max_width_phone=&#8221;&#8221; max_width_last_edited=&#8221;on|phone&#8221; min_height_tablet=&#8221;&#8221; min_height_phone=&#8221;&#8221; min_height_last_edited=&#8221;on|phone&#8221; height_tablet=&#8221;&#8221; height_phone=&#8221;&#8221; height_last_edited=&#8221;on|phone&#8221; max_height_tablet=&#8221;&#8221; max_height_phone=&#8221;&#8221; max_height_last_edited=&#8221;on|phone&#8221; custom_margin=&#8221;||0px||false|false&#8221; custom_padding=&#8221;50px||30px|30px|false|false&#8221; background_last_edited=&#8221;on|desktop&#8221; background_image_phone=&#8221;https:\/\/watse.fr\/wp-content\/uploads\/2024\/12\/Vanoise-Refuge-Fournache-J7.jpg&#8221; background_enable_image_phone=&#8221;on&#8221; background_image_width_phone=&#8221;100%&#8221; background_image_height_phone=&#8221;250px&#8221; background_position_phone=&#8221;top_left&#8221; background_horizontal_offset_phone=&#8221;50%&#8221; background_vertical_offset_phone=&#8221;0%&#8221; global_colors_info=&#8221;{}&#8221; toggle_text_color=&#8221;#FFFFFF&#8221; toggle_level=&#8221;h2&#8243; toggle_font_size=&#8221;35px&#8221; open=&#8221;off&#8221;]<\/p>\n<div class=\"daily-content\">\n<div class=\"et_pb_module et_pb_text et_pb_text_27_tb_body et_pb_text_align_left et_pb_bg_layout_light\">\n<div class=\"et_pb_text_inner\">\n<p style=\"text-align: justify;\"><em>7 hours 30 mins walk &#8211; D+ 1090 m \/ D- 1745 m<\/em><\/p>\n<p style=\"text-align: justify;\">On this last day of the trek, you&#8217;ll begin your ascent of the Vallon de Chavi\u00e8re, a spectacular environment dominated by the D\u00f4mes de la Vanoise. This mineral, almost lunar landscape is framed by the imposing Aiguilles de P\u00e9clet-Polset. The high point of the day is the Col de Chavi\u00e8re, at 2,796 m.  <\/p>\n<p style=\"text-align: justify;\">After crossing the pass, you&#8217;ll skirt the magnificent Lac de la Partie, whose waters are infinitely pure and transparent, before beginning the descent to the refuge de l&#8217;Org\u00e8re, at 1,935 m altitude. From here, you&#8217;ll continue on through the alpine pastures to finish your adventure in style, with an arrival in Modane. An unforgettable stage that marks the end of this Alpine crossing!  <\/p>\n<p style=\"text-align: justify;\">For hikers extending their adventure, a comfortable night in a g\u00eete will be on the agenda after this final day. For the others, it&#8217;s the end of an adventure, with perhaps the desire to return to tackle the next part of this Grande Travers\u00e9e des Alpes! <\/p>\n<\/div>\n<\/div>\n<\/div>\n<p>[\/et_pb_accordion_item][\/et_pb_accordion][\/et_pb_column][\/et_pb_row][\/et_pb_section][et_pb_section fb_built=&#8221;1&#8243; admin_label=&#8221;Section points forts&#8221; _builder_version=&#8221;4.27.2&#8243; _module_preset=&#8221;default&#8221; background_image=&#8221;https:\/\/watse.fr\/wp-content\/uploads\/2024\/10\/TREK_GTA_Partie_2.jpg&#8221; background_position=&#8221;bottom_center&#8221; background_vertical_offset=&#8221;85%&#8221; min_height=&#8221;40vh&#8221; locked=&#8221;off&#8221; global_colors_info=&#8221;{}&#8221;][et_pb_row custom_padding_last_edited=&#8221;on|phone&#8221; _builder_version=&#8221;4.24.2&#8243; _module_preset=&#8221;default&#8221; max_width=&#8221;70%&#8221; max_width_tablet=&#8221;70%&#8221; max_width_phone=&#8221;90%&#8221; max_width_last_edited=&#8221;on|phone&#8221; module_alignment=&#8221;left&#8221; custom_margin=&#8221;||||false|false&#8221; custom_padding=&#8221;|||70px|false|false&#8221; custom_padding_tablet=&#8221;|||70px|false|false&#8221; custom_padding_phone=&#8221;|10px||0px|false|false&#8221; module_alignment_tablet=&#8221;center&#8221; module_alignment_phone=&#8221;center&#8221; module_alignment_last_edited=&#8221;on|phone&#8221; global_colors_info=&#8221;{}&#8221;][et_pb_column type=&#8221;4_4&#8243; _builder_version=&#8221;4.24.2&#8243; _module_preset=&#8221;default&#8221; background_color=&#8221;#FFFFFF&#8221; custom_padding=&#8221;35px||35px|40px|true|false&#8221; border_radii=&#8221;on|20px|20px|20px|20px&#8221; global_colors_info=&#8221;{}&#8221;][et_pb_text _builder_version=&#8221;4.24.2&#8243; _module_preset=&#8221;default&#8221; text_text_color=&#8221;#2F3734&#8243; header_3_text_color=&#8221;#0B7A75&#8243; header_3_font_size=&#8221;40px&#8221; background_color=&#8221;#FFFFFF&#8221; width=&#8221;90%&#8221; max_width=&#8221;800px&#8221; module_alignment=&#8221;left&#8221; custom_margin=&#8221;||0px||false|false&#8221; custom_padding=&#8221;||||true|false&#8221; header_3_font_size_tablet=&#8221;40px&#8221; header_3_font_size_phone=&#8221;22px&#8221; header_3_font_size_last_edited=&#8221;on|phone&#8221; custom_css_free_form=&#8221;selector h3 {||  margin-bottom: 20px;||}&#8221; border_radii=&#8221;on|20px|20px|20px|20px&#8221; global_colors_info=&#8221;{}&#8221;]<\/p>\n<h3 style=\"text-align: center\">Highlights of the trip<\/h3>\n<p>[\/et_pb_text][et_pb_de_mach_acf_item acf_name=&#8221;field_65f8121b9fad2&#8243; show_label=&#8221;off&#8221; use_icon=&#8221;on&#8221; font_icon=&#8221;&#x4e;||divi||400&#8243; use_icon_font_size=&#8221;on&#8221; icon_font_size=&#8221;24px&#8221; _builder_version=&#8221;4.24.2&#8243; _module_preset=&#8221;default&#8221; title_css_text_color=&#8221;#2F3734&#8243; title_css_font_size=&#8221;18px&#8221; custom_margin=&#8221;0px|0px|10px|0px|false|true&#8221; custom_padding=&#8221;0px|0px|0px|0px|true|true&#8221; global_colors_info=&#8221;{}&#8221;][\/et_pb_de_mach_acf_item][et_pb_de_mach_acf_item acf_name=&#8221;field_65f812949fad3&#8243; show_label=&#8221;off&#8221; use_icon=&#8221;on&#8221; font_icon=&#8221;&#x4e;||divi||400&#8243; use_icon_font_size=&#8221;on&#8221; icon_font_size=&#8221;24px&#8221; _builder_version=&#8221;4.24.2&#8243; _module_preset=&#8221;default&#8221; title_css_text_color=&#8221;#2F3734&#8243; title_css_font_size=&#8221;18px&#8221; custom_margin=&#8221;0px|0px|10px|0px|false|true&#8221; custom_padding=&#8221;0px|0px|0px|0px|true|true&#8221; global_colors_info=&#8221;{}&#8221;][\/et_pb_de_mach_acf_item][et_pb_de_mach_acf_item acf_name=&#8221;field_65f812a99fad4&#8243; show_label=&#8221;off&#8221; use_icon=&#8221;on&#8221; font_icon=&#8221;&#x4e;||divi||400&#8243; use_icon_font_size=&#8221;on&#8221; icon_font_size=&#8221;24px&#8221; _builder_version=&#8221;4.24.2&#8243; _module_preset=&#8221;default&#8221; title_css_text_color=&#8221;#2F3734&#8243; title_css_font_size=&#8221;18px&#8221; custom_margin=&#8221;0px|0px|0px|0px|false|true&#8221; custom_padding=&#8221;0px|0px|0px|0px|true|true&#8221; global_colors_info=&#8221;{}&#8221;][\/et_pb_de_mach_acf_item][\/et_pb_column][\/et_pb_row][\/et_pb_section][et_pb_section fb_built=&#8221;1&#8243; admin_label=&#8221;Section informations&#8221; _builder_version=&#8221;4.24.2&#8243; _module_preset=&#8221;default&#8221; background_color=&#8221;#ECF8F3&#8243; custom_padding=&#8221;3px|||||&#8221; locked=&#8221;off&#8221; global_colors_info=&#8221;{}&#8221;][et_pb_row custom_padding_last_edited=&#8221;on|phone&#8221; _builder_version=&#8221;4.24.2&#8243; _module_preset=&#8221;default&#8221; max_width=&#8221;70%&#8221; max_width_tablet=&#8221;70%&#8221; max_width_phone=&#8221;90%&#8221; max_width_last_edited=&#8221;on|phone&#8221; module_alignment=&#8221;left&#8221; custom_margin=&#8221;50px||||false|false&#8221; custom_padding=&#8221;|||5%|false|false&#8221; custom_padding_tablet=&#8221;|||5%|false|false&#8221; custom_padding_phone=&#8221;|||0%|false|false&#8221; module_alignment_tablet=&#8221;center&#8221; module_alignment_phone=&#8221;center&#8221; module_alignment_last_edited=&#8221;on|phone&#8221; custom_css_free_form=&#8221;selector .title-p {||\tfont-weight: bold;||  font-size: 18px !important;||}&#8221; locked=&#8221;off&#8221; global_colors_info=&#8221;{}&#8221;][et_pb_column type=&#8221;4_4&#8243; _builder_version=&#8221;4.24.2&#8243; _module_preset=&#8221;default&#8221; global_colors_info=&#8221;{}&#8221;][et_pb_toggle title=&#8221;General information&#8221; open_toggle_text_color=&#8221;#0B7A75&#8243; open_toggle_background_color=&#8221;RGBA(255,255,255,0)&#8221; closed_toggle_background_color=&#8221;RGBA(255,255,255,0)&#8221; icon_color=&#8221;#0B7A75&#8243; toggle_icon=&#8221;&#x33;||divi||400&#8243; use_icon_font_size=&#8221;on&#8221; icon_font_size=&#8221;30px&#8221; _builder_version=&#8221;4.27.2&#8243; _module_preset=&#8221;default&#8221; title_text_color=&#8221;#0B7A75&#8243; title_level=&#8221;h3&#8243; title_font_size=&#8221;26px&#8221; body_text_color=&#8221;#0B7A75&#8243; border_radii=&#8221;on|10px|10px|10px|10px&#8221; border_width_all=&#8221;2px&#8221; border_color_all=&#8221;#0B7A75&#8243; global_colors_info=&#8221;{}&#8221;]<\/p>\n<p class=\"title-p\" style=\"text-align: justify;\">SAFETY<\/p>\n<p style=\"text-align: justify;\">You can find the Quai d&#8217;Orsay&#8217;s position on these countries on the official website of the French Ministry of Foreign Affairs:<span> <\/span><a href=\"https:\/\/www.diplomatie.gouv.fr\/fr\/conseils-aux-voyageurs\/conseils-par-pays-destination\/\" target=\"_blank\" rel=\"noopener noreferrer\"><span><strong>diplomatie.gouv.fr in the &#8220;Conseils aux voyageurs&#8221; section<\/strong><\/span><\/a>.<\/p>\n<p style=\"text-align: justify;\">The information contained on the website of the French Ministry of Foreign Affairs is subject to change and is given for guidance only. Please note that no region of the world or country can be considered safe from the risk of terrorism. <\/p>\n<p class=\"title-p\" style=\"text-align: justify;\">REGISTRATION<\/p>\n<p style=\"text-align: justify;\"><span><strong>By post:<\/strong><\/span><\/p>\n<p style=\"text-align: justify;\">Ask us for a registration form<\/p>\n<ul style=\"text-align: justify;\">\n<li>by telephone: 04 50 89 63 32<\/li>\n<li>or e-mail: contact@watse.fr<\/li>\n<\/ul>\n<p style=\"text-align: justify;\">Send us your registration with a copy of your passport, your postal address, telephone number and e-mail address, together with a deposit of 35% of the cost of the trip.<br \/>Also, if you wish to take out a Comfort or Comfort Multirisk cancellation insurance policy, this must be paid at the same time as the deposit when you register. You can consult our insurance contracts on our website. <\/p>\n<p style=\"text-align: justify;\"><span><strong>By internet:<\/strong><\/span><br \/>Book your holiday directly on our website: directly on the holiday page, choosing your dates and insurance options.<\/p>\n<p class=\"title-p\" style=\"text-align: justify;\">ASSISTANCE AND SAFETY<\/p>\n<p style=\"text-align: justify;\">We strongly advise you to take out assistance insurance for the duration of your trip.<\/p>\n<p style=\"text-align: justify;\">We offer two different types of insurance: Comfort Cancellation and Comfort Multirisk, to be taken out when you register for your trip.<\/p>\n<p style=\"text-align: justify;\">Details of this insurance are available on request or can be viewed by<span> <\/span><span><strong><a href=\"https:\/\/watse.fr\/en\/assurances-3\/\">by clicking here<\/a><\/strong><\/span>.<\/p>\n<p style=\"text-align: justify;\">Other offers include Mondial Assistance, your own insurance company or Club Alpin Fran\u00e7ais. Check that your trekking activity is covered. <\/p>\n<p style=\"text-align: justify;\">Make sure your insurance covers all medical expenses in the event of an accident.<\/p>\n<p style=\"text-align: justify;\">You must make sure that you are covered for mountain rescue costs. If this is the case, you must provide us with the following information before you set off on your trek: <\/p>\n<ul style=\"text-align: justify;\">\n<li>a certificate from the insurance company covering mountain rescue costs.<\/li>\n<li>the contract number and telephone number of the assistance center<\/li>\n<\/ul>\n<p style=\"text-align: justify;\">Beware of restrictive clauses in certain insurance policies (particularly those linked to Visa Premier, Gold or other cards), such as mountain insurance limited to snow activities, or altitude sickness not recognized as an illness requiring repatriation, which will be refused.<\/p>\n<p style=\"text-align: justify;\">Please check the actual content of your insurance and take the necessary steps if necessary.<\/p>\n<p>[\/et_pb_toggle][et_pb_toggle title=&#8221;Health &amp; climate&#8221; open_toggle_text_color=&#8221;#0B7A75&#8243; open_toggle_background_color=&#8221;RGBA(255,255,255,0)&#8221; closed_toggle_background_color=&#8221;RGBA(255,255,255,0)&#8221; icon_color=&#8221;#0B7A75&#8243; toggle_icon=&#8221;&#x33;||divi||400&#8243; use_icon_font_size=&#8221;on&#8221; icon_font_size=&#8221;30px&#8221; _builder_version=&#8221;4.27.2&#8243; _module_preset=&#8221;default&#8221; title_text_color=&#8221;#0B7A75&#8243; title_level=&#8221;h3&#8243; title_font_size=&#8221;26px&#8221; body_text_color=&#8221;#0B7A75&#8243; border_radii=&#8221;on|10px|10px|10px|10px&#8221; border_width_all=&#8221;2px&#8221; border_color_all=&#8221;#0B7A75&#8243; global_colors_info=&#8221;{}&#8221;]<\/p>\n<p class=\"title-p\" style=\"text-align: justify;\">CLIMATE<\/p>\n<p style=\"text-align: justify;\">Temperatures vary according to altitude. It can reach 30\u00b0C in summer on the plains, or sub-zero on the summits. <\/p>\n<p style=\"text-align: justify;\">Summer thunderstorms are common in the French Alps.<\/p>\n<p class=\"title-p\" style=\"text-align: justify;\">HEALTH AND VACCINES<\/p>\n<p style=\"text-align: justify;\">No vaccinations required.<\/p>\n<p style=\"text-align: justify;\">We strongly recommend that you are up to date with the usual vaccinations: diphtheria-tetanus-poliomyelitis, whooping cough, tuberculosis, typhoid fever, hepatitis A and B.<\/p>\n<p style=\"text-align: justify;\">We recommend that you have a check-up with your dentist before you leave.<\/p>\n<p>[\/et_pb_toggle][et_pb_toggle title=&#8221;Transport and conditions&#8221; open_toggle_text_color=&#8221;#0B7A75&#8243; open_toggle_background_color=&#8221;RGBA(255,255,255,0)&#8221; closed_toggle_background_color=&#8221;RGBA(255,255,255,0)&#8221; icon_color=&#8221;#0B7A75&#8243; toggle_icon=&#8221;&#x33;||divi||400&#8243; use_icon_font_size=&#8221;on&#8221; icon_font_size=&#8221;30px&#8221; _builder_version=&#8221;4.27.2&#8243; _module_preset=&#8221;default&#8221; title_text_color=&#8221;#0B7A75&#8243; title_level=&#8221;h3&#8243; title_font_size=&#8221;26px&#8221; body_text_color=&#8221;#0B7A75&#8243; border_radii=&#8221;on|10px|10px|10px|10px&#8221; border_width_all=&#8221;2px&#8221; border_color_all=&#8221;#0B7A75&#8243; global_colors_info=&#8221;{}&#8221;]<\/p>\n<p style=\"text-align: justify;\">Any travel during the trek is included in the price, except for transport to and from the meeting point on the first and last day.<\/p>\n<p style=\"text-align: justify;\">For an additional fee, we can arrange transportation to and from the start and\/or finish of the trek. Contact us or let us know your requirements when booking. <\/p>\n<p class=\"title-p\" style=\"text-align: justify;\">LUGGAGE<\/p>\n<p style=\"text-align: justify;\"><span>Luggage transfer between accommodation sites is provided by our team during the trek, except on day 5.  <\/span><\/p>\n<p>[\/et_pb_toggle][et_pb_toggle title=&#8221;The stay&#8221; open_toggle_text_color=&#8221;#0B7A75&#8243; open_toggle_background_color=&#8221;RGBA(255,255,255,0)&#8221; closed_toggle_background_color=&#8221;RGBA(255,255,255,0)&#8221; icon_color=&#8221;#0B7A75&#8243; toggle_icon=&#8221;&#x33;||divi||400&#8243; use_icon_font_size=&#8221;on&#8221; icon_font_size=&#8221;30px&#8221; _builder_version=&#8221;4.27.2&#8243; _module_preset=&#8221;default&#8221; title_text_color=&#8221;#0B7A75&#8243; title_level=&#8221;h3&#8243; title_font_size=&#8221;26px&#8221; body_text_color=&#8221;#0B7A75&#8243; border_radii=&#8221;on|10px|10px|10px|10px&#8221; border_width_all=&#8221;2px&#8221; border_color_all=&#8221;#0B7A75&#8243; global_colors_info=&#8221;{}&#8221;]<\/p>\n<p class=\"title-p\" style=\"text-align: justify;\">MEALS<\/p>\n<p style=\"text-align: justify;\">Picnics for lunch are ordered from the refuges or made up of local produce bought en route in the villages. Evening and morning meals are taken in refuges, g\u00eetes or hotels. <\/p>\n<p style=\"text-align: justify;\">Snacks are provided, but you can also bring your own.<\/p>\n<p style=\"text-align: justify;\"><strong>If you have a special diet, please let us know as soon as possible.<\/strong><\/p>\n<p class=\"title-p\" style=\"text-align: justify;\">ACCOMMODATION<\/p>\n<ul style=\"text-align: justify;\">\n<li>6 nights in g\u00eete or refuge in dormitories<\/li>\n<\/ul>\n<ul style=\"text-align: justify;\"><\/ul>\n<p class=\"title-p\" style=\"text-align: justify;\">TRAINING<\/p>\n<p style=\"text-align: justify;\"><span>Supervision by a state-qualified French mountain leader.<\/span><\/p>\n<p>[\/et_pb_toggle][et_pb_toggle title=&#8221;Practical info&#8221; open_toggle_text_color=&#8221;#0B7A75&#8243; open_toggle_background_color=&#8221;RGBA(255,255,255,0)&#8221; closed_toggle_background_color=&#8221;RGBA(255,255,255,0)&#8221; icon_color=&#8221;#0B7A75&#8243; toggle_icon=&#8221;&#x33;||divi||400&#8243; use_icon_font_size=&#8221;on&#8221; icon_font_size=&#8221;30px&#8221; _builder_version=&#8221;4.27.2&#8243; _module_preset=&#8221;default&#8221; title_text_color=&#8221;#0B7A75&#8243; title_level=&#8221;h3&#8243; title_font_size=&#8221;26px&#8221; body_text_color=&#8221;#0B7A75&#8243; border_radii=&#8221;on|10px|10px|10px|10px&#8221; border_width_all=&#8221;2px&#8221; border_color_all=&#8221;#0B7A75&#8243; global_colors_info=&#8221;{}&#8221;]<\/p>\n<p class=\"title-p\" style=\"text-align: justify;\">ELECTRICITY<\/p>\n<p style=\"text-align: justify;\"><span>Some (but not all) refuges offer charging facilities for small electronic devices (smartphones, cameras).<\/span><\/p>\n<p class=\"title-p\" style=\"text-align: justify;\">FORMALITIES AND VISA<\/p>\n<p style=\"text-align: justify;\"><span>No visa required for French nationals and citizens of bordering countries.<\/span><\/p>\n<p class=\"title-p\" style=\"text-align: justify;\">BUDGET, CHANGE AND TIPS<\/p>\n<p style=\"text-align: justify;\"><span>Daily travel, meals not included (cold drinks, snacks, etc.) and accommodation are included in the price of the stay. Tipping is not necessary and should reflect your satisfaction with the team. <\/span><\/p>\n<p style=\"text-align: justify;\"><span>ACCOMMODATION<\/span><\/p>\n<p style=\"text-align: justify;\"><span>If you wish to combine two parts of the Grande Travers\u00e9e des Alpes, we can arrange an extra night between the end of your first trek and the start of the second. This option is available at extra cost.  <\/span><\/p>\n<p style=\"text-align: justify;\"><span>We can also organize and take care of the night before the start of your trek, as well as the night after the end of your adventure, even if you don&#8217;t continue with a second trek, at an additional cost, to offer you a complete, stress-free experience.<\/span><\/p>\n<p>[\/et_pb_toggle][et_pb_button button_text=&#8221;Consult the FAQ&#8221; button_alignment=&#8221;left&#8221; button_alignment_tablet=&#8221;center&#8221; button_alignment_phone=&#8221;center&#8221; button_alignment_last_edited=&#8221;on|phone&#8221; _builder_version=&#8221;4.24.2&#8243; _module_preset=&#8221;default&#8221; button_text_color=&#8221;#FFFFFF&#8221; button_border_width=&#8221;2px&#8221; button_use_icon=&#8221;off&#8221; locked=&#8221;off&#8221; global_colors_info=&#8221;{}&#8221; button_bg_color__hover=&#8221;#FFFFFF&#8221;][\/et_pb_button][\/et_pb_column][\/et_pb_row][\/et_pb_section][et_pb_section fb_built=&#8221;1&#8243; admin_label=&#8221;Section plus value&#8221; _builder_version=&#8221;4.24.2&#8243; _module_preset=&#8221;default&#8221; background_color=&#8221;#FFFFFF&#8221; custom_padding=&#8221;2px||58px|||&#8221; custom_css_free_form=&#8221;selector {||  z-index: 20 !important;||}&#8221; locked=&#8221;off&#8221; global_colors_info=&#8221;{}&#8221;][et_pb_row _builder_version=&#8221;4.24.2&#8243; _module_preset=&#8221;default&#8221; global_colors_info=&#8221;{}&#8221;][et_pb_column type=&#8221;4_4&#8243; _builder_version=&#8221;4.24.2&#8243; _module_preset=&#8221;default&#8221; global_colors_info=&#8221;{}&#8221;][et_pb_text _builder_version=&#8221;4.24.2&#8243; _module_preset=&#8221;default&#8221; text_font_size=&#8221;40px&#8221; header_text_color=&#8221;#0B7A75&#8243; header_4_text_color=&#8221;#0B7A75&#8243; header_4_font_size=&#8221;42px&#8221; header_2_font_size_tablet=&#8221;&#8221; header_2_font_size_phone=&#8221;38px&#8221; header_2_font_size_last_edited=&#8221;on|phone&#8221; global_colors_info=&#8221;{}&#8221;]<\/p>\n<h4 style=\"text-align: center\"><strong>Watse added value<\/strong><\/h4>\n<p>[\/et_pb_text][\/et_pb_column][\/et_pb_row][et_pb_row column_structure=&#8221;1_3,1_3,1_3&#8243; custom_padding_last_edited=&#8221;on|phone&#8221; _builder_version=&#8221;4.24.2&#8243; _module_preset=&#8221;default&#8221; max_width=&#8221;1200px&#8221; max_width_tablet=&#8221;1200px&#8221; max_width_phone=&#8221;90%&#8221; max_width_last_edited=&#8221;on|phone&#8221; module_alignment=&#8221;center&#8221; custom_margin=&#8221;7px|auto||auto||&#8221; custom_margin_tablet=&#8221;7px|auto||auto||&#8221; custom_margin_phone=&#8221;0px|auto||auto|false|false&#8221; custom_margin_last_edited=&#8221;on|phone&#8221; custom_padding=&#8221;0px|||50px|false|false&#8221; custom_padding_tablet=&#8221;0px|||50px|false|false&#8221; custom_padding_phone=&#8221;|||0px|false|false&#8221; module_alignment_tablet=&#8221;center&#8221; module_alignment_phone=&#8221;center&#8221; module_alignment_last_edited=&#8221;on|phone&#8221; global_colors_info=&#8221;{}&#8221;][et_pb_column type=&#8221;1_3&#8243; _builder_version=&#8221;4.24.2&#8243; _module_preset=&#8221;default&#8221; global_colors_info=&#8221;{}&#8221;][et_pb_icon font_icon=&#8221;&#xf6fc;||fa||900&#8243; icon_width=&#8221;60px&#8221; _builder_version=&#8221;4.27.2&#8243; _module_preset=&#8221;default&#8221; custom_margin=&#8221;||22px|||&#8221; global_colors_info=&#8221;{}&#8221;][\/et_pb_icon][et_pb_text _builder_version=&#8221;4.27.2&#8243; _module_preset=&#8221;default&#8221; header_5_text_color=&#8221;#0B7A75&#8243; global_colors_info=&#8221;{}&#8221;]<\/p>\n<h5 style=\"text-align: center;\">SUPERVISION BY EXPERT GUIDES<\/h5>\n<p style=\"text-align: center;\">Our experienced and passionate guides know the GTA itineraries inside out. They ensure optimum safety while sharing their knowledge. <\/p>\n<p>[\/et_pb_text][\/et_pb_column][et_pb_column type=&#8221;1_3&#8243; _builder_version=&#8221;4.24.2&#8243; _module_preset=&#8221;default&#8221; global_colors_info=&#8221;{}&#8221;][et_pb_icon font_icon=&#8221;&#xe074;||divi||400&#8243; icon_width=&#8221;60px&#8221; _builder_version=&#8221;4.24.2&#8243; _module_preset=&#8221;default&#8221; custom_margin=&#8221;||22px|||&#8221; global_colors_info=&#8221;{}&#8221;][\/et_pb_icon][et_pb_text _builder_version=&#8221;4.24.2&#8243; _module_preset=&#8221;default&#8221; header_5_text_color=&#8221;#0B7A75&#8243; global_colors_info=&#8221;{}&#8221;]<\/p>\n<h5 style=\"text-align: center\"><strong><span>A CHOICE OF QUALITY ACCOMMODATION<\/span><\/strong><strong><\/strong><\/h5>\n<p style=\"text-align: center\"><span>Accommodation has been carefully selected by our teams to guarantee maximum comfort and quality cuisine. Nothing is left to chance to ensure an unforgettable adventure! <\/span><\/p>\n<p>[\/et_pb_text][\/et_pb_column][et_pb_column type=&#8221;1_3&#8243; _builder_version=&#8221;4.24.2&#8243; _module_preset=&#8221;default&#8221; global_colors_info=&#8221;{}&#8221;][et_pb_icon font_icon=&#8221;&#xf1b9;||fa||900&#8243; icon_width=&#8221;60px&#8221; _builder_version=&#8221;4.24.2&#8243; _module_preset=&#8221;default&#8221; custom_margin=&#8221;||22px|||&#8221; global_colors_info=&#8221;{}&#8221;][\/et_pb_icon][et_pb_text _builder_version=&#8221;4.24.2&#8243; _module_preset=&#8221;default&#8221; header_5_text_color=&#8221;#0B7A75&#8243; global_colors_info=&#8221;{}&#8221;]<\/p>\n<h5 style=\"text-align: center\"><strong><span>TRANSFERS BY PRIVATE VEHICLE FOR GREATER AUTONOMY<\/span><\/strong><strong><\/strong><\/h5>\n<p style=\"text-align: center\"><span>To guarantee your complete autonomy, we provide transfers in private vehicles. This independence means no waiting or other inconveniences. <\/span><\/p>\n<p>[\/et_pb_text][\/et_pb_column][\/et_pb_row][\/et_pb_section]<\/p>\n","protected":false},"featured_media":63181,"template":"","meta":{"_acf_changed":false,"_et_pb_use_builder":"on","_et_pb_old_content":"","_et_gb_content_width":""},"activite":[341],"destination":[342,343],"class_list":["post-65247","sejour","type-sejour","status-publish","has-post-thumbnail","hentry","activite-trekking-en","destination-europe-en","destination-france-en"],"acf":{"desc-text-1":"Immersion in the heart of the Vanoise  ","desc-text-2":"Breathtaking panoramas at altitude","desc-text-3":"A change of scenery all the way to Modane  ","destination_principale":"France"},"yoast_head":"<!-- This site is optimized with the Yoast SEO plugin v23.5 - https:\/\/yoast.com\/wordpress\/plugins\/seo\/ -->\n<title>GTA: Chamonix to Modane - part two<\/title>\n<meta name=\"description\" content=\"Discover the second part of the Grande Travers\u00e9e des Alpes, a 7-day trek from Chamonix to Modane.\" \/>\n<meta name=\"robots\" content=\"index, follow, max-snippet:-1, max-image-preview:large, max-video-preview:-1\" \/>\n<link rel=\"canonical\" href=\"https:\/\/watse.fr\/en\/sejour\/grande-traversee-des-alpes-chamonix-modane-between-peaks-and-valleys-part-two\/\" \/>\n<meta property=\"og:locale\" content=\"en_US\" \/>\n<meta property=\"og:type\" content=\"article\" \/>\n<meta property=\"og:title\" content=\"GTA: Chamonix to Modane - part two\" \/>\n<meta property=\"og:description\" content=\"Discover the second part of the Grande Travers\u00e9e des Alpes, a 7-day trek from Chamonix to Modane.\" \/>\n<meta property=\"og:site_name\" content=\"Watse\" \/>\n<meta property=\"article:modified_time\" content=\"2026-04-22T12:46:18+00:00\" \/>\n<meta property=\"og:image\" content=\"https:\/\/watse.fr\/wp-content\/uploads\/2024\/05\/IMG_1612-1024x576.jpg\" \/>\n<meta name=\"twitter:card\" content=\"summary_large_image\" \/>\n<meta name=\"twitter:title\" content=\"Grande Travers\u00e9e des Alpes: 1st stage from Mont-Blanc to La Vanoise\" \/>\n<meta name=\"twitter:description\" content=\"Explore breathtaking panoramas, from glaciers to verdant valleys, for an exceptional alpine adventure.\" \/>\n<meta name=\"twitter:image\" content=\"https:\/\/watse.fr\/wp-content\/uploads\/2024\/08\/Traversee-Alpes-8-1024x474.jpg\" \/>\n<meta name=\"twitter:label1\" content=\"Est. reading time\" \/>\n\t<meta name=\"twitter:data1\" content=\"45 minutes\" \/>\n<script type=\"application\/ld+json\" class=\"yoast-schema-graph\">{\"@context\":\"https:\/\/schema.org\",\"@graph\":[{\"@type\":\"WebPage\",\"@id\":\"https:\/\/watse.fr\/en\/sejour\/grande-traversee-des-alpes-chamonix-modane-between-peaks-and-valleys-part-two\/\",\"url\":\"https:\/\/watse.fr\/en\/sejour\/grande-traversee-des-alpes-chamonix-modane-between-peaks-and-valleys-part-two\/\",\"name\":\"GTA: Chamonix to Modane - part two\",\"isPartOf\":{\"@id\":\"https:\/\/watse.fr\/en\/#website\"},\"primaryImageOfPage\":{\"@id\":\"https:\/\/watse.fr\/en\/sejour\/grande-traversee-des-alpes-chamonix-modane-between-peaks-and-valleys-part-two\/#primaryimage\"},\"image\":{\"@id\":\"https:\/\/watse.fr\/en\/sejour\/grande-traversee-des-alpes-chamonix-modane-between-peaks-and-valleys-part-two\/#primaryimage\"},\"thumbnailUrl\":\"https:\/\/watse.fr\/wp-content\/uploads\/2024\/10\/TREK_GTA_Partie_2.jpg\",\"datePublished\":\"2024-06-02T07:22:35+00:00\",\"dateModified\":\"2026-04-22T12:46:18+00:00\",\"description\":\"Discover the second part of the Grande Travers\u00e9e des Alpes, a 7-day trek from Chamonix to Modane.\",\"breadcrumb\":{\"@id\":\"https:\/\/watse.fr\/en\/sejour\/grande-traversee-des-alpes-chamonix-modane-between-peaks-and-valleys-part-two\/#breadcrumb\"},\"inLanguage\":\"en-US\",\"potentialAction\":[{\"@type\":\"ReadAction\",\"target\":[\"https:\/\/watse.fr\/en\/sejour\/grande-traversee-des-alpes-chamonix-modane-between-peaks-and-valleys-part-two\/\"]}]},{\"@type\":\"ImageObject\",\"inLanguage\":\"en-US\",\"@id\":\"https:\/\/watse.fr\/en\/sejour\/grande-traversee-des-alpes-chamonix-modane-between-peaks-and-valleys-part-two\/#primaryimage\",\"url\":\"https:\/\/watse.fr\/wp-content\/uploads\/2024\/10\/TREK_GTA_Partie_2.jpg\",\"contentUrl\":\"https:\/\/watse.fr\/wp-content\/uploads\/2024\/10\/TREK_GTA_Partie_2.jpg\",\"width\":1920,\"height\":1080},{\"@type\":\"BreadcrumbList\",\"@id\":\"https:\/\/watse.fr\/en\/sejour\/grande-traversee-des-alpes-chamonix-modane-between-peaks-and-valleys-part-two\/#breadcrumb\",\"itemListElement\":[{\"@type\":\"ListItem\",\"position\":1,\"name\":\"Accueil\",\"item\":\"https:\/\/watse.fr\/en\/\"},{\"@type\":\"ListItem\",\"position\":2,\"name\":\"S\u00e9jours\",\"item\":\"https:\/\/watse.fr\/en\/tous-nos-sejours\/\"},{\"@type\":\"ListItem\",\"position\":3,\"name\":\"Grande Travers\u00e9e des Alpes : Chamonix-Modane, between peaks and valleys &#8211; part two\"}]},{\"@type\":\"WebSite\",\"@id\":\"https:\/\/watse.fr\/en\/#website\",\"url\":\"https:\/\/watse.fr\/en\/\",\"name\":\"Watse\",\"description\":\"\",\"potentialAction\":[{\"@type\":\"SearchAction\",\"target\":{\"@type\":\"EntryPoint\",\"urlTemplate\":\"https:\/\/watse.fr\/en\/?s={search_term_string}\"},\"query-input\":{\"@type\":\"PropertyValueSpecification\",\"valueRequired\":true,\"valueName\":\"search_term_string\"}}],\"inLanguage\":\"en-US\"}]}<\/script>\n<!-- \/ Yoast SEO plugin. -->","yoast_head_json":{"title":"GTA: Chamonix to Modane - part two","description":"Discover the second part of the Grande Travers\u00e9e des Alpes, a 7-day trek from Chamonix to Modane.","robots":{"index":"index","follow":"follow","max-snippet":"max-snippet:-1","max-image-preview":"max-image-preview:large","max-video-preview":"max-video-preview:-1"},"canonical":"https:\/\/watse.fr\/en\/sejour\/grande-traversee-des-alpes-chamonix-modane-between-peaks-and-valleys-part-two\/","og_locale":"en_US","og_type":"article","og_title":"GTA: Chamonix to Modane - part two","og_description":"Discover the second part of the Grande Travers\u00e9e des Alpes, a 7-day trek from Chamonix to Modane.","og_site_name":"Watse","article_modified_time":"2026-04-22T12:46:18+00:00","og_image":[{"url":"https:\/\/watse.fr\/wp-content\/uploads\/2024\/05\/IMG_1612-1024x576.jpg"}],"twitter_card":"summary_large_image","twitter_title":"Grande Travers\u00e9e des Alpes: 1st stage from Mont-Blanc to La Vanoise","twitter_description":"Explore breathtaking panoramas, from glaciers to verdant valleys, for an exceptional alpine adventure.","twitter_image":"https:\/\/watse.fr\/wp-content\/uploads\/2024\/08\/Traversee-Alpes-8-1024x474.jpg","twitter_misc":{"Est. reading time":"45 minutes"},"schema":{"@context":"https:\/\/schema.org","@graph":[{"@type":"WebPage","@id":"https:\/\/watse.fr\/en\/sejour\/grande-traversee-des-alpes-chamonix-modane-between-peaks-and-valleys-part-two\/","url":"https:\/\/watse.fr\/en\/sejour\/grande-traversee-des-alpes-chamonix-modane-between-peaks-and-valleys-part-two\/","name":"GTA: Chamonix to Modane - part two","isPartOf":{"@id":"https:\/\/watse.fr\/en\/#website"},"primaryImageOfPage":{"@id":"https:\/\/watse.fr\/en\/sejour\/grande-traversee-des-alpes-chamonix-modane-between-peaks-and-valleys-part-two\/#primaryimage"},"image":{"@id":"https:\/\/watse.fr\/en\/sejour\/grande-traversee-des-alpes-chamonix-modane-between-peaks-and-valleys-part-two\/#primaryimage"},"thumbnailUrl":"https:\/\/watse.fr\/wp-content\/uploads\/2024\/10\/TREK_GTA_Partie_2.jpg","datePublished":"2024-06-02T07:22:35+00:00","dateModified":"2026-04-22T12:46:18+00:00","description":"Discover the second part of the Grande Travers\u00e9e des Alpes, a 7-day trek from Chamonix to Modane.","breadcrumb":{"@id":"https:\/\/watse.fr\/en\/sejour\/grande-traversee-des-alpes-chamonix-modane-between-peaks-and-valleys-part-two\/#breadcrumb"},"inLanguage":"en-US","potentialAction":[{"@type":"ReadAction","target":["https:\/\/watse.fr\/en\/sejour\/grande-traversee-des-alpes-chamonix-modane-between-peaks-and-valleys-part-two\/"]}]},{"@type":"ImageObject","inLanguage":"en-US","@id":"https:\/\/watse.fr\/en\/sejour\/grande-traversee-des-alpes-chamonix-modane-between-peaks-and-valleys-part-two\/#primaryimage","url":"https:\/\/watse.fr\/wp-content\/uploads\/2024\/10\/TREK_GTA_Partie_2.jpg","contentUrl":"https:\/\/watse.fr\/wp-content\/uploads\/2024\/10\/TREK_GTA_Partie_2.jpg","width":1920,"height":1080},{"@type":"BreadcrumbList","@id":"https:\/\/watse.fr\/en\/sejour\/grande-traversee-des-alpes-chamonix-modane-between-peaks-and-valleys-part-two\/#breadcrumb","itemListElement":[{"@type":"ListItem","position":1,"name":"Accueil","item":"https:\/\/watse.fr\/en\/"},{"@type":"ListItem","position":2,"name":"S\u00e9jours","item":"https:\/\/watse.fr\/en\/tous-nos-sejours\/"},{"@type":"ListItem","position":3,"name":"Grande Travers\u00e9e des Alpes : Chamonix-Modane, between peaks and valleys &#8211; part two"}]},{"@type":"WebSite","@id":"https:\/\/watse.fr\/en\/#website","url":"https:\/\/watse.fr\/en\/","name":"Watse","description":"","potentialAction":[{"@type":"SearchAction","target":{"@type":"EntryPoint","urlTemplate":"https:\/\/watse.fr\/en\/?s={search_term_string}"},"query-input":{"@type":"PropertyValueSpecification","valueRequired":true,"valueName":"search_term_string"}}],"inLanguage":"en-US"}]}},"_links":{"self":[{"href":"https:\/\/watse.fr\/en\/wp-json\/wp\/v2\/sejour\/65247"}],"collection":[{"href":"https:\/\/watse.fr\/en\/wp-json\/wp\/v2\/sejour"}],"about":[{"href":"https:\/\/watse.fr\/en\/wp-json\/wp\/v2\/types\/sejour"}],"wp:featuredmedia":[{"embeddable":true,"href":"https:\/\/watse.fr\/en\/wp-json\/wp\/v2\/media\/63181"}],"wp:attachment":[{"href":"https:\/\/watse.fr\/en\/wp-json\/wp\/v2\/media?parent=65247"}],"wp:term":[{"taxonomy":"activite","embeddable":true,"href":"https:\/\/watse.fr\/en\/wp-json\/wp\/v2\/activite?post=65247"},{"taxonomy":"destination","embeddable":true,"href":"https:\/\/watse.fr\/en\/wp-json\/wp\/v2\/destination?post=65247"}],"curies":[{"name":"wp","href":"https:\/\/api.w.org\/{rel}","templated":true}]}}