{"id":62262,"date":"2024-05-17T12:00:41","date_gmt":"2024-05-17T10:00:41","guid":{"rendered":"https:\/\/watse.fr\/sejour\/grande-traversee-des-dolomites\/"},"modified":"2025-03-24T09:29:28","modified_gmt":"2025-03-24T08:29:28","slug":"long-journey-to-the-dolomites","status":"publish","type":"sejour","link":"https:\/\/watse.fr\/en\/sejour\/long-journey-to-the-dolomites\/","title":{"rendered":"Long journey to the Dolomites"},"content":{"rendered":"<p>[et_pb_section fb_built=&#8221;1&#8243; admin_label=&#8221;Section Intro&#8221; module_class=&#8221;destination-first-section&#8221; _builder_version=&#8221;4.24.2&#8243; _dynamic_attributes=&#8221;background_image&#8221; _module_preset=&#8221;default&#8221; background_image=&#8221;@ET-DC@eyJkeW5hbWljIjp0cnVlLCJjb250ZW50IjoicG9zdF9mZWF0dXJlZF9pbWFnZSIsInNldHRpbmdzIjp7fX0=@&#8221; height_tablet=&#8221;auto&#8221; height_phone=&#8221;auto&#8221; height_last_edited=&#8221;off|phone&#8221; custom_padding=&#8221;0px|0px|0px|0px|true|true&#8221; locked=&#8221;off&#8221; global_colors_info=&#8221;{}&#8221;][et_pb_row column_structure=&#8221;2_3,1_3&#8243; _builder_version=&#8221;4.24.2&#8243; _module_preset=&#8221;default&#8221; custom_margin=&#8221;140px||||false|false&#8221; custom_padding=&#8221;||||false|false&#8221; global_colors_info=&#8221;{}&#8221;][et_pb_column type=&#8221;2_3&#8243; module_class=&#8221;trip-title-column&#8221; _builder_version=&#8221;4.24.2&#8243; _module_preset=&#8221;default&#8221; global_colors_info=&#8221;{}&#8221;][et_pb_text _builder_version=&#8221;4.24.2&#8243; _dynamic_attributes=&#8221;content&#8221; _module_preset=&#8221;default&#8221; text_font=&#8221;||||||||&#8221; header_font=&#8221;|700|||||||&#8221; header_text_color=&#8221;#FFFFFF&#8221; header_font_size=&#8221;80px&#8221; header_line_height=&#8221;1.3em&#8221; custom_margin=&#8221;30vh||||false|false&#8221; custom_margin_tablet=&#8221;30vh||||false|false&#8221; custom_margin_phone=&#8221;15vh||||false|false&#8221; custom_margin_last_edited=&#8221;on|phone&#8221; custom_padding_tablet=&#8221;&#8221; custom_padding_phone=&#8221;||||false|false&#8221; custom_padding_last_edited=&#8221;on|phone&#8221; header_font_size_tablet=&#8221;80px&#8221; header_font_size_phone=&#8221;36px&#8221; header_font_size_last_edited=&#8221;on|phone&#8221; global_colors_info=&#8221;{}&#8221;]@ET-DC@eyJkeW5hbWljIjp0cnVlLCJjb250ZW50IjoicG9zdF90aXRsZSIsInNldHRpbmdzIjp7ImJlZm9yZSI6IjxoMT4iLCJhZnRlciI6IjwvaDE+In19@[\/et_pb_text][et_pb_de_mach_acf_item acf_name=&#8221;field_65e1b95644a9f&#8221; show_label=&#8221;off&#8221; suffix=&#8221; jours&#8221; use_icon=&#8221;on&#8221; font_icon=&#8221;&#xf073;||fa||900&#8243; icon_color=&#8221;#FFFFFF&#8221; use_icon_font_size=&#8221;on&#8221; icon_font_size=&#8221;20px&#8221; admin_label=&#8221;Dur\u00e9e&#8221; module_id=&#8221;trip-info-duration-padding&#8221; module_class=&#8221;trip-info-duration inline-info&#8221; _builder_version=&#8221;4.24.2&#8243; _module_preset=&#8221;default&#8221; title_css_font=&#8221;|700|||||||&#8221; title_css_text_color=&#8221;#FFFFFF&#8221; title_css_font_size=&#8221;18px&#8221; custom_padding=&#8221;|25px|||false|false&#8221; border_width_right=&#8221;2px&#8221; border_color_right=&#8221;#FFFFFF&#8221; border_width_right_tablet=&#8221;2px&#8221; border_width_right_phone=&#8221;0px&#8221; border_width_right_last_edited=&#8221;on|phone&#8221; global_colors_info=&#8221;{}&#8221;][\/et_pb_de_mach_acf_item][et_pb_de_mach_acf_item acf_name=&#8221;field_65e1b7da44a9d&#8221; show_label=&#8221;off&#8221; use_icon=&#8221;on&#8221; font_icon=&#8221;&#xf6fc;||fa||900&#8243; icon_color=&#8221;#FFFFFF&#8221; use_icon_font_size=&#8221;on&#8221; icon_font_size=&#8221;20px&#8221; admin_label=&#8221;Difficult\u00e9&#8221; module_class=&#8221;trip-info-difficulty inline-info&#8221; _builder_version=&#8221;4.24.2&#8243; _module_preset=&#8221;default&#8221; title_css_font=&#8221;|700|||||||&#8221; title_css_text_color=&#8221;#FFFFFF&#8221; title_css_font_size=&#8221;18px&#8221; custom_padding=&#8221;|25px||25px|false|true&#8221; border_width_right=&#8221;2px&#8221; border_color_right=&#8221;#FFFFFF&#8221; border_width_right_tablet=&#8221;2px&#8221; border_width_right_phone=&#8221;0px&#8221; border_width_right_last_edited=&#8221;on|phone&#8221; global_colors_info=&#8221;{}&#8221;][\/et_pb_de_mach_acf_item][et_pb_de_mach_acf_item acf_name=&#8221;field_65e1b90144a9e&#8221; show_label=&#8221;off&#8221; suffix=&#8221; personnes&#8221; use_icon=&#8221;on&#8221; font_icon=&#8221;&#xf0c0;||fa||900&#8243; icon_color=&#8221;#FFFFFF&#8221; use_icon_font_size=&#8221;on&#8221; icon_font_size=&#8221;20px&#8221; admin_label=&#8221;Taille du groupe&#8221; module_class=&#8221;trip-info-group-size inline-info&#8221; _builder_version=&#8221;4.24.2&#8243; _module_preset=&#8221;default&#8221; title_css_font=&#8221;|700|||||||&#8221; title_css_text_color=&#8221;#FFFFFF&#8221; title_css_font_size=&#8221;18px&#8221; custom_padding=&#8221;|||25px|false|false&#8221; global_colors_info=&#8221;{}&#8221;][\/et_pb_de_mach_acf_item][et_pb_code _builder_version=&#8221;4.24.2&#8243; _module_preset=&#8221;default&#8221; global_colors_info=&#8221;{}&#8221;]<\/p>\n<div class=\"trip-infos-inline-container\"><!-- [et_pb_line_break_holder] -->  <!-- [et_pb_line_break_holder] --><\/div>\n<p>[\/et_pb_code][\/et_pb_column][et_pb_column type=&#8221;1_3&#8243; module_class=&#8221;trip-infos-column&#8221; _builder_version=&#8221;4.24.2&#8243; _module_preset=&#8221;default&#8221; background_color=&#8221;#FFFFFF&#8221; custom_padding=&#8221;30px|30px|30px|30px|true|true&#8221; border_radii=&#8221;on|20px|20px|20px|20px&#8221; global_colors_info=&#8221;{}&#8221;][et_pb_text admin_label=&#8221;Titre&#8221; _builder_version=&#8221;4.24.2&#8243; _dynamic_attributes=&#8221;content&#8221; _module_preset=&#8221;default&#8221; text_font=&#8221;|700||on|||||&#8221; text_font_size=&#8221;20px&#8221; custom_margin=&#8221;||15px||false|false&#8221; custom_padding=&#8221;||0px||false|false&#8221; global_colors_info=&#8221;{}&#8221;]@ET-DC@eyJkeW5hbWljIjp0cnVlLCJjb250ZW50IjoicG9zdF90aXRsZSIsInNldHRpbmdzIjp7ImJlZm9yZSI6IiIsImFmdGVyIjoiIn19@[\/et_pb_text][et_pb_blurb title=&#8221;Activity&#8221; use_icon=&#8221;on&#8221; font_icon=&#8221;&#xf70c;||fa||900&#8243; icon_placement=&#8221;left&#8221; image_icon_width=&#8221;26px&#8221; admin_label=&#8221;R\u00e9sum\u00e9 &#8211; Activit\u00e9s&#8221; _builder_version=&#8221;4.24.2&#8243; _module_preset=&#8221;default&#8221; header_font=&#8221;|700|||||||&#8221; header_text_color=&#8221;#0B7A75&#8243; custom_margin=&#8221;||10px||false|false&#8221; custom_padding=&#8221;15px||0px||false|false&#8221; border_width_top=&#8221;2px&#8221; border_color_top=&#8221;#FBEFEF&#8221; global_colors_info=&#8221;{}&#8221;][\/et_pb_blurb][et_pb_de_mach_post_meta display_inline=&#8221;on&#8221; admin_label=&#8221;Meta &#8211; Activit\u00e9s&#8221; _builder_version=&#8221;4.24.2&#8243; _module_preset=&#8221;default&#8221; custom_padding=&#8221;||0px||false|false&#8221; global_colors_info=&#8221;{}&#8221;][et_pb_de_mach_post_meta_item meta_item=&#8221;taxonomy&#8221; custom_tax_choose=&#8221;activite&#8221; post_type_choose=&#8221;sejour&#8221; show_label=&#8221;off&#8221; values_as_btns=&#8221;on&#8221; _builder_version=&#8221;4.24.2&#8243; _module_preset=&#8221;default&#8221; meta_item_text_color=&#8221;#0B7A75&#8243; custom_button=&#8221;on&#8221; button_text_size=&#8221;16px&#8221; button_text_color=&#8221;#0B7A75&#8243; button_bg_color=&#8221;#FFFFFF&#8221; button_border_width=&#8221;2px&#8221; button_border_color=&#8221;#0B7A75&#8243; button_border_radius=&#8221;50px&#8221; button_font=&#8221;|700|||||||&#8221; button_use_icon=&#8221;off&#8221; button_text_color_last_edited=&#8221;off|desktop&#8221; border_color_all=&#8221;#0B7A75&#8243; global_colors_info=&#8221;{}&#8221; button_bg_color__hover_enabled=&#8221;off|desktop&#8221; button_bg_color__hover=&#8221;#0B7A75&#8243; button_bg_enable_color__hover=&#8221;on&#8221; button_border_color__hover_enabled=&#8221;off|hover&#8221; button_text_color__hover_enabled=&#8221;off|desktop&#8221; button_text_color__hover=&#8221;#FBEFEF&#8221;][\/et_pb_de_mach_post_meta_item][\/et_pb_de_mach_post_meta][et_pb_blurb title=&#8221;Difficulty&#8221; use_icon=&#8221;on&#8221; font_icon=&#8221;&#xf6fc;||fa||900&#8243; icon_placement=&#8221;left&#8221; image_icon_width=&#8221;26px&#8221; admin_label=&#8221;R\u00e9sum\u00e9 &#8211; Difficult\u00e9&#8221; _builder_version=&#8221;4.24.2&#8243; _module_preset=&#8221;default&#8221; header_font=&#8221;|700|||||||&#8221; header_text_color=&#8221;#0B7A75&#8243; custom_margin=&#8221;||10px||false|false&#8221; custom_padding=&#8221;15px||0px||false|false&#8221; border_width_top=&#8221;2px&#8221; border_color_top=&#8221;#FBEFEF&#8221; global_colors_info=&#8221;{}&#8221;][\/et_pb_blurb][et_pb_de_mach_acf_item acf_name=&#8221;field_65e1b7da44a9d&#8221; show_label=&#8221;off&#8221; admin_label=&#8221;Meta &#8211; Difficult\u00e9&#8221; _builder_version=&#8221;4.24.2&#8243; _module_preset=&#8221;default&#8221; title_css_font=&#8221;|700|||||||&#8221; title_css_text_color=&#8221;#0B7A75&#8243; title_css_font_size=&#8221;16px&#8221; custom_margin=&#8221;||15px||false|false&#8221; global_colors_info=&#8221;{}&#8221;][\/et_pb_de_mach_acf_item][et_pb_blurb title=&#8221;Duration&#8221; use_icon=&#8221;on&#8221; font_icon=&#8221;&#xf2f2;||fa||900&#8243; icon_placement=&#8221;left&#8221; image_icon_width=&#8221;26px&#8221; admin_label=&#8221;R\u00e9sum\u00e9 &#8211; Dur\u00e9e&#8221; _builder_version=&#8221;4.24.2&#8243; _module_preset=&#8221;default&#8221; header_font=&#8221;|700|||||||&#8221; header_text_color=&#8221;#0B7A75&#8243; custom_margin=&#8221;||10px||false|false&#8221; custom_padding=&#8221;15px||0px||false|false&#8221; border_width_top=&#8221;2px&#8221; border_color_top=&#8221;#FBEFEF&#8221; global_colors_info=&#8221;{}&#8221;][\/et_pb_blurb][et_pb_de_mach_acf_item acf_name=&#8221;field_65e1b95644a9f&#8221; show_label=&#8221;off&#8221; suffix=&#8221; jours&#8221; admin_label=&#8221;ACF Item &#8211; Dur\u00e9e&#8221; _builder_version=&#8221;4.24.2&#8243; _module_preset=&#8221;default&#8221; title_css_font=&#8221;|700|||||||&#8221; title_css_text_color=&#8221;#0B7A75&#8243; title_css_font_size=&#8221;16px&#8221; custom_margin=&#8221;||15px||false|false&#8221; global_colors_info=&#8221;{}&#8221;][\/et_pb_de_mach_acf_item][et_pb_blurb title=&#8221;Dates&#8221; use_icon=&#8221;on&#8221; font_icon=&#8221;&#xf073;||fa||900&#8243; icon_placement=&#8221;left&#8221; image_icon_width=&#8221;26px&#8221; admin_label=&#8221;R\u00e9sum\u00e9 &#8211; Dates&#8221; _builder_version=&#8221;4.24.2&#8243; _module_preset=&#8221;default&#8221; header_font=&#8221;|700|||||||&#8221; header_text_color=&#8221;#0B7A75&#8243; custom_margin=&#8221;||10px||false|false&#8221; custom_padding=&#8221;15px||0px||false|false&#8221; border_width_top=&#8221;2px&#8221; border_color_top=&#8221;#FBEFEF&#8221; global_colors_info=&#8221;{}&#8221;][\/et_pb_blurb][et_pb_code admin_label=&#8221;Shortcode &#8211; Dates&#8221; _builder_version=&#8221;4.24.2&#8243; _module_preset=&#8221;default&#8221; global_colors_info=&#8221;{}&#8221;]<div class=\"travel-next-dates-container whp_get_travel_dates_only\"><div target=\u201d_blank\u201d class='detail-next-date-container'><p class=\"detail-next-date\">21 Jun.<\/p><p class=\"detail-remaining-places\">Confirm\u00e9<\/p><\/div><div target=\u201d_blank\u201d class='detail-next-date-container'><p class=\"detail-next-date\">26 Jul.<\/p><p class=\"detail-remaining-places\">Confirm\u00e9<\/p><\/div><div target=\u201d_blank\u201d class='detail-next-date-container'><p class=\"detail-next-date\">16 Aug.<\/p><p class=\"detail-remaining-places\">In progress<\/p><\/div><div target=\u201d_blank\u201d class='detail-next-date-container'><p class=\"detail-next-date\">12 Sep.<\/p><p class=\"detail-remaining-places\">Confirm\u00e9<\/p><\/div><\/div>[\/et_pb_code][et_pb_blurb title=&#8221;Price&#8221; use_icon=&#8221;on&#8221; font_icon=&#8221;&#xf153;||fa||900&#8243; icon_placement=&#8221;left&#8221; image_icon_width=&#8221;26px&#8221; admin_label=&#8221;R\u00e9sum\u00e9 &#8211; Prix&#8221; _builder_version=&#8221;4.24.2&#8243; _module_preset=&#8221;default&#8221; header_font=&#8221;|700|||||||&#8221; header_text_color=&#8221;#0B7A75&#8243; custom_margin=&#8221;||10px||false|false&#8221; custom_padding=&#8221;15px||0px||false|false&#8221; border_width_top=&#8221;2px&#8221; border_color_top=&#8221;#FBEFEF&#8221; global_colors_info=&#8221;{}&#8221;][\/et_pb_blurb][et_pb_code admin_label=&#8221;Shortcode &#8211; Prices&#8221; _builder_version=&#8221;4.24.2&#8243; _module_preset=&#8221;default&#8221; global_colors_info=&#8221;{}&#8221;]<div class=\"trip-price-container\"><p class=\"trip-price\">From <span>1695.00 \u20ac<\/span><\/p><\/div>[\/et_pb_code][et_pb_button button_url=&#8221;#prochains-departs&#8221; url_new_window=&#8221;on&#8221; button_text=&#8221;Book&#8221; admin_label=&#8221;Bouton &#8211; R\u00e9server&#8221; module_class=&#8221;book-trip-btn inline-btn&#8221; _builder_version=&#8221;4.24.2&#8243; _module_preset=&#8221;default&#8221; button_use_icon=&#8221;off&#8221; z_index=&#8221;5&#8243; custom_margin=&#8221;||0px||false|false&#8221; custom_padding=&#8221;0px||0px||true|false&#8221; global_colors_info=&#8221;{}&#8221;][\/et_pb_button][et_pb_button button_url=&#8221;@ET-DC@eyJkeW5hbWljIjp0cnVlLCJjb250ZW50IjoiY3VzdG9tX21ldGFfZmljaGVfcGRmIiwic2V0dGluZ3MiOnsiYmVmb3JlIjoiIiwiYWZ0ZXIiOiIiLCJlbmFibGVfaHRtbCI6Im9mZiJ9fQ==@&#8221; url_new_window=&#8221;on&#8221; button_text=&#8221;PDF file&#8221; admin_label=&#8221;Bouton &#8211; Fiche PDF&#8221; module_class=&#8221;pdf-sheet-btn inline-btn&#8221; _builder_version=&#8221;4.24.2&#8243; _dynamic_attributes=&#8221;button_url&#8221; _module_preset=&#8221;default&#8221; button_text_color=&#8221;#0B7A75&#8243; button_bg_color=&#8221;#FFFFFF&#8221; button_border_width=&#8221;2px&#8221; button_icon=&#8221;&#xe092;||divi||400&#8243; button_icon_placement=&#8221;left&#8221; button_on_hover=&#8221;off&#8221; custom_padding=&#8221;0px||0px||true|false&#8221; sticky_limit_top=&#8221;section&#8221; sticky_position_tablet=&#8221;&#8221; sticky_position_phone=&#8221;&#8221; sticky_position_last_edited=&#8221;on|phone&#8221; global_colors_info=&#8221;{}&#8221;][\/et_pb_button][et_pb_code _builder_version=&#8221;4.24.2&#8243; _module_preset=&#8221;default&#8221; z_index=&#8221;5&#8243; custom_margin=&#8221;0px||0px||true|false&#8221; custom_padding=&#8221;0px||0px||true|true&#8221; sticky_position=&#8221;top&#8221; sticky_offset_top=&#8221;100vh&#8221; sticky_transition=&#8221;off&#8221; sticky_position_tablet=&#8221;top&#8221; sticky_position_phone=&#8221;none&#8221; sticky_position_last_edited=&#8221;on|phone&#8221; sticky_offset_top_tablet=&#8221;100vh&#8221; sticky_offset_top_phone=&#8221;0vh&#8221; sticky_offset_top_last_edited=&#8221;on|phone&#8221; custom_css_free_form=&#8221;selector {||  z-index: 5 !important;||}&#8221; global_colors_info=&#8221;{}&#8221;]<\/p>\n<div class=\"inline-btn-container\"><!-- [et_pb_line_break_holder] -->  <!-- [et_pb_line_break_holder] --><\/div>\n<p>[\/et_pb_code][\/et_pb_column][\/et_pb_row][\/et_pb_section][et_pb_section fb_built=&#8221;1&#8243; custom_padding_last_edited=&#8221;on|phone&#8221; admin_label=&#8221;Section Podcast&#8221; _builder_version=&#8221;4.24.2&#8243; _module_preset=&#8221;default&#8221; background_color=&#8221;#ECF8F3&#8243; custom_margin_tablet=&#8221;&#8221; custom_margin_phone=&#8221;||||false|false&#8221; custom_margin_last_edited=&#8221;on|phone&#8221; custom_padding=&#8221;||30px|||&#8221; custom_padding_tablet=&#8221;&#8221; custom_padding_phone=&#8221;||0px||false|false&#8221; locked=&#8221;off&#8221; global_colors_info=&#8221;{}&#8221;][et_pb_row custom_padding_last_edited=&#8221;on|phone&#8221; _builder_version=&#8221;4.24.2&#8243; _module_preset=&#8221;default&#8221; max_width=&#8221;70%&#8221; max_width_tablet=&#8221;90%&#8221; max_width_phone=&#8221;90%&#8221; max_width_last_edited=&#8221;on|phone&#8221; module_alignment=&#8221;left&#8221; custom_margin=&#8221;||||false|false&#8221; custom_margin_tablet=&#8221;||||false|false&#8221; custom_margin_phone=&#8221;||||false|false&#8221; custom_margin_last_edited=&#8221;on|phone&#8221; custom_padding=&#8221;|||70px|false|false&#8221; custom_padding_tablet=&#8221;|||70px|false|false&#8221; custom_padding_phone=&#8221;0px|||0px|false|false&#8221; module_alignment_tablet=&#8221;left&#8221; module_alignment_phone=&#8221;center&#8221; module_alignment_last_edited=&#8221;on|phone&#8221; global_colors_info=&#8221;{}&#8221;][et_pb_column type=&#8221;4_4&#8243; _builder_version=&#8221;4.24.2&#8243; _module_preset=&#8221;default&#8221; global_colors_info=&#8221;{}&#8221;][et_pb_text _builder_version=&#8221;4.24.2&#8243; _module_preset=&#8221;default&#8221; header_2_font_size_tablet=&#8221;&#8221; header_2_font_size_phone=&#8221;34px&#8221; header_2_font_size_last_edited=&#8221;on|phone&#8221; global_colors_info=&#8221;{}&#8221;]<\/p>\n<h2>About the <span data-sheets-root=\"1\" data-sheets-value=\"{\"1\":2,\"2\":\"Grande Travers\u00e9e des Dolomites\"}\" data-sheets-userformat=\"{\"2\":15037,\"3\":{\"1\":0},\"5\":{\"1\":[{\"1\":2,\"2\":0,\"5\":{\"1\":2,\"2\":0}},{\"1\":0,\"2\":0,\"3\":3},{\"1\":1,\"2\":0,\"4\":1}]},\"6\":{\"1\":[{\"1\":2,\"2\":0,\"5\":{\"1\":2,\"2\":0}},{\"1\":0,\"2\":0,\"3\":3},{\"1\":1,\"2\":0,\"4\":1}]},\"7\":{\"1\":[{\"1\":2,\"2\":0,\"5\":{\"1\":2,\"2\":0}},{\"1\":0,\"2\":0,\"3\":3},{\"1\":1,\"2\":0,\"4\":1}]},\"8\":{\"1\":[{\"1\":2,\"2\":0,\"5\":{\"1\":2,\"2\":0}},{\"1\":0,\"2\":0,\"3\":3},{\"1\":1,\"2\":0,\"4\":1}]},\"10\":0,\"12\":0,\"14\":{\"1\":2,\"2\":0},\"15\":\"\\\"Helvetica Neue\\\"\",\"16\":8}\">Grande Travers\u00e9e des Dolomites<\/span> trek<\/h2>\n<p>[\/et_pb_text][et_pb_text _builder_version=&#8221;4.24.2&#8243; _module_preset=&#8221;default&#8221; custom_margin_tablet=&#8221;&#8221; custom_margin_phone=&#8221;||||false|false&#8221; custom_margin_last_edited=&#8221;on|phone&#8221; custom_padding_tablet=&#8221;&#8221; custom_padding_phone=&#8221;||||false|false&#8221; custom_padding_last_edited=&#8221;on|phone&#8221; global_colors_info=&#8221;{}&#8221;]<\/p>\n<p>From the Puez Oddle massif to the Tre Cime di Lavaredo, this great west-to-east traverse takes in the most beautiful trails characteristic of the Dolomites surrounding the famous resort of Cortina d&#8217;Ampezzo.<\/p>\n<p>This itinerary, one of the biggest in the Alps, with its extremely varied landscapes, will take your breath away. Each evening you&#8217;ll reach a different hut, but almost all are over 2000m high, offering exceptional views of the Dolomite mountains. <\/p>\n<p>[\/et_pb_text][et_pb_audio _builder_version=&#8221;4.24.2&#8243; _module_preset=&#8221;default&#8221; border_radii=&#8221;on|15px|15px|15px|15px&#8221; global_colors_info=&#8221;{}&#8221;][\/et_pb_audio][\/et_pb_column][\/et_pb_row][\/et_pb_section][et_pb_section fb_built=&#8221;1&#8243; custom_padding_last_edited=&#8221;on|phone&#8221; admin_label=&#8221;Section Vous partirez avec&#8221; _builder_version=&#8221;4.24.2&#8243; _module_preset=&#8221;default&#8221; background_color=&#8221;#ECF8F3&#8243; custom_margin=&#8221;||||false|false&#8221; custom_padding=&#8221;13px||0px|70px|false|false&#8221; custom_padding_tablet=&#8221;&#8221; custom_padding_phone=&#8221;||0px|0px|false|false&#8221; locked=&#8221;off&#8221; global_colors_info=&#8221;{}&#8221;][et_pb_row column_structure=&#8221;1_2,1_2&#8243; custom_padding_last_edited=&#8221;on|phone&#8221; _builder_version=&#8221;4.24.2&#8243; _module_preset=&#8221;default&#8221; background_color=&#8221;#FFFFFF&#8221; max_width=&#8221;70%&#8221; max_width_tablet=&#8221;70%&#8221; max_width_phone=&#8221;90%&#8221; max_width_last_edited=&#8221;on|phone&#8221; module_alignment=&#8221;left&#8221; custom_margin=&#8221;||||false|false&#8221; custom_padding=&#8221;0px||0px||true|false&#8221; custom_padding_tablet=&#8221;0px||0px|70px|true|false&#8221; custom_padding_phone=&#8221;0px||0px|0px|true|false&#8221; module_alignment_tablet=&#8221;center&#8221; module_alignment_phone=&#8221;&#8221; module_alignment_last_edited=&#8221;on|phone&#8221; border_radii=&#8221;on|20px|20px|20px|20px&#8221; locked=&#8221;off&#8221; global_colors_info=&#8221;{}&#8221;][et_pb_column type=&#8221;1_2&#8243; _builder_version=&#8221;4.24.2&#8243; _module_preset=&#8221;default&#8221; background_color=&#8221;#FFFFFF&#8221; custom_padding=&#8221;30px|40px|0px|40px|false|true&#8221; border_radii=&#8221;on|15px|15px|15px|15px&#8221; global_colors_info=&#8221;{}&#8221;][et_pb_text _builder_version=&#8221;4.24.2&#8243; _module_preset=&#8221;default&#8221; text_font=&#8221;|700|||||||&#8221; text_font_size=&#8221;36px&#8221; min_height=&#8221;40px&#8221; custom_margin=&#8221;||10px||false|false&#8221; text_font_size_tablet=&#8221;40px&#8221; text_font_size_phone=&#8221;26px&#8221; text_font_size_last_edited=&#8221;on|phone&#8221; global_colors_info=&#8221;{}&#8221;]<\/p>\n<p>You will leave with :<\/p>\n<p>[\/et_pb_text][et_pb_text _builder_version=&#8221;4.24.2&#8243; _module_preset=&#8221;default&#8221; text_font=&#8221;|700||on|||||&#8221; text_font_size=&#8221;24px&#8221; header_font=&#8221;||||||||&#8221; custom_margin=&#8221;0px||0px||true|false&#8221; custom_padding=&#8221;0px||0px||true|false&#8221; text_font_size_tablet=&#8221;24px&#8221; text_font_size_phone=&#8221;22px&#8221; text_font_size_last_edited=&#8221;on|phone&#8221; global_colors_info=&#8221;{}&#8221;]<\/p>\n<p>S\u00e9bastien<\/p>\n<p>[\/et_pb_text][et_pb_text _builder_version=&#8221;4.24.2&#8243; _module_preset=&#8221;default&#8221; text_font=&#8221;||||||||&#8221; text_font_size=&#8221;18px&#8221; header_font=&#8221;||||||||&#8221; custom_margin=&#8221;0px||0px||true|false&#8221; custom_padding=&#8221;0px||0px||true|false&#8221; global_colors_info=&#8221;{}&#8221;]<\/p>\n<p>Trek guide &#8211; Mont-Blanc specialist<\/p>\n<p>[\/et_pb_text][et_pb_text _builder_version=&#8221;4.24.2&#8243; _module_preset=&#8221;default&#8221; text_font=&#8221;|300|on||||||&#8221; header_font=&#8221;||||||||&#8221; custom_margin=&#8221;20px||30px||false|false&#8221; custom_padding=&#8221;0px||0px||true|false&#8221; global_colors_info=&#8221;{}&#8221;]<\/p>\n<p>&#8220;The trip to the mountains is a moment of discovery. So you shouldn&#8217;t try to arrive before you&#8217;ve left to take full advantage of it!&#8221;<\/p>\n<p>[\/et_pb_text][\/et_pb_column][et_pb_column type=&#8221;1_2&#8243; _builder_version=&#8221;4.24.2&#8243; _module_preset=&#8221;default&#8221; global_colors_info=&#8221;{}&#8221;][et_pb_image src=&#8221;http:\/\/watse.fr\/wp-content\/uploads\/2024\/08\/Detourage_Seb.png&#8221; alt=&#8221;Seb&#8221; title_text=&#8221;Image 14-min&#8221; align=&#8221;center&#8221; align_tablet=&#8221;&#8221; align_phone=&#8221;center&#8221; align_last_edited=&#8221;on|phone&#8221; _builder_version=&#8221;4.24.2&#8243; _module_preset=&#8221;default&#8221; height=&#8221;250px&#8221; global_colors_info=&#8221;{}&#8221;][\/et_pb_image][\/et_pb_column][\/et_pb_row][\/et_pb_section][et_pb_section fb_built=&#8221;1&#8243; admin_label=&#8221;Section Galerie photo&#8221; _builder_version=&#8221;4.24.2&#8243; _module_preset=&#8221;default&#8221; background_color=&#8221;#ECF8F3&#8243; custom_margin=&#8221;||||false|false&#8221; custom_padding=&#8221;0px||0px||false|false&#8221; locked=&#8221;off&#8221; global_colors_info=&#8221;{}&#8221;][et_pb_row custom_padding_last_edited=&#8221;on|phone&#8221; _builder_version=&#8221;4.24.2&#8243; _module_preset=&#8221;default&#8221; custom_margin=&#8221;||||false|false&#8221; custom_padding=&#8221;||20px||false|false&#8221; custom_padding_tablet=&#8221;||20px||false|false&#8221; custom_padding_phone=&#8221;||0px||false|false&#8221; global_colors_info=&#8221;{}&#8221;][et_pb_column type=&#8221;4_4&#8243; _builder_version=&#8221;4.24.2&#8243; _module_preset=&#8221;default&#8221; global_colors_info=&#8221;{}&#8221;][et_pb_text _builder_version=&#8221;4.24.2&#8243; _module_preset=&#8221;default&#8221; header_3_text_color=&#8221;#0B7A75&#8243; header_3_font_size=&#8221;40px&#8221; width=&#8221;70%&#8221; custom_margin=&#8221;||20px||false|false&#8221; custom_padding=&#8221;||||false|false&#8221; header_3_font_size_tablet=&#8221;40px&#8221; header_3_font_size_phone=&#8221;30px&#8221; header_3_font_size_last_edited=&#8221;on|phone&#8221; text_orientation_tablet=&#8221;&#8221; text_orientation_phone=&#8221;center&#8221; text_orientation_last_edited=&#8221;on|phone&#8221; global_colors_info=&#8221;{}&#8221;]<\/p>\n<h3>Photo gallery of the Grande Travers\u00e9e des Dolomites trek<\/h3>\n<p>[\/et_pb_text][et_pb_image src=&#8221;https:\/\/watse.fr\/wp-content\/uploads\/2024\/05\/Grande-traversee-couv-Dolomites.jpg&#8221; alt=&#8221;Grande Travers\u00e9e Couv Dolomites&#8221; title_text=&#8221;Grande-travers\u00e9e-couv-Dolomites&#8221; disabled_on=&#8221;on|on|off&#8221; _builder_version=&#8221;4.24.2&#8243; _module_preset=&#8221;default&#8221; background_enable_image=&#8221;off&#8221; width=&#8221;100vh&#8221; custom_css_free_form=&#8221;selector img{||  width: 100vw;||  height: 60vh !important;||}&#8221; global_colors_info=&#8221;{}&#8221;][\/et_pb_image][\/et_pb_column][\/et_pb_row][et_pb_row custom_padding_last_edited=&#8221;on|phone&#8221; _builder_version=&#8221;4.24.2&#8243; _module_preset=&#8221;default&#8221; max_width_tablet=&#8221;&#8221; max_width_phone=&#8221;90%&#8221; max_width_last_edited=&#8221;on|phone&#8221; custom_margin=&#8221;||||false|false&#8221; custom_padding=&#8221;0px||||false|false&#8221; custom_padding_tablet=&#8221;0px||||false|false&#8221; custom_padding_phone=&#8221;0px||0px||false|false&#8221; module_alignment_tablet=&#8221;&#8221; module_alignment_phone=&#8221;center&#8221; module_alignment_last_edited=&#8221;on|phone&#8221; global_colors_info=&#8221;{}&#8221;][et_pb_column type=&#8221;4_4&#8243; _builder_version=&#8221;4.24.2&#8243; _module_preset=&#8221;default&#8221; global_colors_info=&#8221;{}&#8221;][et_pb_gallery gallery_ids=&#8221;56796,56800,56797,56802,56795,56794,56799,56798,56803,56801&#8243; show_title_and_caption=&#8221;off&#8221; show_pagination=&#8221;off&#8221; zoom_icon_color=&#8221;#FFFFFF&#8221; hover_overlay_color=&#8221;rgba(0,0,0,0.3)&#8221; hover_icon=&#8221;&#x54;||divi||400&#8243; _builder_version=&#8221;4.24.2&#8243; _module_preset=&#8221;default&#8221; title_font_size=&#8221;1px&#8221; pagination_font_size=&#8221;1px&#8221; width=&#8221;90%&#8221; max_width=&#8221;100vh&#8221; max_width_tablet=&#8221;100vh&#8221; max_width_phone=&#8221;100%&#8221; max_width_last_edited=&#8221;on|phone&#8221; custom_margin=&#8221;||||false|false&#8221; custom_padding=&#8221;||||false|false&#8221; module_alignment_tablet=&#8221;&#8221; module_alignment_phone=&#8221;center&#8221; module_alignment_last_edited=&#8221;on|phone&#8221; border_radii_image=&#8221;on|10px|10px|10px|10px&#8221; box_shadow_style_image=&#8221;preset1&#8243; global_colors_info=&#8221;{}&#8221;][\/et_pb_gallery][\/et_pb_column][\/et_pb_row][\/et_pb_section][et_pb_section fb_built=&#8221;1&#8243; custom_padding_last_edited=&#8221;on|phone&#8221; admin_label=&#8221;Section le parcours&#8221; _builder_version=&#8221;4.24.2&#8243; _module_preset=&#8221;default&#8221; background_color=&#8221;#ECF8F3&#8243; custom_margin_tablet=&#8221;&#8221; custom_margin_phone=&#8221;||||false|false&#8221; custom_margin_last_edited=&#8221;on|phone&#8221; custom_padding_tablet=&#8221;&#8221; custom_padding_phone=&#8221;0px||0px||false|false&#8221; locked=&#8221;off&#8221; global_colors_info=&#8221;{}&#8221;][et_pb_row _builder_version=&#8221;4.24.2&#8243; _module_preset=&#8221;default&#8221; global_colors_info=&#8221;{}&#8221;][et_pb_column type=&#8221;4_4&#8243; _builder_version=&#8221;4.24.2&#8243; _module_preset=&#8221;default&#8221; global_colors_info=&#8221;{}&#8221;][et_pb_text _builder_version=&#8221;4.24.2&#8243; _module_preset=&#8221;default&#8221; header_3_text_color=&#8221;#0B7A75&#8243; header_3_font_size=&#8221;40px&#8221; width=&#8221;70%&#8221; header_3_font_size_tablet=&#8221;40px&#8221; header_3_font_size_phone=&#8221;30px&#8221; header_3_font_size_last_edited=&#8221;on|phone&#8221; text_orientation_tablet=&#8221;&#8221; text_orientation_phone=&#8221;center&#8221; text_orientation_last_edited=&#8221;on|phone&#8221; global_colors_info=&#8221;{}&#8221;]<\/p>\n<h3>The route of the Grande Travers\u00e9e des Dolomites trek<\/h3>\n<p>[\/et_pb_text][et_pb_code _builder_version=&#8221;4.24.2&#8243; _module_preset=&#8221;default&#8221; global_colors_info=&#8221;{}&#8221;]<iframe src=\"https:\/\/www.visugpx.com\/NB7IAOAf3C?iframe&#038;maponly\" allowfullscreen=\"\" style=\"border: 0;width: 1200px; max-width: 90%; height:540px;\" scrolling=\"no\"><\/iframe><!-- [et_pb_line_break_holder] -->[\/et_pb_code][\/et_pb_column][\/et_pb_row][\/et_pb_section][et_pb_section fb_built=&#8221;1&#8243; custom_padding_last_edited=&#8221;on|phone&#8221; admin_label=&#8221;Section prochains d\u00e9parts&#8221; module_id=&#8221;next departures&#8221; _builder_version=&#8221;4.24.2&#8243; _module_preset=&#8221;default&#8221; background_color=&#8221;#ECF8F3&#8243; custom_padding_tablet=&#8221;&#8221; custom_padding_phone=&#8221;||0px||false|false&#8221; locked=&#8221;off&#8221; global_colors_info=&#8221;{}&#8221;][et_pb_row column_structure=&#8221;2_3,1_3&#8243; custom_padding_last_edited=&#8221;on|phone&#8221; _builder_version=&#8221;4.24.2&#8243; _module_preset=&#8221;default&#8221; custom_padding_tablet=&#8221;&#8221; custom_padding_phone=&#8221;|10px|||false|false&#8221; global_colors_info=&#8221;{}&#8221;][et_pb_column type=&#8221;2_3&#8243; _builder_version=&#8221;4.24.2&#8243; _module_preset=&#8221;default&#8221; global_colors_info=&#8221;{}&#8221;][et_pb_text _builder_version=&#8221;4.24.2&#8243; _module_preset=&#8221;default&#8221; header_3_text_color=&#8221;#0B7A75&#8243; header_3_font_size=&#8221;40px&#8221; header_3_font_size_tablet=&#8221;40px&#8221; header_3_font_size_phone=&#8221;30px&#8221; header_3_font_size_last_edited=&#8221;on|phone&#8221; text_orientation_tablet=&#8221;&#8221; text_orientation_phone=&#8221;center&#8221; text_orientation_last_edited=&#8221;on|phone&#8221; global_colors_info=&#8221;{}&#8221;]<\/p>\n<h3>Upcoming departures<\/h3>\n<p>[\/et_pb_text][et_pb_code _builder_version=&#8221;4.24.2&#8243; _module_preset=&#8221;default&#8221; global_colors_info=&#8221;{}&#8221;]<div class=\"travel-next-dates-container get_dates_shortcode\"><a href='https:\/\/watse.fr\/en\/reservation\/?id=WATSE4587KL&idwrdepart=4397820&alt=1&lng=en#confirmation' class='travel-next-date-container'><div class=\"travel-next-date-col-1 travel-next-date-col\"><p class=\"travel-next-date\">From <span>21 June<\/span> <\/br> to <span>30 June 2026<\/span><\/p><\/div><div class=\"travel-next-date-col-2 travel-next-date-col\"><p class=\"travel-next-date-status status-confirmed\">Confirmed departure<\/p><p class=\"travel-next-date-price\">1695.00 \u20ac<\/p><\/div><\/a><a href='https:\/\/watse.fr\/en\/reservation\/?id=WATSE4587KL&idwrdepart=4397821&alt=1&lng=en#confirmation' class='travel-next-date-container'><div class=\"travel-next-date-col-1 travel-next-date-col\"><p class=\"travel-next-date\">From <span>26 July<\/span> <\/br> to <span>4 August 2026<\/span><\/p><\/div><div class=\"travel-next-date-col-2 travel-next-date-col\"><p class=\"travel-next-date-status status-confirmed\">Confirmed departure<\/p><p class=\"travel-next-date-price\">1695.00 \u20ac<\/p><\/div><\/a><a href='https:\/\/watse.fr\/en\/reservation\/?id=WATSE4587KL&idwrdepart=4397822&alt=1&lng=en#confirmation' class='travel-next-date-container'><div class=\"travel-next-date-col-1 travel-next-date-col\"><p class=\"travel-next-date\">From <span>16 August<\/span> <\/br> to <span>25 August 2026<\/span><\/p><\/div><div class=\"travel-next-date-col-2 travel-next-date-col\"><p class=\"travel-next-date-status status-open\">In progress<\/p><p class=\"travel-next-date-price\">1695.00 \u20ac<\/p><\/div><\/a><a href='https:\/\/watse.fr\/en\/reservation\/?id=WATSE4587KL&idwrdepart=4397823&alt=1&lng=en#confirmation' class='travel-next-date-container'><div class=\"travel-next-date-col-1 travel-next-date-col\"><p class=\"travel-next-date\">From <span>12 September<\/span> <\/br> to <span>21 September 2026<\/span><\/p><\/div><div class=\"travel-next-date-col-2 travel-next-date-col\"><p class=\"travel-next-date-status status-confirmed\">Confirmed departure<\/p><p class=\"travel-next-date-price\">1695.00 \u20ac<\/p><\/div><\/a><\/div>[\/et_pb_code][\/et_pb_column][et_pb_column type=&#8221;1_3&#8243; _builder_version=&#8221;4.24.2&#8243; _module_preset=&#8221;default&#8221; global_colors_info=&#8221;{}&#8221;][\/et_pb_column][\/et_pb_row][\/et_pb_section][et_pb_section fb_built=&#8221;1&#8243; custom_padding_last_edited=&#8221;on|phone&#8221; admin_label=&#8221;Section ce qui est inclus&#8221; _builder_version=&#8221;4.24.2&#8243; _module_preset=&#8221;default&#8221; background_color=&#8221;#ECF8F3&#8243; custom_padding_tablet=&#8221;&#8221; custom_padding_phone=&#8221;||0px||false|false&#8221; locked=&#8221;off&#8221; global_colors_info=&#8221;{}&#8221;][et_pb_row custom_padding_last_edited=&#8221;on|phone&#8221; _builder_version=&#8221;4.24.2&#8243; _module_preset=&#8221;default&#8221; max_width=&#8221;70%&#8221; max_width_tablet=&#8221;70%&#8221; max_width_phone=&#8221;90%&#8221; max_width_last_edited=&#8221;on|phone&#8221; module_alignment=&#8221;left&#8221; custom_padding=&#8221;|||5%|false|false&#8221; custom_padding_tablet=&#8221;|||5%|false|false&#8221; custom_padding_phone=&#8221;|||0%|false|false&#8221; module_alignment_tablet=&#8221;center&#8221; module_alignment_phone=&#8221;center&#8221; module_alignment_last_edited=&#8221;on|phone&#8221; global_colors_info=&#8221;{}&#8221;][et_pb_column type=&#8221;4_4&#8243; _builder_version=&#8221;4.24.2&#8243; _module_preset=&#8221;default&#8221; global_colors_info=&#8221;{}&#8221;][et_pb_toggle title=&#8221;What&#8217;s included in the formula&#8221; open_toggle_text_color=&#8221;#0B7A75&#8243; open_toggle_background_color=&#8221;RGBA(255,255,255,0)&#8221; closed_toggle_background_color=&#8221;RGBA(255,255,255,0)&#8221; icon_color=&#8221;#0B7A75&#8243; toggle_icon=&#8221;&#x33;||divi||400&#8243; use_icon_font_size=&#8221;on&#8221; icon_font_size=&#8221;30px&#8221; _builder_version=&#8221;4.24.2&#8243; _module_preset=&#8221;default&#8221; title_text_color=&#8221;#0B7A75&#8243; title_level=&#8221;h6&#8243; title_font_size=&#8221;26px&#8221; body_text_color=&#8221;#0B7A75&#8243; border_radii=&#8221;on|10px|10px|10px|10px&#8221; border_width_all=&#8221;2px&#8221; border_color_all=&#8221;#0B7A75&#8243; global_colors_info=&#8221;{}&#8221;]<\/p>\n<ul>\n<li>Supervision by a qualified French mountain leader.<\/li>\n<li>Overnight stays on a half-board basis as indicated in the program.<\/li>\n<li>Showers in the refuges. Water is limited on some evenings. <\/li>\n<li><span>Picnic lunches.<\/span><\/li>\n<li>Transfers as indicated in the program.<\/li>\n<\/ul>\n<p>[\/et_pb_toggle][et_pb_toggle title=&#8221;What&#8217;s not included in the package&#8221; open_toggle_text_color=&#8221;#0B7A75&#8243; open_toggle_background_color=&#8221;RGBA(255,255,255,0)&#8221; closed_toggle_background_color=&#8221;RGBA(255,255,255,0)&#8221; icon_color=&#8221;#0B7A75&#8243; toggle_icon=&#8221;&#x33;||divi||400&#8243; use_icon_font_size=&#8221;on&#8221; icon_font_size=&#8221;30px&#8221; _builder_version=&#8221;4.24.2&#8243; _module_preset=&#8221;default&#8221; title_text_color=&#8221;#0B7A75&#8243; title_level=&#8221;h6&#8243; title_font_size=&#8221;26px&#8221; body_text_color=&#8221;#0B7A75&#8243; border_radii=&#8221;on|10px|10px|10px|10px&#8221; border_width_all=&#8221;2px&#8221; border_color_all=&#8221;#0B7A75&#8243; global_colors_info=&#8221;{}&#8221;]<\/p>\n<ul>\n<li><strong>Cancellation assistance insurance to be taken out on registration.<\/strong><\/li>\n<li>Luggage transfer.<\/li>\n<li><span>Soft drinks in general.<\/span><\/li>\n<li><span>Personal hiking and travel equipment (shoes, poles, personal first-aid kit, etc.)<\/span><\/li>\n<li>Transport to and from the meeting point on D1 and D10. Transfer from Chamonix available at extra cost. <\/li>\n<li>Any private transfers or gondolas not included in the program.<\/li>\n<li><span>Everything not mentioned in the price includes<\/span><\/li>\n<\/ul>\n<p>[\/et_pb_toggle][et_pb_button button_url=&#8221;https:\/\/watse.fr\/en\/faq\/&#8221; button_text=&#8221;Consult the FAQ&#8221; button_alignment=&#8221;left&#8221; button_alignment_tablet=&#8221;center&#8221; button_alignment_phone=&#8221;center&#8221; button_alignment_last_edited=&#8221;on|phone&#8221; _builder_version=&#8221;4.24.2&#8243; _module_preset=&#8221;default&#8221; button_text_color=&#8221;#FFFFFF&#8221; button_border_width=&#8221;2px&#8221; button_use_icon=&#8221;off&#8221; locked=&#8221;off&#8221; global_colors_info=&#8221;{}&#8221; button_bg_color__hover=&#8221;#FFFFFF&#8221;][\/et_pb_button][\/et_pb_column][\/et_pb_row][\/et_pb_section][et_pb_section fb_built=&#8221;1&#8243; disabled_on=&#8221;off|off|off&#8221; admin_label=&#8221;Section d\u00e9roul\u00e9 du s\u00e9jour&#8221; _builder_version=&#8221;4.24.2&#8243; _module_preset=&#8221;default&#8221; background_color=&#8221;#ECF8F3&#8243; z_index=&#8221;10&#8243; custom_css_free_form=&#8221;selector {||  z-index: 20 !important;||}&#8221; locked=&#8221;off&#8221; global_colors_info=&#8221;{}&#8221;][et_pb_row disabled_on=&#8221;off|off|off&#8221; _builder_version=&#8221;4.24.2&#8243; _module_preset=&#8221;default&#8221; background_color=&#8221;#FFFFFF&#8221; z_index=&#8221;12&#8243; width=&#8221;100%&#8221; max_width=&#8221;100%&#8221; custom_margin=&#8221;||||false|false&#8221; custom_padding=&#8221;0px||0px||false|false&#8221; module_alignment_tablet=&#8221;&#8221; module_alignment_phone=&#8221;&#8221; module_alignment_last_edited=&#8221;on|phone&#8221; global_colors_info=&#8221;{}&#8221;][et_pb_column type=&#8221;4_4&#8243; _builder_version=&#8221;4.24.2&#8243; _module_preset=&#8221;default&#8221; global_colors_info=&#8221;{}&#8221;][et_pb_accordion open_toggle_text_color=&#8221;#0B7A75&#8243; closed_toggle_text_color=&#8221;#0B7A75&#8243; icon_color=&#8221;#FFFFFF&#8221; use_icon_font_size=&#8221;on&#8221; icon_font_size=&#8221;18px&#8221; open_toggle_text_color_tablet=&#8221;#0B7A75&#8243; open_toggle_text_color_phone=&#8221;#FFFFFF&#8221; open_toggle_text_color_last_edited=&#8221;on|phone&#8221; closed_toggle_text_color_tablet=&#8221;#0B7A75&#8243; closed_toggle_text_color_phone=&#8221;#FFFFFF&#8221; closed_toggle_text_color_last_edited=&#8221;on|phone&#8221; _builder_version=&#8221;4.24.2&#8243; _module_preset=&#8221;default&#8221; toggle_text_color=&#8221;#0B7A75&#8243; toggle_level=&#8221;h6&#8243; background_enable_image=&#8221;off&#8221; z_index=&#8221;12&#8243; width=&#8221;100%&#8221; module_alignment=&#8221;center&#8221; custom_margin=&#8221;||||false|false&#8221; custom_margin_tablet=&#8221;||||false|false&#8221; custom_margin_phone=&#8221;||||false|false&#8221; custom_margin_last_edited=&#8221;on|phone&#8221; custom_padding=&#8221;||||false|false&#8221; custom_padding_phone=&#8221;||20px||false|false&#8221; custom_padding_last_edited=&#8221;off|desktop&#8221; animation_style=&#8221;fade&#8221; toggle_text_color_tablet=&#8221;#0B7A75&#8243; toggle_text_color_phone=&#8221;#FFFFFF&#8221; toggle_text_color_last_edited=&#8221;on|phone&#8221; toggle_font_size_tablet=&#8221;&#8221; toggle_font_size_phone=&#8221;16px&#8221; toggle_font_size_last_edited=&#8221;on|phone&#8221; body_text_color_tablet=&#8221;&#8221; body_text_color_phone=&#8221;#000000&#8243; body_text_color_last_edited=&#8221;on|phone&#8221; background_last_edited=&#8221;off|desktop&#8221; module_alignment_tablet=&#8221;center&#8221; module_alignment_phone=&#8221;&#8221; module_alignment_last_edited=&#8221;on|phone&#8221; custom_css_free_form=&#8221;selector .daily-content {||  color: black;||  width: 60%;||}||selector .et_pb_toggle_title {||    width: 60%;||  }||\/* Smartphones in portrait mode (0-479px) *\/||@media only screen and ( max-width: 479px ) {||  selector .daily-content {||  margin-top: 170px;||    width: 90%;||}||  selector .et_pb_toggle_title {||    font-size: 20px !important;||    width: 95%;||  }||  ||}&#8221; global_colors_info=&#8221;{}&#8221;][et_pb_accordion_item title=&#8221;Day 1: Cortina d&#8217;Ampezzo to Paso Pordoi and start of the trek&#8221; open=&#8221;on&#8221; open_toggle_text_color=&#8221;#0B7A75&#8243; closed_toggle_text_color=&#8221;#0B7A75&#8243; closed_toggle_background_color=&#8221;#FFFFFF&#8221; open_toggle_text_color_tablet=&#8221;#0B7A75&#8243; open_toggle_text_color_phone=&#8221;#FFFFFF&#8221; open_toggle_text_color_last_edited=&#8221;on|phone&#8221; closed_toggle_text_color_tablet=&#8221;#0B7A75&#8243; closed_toggle_text_color_phone=&#8221;#FFFFFF&#8221; closed_toggle_text_color_last_edited=&#8221;on|phone&#8221; closed_toggle_background_color_tablet=&#8221;#FFFFFF&#8221; closed_toggle_background_color_phone=&#8221;#FFFFFF&#8221; closed_toggle_background_color_last_edited=&#8221;on|phone&#8221; _builder_version=&#8221;4.24.2&#8243; _module_preset=&#8221;default&#8221; body_text_color=&#8221;#FFFFFF&#8221; body_font_size=&#8221;16px&#8221; background_color_gradient_direction=&#8221;90deg&#8221; background_image=&#8221;https:\/\/watse.fr\/wp-content\/uploads\/2024\/05\/Grande-traversee-J1-Dolomites.jpg&#8221; background_enable_image=&#8221;on&#8221; background_size=&#8221;custom&#8221; background_image_width=&#8221;35%&#8221; background_image_height=&#8221;0%&#8221; background_position=&#8221;center_right&#8221; max_width_tablet=&#8221;&#8221; max_width_phone=&#8221;&#8221; max_width_last_edited=&#8221;on|phone&#8221; min_height_tablet=&#8221;&#8221; min_height_phone=&#8221;&#8221; min_height_last_edited=&#8221;on|phone&#8221; height_tablet=&#8221;&#8221; height_phone=&#8221;&#8221; height_last_edited=&#8221;on|phone&#8221; max_height_tablet=&#8221;&#8221; max_height_phone=&#8221;&#8221; max_height_last_edited=&#8221;on|phone&#8221; custom_margin=&#8221;||0px||false|false&#8221; custom_padding=&#8221;50px||30px|30px|false|false&#8221; background_last_edited=&#8221;on|desktop&#8221; background_image_phone=&#8221;https:\/\/watse.fr\/wp-content\/uploads\/2024\/05\/Grande-traversee-J1-Dolomites.jpg&#8221; background_enable_image_phone=&#8221;on&#8221; background_image_width_phone=&#8221;100%&#8221; background_image_height_phone=&#8221;250px&#8221; background_position_phone=&#8221;top_left&#8221; background_horizontal_offset_phone=&#8221;50%&#8221; background_vertical_offset_phone=&#8221;0%&#8221; global_colors_info=&#8221;{}&#8221; toggle_text_color=&#8221;#FFFFFF&#8221; toggle_level=&#8221;h2&#8243; toggle_font_size=&#8221;35px&#8221;]<\/p>\n<div class=\"daily-content\">\n<div class=\"et_pb_module et_pb_text et_pb_text_27_tb_body et_pb_text_align_left et_pb_bg_layout_light\">\n<div class=\"et_pb_text_inner\">\n<div class=\"et_pb_module et_pb_text et_pb_text_21_tb_body et_pb_text_align_left et_pb_bg_layout_light\">\n<div class=\"et_pb_text_inner\">\n<div class=\"et_pb_module et_pb_text et_pb_text_27_tb_body et_pb_text_align_left et_pb_bg_layout_light\">\n<div class=\"et_pb_text_inner\">\n<p><em><span>1 hour 15 minutes transfer &#8211; 5 hours walk &#8211; Overnight in refuge without luggage &#8211; D+: 475 m \/ D-: 835 m<\/p>\n<p><\/span><\/em>Meet your guide in Cortina d&#8217;Ampezzo at 7:30 a.m. for a 1h15 transfer to the start of the hike at Paso Pordoi.<\/p>\n<p>We take the cable car up to Saas Pordoi (2990 m), then begin our adventure by climbing Piz Boe (3152 m) before descending to the eponymous hut. First magnificent views of the Dolomites. We then move on to the Antersas and a beautiful plateau before descending to the Cavazza hut (2585 m).    <\/p>\n<\/div>\n<\/div>\n<\/div>\n<\/div>\n<\/div>\n<\/div>\n<\/div>\n<p>[\/et_pb_accordion_item][et_pb_accordion_item title=&#8221;Day 2: Entering the Puez Odle massifs&#8221; open_toggle_text_color=&#8221;#0B7A75&#8243; closed_toggle_text_color=&#8221;#0B7A75&#8243; closed_toggle_background_color=&#8221;#FFFFFF&#8221; open_toggle_text_color_tablet=&#8221;#0B7A75&#8243; open_toggle_text_color_phone=&#8221;#FFFFFF&#8221; open_toggle_text_color_last_edited=&#8221;on|phone&#8221; closed_toggle_text_color_tablet=&#8221;#0B7A75&#8243; closed_toggle_text_color_phone=&#8221;#FFFFFF&#8221; closed_toggle_text_color_last_edited=&#8221;on|phone&#8221; closed_toggle_background_color_tablet=&#8221;#FFFFFF&#8221; closed_toggle_background_color_phone=&#8221;#FFFFFF&#8221; closed_toggle_background_color_last_edited=&#8221;on|phone&#8221; _builder_version=&#8221;4.24.2&#8243; _module_preset=&#8221;default&#8221; body_text_color=&#8221;#FFFFFF&#8221; body_font_size=&#8221;16px&#8221; background_color_gradient_direction=&#8221;90deg&#8221; background_image=&#8221;https:\/\/watse.fr\/wp-content\/uploads\/2024\/05\/Grande-traversee-J2-Dolomites.jpg&#8221; background_enable_image=&#8221;on&#8221; background_size=&#8221;custom&#8221; background_image_width=&#8221;35%&#8221; background_image_height=&#8221;0%&#8221; background_position=&#8221;center_right&#8221; max_width_tablet=&#8221;&#8221; max_width_phone=&#8221;&#8221; max_width_last_edited=&#8221;on|phone&#8221; min_height_tablet=&#8221;&#8221; min_height_phone=&#8221;&#8221; min_height_last_edited=&#8221;on|phone&#8221; height_tablet=&#8221;&#8221; height_phone=&#8221;&#8221; height_last_edited=&#8221;on|phone&#8221; max_height_tablet=&#8221;&#8221; max_height_phone=&#8221;&#8221; max_height_last_edited=&#8221;on|phone&#8221; custom_margin=&#8221;||0px||false|false&#8221; custom_padding=&#8221;50px||30px|30px|false|false&#8221; background_last_edited=&#8221;on|desktop&#8221; background_image_phone=&#8221;https:\/\/watse.fr\/wp-content\/uploads\/2024\/05\/Grande-traversee-J2-Dolomites.jpg&#8221; background_enable_image_phone=&#8221;on&#8221; background_image_width_phone=&#8221;100%&#8221; background_image_height_phone=&#8221;250px&#8221; background_position_phone=&#8221;top_left&#8221; background_horizontal_offset_phone=&#8221;50%&#8221; background_vertical_offset_phone=&#8221;0%&#8221; global_colors_info=&#8221;{}&#8221; toggle_text_color=&#8221;#FFFFFF&#8221; toggle_level=&#8221;h2&#8243; toggle_font_size=&#8221;35px&#8221; open=&#8221;off&#8221;]<\/p>\n<div class=\"daily-content\">\n<div class=\"et_pb_module et_pb_text et_pb_text_27_tb_body et_pb_text_align_left et_pb_bg_layout_light\">\n<div class=\"et_pb_text_inner\">\n<p><em><span>5 hours&#8217; walk &#8211; Overnight in refuge without luggage &#8211; D+: 760 m \/ D-: 860 m<\/p>\n<p><\/span><\/em><span>A fine, varied day, with a passage over the Col Gardena (2121 m) before heading up into the Puez Odle massifs that we&#8217;ll be discovering over the next two days.<\/p>\n<p><\/span><span>The Ciampei pass (2366 m) gives access to a beautiful plateau which we cross to our refuge at 2475 m.<\/span><\/p>\n<\/div>\n<\/div>\n<\/div>\n<p>[\/et_pb_accordion_item][et_pb_accordion_item title=&#8221;Day 3: In a mineral atmosphere&#8221; open_toggle_text_color=&#8221;#0B7A75&#8243; closed_toggle_text_color=&#8221;#0B7A75&#8243; closed_toggle_background_color=&#8221;#FFFFFF&#8221; open_toggle_text_color_tablet=&#8221;#0B7A75&#8243; open_toggle_text_color_phone=&#8221;#FFFFFF&#8221; open_toggle_text_color_last_edited=&#8221;on|phone&#8221; closed_toggle_text_color_tablet=&#8221;#0B7A75&#8243; closed_toggle_text_color_phone=&#8221;#FFFFFF&#8221; closed_toggle_text_color_last_edited=&#8221;on|phone&#8221; closed_toggle_background_color_tablet=&#8221;#FFFFFF&#8221; closed_toggle_background_color_phone=&#8221;#FFFFFF&#8221; closed_toggle_background_color_last_edited=&#8221;on|phone&#8221; _builder_version=&#8221;4.24.2&#8243; _module_preset=&#8221;default&#8221; body_text_color=&#8221;#FFFFFF&#8221; body_font_size=&#8221;16px&#8221; background_color_gradient_direction=&#8221;90deg&#8221; background_image=&#8221;https:\/\/watse.fr\/wp-content\/uploads\/2024\/05\/Grande-traversee-J3-Dolomites.jpg&#8221; background_enable_image=&#8221;on&#8221; background_size=&#8221;custom&#8221; background_image_width=&#8221;35%&#8221; background_image_height=&#8221;0%&#8221; background_position=&#8221;center_right&#8221; max_width_tablet=&#8221;&#8221; max_width_phone=&#8221;&#8221; max_width_last_edited=&#8221;on|phone&#8221; min_height_tablet=&#8221;&#8221; min_height_phone=&#8221;&#8221; min_height_last_edited=&#8221;on|phone&#8221; height_tablet=&#8221;&#8221; height_phone=&#8221;&#8221; height_last_edited=&#8221;on|phone&#8221; max_height_tablet=&#8221;&#8221; max_height_phone=&#8221;&#8221; max_height_last_edited=&#8221;on|phone&#8221; custom_margin=&#8221;||0px||false|false&#8221; custom_padding=&#8221;50px||30px|30px|false|false&#8221; background_last_edited=&#8221;on|desktop&#8221; background_image_phone=&#8221;https:\/\/watse.fr\/wp-content\/uploads\/2024\/05\/Grande-traversee-J3-Dolomites.jpg&#8221; background_enable_image_phone=&#8221;on&#8221; background_image_width_phone=&#8221;100%&#8221; background_image_height_phone=&#8221;250px&#8221; background_position_phone=&#8221;top_left&#8221; background_horizontal_offset_phone=&#8221;50%&#8221; background_vertical_offset_phone=&#8221;0%&#8221; global_colors_info=&#8221;{}&#8221; toggle_text_color=&#8221;#FFFFFF&#8221; toggle_level=&#8221;h2&#8243; toggle_font_size=&#8221;35px&#8221; open=&#8221;off&#8221;]<\/p>\n<div class=\"daily-content\">\n<div class=\"et_pb_module et_pb_text et_pb_text_27_tb_body et_pb_text_align_left et_pb_bg_layout_light\">\n<div class=\"et_pb_text_inner\">\n<p><em><span>5 hours&#8217; walk &#8211; Overnight in refuge without luggage &#8211; D+: 580 m \/ D-: 760 m<\/p>\n<p><\/span><\/em>A splendid, varied day in a mineral and steep setting, first, then quite open, with a wealth of geological and floristic interest.<\/p>\n<p>Afternoon arrival at Genova hut (2297m).<\/p>\n<\/div>\n<\/div>\n<\/div>\n<p>[\/et_pb_accordion_item][et_pb_accordion_item title=&#8221;Day 4: Genova hut to Scotoni inn&#8221; open_toggle_text_color=&#8221;#0B7A75&#8243; closed_toggle_text_color=&#8221;#0B7A75&#8243; closed_toggle_background_color=&#8221;#FFFFFF&#8221; open_toggle_text_color_tablet=&#8221;#0B7A75&#8243; open_toggle_text_color_phone=&#8221;#FFFFFF&#8221; open_toggle_text_color_last_edited=&#8221;on|phone&#8221; closed_toggle_text_color_tablet=&#8221;#0B7A75&#8243; closed_toggle_text_color_phone=&#8221;#FFFFFF&#8221; closed_toggle_text_color_last_edited=&#8221;on|phone&#8221; closed_toggle_background_color_tablet=&#8221;#FFFFFF&#8221; closed_toggle_background_color_phone=&#8221;#FFFFFF&#8221; closed_toggle_background_color_last_edited=&#8221;on|phone&#8221; _builder_version=&#8221;4.24.2&#8243; _module_preset=&#8221;default&#8221; body_text_color=&#8221;#FFFFFF&#8221; body_font_size=&#8221;16px&#8221; background_color_gradient_direction=&#8221;90deg&#8221; background_image=&#8221;https:\/\/watse.fr\/wp-content\/uploads\/2024\/05\/Grande-traversee-J4-Dolomites.jpg&#8221; background_enable_image=&#8221;on&#8221; background_size=&#8221;custom&#8221; background_image_width=&#8221;35%&#8221; background_image_height=&#8221;0%&#8221; background_position=&#8221;center_right&#8221; max_width_tablet=&#8221;&#8221; max_width_phone=&#8221;&#8221; max_width_last_edited=&#8221;on|phone&#8221; min_height_tablet=&#8221;&#8221; min_height_phone=&#8221;&#8221; min_height_last_edited=&#8221;on|phone&#8221; height_tablet=&#8221;&#8221; height_phone=&#8221;&#8221; height_last_edited=&#8221;on|phone&#8221; max_height_tablet=&#8221;&#8221; max_height_phone=&#8221;&#8221; max_height_last_edited=&#8221;on|phone&#8221; custom_margin=&#8221;||0px||false|false&#8221; custom_padding=&#8221;50px||30px|30px|false|false&#8221; background_last_edited=&#8221;on|desktop&#8221; background_image_phone=&#8221;https:\/\/watse.fr\/wp-content\/uploads\/2024\/05\/Grande-traversee-J4-Dolomites.jpg&#8221; background_enable_image_phone=&#8221;on&#8221; background_image_width_phone=&#8221;100%&#8221; background_image_height_phone=&#8221;250px&#8221; background_position_phone=&#8221;top_left&#8221; background_horizontal_offset_phone=&#8221;50%&#8221; background_vertical_offset_phone=&#8221;0%&#8221; global_colors_info=&#8221;{}&#8221; toggle_text_color=&#8221;#FFFFFF&#8221; toggle_level=&#8221;h2&#8243; toggle_font_size=&#8221;35px&#8221; open=&#8221;off&#8221;]<\/p>\n<div class=\"daily-content\">\n<div class=\"et_pb_module et_pb_text et_pb_text_27_tb_body et_pb_text_align_left et_pb_bg_layout_light\">\n<div class=\"et_pb_text_inner\">\n<p><em><span>30-minute transfer &#8211; 3.5-hour walk &#8211; Overnight in hostel without luggage &#8211; D+: 300 m \/ D-: 800 m<\/p>\n<p><\/span><\/em>A quieter day today, with a beautiful descent into the Val de Lungiaru followed by a transfer to the Fanes Senes Braies massifs. A short climb brings us to tonight&#8217;s hostel, ideally situated at the foot of the mountains. <\/p>\n<\/div>\n<\/div>\n<\/div>\n<p>[\/et_pb_accordion_item][et_pb_accordion_item title=&#8221;Day 5: Balcony day&#8221; open_toggle_text_color=&#8221;#0B7A75&#8243; closed_toggle_text_color=&#8221;#0B7A75&#8243; closed_toggle_background_color=&#8221;#FFFFFF&#8221; open_toggle_text_color_tablet=&#8221;#0B7A75&#8243; open_toggle_text_color_phone=&#8221;#FFFFFF&#8221; open_toggle_text_color_last_edited=&#8221;on|phone&#8221; closed_toggle_text_color_tablet=&#8221;#0B7A75&#8243; closed_toggle_text_color_phone=&#8221;#FFFFFF&#8221; closed_toggle_text_color_last_edited=&#8221;on|phone&#8221; closed_toggle_background_color_tablet=&#8221;#FFFFFF&#8221; closed_toggle_background_color_phone=&#8221;#FFFFFF&#8221; closed_toggle_background_color_last_edited=&#8221;on|phone&#8221; _builder_version=&#8221;4.24.2&#8243; _module_preset=&#8221;default&#8221; body_text_color=&#8221;#FFFFFF&#8221; body_font_size=&#8221;16px&#8221; background_color_gradient_direction=&#8221;90deg&#8221; background_image=&#8221;https:\/\/watse.fr\/wp-content\/uploads\/2024\/05\/Grande-traversee-J5-Dolomites.jpg&#8221; background_enable_image=&#8221;on&#8221; background_size=&#8221;custom&#8221; background_image_width=&#8221;35%&#8221; background_image_height=&#8221;0%&#8221; background_position=&#8221;center_right&#8221; max_width_tablet=&#8221;&#8221; max_width_phone=&#8221;&#8221; max_width_last_edited=&#8221;on|phone&#8221; min_height_tablet=&#8221;&#8221; min_height_phone=&#8221;&#8221; min_height_last_edited=&#8221;on|phone&#8221; height_tablet=&#8221;&#8221; height_phone=&#8221;&#8221; height_last_edited=&#8221;on|phone&#8221; max_height_tablet=&#8221;&#8221; max_height_phone=&#8221;&#8221; max_height_last_edited=&#8221;on|phone&#8221; custom_margin=&#8221;||0px||false|false&#8221; custom_padding=&#8221;50px||30px|30px|false|false&#8221; background_last_edited=&#8221;on|desktop&#8221; background_image_phone=&#8221;https:\/\/watse.fr\/wp-content\/uploads\/2024\/05\/Grande-traversee-J5-Dolomites.jpg&#8221; background_enable_image_phone=&#8221;on&#8221; background_image_width_phone=&#8221;100%&#8221; background_image_height_phone=&#8221;250px&#8221; background_position_phone=&#8221;top_left&#8221; background_horizontal_offset_phone=&#8221;50%&#8221; background_vertical_offset_phone=&#8221;0%&#8221; global_colors_info=&#8221;{}&#8221; toggle_text_color=&#8221;#FFFFFF&#8221; toggle_level=&#8221;h2&#8243; toggle_font_size=&#8221;35px&#8221; open=&#8221;off&#8221;]<\/p>\n<div class=\"daily-content\">\n<div class=\"et_pb_module et_pb_text et_pb_text_27_tb_body et_pb_text_align_left et_pb_bg_layout_light\">\n<div class=\"et_pb_text_inner\">\n<div class=\"et_pb_module et_pb_text et_pb_text_30_tb_body et_pb_text_align_left et_pb_bg_layout_light\">\n<div class=\"et_pb_text_inner\">\n<p><em><span>6 hours&#8217; walk &#8211; Overnight in refuge without luggage &#8211; D+: 1050 m \/ D-: 490 m<\/p>\n<p><\/span><\/em>Most of the day is spent along a balcony path at the foot of immense limestone walls. The Col Lagazuoi (2573 m) offers us beautiful contrasts before skirting the Tofana de Rozes walls and their Via Ferrata. A final climb awaits us before we reach the Giussani hut (2580 m), strategically located in an environment marked by the fighting.  <\/div>\n<\/div>\n<\/div>\n<\/div>\n<\/div>\n<p>[\/et_pb_accordion_item][et_pb_accordion_item title=&#8221;Day 6: On a wilder route&#8221; open_toggle_text_color=&#8221;#0B7A75&#8243; closed_toggle_text_color=&#8221;#0B7A75&#8243; closed_toggle_background_color=&#8221;#FFFFFF&#8221; open_toggle_text_color_tablet=&#8221;#0B7A75&#8243; open_toggle_text_color_phone=&#8221;#FFFFFF&#8221; open_toggle_text_color_last_edited=&#8221;on|phone&#8221; closed_toggle_text_color_tablet=&#8221;#0B7A75&#8243; closed_toggle_text_color_phone=&#8221;#FFFFFF&#8221; closed_toggle_text_color_last_edited=&#8221;on|phone&#8221; closed_toggle_background_color_tablet=&#8221;#FFFFFF&#8221; closed_toggle_background_color_phone=&#8221;#FFFFFF&#8221; closed_toggle_background_color_last_edited=&#8221;on|phone&#8221; _builder_version=&#8221;4.24.2&#8243; _module_preset=&#8221;default&#8221; body_text_color=&#8221;#FFFFFF&#8221; body_font_size=&#8221;16px&#8221; background_color_gradient_direction=&#8221;90deg&#8221; background_image=&#8221;https:\/\/watse.fr\/wp-content\/uploads\/2024\/05\/Grande-traversee-J6-Dolomites.jpg&#8221; background_enable_image=&#8221;on&#8221; background_size=&#8221;custom&#8221; background_image_width=&#8221;35%&#8221; background_image_height=&#8221;0%&#8221; background_position=&#8221;center_right&#8221; max_width_tablet=&#8221;&#8221; max_width_phone=&#8221;&#8221; max_width_last_edited=&#8221;on|phone&#8221; min_height_tablet=&#8221;&#8221; min_height_phone=&#8221;&#8221; min_height_last_edited=&#8221;on|phone&#8221; height_tablet=&#8221;&#8221; height_phone=&#8221;&#8221; height_last_edited=&#8221;on|phone&#8221; max_height_tablet=&#8221;&#8221; max_height_phone=&#8221;&#8221; max_height_last_edited=&#8221;on|phone&#8221; custom_margin=&#8221;||0px||false|false&#8221; custom_padding=&#8221;50px||30px|30px|false|false&#8221; background_last_edited=&#8221;on|desktop&#8221; background_image_phone=&#8221;https:\/\/watse.fr\/wp-content\/uploads\/2024\/05\/Grande-traversee-J6-Dolomites.jpg&#8221; background_enable_image_phone=&#8221;on&#8221; background_image_width_phone=&#8221;100%&#8221; background_image_height_phone=&#8221;250px&#8221; background_position_phone=&#8221;top_left&#8221; background_horizontal_offset_phone=&#8221;50%&#8221; background_vertical_offset_phone=&#8221;0%&#8221; global_colors_info=&#8221;{}&#8221; toggle_text_color=&#8221;#FFFFFF&#8221; toggle_level=&#8221;h2&#8243; toggle_font_size=&#8221;35px&#8221; open=&#8221;off&#8221;]<\/p>\n<div class=\"daily-content\">\n<div class=\"et_pb_module et_pb_text et_pb_text_27_tb_body et_pb_text_align_left et_pb_bg_layout_light\">\n<div class=\"et_pb_text_inner\">\n<div class=\"et_pb_module et_pb_text et_pb_text_30_tb_body et_pb_text_align_left et_pb_bg_layout_light\">\n<div class=\"et_pb_text_inner\">\n<div class=\"et_pb_module et_pb_text et_pb_text_33_tb_body et_pb_text_align_left et_pb_bg_layout_light\">\n<div class=\"et_pb_text_inner\">\n<p><em><span>6 hours 30 mins walk &#8211; Overnight in refuge without luggage &#8211; D+: 1040 m \/ D-: 1550 m<\/p>\n<p><\/span><\/em>A beautiful alpine day awaits us on a little-frequented trail. We first descend into the Ravenanzes valley before starting a steep but steady climb towards the Ciase pass (2760 m) and the Pace bivouac. We continue on a wild and pleasant descent that joins the track leading to the refuge (2060 m).  <\/div>\n<\/div>\n<\/div>\n<\/div>\n<\/div>\n<\/div>\n<\/div>\n<p>[\/et_pb_accordion_item][et_pb_accordion_item title=&#8221;Day 7: In the heart of the Dolomites&#8221; open_toggle_text_color=&#8221;#0B7A75&#8243; closed_toggle_text_color=&#8221;#0B7A75&#8243; closed_toggle_background_color=&#8221;#FFFFFF&#8221; open_toggle_text_color_tablet=&#8221;#0B7A75&#8243; open_toggle_text_color_phone=&#8221;#FFFFFF&#8221; open_toggle_text_color_last_edited=&#8221;on|phone&#8221; closed_toggle_text_color_tablet=&#8221;#0B7A75&#8243; closed_toggle_text_color_phone=&#8221;#FFFFFF&#8221; closed_toggle_text_color_last_edited=&#8221;on|phone&#8221; closed_toggle_background_color_tablet=&#8221;#FFFFFF&#8221; closed_toggle_background_color_phone=&#8221;#FFFFFF&#8221; closed_toggle_background_color_last_edited=&#8221;on|phone&#8221; _builder_version=&#8221;4.24.2&#8243; _module_preset=&#8221;default&#8221; body_text_color=&#8221;#FFFFFF&#8221; body_font_size=&#8221;16px&#8221; background_color_gradient_direction=&#8221;90deg&#8221; background_image=&#8221;https:\/\/watse.fr\/wp-content\/uploads\/2024\/05\/Grande-traversee-J7-Dolomites.jpg&#8221; background_enable_image=&#8221;on&#8221; background_size=&#8221;custom&#8221; background_image_width=&#8221;35%&#8221; background_image_height=&#8221;0%&#8221; background_position=&#8221;center_right&#8221; max_width_tablet=&#8221;&#8221; max_width_phone=&#8221;&#8221; max_width_last_edited=&#8221;on|phone&#8221; min_height_tablet=&#8221;&#8221; min_height_phone=&#8221;&#8221; min_height_last_edited=&#8221;on|phone&#8221; height_tablet=&#8221;&#8221; height_phone=&#8221;&#8221; height_last_edited=&#8221;on|phone&#8221; max_height_tablet=&#8221;&#8221; max_height_phone=&#8221;&#8221; max_height_last_edited=&#8221;on|phone&#8221; custom_margin=&#8221;||0px||false|false&#8221; custom_padding=&#8221;50px||30px|30px|false|false&#8221; background_last_edited=&#8221;on|desktop&#8221; background_image_phone=&#8221;https:\/\/watse.fr\/wp-content\/uploads\/2024\/05\/Grande-traversee-J7-Dolomites.jpg&#8221; background_enable_image_phone=&#8221;on&#8221; background_image_width_phone=&#8221;100%&#8221; background_image_height_phone=&#8221;250px&#8221; background_position_phone=&#8221;top_left&#8221; background_horizontal_offset_phone=&#8221;50%&#8221; background_vertical_offset_phone=&#8221;0%&#8221; global_colors_info=&#8221;{}&#8221; toggle_text_color=&#8221;#FFFFFF&#8221; toggle_level=&#8221;h2&#8243; toggle_font_size=&#8221;35px&#8221; open=&#8221;off&#8221;]<\/p>\n<div class=\"daily-content\">\n<div class=\"et_pb_module et_pb_text et_pb_text_27_tb_body et_pb_text_align_left et_pb_bg_layout_light\">\n<div class=\"et_pb_text_inner\">\n<div class=\"et_pb_module et_pb_text et_pb_text_30_tb_body et_pb_text_align_left et_pb_bg_layout_light\">\n<div class=\"et_pb_text_inner\">\n<div class=\"et_pb_module et_pb_text et_pb_text_33_tb_body et_pb_text_align_left et_pb_bg_layout_light\">\n<div class=\"et_pb_text_inner\">\n<div class=\"et_pb_module et_pb_text et_pb_text_36_tb_body et_pb_text_align_left et_pb_bg_layout_light\">\n<div class=\"et_pb_text_inner\">\n<p><em><span>5 hours 30 mins walk &#8211; Overnight in refuge without luggage &#8211; D+: 840 m \/ D-: 570 m<\/p>\n<p><\/span><\/em>This morning we follow the track cut to bring military troops to the Biella refuge (2327 m).<\/p>\n<p>In the afternoon, optional ascent of Croda del Beco (2810 m \/ +\/- 430m) from where the view extends far into the Dolomites.<\/p><\/div>\n<\/div>\n<\/div>\n<\/div>\n<\/div>\n<\/div>\n<\/div>\n<\/div>\n<\/div>\n<p>[\/et_pb_accordion_item][et_pb_accordion_item title=&#8221;Day 8: Refuge Biella &#8211; Refuge Pratopiazza&#8221; open_toggle_text_color=&#8221;#0B7A75&#8243; closed_toggle_text_color=&#8221;#0B7A75&#8243; closed_toggle_background_color=&#8221;#FFFFFF&#8221; open_toggle_text_color_tablet=&#8221;#0B7A75&#8243; open_toggle_text_color_phone=&#8221;#FFFFFF&#8221; open_toggle_text_color_last_edited=&#8221;on|phone&#8221; closed_toggle_text_color_tablet=&#8221;#0B7A75&#8243; closed_toggle_text_color_phone=&#8221;#FFFFFF&#8221; closed_toggle_text_color_last_edited=&#8221;on|phone&#8221; closed_toggle_background_color_tablet=&#8221;#FFFFFF&#8221; closed_toggle_background_color_phone=&#8221;#FFFFFF&#8221; closed_toggle_background_color_last_edited=&#8221;on|phone&#8221; _builder_version=&#8221;4.24.2&#8243; _module_preset=&#8221;default&#8221; body_text_color=&#8221;#FFFFFF&#8221; body_font_size=&#8221;16px&#8221; background_color_gradient_direction=&#8221;90deg&#8221; background_image=&#8221;https:\/\/watse.fr\/wp-content\/uploads\/2024\/05\/Grande-traversee-J8-Dolomites.jpg&#8221; background_enable_image=&#8221;on&#8221; background_size=&#8221;custom&#8221; background_image_width=&#8221;35%&#8221; background_image_height=&#8221;0%&#8221; background_position=&#8221;center_right&#8221; max_width_tablet=&#8221;&#8221; max_width_phone=&#8221;&#8221; max_width_last_edited=&#8221;on|phone&#8221; min_height_tablet=&#8221;&#8221; min_height_phone=&#8221;&#8221; min_height_last_edited=&#8221;on|phone&#8221; height_tablet=&#8221;&#8221; height_phone=&#8221;&#8221; height_last_edited=&#8221;on|phone&#8221; max_height_tablet=&#8221;&#8221; max_height_phone=&#8221;&#8221; max_height_last_edited=&#8221;on|phone&#8221; custom_margin=&#8221;||0px||false|false&#8221; custom_padding=&#8221;50px||30px|30px|false|false&#8221; background_last_edited=&#8221;on|desktop&#8221; background_image_phone=&#8221;https:\/\/watse.fr\/wp-content\/uploads\/2024\/05\/Grande-traversee-J8-Dolomites.jpg&#8221; background_enable_image_phone=&#8221;on&#8221; background_image_width_phone=&#8221;100%&#8221; background_image_height_phone=&#8221;250px&#8221; background_position_phone=&#8221;top_left&#8221; background_horizontal_offset_phone=&#8221;50%&#8221; background_vertical_offset_phone=&#8221;0%&#8221; global_colors_info=&#8221;{}&#8221; toggle_text_color=&#8221;#FFFFFF&#8221; toggle_level=&#8221;h2&#8243; toggle_font_size=&#8221;35px&#8221; open=&#8221;off&#8221;]<\/p>\n<div class=\"daily-content\">\n<div class=\"et_pb_module et_pb_text et_pb_text_27_tb_body et_pb_text_align_left et_pb_bg_layout_light\">\n<div class=\"et_pb_text_inner\">\n<div class=\"et_pb_module et_pb_text et_pb_text_30_tb_body et_pb_text_align_left et_pb_bg_layout_light\">\n<div class=\"et_pb_text_inner\">\n<div class=\"et_pb_module et_pb_text et_pb_text_33_tb_body et_pb_text_align_left et_pb_bg_layout_light\">\n<div class=\"et_pb_text_inner\">\n<div class=\"et_pb_module et_pb_text et_pb_text_36_tb_body et_pb_text_align_left et_pb_bg_layout_light\">\n<div class=\"et_pb_text_inner\">\n<p><em><span>5 hrs 30 mins &#8211; Overnight in refuge without luggage &#8211; D+: 430 m \/ D-: 750 m<\/p>\n<p><\/span><\/em> The day takes in panoramic ridges and karst desert at the foot of the massif&#8217;s giants, the Crioda Rossa and Croda Rossa Pizora up to the Pratopiazza refuge (1991 m).<\/div>\n<\/div>\n<\/div>\n<\/div>\n<\/div>\n<\/div>\n<\/div>\n<\/div>\n<\/div>\n<p>[\/et_pb_accordion_item][et_pb_accordion_item title=&#8221;Day 9: Arrival opposite Tre Cime di Lavaredo&#8221; open_toggle_text_color=&#8221;#0B7A75&#8243; closed_toggle_text_color=&#8221;#0B7A75&#8243; closed_toggle_background_color=&#8221;#FFFFFF&#8221; open_toggle_text_color_tablet=&#8221;#0B7A75&#8243; open_toggle_text_color_phone=&#8221;#FFFFFF&#8221; open_toggle_text_color_last_edited=&#8221;on|phone&#8221; closed_toggle_text_color_tablet=&#8221;#0B7A75&#8243; closed_toggle_text_color_phone=&#8221;#FFFFFF&#8221; closed_toggle_text_color_last_edited=&#8221;on|phone&#8221; closed_toggle_background_color_tablet=&#8221;#FFFFFF&#8221; closed_toggle_background_color_phone=&#8221;#FFFFFF&#8221; closed_toggle_background_color_last_edited=&#8221;on|phone&#8221; _builder_version=&#8221;4.24.2&#8243; _module_preset=&#8221;default&#8221; body_text_color=&#8221;#FFFFFF&#8221; body_font_size=&#8221;16px&#8221; background_color_gradient_direction=&#8221;90deg&#8221; background_image=&#8221;https:\/\/watse.fr\/wp-content\/uploads\/2024\/05\/Grande-traversee-J9-Dolomites.jpg&#8221; background_enable_image=&#8221;on&#8221; background_size=&#8221;custom&#8221; background_image_width=&#8221;35%&#8221; background_image_height=&#8221;0%&#8221; background_position=&#8221;center_right&#8221; max_width_tablet=&#8221;&#8221; max_width_phone=&#8221;&#8221; max_width_last_edited=&#8221;on|phone&#8221; min_height_tablet=&#8221;&#8221; min_height_phone=&#8221;&#8221; min_height_last_edited=&#8221;on|phone&#8221; height_tablet=&#8221;&#8221; height_phone=&#8221;&#8221; height_last_edited=&#8221;on|phone&#8221; max_height_tablet=&#8221;&#8221; max_height_phone=&#8221;&#8221; max_height_last_edited=&#8221;on|phone&#8221; custom_margin=&#8221;||0px||false|false&#8221; custom_padding=&#8221;50px||30px|30px|false|false&#8221; background_last_edited=&#8221;on|desktop&#8221; background_image_phone=&#8221;https:\/\/watse.fr\/wp-content\/uploads\/2024\/05\/Grande-traversee-J9-Dolomites.jpg&#8221; background_enable_image_phone=&#8221;on&#8221; background_image_width_phone=&#8221;100%&#8221; background_image_height_phone=&#8221;250px&#8221; background_position_phone=&#8221;top_left&#8221; background_horizontal_offset_phone=&#8221;50%&#8221; background_vertical_offset_phone=&#8221;0%&#8221; global_colors_info=&#8221;{}&#8221; toggle_text_color=&#8221;#FFFFFF&#8221; toggle_level=&#8221;h2&#8243; toggle_font_size=&#8221;35px&#8221; open=&#8221;off&#8221;]<\/p>\n<div class=\"daily-content\">\n<div class=\"et_pb_module et_pb_text et_pb_text_27_tb_body et_pb_text_align_left et_pb_bg_layout_light\">\n<div class=\"et_pb_text_inner\">\n<div class=\"et_pb_module et_pb_text et_pb_text_30_tb_body et_pb_text_align_left et_pb_bg_layout_light\">\n<div class=\"et_pb_text_inner\">\n<div class=\"et_pb_module et_pb_text et_pb_text_33_tb_body et_pb_text_align_left et_pb_bg_layout_light\">\n<div class=\"et_pb_text_inner\">\n<div class=\"et_pb_module et_pb_text et_pb_text_36_tb_body et_pb_text_align_left et_pb_bg_layout_light\">\n<div class=\"et_pb_text_inner\">\n<p><em><span>6 hours 30 mins walk &#8211; Overnight in refuge without luggage &#8211; D+: 1460 m \/ D-: 1060 m<\/p>\n<p><\/span><\/em>Steep but pleasant descent under the Strudelkopf to reach the bottom of the Rienza valley, which we climb before taking a wilder path to the Col Grande del Rondoi (2289 m). A beautiful balcony trail then leads us to the famous Locatelli hut facing the famous landscape of the Tre Cime di Lavaredo (2405 m).   <\/div>\n<\/div>\n<\/div>\n<\/div>\n<\/div>\n<\/div>\n<\/div>\n<\/div>\n<\/div>\n<p>[\/et_pb_accordion_item][et_pb_accordion_item title=&#8221;Day 10: End of trek and return to Cortina d&#8217;Ampezzo&#8221; open_toggle_text_color=&#8221;#0B7A75&#8243; closed_toggle_text_color=&#8221;#0B7A75&#8243; closed_toggle_background_color=&#8221;#FFFFFF&#8221; open_toggle_text_color_tablet=&#8221;#0B7A75&#8243; open_toggle_text_color_phone=&#8221;#FFFFFF&#8221; open_toggle_text_color_last_edited=&#8221;on|phone&#8221; closed_toggle_text_color_tablet=&#8221;#0B7A75&#8243; closed_toggle_text_color_phone=&#8221;#FFFFFF&#8221; closed_toggle_text_color_last_edited=&#8221;on|phone&#8221; closed_toggle_background_color_tablet=&#8221;#FFFFFF&#8221; closed_toggle_background_color_phone=&#8221;#FFFFFF&#8221; closed_toggle_background_color_last_edited=&#8221;on|phone&#8221; _builder_version=&#8221;4.24.2&#8243; _module_preset=&#8221;default&#8221; body_text_color=&#8221;#FFFFFF&#8221; body_font_size=&#8221;16px&#8221; background_color_gradient_direction=&#8221;90deg&#8221; background_image=&#8221;https:\/\/watse.fr\/wp-content\/uploads\/2024\/05\/Grande-traversee-J10-Dolomites.jpg&#8221; background_enable_image=&#8221;on&#8221; background_size=&#8221;custom&#8221; background_image_width=&#8221;35%&#8221; background_image_height=&#8221;0%&#8221; background_position=&#8221;center_right&#8221; max_width_tablet=&#8221;&#8221; max_width_phone=&#8221;&#8221; max_width_last_edited=&#8221;on|phone&#8221; min_height_tablet=&#8221;&#8221; min_height_phone=&#8221;&#8221; min_height_last_edited=&#8221;on|phone&#8221; height_tablet=&#8221;&#8221; height_phone=&#8221;&#8221; height_last_edited=&#8221;on|phone&#8221; max_height_tablet=&#8221;&#8221; max_height_phone=&#8221;&#8221; max_height_last_edited=&#8221;on|phone&#8221; custom_margin=&#8221;||0px||false|false&#8221; custom_padding=&#8221;50px||30px|30px|false|false&#8221; background_last_edited=&#8221;on|desktop&#8221; background_image_phone=&#8221;https:\/\/watse.fr\/wp-content\/uploads\/2024\/05\/Grande-traversee-J10-Dolomites.jpg&#8221; background_enable_image_phone=&#8221;on&#8221; background_image_width_phone=&#8221;100%&#8221; background_image_height_phone=&#8221;250px&#8221; background_position_phone=&#8221;top_left&#8221; background_horizontal_offset_phone=&#8221;50%&#8221; background_vertical_offset_phone=&#8221;0%&#8221; global_colors_info=&#8221;{}&#8221; toggle_text_color=&#8221;#FFFFFF&#8221; toggle_level=&#8221;h2&#8243; toggle_font_size=&#8221;35px&#8221; open=&#8221;off&#8221;]<\/p>\n<div class=\"daily-content\">\n<div class=\"et_pb_module et_pb_text et_pb_text_27_tb_body et_pb_text_align_left et_pb_bg_layout_light\">\n<div class=\"et_pb_text_inner\">\n<div class=\"et_pb_module et_pb_text et_pb_text_30_tb_body et_pb_text_align_left et_pb_bg_layout_light\">\n<div class=\"et_pb_text_inner\">\n<div class=\"et_pb_module et_pb_text et_pb_text_33_tb_body et_pb_text_align_left et_pb_bg_layout_light\">\n<div class=\"et_pb_text_inner\">\n<div class=\"et_pb_module et_pb_text et_pb_text_36_tb_body et_pb_text_align_left et_pb_bg_layout_light\">\n<div class=\"et_pb_text_inner\">\n<p><em><span>1 hour 30 mins walk &#8211; 45 mins transfer &#8211; D+: 110 m \/ D-: 210 m<\/p>\n<p><\/span><\/em>The last stage of this beautiful route takes us along the path that leads to the Pian di Cengia pass (2522 m). We continue at the foot of the Cima Piccola to the Auronzo hut, which marks the end of the tour.   <\/p>\n<p>We are transferred to Cortina d&#8217;Ampezzo, which marks the end of our stay.<\/p><\/div>\n<\/div>\n<\/div>\n<\/div>\n<\/div>\n<\/div>\n<\/div>\n<\/div>\n<\/div>\n<p>[\/et_pb_accordion_item][\/et_pb_accordion][\/et_pb_column][\/et_pb_row][\/et_pb_section][et_pb_section fb_built=&#8221;1&#8243; admin_label=&#8221;Section points forts&#8221; _builder_version=&#8221;4.24.2&#8243; _module_preset=&#8221;default&#8221; background_image=&#8221;https:\/\/watse.fr\/wp-content\/uploads\/2024\/05\/TREK-Grande-traversee-des-Dolomites.jpg&#8221; background_position=&#8221;bottom_center&#8221; background_vertical_offset=&#8221;85%&#8221; min_height=&#8221;40vh&#8221; locked=&#8221;off&#8221; global_colors_info=&#8221;{}&#8221;][et_pb_row custom_padding_last_edited=&#8221;on|phone&#8221; _builder_version=&#8221;4.24.2&#8243; _module_preset=&#8221;default&#8221; max_width=&#8221;70%&#8221; max_width_tablet=&#8221;70%&#8221; max_width_phone=&#8221;90%&#8221; max_width_last_edited=&#8221;on|phone&#8221; module_alignment=&#8221;left&#8221; custom_margin=&#8221;||||false|false&#8221; custom_padding=&#8221;|||70px|false|false&#8221; custom_padding_tablet=&#8221;|||70px|false|false&#8221; custom_padding_phone=&#8221;|10px||0px|false|false&#8221; module_alignment_tablet=&#8221;center&#8221; module_alignment_phone=&#8221;center&#8221; module_alignment_last_edited=&#8221;on|phone&#8221; global_colors_info=&#8221;{}&#8221;][et_pb_column type=&#8221;4_4&#8243; _builder_version=&#8221;4.24.2&#8243; _module_preset=&#8221;default&#8221; background_color=&#8221;#FFFFFF&#8221; custom_padding=&#8221;35px||35px|40px|true|false&#8221; border_radii=&#8221;on|20px|20px|20px|20px&#8221; global_colors_info=&#8221;{}&#8221;][et_pb_text _builder_version=&#8221;4.24.2&#8243; _module_preset=&#8221;default&#8221; text_text_color=&#8221;#2F3734&#8243; header_3_text_color=&#8221;#0B7A75&#8243; header_3_font_size=&#8221;40px&#8221; background_color=&#8221;#FFFFFF&#8221; width=&#8221;90%&#8221; max_width=&#8221;800px&#8221; module_alignment=&#8221;left&#8221; custom_margin=&#8221;||0px||false|false&#8221; custom_padding=&#8221;||||true|false&#8221; header_3_font_size_tablet=&#8221;40px&#8221; header_3_font_size_phone=&#8221;22px&#8221; header_3_font_size_last_edited=&#8221;on|phone&#8221; custom_css_free_form=&#8221;selector h3 {||  margin-bottom: 20px;||}&#8221; border_radii=&#8221;on|20px|20px|20px|20px&#8221; global_colors_info=&#8221;{}&#8221;]<\/p>\n<h3 style=\"text-align: center\">Highlights of the trip<\/h3>\n<p>[\/et_pb_text][et_pb_de_mach_acf_item acf_name=&#8221;field_65f8121b9fad2&#8243; show_label=&#8221;off&#8221; use_icon=&#8221;on&#8221; font_icon=&#8221;&#x4e;||divi||400&#8243; use_icon_font_size=&#8221;on&#8221; icon_font_size=&#8221;24px&#8221; _builder_version=&#8221;4.24.2&#8243; _module_preset=&#8221;default&#8221; title_css_text_color=&#8221;#2F3734&#8243; title_css_font_size=&#8221;18px&#8221; custom_margin=&#8221;0px|0px|10px|0px|false|true&#8221; custom_padding=&#8221;0px|0px|0px|0px|true|true&#8221; global_colors_info=&#8221;{}&#8221;][\/et_pb_de_mach_acf_item][et_pb_de_mach_acf_item acf_name=&#8221;field_65f812949fad3&#8243; show_label=&#8221;off&#8221; use_icon=&#8221;on&#8221; font_icon=&#8221;&#x4e;||divi||400&#8243; use_icon_font_size=&#8221;on&#8221; icon_font_size=&#8221;24px&#8221; _builder_version=&#8221;4.24.2&#8243; _module_preset=&#8221;default&#8221; title_css_text_color=&#8221;#2F3734&#8243; title_css_font_size=&#8221;18px&#8221; custom_margin=&#8221;0px|0px|10px|0px|false|true&#8221; custom_padding=&#8221;0px|0px|0px|0px|true|true&#8221; global_colors_info=&#8221;{}&#8221;][\/et_pb_de_mach_acf_item][et_pb_de_mach_acf_item acf_name=&#8221;field_65f812a99fad4&#8243; show_label=&#8221;off&#8221; use_icon=&#8221;on&#8221; font_icon=&#8221;&#x4e;||divi||400&#8243; use_icon_font_size=&#8221;on&#8221; icon_font_size=&#8221;24px&#8221; _builder_version=&#8221;4.24.2&#8243; _module_preset=&#8221;default&#8221; title_css_text_color=&#8221;#2F3734&#8243; title_css_font_size=&#8221;18px&#8221; custom_margin=&#8221;0px|0px|0px|0px|false|true&#8221; custom_padding=&#8221;0px|0px|0px|0px|true|true&#8221; global_colors_info=&#8221;{}&#8221;][\/et_pb_de_mach_acf_item][\/et_pb_column][\/et_pb_row][\/et_pb_section][et_pb_section fb_built=&#8221;1&#8243; admin_label=&#8221;Section informations&#8221; _builder_version=&#8221;4.24.2&#8243; _module_preset=&#8221;default&#8221; background_color=&#8221;#ECF8F3&#8243; custom_padding=&#8221;3px|||||&#8221; locked=&#8221;off&#8221; global_colors_info=&#8221;{}&#8221;][et_pb_row custom_padding_last_edited=&#8221;on|phone&#8221; _builder_version=&#8221;4.24.2&#8243; _module_preset=&#8221;default&#8221; max_width=&#8221;70%&#8221; max_width_tablet=&#8221;70%&#8221; max_width_phone=&#8221;90%&#8221; max_width_last_edited=&#8221;on|phone&#8221; module_alignment=&#8221;left&#8221; custom_margin=&#8221;50px||||false|false&#8221; custom_padding=&#8221;|||5%|false|false&#8221; custom_padding_tablet=&#8221;|||5%|false|false&#8221; custom_padding_phone=&#8221;|||0%|false|false&#8221; module_alignment_tablet=&#8221;center&#8221; module_alignment_phone=&#8221;center&#8221; module_alignment_last_edited=&#8221;on|phone&#8221; custom_css_free_form=&#8221;selector .title-p {||\tfont-weight: bold;||  font-size: 18px !important;||}&#8221; locked=&#8221;off&#8221; global_colors_info=&#8221;{}&#8221;][et_pb_column type=&#8221;4_4&#8243; _builder_version=&#8221;4.24.2&#8243; _module_preset=&#8221;default&#8221; global_colors_info=&#8221;{}&#8221;][et_pb_toggle title=&#8221;General information&#8221; open_toggle_text_color=&#8221;#0B7A75&#8243; open_toggle_background_color=&#8221;RGBA(255,255,255,0)&#8221; closed_toggle_background_color=&#8221;RGBA(255,255,255,0)&#8221; icon_color=&#8221;#0B7A75&#8243; toggle_icon=&#8221;&#x33;||divi||400&#8243; use_icon_font_size=&#8221;on&#8221; icon_font_size=&#8221;30px&#8221; _builder_version=&#8221;4.24.2&#8243; _module_preset=&#8221;default&#8221; title_text_color=&#8221;#0B7A75&#8243; title_level=&#8221;h3&#8243; title_font_size=&#8221;26px&#8221; body_text_color=&#8221;#0B7A75&#8243; border_radii=&#8221;on|10px|10px|10px|10px&#8221; border_width_all=&#8221;2px&#8221; border_color_all=&#8221;#0B7A75&#8243; global_colors_info=&#8221;{}&#8221;]<\/p>\n<p class=\"title-p\">SAFETY<\/p>\n<p>You can find the Quai d&#8217;Orsay&#8217;s position on these countries on the official website of the French Ministry of Foreign Affairs:<span> <\/span><a href=\"https:\/\/www.diplomatie.gouv.fr\/fr\/conseils-aux-voyageurs\/conseils-par-pays-destination\/\" target=\"_blank\" rel=\"noopener noreferrer\"><span><strong>diplomatie.gouv.fr in the &#8220;Conseils aux voyageurs&#8221; section<\/strong><\/span><\/a>.<\/p>\n<p>The information contained on the website of the French Ministry of Foreign Affairs is subject to change and is given for guidance only. Please note that no region of the world or country can be considered safe from the risk of terrorism. <\/p>\n<p class=\"title-p\">REGISTRATION<\/p>\n<p><span><strong>By post:<\/strong><\/span><\/p>\n<p>Ask us for a registration form<\/p>\n<ul>\n<li>by phone: 06 65 93 29 29<\/li>\n<li>or e-mail: contact@watse.fr<\/li>\n<\/ul>\n<p>Send us your registration with a copy of your passport, your postal address, telephone number and e-mail address, together with a deposit of 30% of the cost of the trip.<br \/>Also, if you wish to take out a Comfort or Comfort Multirisk cancellation insurance policy, this must be paid at the same time as the deposit when you register. You can consult our insurance contracts on our website. <\/p>\n<p><span><strong>By internet:<\/strong><\/span><br \/>Book your holiday directly on our website: directly on the holiday page, choosing your dates and insurance options.<\/p>\n<p><strong>ATTENTION:<\/strong><span> <\/span>air fares will be maintained until 3 months before departure and may be readjusted if necessary if you book during this period.<\/p>\n<p class=\"title-p\">ASSISTANCE AND SAFETY<\/p>\n<p>We strongly advise you to take out assistance insurance for the duration of your trip.<\/p>\n<p>We offer two different types of insurance: Comfort Cancellation and Comfort Multirisk, to be taken out when you register for your trip.<\/p>\n<p>Details of this insurance are available on request or can be viewed by<span> <\/span><span><strong><a href=\"https:\/\/watse.fr\/en\/assurances-3\/\">by clicking here<\/a><\/strong><\/span>.<\/p>\n<p>Other offers include Mondial Assistance, your own insurance company or Club Alpin Fran\u00e7ais. Check that your trekking activity is covered. <\/p>\n<p>Make sure your insurance covers all medical expenses in the event of an accident.<\/p>\n<p>You must make sure that you are covered for mountain rescue costs. If this is the case, you must provide us with the following information before you set off on your trek: <\/p>\n<ul>\n<li>a certificate from the insurance company covering mountain rescue costs.<\/li>\n<li>the contract number and telephone number of the assistance center<\/li>\n<\/ul>\n<p>Beware of restrictive clauses in certain insurance policies (particularly those linked to Visa Premier, Gold or other cards), such as mountain insurance limited to snow activities, or altitude sickness not recognized as an illness requiring repatriation, which will be refused.<\/p>\n<p>Please check the actual content of your insurance and take the necessary steps if necessary.<\/p>\n<p>[\/et_pb_toggle][et_pb_toggle title=&#8221;Health &#038; climate&#8221; open_toggle_text_color=&#8221;#0B7A75&#8243; open_toggle_background_color=&#8221;RGBA(255,255,255,0)&#8221; closed_toggle_background_color=&#8221;RGBA(255,255,255,0)&#8221; icon_color=&#8221;#0B7A75&#8243; toggle_icon=&#8221;&#x33;||divi||400&#8243; use_icon_font_size=&#8221;on&#8221; icon_font_size=&#8221;30px&#8221; _builder_version=&#8221;4.24.2&#8243; _module_preset=&#8221;default&#8221; title_text_color=&#8221;#0B7A75&#8243; title_level=&#8221;h3&#8243; title_font_size=&#8221;26px&#8221; body_text_color=&#8221;#0B7A75&#8243; border_radii=&#8221;on|10px|10px|10px|10px&#8221; border_width_all=&#8221;2px&#8221; border_color_all=&#8221;#0B7A75&#8243; global_colors_info=&#8221;{}&#8221;]<\/p>\n<p class=\"title-p\">CLIMATE<\/p>\n<p><span>The climate is much the same as in the French Alps: summer days are hot and temperatures drop considerably at night.<\/span><\/p>\n<p class=\"title-p\">HEALTH AND VACCINES<\/p>\n<p>No vaccinations required.<\/p>\n<p>We strongly recommend that you are up to date with the usual vaccinations: diphtheria-tetanus-poliomyelitis, whooping cough, tuberculosis, typhoid fever, hepatitis A and B.<\/p>\n<p>We recommend that you have a check-up with your dentist before you leave.<\/p>\n<p class=\"title-p\">IFREMMONT<\/p>\n<p>No specific indications.<\/p>\n<p>[\/et_pb_toggle][et_pb_toggle title=&#8221;Transport and conditions&#8221; open_toggle_text_color=&#8221;#0B7A75&#8243; open_toggle_background_color=&#8221;RGBA(255,255,255,0)&#8221; closed_toggle_background_color=&#8221;RGBA(255,255,255,0)&#8221; icon_color=&#8221;#0B7A75&#8243; toggle_icon=&#8221;&#x33;||divi||400&#8243; use_icon_font_size=&#8221;on&#8221; icon_font_size=&#8221;30px&#8221; _builder_version=&#8221;4.24.2&#8243; _module_preset=&#8221;default&#8221; title_text_color=&#8221;#0B7A75&#8243; title_level=&#8221;h3&#8243; title_font_size=&#8221;26px&#8221; body_text_color=&#8221;#0B7A75&#8243; border_radii=&#8221;on|10px|10px|10px|10px&#8221; border_width_all=&#8221;2px&#8221; border_color_all=&#8221;#0B7A75&#8243; global_colors_info=&#8221;{}&#8221;]<\/p>\n<p>The meeting point is Cortina d&#8217;Ampezo.<\/p>\n<p>We can organize transfers to and from Cortina d&#8217;Ampezzo on request and at extra cost: from Chamonix: \u20ac95 return.<\/p>\n<p class=\"title-p\">AIR<\/p>\n<p>No specific indications.<\/p>\n<p class=\"title-p\">LUGGAGE<\/p>\n<p><span>You carry your own belongings for the duration of your stay. We advise you to optimize your bag and not to load yourself unnecessarily. <\/span><\/p>\n<p>[\/et_pb_toggle][et_pb_toggle title=&#8221;The stay&#8221; open_toggle_text_color=&#8221;#0B7A75&#8243; open_toggle_background_color=&#8221;RGBA(255,255,255,0)&#8221; closed_toggle_background_color=&#8221;RGBA(255,255,255,0)&#8221; icon_color=&#8221;#0B7A75&#8243; toggle_icon=&#8221;&#x33;||divi||400&#8243; use_icon_font_size=&#8221;on&#8221; icon_font_size=&#8221;30px&#8221; _builder_version=&#8221;4.24.2&#8243; _module_preset=&#8221;default&#8221; title_text_color=&#8221;#0B7A75&#8243; title_level=&#8221;h3&#8243; title_font_size=&#8221;26px&#8221; body_text_color=&#8221;#0B7A75&#8243; border_radii=&#8221;on|10px|10px|10px|10px&#8221; border_width_all=&#8221;2px&#8221; border_color_all=&#8221;#0B7A75&#8243; global_colors_info=&#8221;{}&#8221;]<\/p>\n<p class=\"title-p\">MEALS<\/p>\n<p>Picnics for lunch. Morning and evening meals are taken in the accommodation. <\/p>\n<p>Snacks are provided, but you&#8217;re welcome to bring your own.<\/p>\n<p class=\"title-p\">ACCOMMODATION<\/p>\n<p><span>9 nights in mountain huts and hostels in dormitories.<\/span><\/p>\n<p class=\"title-p\">TRAINING<\/p>\n<p><span>Supervision by a state-qualified French mountain leader.<\/span><\/p>\n<p>[\/et_pb_toggle][et_pb_toggle title=&#8221;Practical info&#8221; open_toggle_text_color=&#8221;#0B7A75&#8243; open_toggle_background_color=&#8221;RGBA(255,255,255,0)&#8221; closed_toggle_background_color=&#8221;RGBA(255,255,255,0)&#8221; icon_color=&#8221;#0B7A75&#8243; toggle_icon=&#8221;&#x33;||divi||400&#8243; use_icon_font_size=&#8221;on&#8221; icon_font_size=&#8221;30px&#8221; _builder_version=&#8221;4.24.2&#8243; _module_preset=&#8221;default&#8221; title_text_color=&#8221;#0B7A75&#8243; title_level=&#8221;h3&#8243; title_font_size=&#8221;26px&#8221; body_text_color=&#8221;#0B7A75&#8243; border_radii=&#8221;on|10px|10px|10px|10px&#8221; border_width_all=&#8221;2px&#8221; border_color_all=&#8221;#0B7A75&#8243; global_colors_info=&#8221;{}&#8221;]<\/p>\n<p class=\"title-p\">ELECTRICITY<\/p>\n<p><span>You can recharge your electronic devices every day in the accommodation.<\/span><\/p>\n<p class=\"title-p\">FORMALITIES AND VISA<\/p>\n<p><span>No visa required for nationals of France and bordering countries.c<\/span><\/p>\n<p class=\"title-p\">BUDGET, CHANGE AND TIPS<\/p>\n<p><span>Meals not included (cold drinks, snacks, etc.) and accommodation are included in the price of the stay. Tipping is not necessary and should reflect your satisfaction with the team. <\/span><\/p>\n<p>&nbsp;<\/p>\n<p>[\/et_pb_toggle][et_pb_button button_text=&#8221;Consult the FAQ&#8221; button_alignment=&#8221;left&#8221; button_alignment_tablet=&#8221;center&#8221; button_alignment_phone=&#8221;center&#8221; button_alignment_last_edited=&#8221;on|phone&#8221; _builder_version=&#8221;4.24.2&#8243; _module_preset=&#8221;default&#8221; button_text_color=&#8221;#FFFFFF&#8221; button_border_width=&#8221;2px&#8221; button_use_icon=&#8221;off&#8221; locked=&#8221;off&#8221; global_colors_info=&#8221;{}&#8221; button_bg_color__hover=&#8221;#FFFFFF&#8221;][\/et_pb_button][\/et_pb_column][\/et_pb_row][\/et_pb_section][et_pb_section fb_built=&#8221;1&#8243; admin_label=&#8221;Section plus value&#8221; _builder_version=&#8221;4.24.2&#8243; _module_preset=&#8221;default&#8221; background_color=&#8221;#FFFFFF&#8221; custom_padding=&#8221;2px||58px|||&#8221; custom_css_free_form=&#8221;selector {||  z-index: 20 !important;||}&#8221; locked=&#8221;off&#8221; global_colors_info=&#8221;{}&#8221;][et_pb_row _builder_version=&#8221;4.24.2&#8243; _module_preset=&#8221;default&#8221; global_colors_info=&#8221;{}&#8221;][et_pb_column type=&#8221;4_4&#8243; _builder_version=&#8221;4.24.2&#8243; _module_preset=&#8221;default&#8221; global_colors_info=&#8221;{}&#8221;][et_pb_text _builder_version=&#8221;4.24.2&#8243; _module_preset=&#8221;default&#8221; text_font_size=&#8221;40px&#8221; header_text_color=&#8221;#0B7A75&#8243; header_4_text_color=&#8221;#0B7A75&#8243; header_4_font_size=&#8221;42px&#8221; header_2_font_size_tablet=&#8221;&#8221; header_2_font_size_phone=&#8221;38px&#8221; header_2_font_size_last_edited=&#8221;on|phone&#8221; global_colors_info=&#8221;{}&#8221;]<\/p>\n<h4 style=\"text-align: center\"><strong>Watse added value<\/strong><\/h4>\n<p>[\/et_pb_text][\/et_pb_column][\/et_pb_row][et_pb_row column_structure=&#8221;1_3,1_3,1_3&#8243; custom_padding_last_edited=&#8221;on|phone&#8221; _builder_version=&#8221;4.24.2&#8243; _module_preset=&#8221;default&#8221; max_width=&#8221;1200px&#8221; max_width_tablet=&#8221;1200px&#8221; max_width_phone=&#8221;90%&#8221; max_width_last_edited=&#8221;on|phone&#8221; module_alignment=&#8221;center&#8221; custom_margin=&#8221;7px|auto||auto||&#8221; custom_margin_tablet=&#8221;7px|auto||auto||&#8221; custom_margin_phone=&#8221;0px|auto||auto|false|false&#8221; custom_margin_last_edited=&#8221;on|phone&#8221; custom_padding=&#8221;0px|||50px|false|false&#8221; custom_padding_tablet=&#8221;0px|||50px|false|false&#8221; custom_padding_phone=&#8221;|||0px|false|false&#8221; module_alignment_tablet=&#8221;center&#8221; module_alignment_phone=&#8221;center&#8221; module_alignment_last_edited=&#8221;on|phone&#8221; global_colors_info=&#8221;{}&#8221;][et_pb_column type=&#8221;1_3&#8243; _builder_version=&#8221;4.24.2&#8243; _module_preset=&#8221;default&#8221; global_colors_info=&#8221;{}&#8221;][et_pb_icon font_icon=&#8221;&#xf6fc;||fa||900&#8243; icon_width=&#8221;60px&#8221; _builder_version=&#8221;4.24.2&#8243; _module_preset=&#8221;default&#8221; custom_margin=&#8221;||22px|||&#8221; global_colors_info=&#8221;{}&#8221;][\/et_pb_icon][et_pb_text _builder_version=&#8221;4.24.2&#8243; _module_preset=&#8221;default&#8221; header_5_text_color=&#8221;#0B7A75&#8243; global_colors_info=&#8221;{}&#8221;]<\/p>\n<h5 style=\"text-align: center;\"><strong><span>AN EXCLUSIVE AND UNIQUE ITINERARY<\/span><\/strong><strong><\/strong><\/h5>\n<p style=\"text-align: center;\"><span>This holiday has been designed by Watse to offer an in-depth exploration of the mountains around Cortina.<\/span><\/p>\n<p>[\/et_pb_text][\/et_pb_column][et_pb_column type=&#8221;1_3&#8243; _builder_version=&#8221;4.24.2&#8243; _module_preset=&#8221;default&#8221; global_colors_info=&#8221;{}&#8221;][et_pb_icon font_icon=&#8221;&#xe074;||divi||400&#8243; icon_width=&#8221;60px&#8221; _builder_version=&#8221;4.24.2&#8243; _module_preset=&#8221;default&#8221; custom_margin=&#8221;||22px|||&#8221; global_colors_info=&#8221;{}&#8221;][\/et_pb_icon][et_pb_text _builder_version=&#8221;4.24.2&#8243; _module_preset=&#8221;default&#8221; header_5_text_color=&#8221;#0B7A75&#8243; global_colors_info=&#8221;{}&#8221;]<\/p>\n<h5 style=\"text-align: center;\"><strong><span>A CHOICE OF QUALITY ACCOMMODATION<\/span><\/strong><strong><\/strong><\/h5>\n<p style=\"text-align: center;\"><span>You will stay in comfortable refuges. Evening meals will be taken at the refuges. <\/span><\/p>\n<p>[\/et_pb_text][\/et_pb_column][et_pb_column type=&#8221;1_3&#8243; _builder_version=&#8221;4.24.2&#8243; _module_preset=&#8221;default&#8221; global_colors_info=&#8221;{}&#8221;][et_pb_icon font_icon=&#8221;&#xf6ec;||fa||900&#8243; icon_width=&#8221;60px&#8221; _builder_version=&#8221;4.24.2&#8243; _module_preset=&#8221;default&#8221; custom_margin=&#8221;||22px|||&#8221; global_colors_info=&#8221;{}&#8221;][\/et_pb_icon][et_pb_text _builder_version=&#8221;4.24.2&#8243; _module_preset=&#8221;default&#8221; header_5_text_color=&#8221;#0B7A75&#8243; global_colors_info=&#8221;{}&#8221;]<\/p>\n<h5 style=\"text-align: center;\"><strong><span>ACCOMPANIMENT BY A FRENCH GUIDE<\/span><\/strong><strong><\/strong><\/h5>\n<p style=\"text-align: center;\"><span>A French Watse guide will take care of everything on site.<\/span><\/p>\n<p>[\/et_pb_text][\/et_pb_column][\/et_pb_row][\/et_pb_section]<\/p>\n","protected":false},"featured_media":61790,"template":"","meta":{"_acf_changed":false,"_et_pb_use_builder":"on","_et_pb_old_content":"","_et_gb_content_width":""},"activite":[341],"destination":[342,345],"class_list":["post-62262","sejour","type-sejour","status-publish","has-post-thumbnail","hentry","activite-trekking-en","destination-europe-en","destination-italy"],"acf":{"desc-text-1":"One of the greatest itineraries in the Alps, also known as the \"Alta Via\".","desc-text-2":"Spectacular landscapes with unique, breathtaking rock formations  ","desc-text-3":"A crossing in a natural environment classified as a UNESCO World Heritage Site","destination_principale":"Italie"},"yoast_head":"<!-- This site is optimized with the Yoast SEO plugin v23.5 - https:\/\/yoast.com\/wordpress\/plugins\/seo\/ -->\n<title>Long journey to the Dolomites : 10-day organized trek<\/title>\n<meta name=\"description\" content=\"Enjoy spectacular scenery, cross impressive passes and discover one of Europe&#039;s most beautiful mountain ranges.\" \/>\n<meta name=\"robots\" content=\"index, follow, max-snippet:-1, max-image-preview:large, max-video-preview:-1\" \/>\n<link rel=\"canonical\" href=\"https:\/\/watse.fr\/en\/sejour\/long-journey-to-the-dolomites\/\" \/>\n<meta property=\"og:locale\" content=\"en_US\" \/>\n<meta property=\"og:type\" content=\"article\" \/>\n<meta property=\"og:title\" content=\"Long journey to the Dolomites : 10-day organized trek\" \/>\n<meta property=\"og:description\" content=\"Enjoy spectacular scenery, cross impressive passes and discover one of Europe&#039;s most beautiful mountain ranges.\" \/>\n<meta property=\"og:site_name\" content=\"Watse\" \/>\n<meta property=\"article:modified_time\" content=\"2025-03-24T08:29:28+00:00\" \/>\n<meta property=\"og:image\" content=\"https:\/\/watse.fr\/wp-content\/uploads\/2024\/05\/trek-J7-Dolomites-1024x768.jpg\" \/>\n<meta name=\"twitter:card\" content=\"summary_large_image\" \/>\n<meta name=\"twitter:title\" content=\"Grande Travers\u00e9e des Dolomites: 7 days hiking in Italy\" \/>\n<meta name=\"twitter:description\" content=\"Set off on a 7-day trek through the Dolomites, in the heart of the Italian Alps.\" \/>\n<meta name=\"twitter:image\" content=\"https:\/\/watse.fr\/wp-content\/uploads\/2024\/05\/Grande-traversee-J9-Dolomites-1024x768.jpg\" \/>\n<meta name=\"twitter:label1\" content=\"Est. reading time\" \/>\n\t<meta name=\"twitter:data1\" content=\"12 minutes\" \/>\n<script type=\"application\/ld+json\" class=\"yoast-schema-graph\">{\"@context\":\"https:\/\/schema.org\",\"@graph\":[{\"@type\":\"WebPage\",\"@id\":\"https:\/\/watse.fr\/en\/sejour\/long-journey-to-the-dolomites\/\",\"url\":\"https:\/\/watse.fr\/en\/sejour\/long-journey-to-the-dolomites\/\",\"name\":\"Long journey to the Dolomites : 10-day organized trek\",\"isPartOf\":{\"@id\":\"https:\/\/watse.fr\/en\/#website\"},\"primaryImageOfPage\":{\"@id\":\"https:\/\/watse.fr\/en\/sejour\/long-journey-to-the-dolomites\/#primaryimage\"},\"image\":{\"@id\":\"https:\/\/watse.fr\/en\/sejour\/long-journey-to-the-dolomites\/#primaryimage\"},\"thumbnailUrl\":\"https:\/\/watse.fr\/wp-content\/uploads\/2024\/05\/TREK-Grande-traversee-des-Dolomites.jpg\",\"datePublished\":\"2024-05-17T10:00:41+00:00\",\"dateModified\":\"2025-03-24T08:29:28+00:00\",\"description\":\"Enjoy spectacular scenery, cross impressive passes and discover one of Europe's most beautiful mountain ranges.\",\"breadcrumb\":{\"@id\":\"https:\/\/watse.fr\/en\/sejour\/long-journey-to-the-dolomites\/#breadcrumb\"},\"inLanguage\":\"en-US\",\"potentialAction\":[{\"@type\":\"ReadAction\",\"target\":[\"https:\/\/watse.fr\/en\/sejour\/long-journey-to-the-dolomites\/\"]}]},{\"@type\":\"ImageObject\",\"inLanguage\":\"en-US\",\"@id\":\"https:\/\/watse.fr\/en\/sejour\/long-journey-to-the-dolomites\/#primaryimage\",\"url\":\"https:\/\/watse.fr\/wp-content\/uploads\/2024\/05\/TREK-Grande-traversee-des-Dolomites.jpg\",\"contentUrl\":\"https:\/\/watse.fr\/wp-content\/uploads\/2024\/05\/TREK-Grande-traversee-des-Dolomites.jpg\",\"width\":1920,\"height\":1080},{\"@type\":\"BreadcrumbList\",\"@id\":\"https:\/\/watse.fr\/en\/sejour\/long-journey-to-the-dolomites\/#breadcrumb\",\"itemListElement\":[{\"@type\":\"ListItem\",\"position\":1,\"name\":\"Accueil\",\"item\":\"https:\/\/watse.fr\/en\/\"},{\"@type\":\"ListItem\",\"position\":2,\"name\":\"S\u00e9jours\",\"item\":\"https:\/\/watse.fr\/en\/tous-nos-sejours\/\"},{\"@type\":\"ListItem\",\"position\":3,\"name\":\"Long journey to the Dolomites\"}]},{\"@type\":\"WebSite\",\"@id\":\"https:\/\/watse.fr\/en\/#website\",\"url\":\"https:\/\/watse.fr\/en\/\",\"name\":\"Watse\",\"description\":\"\",\"potentialAction\":[{\"@type\":\"SearchAction\",\"target\":{\"@type\":\"EntryPoint\",\"urlTemplate\":\"https:\/\/watse.fr\/en\/?s={search_term_string}\"},\"query-input\":{\"@type\":\"PropertyValueSpecification\",\"valueRequired\":true,\"valueName\":\"search_term_string\"}}],\"inLanguage\":\"en-US\"}]}<\/script>\n<!-- \/ Yoast SEO plugin. -->","yoast_head_json":{"title":"Long journey to the Dolomites : 10-day organized trek","description":"Enjoy spectacular scenery, cross impressive passes and discover one of Europe's most beautiful mountain ranges.","robots":{"index":"index","follow":"follow","max-snippet":"max-snippet:-1","max-image-preview":"max-image-preview:large","max-video-preview":"max-video-preview:-1"},"canonical":"https:\/\/watse.fr\/en\/sejour\/long-journey-to-the-dolomites\/","og_locale":"en_US","og_type":"article","og_title":"Long journey to the Dolomites : 10-day organized trek","og_description":"Enjoy spectacular scenery, cross impressive passes and discover one of Europe's most beautiful mountain ranges.","og_site_name":"Watse","article_modified_time":"2025-03-24T08:29:28+00:00","og_image":[{"url":"https:\/\/watse.fr\/wp-content\/uploads\/2024\/05\/trek-J7-Dolomites-1024x768.jpg"}],"twitter_card":"summary_large_image","twitter_title":"Grande Travers\u00e9e des Dolomites: 7 days hiking in Italy","twitter_description":"Set off on a 7-day trek through the Dolomites, in the heart of the Italian Alps.","twitter_image":"https:\/\/watse.fr\/wp-content\/uploads\/2024\/05\/Grande-traversee-J9-Dolomites-1024x768.jpg","twitter_misc":{"Est. reading time":"12 minutes"},"schema":{"@context":"https:\/\/schema.org","@graph":[{"@type":"WebPage","@id":"https:\/\/watse.fr\/en\/sejour\/long-journey-to-the-dolomites\/","url":"https:\/\/watse.fr\/en\/sejour\/long-journey-to-the-dolomites\/","name":"Long journey to the Dolomites : 10-day organized trek","isPartOf":{"@id":"https:\/\/watse.fr\/en\/#website"},"primaryImageOfPage":{"@id":"https:\/\/watse.fr\/en\/sejour\/long-journey-to-the-dolomites\/#primaryimage"},"image":{"@id":"https:\/\/watse.fr\/en\/sejour\/long-journey-to-the-dolomites\/#primaryimage"},"thumbnailUrl":"https:\/\/watse.fr\/wp-content\/uploads\/2024\/05\/TREK-Grande-traversee-des-Dolomites.jpg","datePublished":"2024-05-17T10:00:41+00:00","dateModified":"2025-03-24T08:29:28+00:00","description":"Enjoy spectacular scenery, cross impressive passes and discover one of Europe's most beautiful mountain ranges.","breadcrumb":{"@id":"https:\/\/watse.fr\/en\/sejour\/long-journey-to-the-dolomites\/#breadcrumb"},"inLanguage":"en-US","potentialAction":[{"@type":"ReadAction","target":["https:\/\/watse.fr\/en\/sejour\/long-journey-to-the-dolomites\/"]}]},{"@type":"ImageObject","inLanguage":"en-US","@id":"https:\/\/watse.fr\/en\/sejour\/long-journey-to-the-dolomites\/#primaryimage","url":"https:\/\/watse.fr\/wp-content\/uploads\/2024\/05\/TREK-Grande-traversee-des-Dolomites.jpg","contentUrl":"https:\/\/watse.fr\/wp-content\/uploads\/2024\/05\/TREK-Grande-traversee-des-Dolomites.jpg","width":1920,"height":1080},{"@type":"BreadcrumbList","@id":"https:\/\/watse.fr\/en\/sejour\/long-journey-to-the-dolomites\/#breadcrumb","itemListElement":[{"@type":"ListItem","position":1,"name":"Accueil","item":"https:\/\/watse.fr\/en\/"},{"@type":"ListItem","position":2,"name":"S\u00e9jours","item":"https:\/\/watse.fr\/en\/tous-nos-sejours\/"},{"@type":"ListItem","position":3,"name":"Long journey to the Dolomites"}]},{"@type":"WebSite","@id":"https:\/\/watse.fr\/en\/#website","url":"https:\/\/watse.fr\/en\/","name":"Watse","description":"","potentialAction":[{"@type":"SearchAction","target":{"@type":"EntryPoint","urlTemplate":"https:\/\/watse.fr\/en\/?s={search_term_string}"},"query-input":{"@type":"PropertyValueSpecification","valueRequired":true,"valueName":"search_term_string"}}],"inLanguage":"en-US"}]}},"_links":{"self":[{"href":"https:\/\/watse.fr\/en\/wp-json\/wp\/v2\/sejour\/62262"}],"collection":[{"href":"https:\/\/watse.fr\/en\/wp-json\/wp\/v2\/sejour"}],"about":[{"href":"https:\/\/watse.fr\/en\/wp-json\/wp\/v2\/types\/sejour"}],"wp:featuredmedia":[{"embeddable":true,"href":"https:\/\/watse.fr\/en\/wp-json\/wp\/v2\/media\/61790"}],"wp:attachment":[{"href":"https:\/\/watse.fr\/en\/wp-json\/wp\/v2\/media?parent=62262"}],"wp:term":[{"taxonomy":"activite","embeddable":true,"href":"https:\/\/watse.fr\/en\/wp-json\/wp\/v2\/activite?post=62262"},{"taxonomy":"destination","embeddable":true,"href":"https:\/\/watse.fr\/en\/wp-json\/wp\/v2\/destination?post=62262"}],"curies":[{"name":"wp","href":"https:\/\/api.w.org\/{rel}","templated":true}]}}