{"id":62184,"date":"2024-05-27T09:14:34","date_gmt":"2024-05-27T07:14:34","guid":{"rendered":"https:\/\/watse.fr\/sejour\/grand-tour-of-valais-and-haut-giffre\/"},"modified":"2024-10-11T16:17:07","modified_gmt":"2024-10-11T14:17:07","slug":"grand-tour-of-valais-and-haut-giffre","status":"publish","type":"sejour","link":"https:\/\/watse.fr\/en\/sejour\/grand-tour-of-valais-and-haut-giffre\/","title":{"rendered":"Grand Tour of Valais and Haut-Giffre"},"content":{"rendered":"<p>[et_pb_section fb_built=&#8221;1&#8243; admin_label=&#8221;Section Intro&#8221; module_class=&#8221;destination-first-section&#8221; _builder_version=&#8221;4.24.2&#8243; _dynamic_attributes=&#8221;background_image&#8221; _module_preset=&#8221;default&#8221; background_image=&#8221;@ET-DC@eyJkeW5hbWljIjp0cnVlLCJjb250ZW50IjoicG9zdF9mZWF0dXJlZF9pbWFnZSIsInNldHRpbmdzIjp7fX0=@&#8221; height_tablet=&#8221;auto&#8221; height_phone=&#8221;auto&#8221; height_last_edited=&#8221;off|phone&#8221; custom_padding=&#8221;0px|0px|0px|0px|true|true&#8221; locked=&#8221;off&#8221; global_colors_info=&#8221;{}&#8221;][et_pb_row column_structure=&#8221;2_3,1_3&#8243; _builder_version=&#8221;4.24.2&#8243; _module_preset=&#8221;default&#8221; custom_margin=&#8221;140px||||false|false&#8221; custom_padding=&#8221;||||false|false&#8221; global_colors_info=&#8221;{}&#8221;][et_pb_column type=&#8221;2_3&#8243; module_class=&#8221;trip-title-column&#8221; _builder_version=&#8221;4.24.2&#8243; _module_preset=&#8221;default&#8221; global_colors_info=&#8221;{}&#8221;][et_pb_text _builder_version=&#8221;4.24.2&#8243; _dynamic_attributes=&#8221;content&#8221; _module_preset=&#8221;default&#8221; text_font=&#8221;||||||||&#8221; header_font=&#8221;|700|||||||&#8221; header_text_color=&#8221;#FFFFFF&#8221; header_font_size=&#8221;80px&#8221; header_line_height=&#8221;1.3em&#8221; custom_margin=&#8221;30vh||||false|false&#8221; custom_margin_tablet=&#8221;30vh||||false|false&#8221; custom_margin_phone=&#8221;15vh||||false|false&#8221; custom_margin_last_edited=&#8221;on|phone&#8221; custom_padding_tablet=&#8221;&#8221; custom_padding_phone=&#8221;||||false|false&#8221; custom_padding_last_edited=&#8221;on|phone&#8221; header_font_size_tablet=&#8221;80px&#8221; header_font_size_phone=&#8221;36px&#8221; header_font_size_last_edited=&#8221;on|phone&#8221; global_colors_info=&#8221;{}&#8221;]@ET-DC@eyJkeW5hbWljIjp0cnVlLCJjb250ZW50IjoicG9zdF90aXRsZSIsInNldHRpbmdzIjp7ImJlZm9yZSI6IjxoMT4iLCJhZnRlciI6IjxcL2gxPiJ9fQ==@[\/et_pb_text][et_pb_de_mach_acf_item acf_name=&#8221;field_65e1b95644a9f&#8221; show_label=&#8221;off&#8221; suffix=&#8221; jours&#8221; use_icon=&#8221;on&#8221; font_icon=&#8221;&#xf073;||fa||900&#8243; icon_color=&#8221;#FFFFFF&#8221; use_icon_font_size=&#8221;on&#8221; icon_font_size=&#8221;20px&#8221; admin_label=&#8221;Dur\u00e9e&#8221; module_id=&#8221;trip-info-duration-padding&#8221; module_class=&#8221;trip-info-duration inline-info&#8221; _builder_version=&#8221;4.24.2&#8243; _module_preset=&#8221;default&#8221; title_css_font=&#8221;|700|||||||&#8221; title_css_text_color=&#8221;#FFFFFF&#8221; title_css_font_size=&#8221;18px&#8221; custom_padding=&#8221;|25px|||false|false&#8221; border_width_right=&#8221;2px&#8221; border_color_right=&#8221;#FFFFFF&#8221; border_width_right_tablet=&#8221;2px&#8221; border_width_right_phone=&#8221;0px&#8221; border_width_right_last_edited=&#8221;on|phone&#8221; global_colors_info=&#8221;{}&#8221;][\/et_pb_de_mach_acf_item][et_pb_de_mach_acf_item acf_name=&#8221;field_65e1b7da44a9d&#8221; show_label=&#8221;off&#8221; use_icon=&#8221;on&#8221; font_icon=&#8221;&#xf6fc;||fa||900&#8243; icon_color=&#8221;#FFFFFF&#8221; use_icon_font_size=&#8221;on&#8221; icon_font_size=&#8221;20px&#8221; admin_label=&#8221;Difficult\u00e9&#8221; module_class=&#8221;trip-info-difficulty inline-info&#8221; _builder_version=&#8221;4.24.2&#8243; _module_preset=&#8221;default&#8221; title_css_font=&#8221;|700|||||||&#8221; title_css_text_color=&#8221;#FFFFFF&#8221; title_css_font_size=&#8221;18px&#8221; custom_padding=&#8221;|25px||25px|false|true&#8221; border_width_right=&#8221;2px&#8221; border_color_right=&#8221;#FFFFFF&#8221; border_width_right_tablet=&#8221;2px&#8221; border_width_right_phone=&#8221;0px&#8221; border_width_right_last_edited=&#8221;on|phone&#8221; global_colors_info=&#8221;{}&#8221;][\/et_pb_de_mach_acf_item][et_pb_de_mach_acf_item acf_name=&#8221;field_65e1b90144a9e&#8221; show_label=&#8221;off&#8221; suffix=&#8221; personnes&#8221; use_icon=&#8221;on&#8221; font_icon=&#8221;&#xf0c0;||fa||900&#8243; icon_color=&#8221;#FFFFFF&#8221; use_icon_font_size=&#8221;on&#8221; icon_font_size=&#8221;20px&#8221; admin_label=&#8221;Taille du groupe&#8221; module_class=&#8221;trip-info-group-size inline-info&#8221; _builder_version=&#8221;4.24.2&#8243; _module_preset=&#8221;default&#8221; title_css_font=&#8221;|700|||||||&#8221; title_css_text_color=&#8221;#FFFFFF&#8221; title_css_font_size=&#8221;18px&#8221; custom_padding=&#8221;|||25px|false|false&#8221; global_colors_info=&#8221;{}&#8221;][\/et_pb_de_mach_acf_item][et_pb_code _builder_version=&#8221;4.24.2&#8243; _module_preset=&#8221;default&#8221; global_colors_info=&#8221;{}&#8221;]<\/p>\n<div class=\"trip-infos-inline-container\"><!-- [et_pb_line_break_holder] -->  <!-- [et_pb_line_break_holder] --><\/div>\n<p>[\/et_pb_code][\/et_pb_column][et_pb_column type=&#8221;1_3&#8243; module_class=&#8221;trip-infos-column&#8221; _builder_version=&#8221;4.24.2&#8243; _module_preset=&#8221;default&#8221; background_color=&#8221;#FFFFFF&#8221; custom_padding=&#8221;30px|30px|30px|30px|true|true&#8221; border_radii=&#8221;on|20px|20px|20px|20px&#8221; global_colors_info=&#8221;{}&#8221;][et_pb_text admin_label=&#8221;Titre&#8221; _builder_version=&#8221;4.24.2&#8243; _dynamic_attributes=&#8221;content&#8221; _module_preset=&#8221;default&#8221; text_font=&#8221;|700||on|||||&#8221; text_font_size=&#8221;20px&#8221; custom_margin=&#8221;||15px||false|false&#8221; custom_padding=&#8221;||0px||false|false&#8221; global_colors_info=&#8221;{}&#8221;]@ET-DC@eyJkeW5hbWljIjp0cnVlLCJjb250ZW50IjoicG9zdF90aXRsZSIsInNldHRpbmdzIjp7ImJlZm9yZSI6IiIsImFmdGVyIjoiIn19@[\/et_pb_text][et_pb_blurb title=&#8221;Activities&#8221; use_icon=&#8221;on&#8221; font_icon=&#8221;&#xf70c;||fa||900&#8243; icon_placement=&#8221;left&#8221; image_icon_width=&#8221;26px&#8221; admin_label=&#8221;R\u00e9sum\u00e9 &#8211; Activit\u00e9s&#8221; _builder_version=&#8221;4.24.2&#8243; _module_preset=&#8221;default&#8221; header_font=&#8221;|700|||||||&#8221; header_text_color=&#8221;#0B7A75&#8243; custom_margin=&#8221;||10px||false|false&#8221; custom_padding=&#8221;15px||0px||false|false&#8221; border_width_top=&#8221;2px&#8221; border_color_top=&#8221;#FBEFEF&#8221; global_colors_info=&#8221;{}&#8221;][\/et_pb_blurb][et_pb_de_mach_post_meta display_inline=&#8221;on&#8221; admin_label=&#8221;Meta &#8211; Activit\u00e9s&#8221; _builder_version=&#8221;4.24.2&#8243; _module_preset=&#8221;default&#8221; custom_padding=&#8221;||0px||false|false&#8221; global_colors_info=&#8221;{}&#8221;][et_pb_de_mach_post_meta_item meta_item=&#8221;taxonomy&#8221; custom_tax_choose=&#8221;activite&#8221; post_type_choose=&#8221;sejour&#8221; show_label=&#8221;off&#8221; values_as_btns=&#8221;on&#8221; _builder_version=&#8221;4.24.2&#8243; _module_preset=&#8221;default&#8221; meta_item_text_color=&#8221;#0B7A75&#8243; custom_button=&#8221;on&#8221; button_text_size=&#8221;16px&#8221; button_text_color=&#8221;#0B7A75&#8243; button_bg_color=&#8221;#FFFFFF&#8221; button_border_width=&#8221;2px&#8221; button_border_color=&#8221;#0B7A75&#8243; button_border_radius=&#8221;50px&#8221; button_font=&#8221;|700|||||||&#8221; button_use_icon=&#8221;off&#8221; button_text_color_last_edited=&#8221;off|desktop&#8221; border_color_all=&#8221;#0B7A75&#8243; global_colors_info=&#8221;{}&#8221; button_bg_color__hover_enabled=&#8221;off|desktop&#8221; button_bg_color__hover=&#8221;#0B7A75&#8243; button_bg_enable_color__hover=&#8221;on&#8221; button_border_color__hover_enabled=&#8221;off|hover&#8221; button_text_color__hover_enabled=&#8221;off|desktop&#8221; button_text_color__hover=&#8221;#FBEFEF&#8221;][\/et_pb_de_mach_post_meta_item][\/et_pb_de_mach_post_meta][et_pb_blurb title=&#8221;Difficulty&#8221; use_icon=&#8221;on&#8221; font_icon=&#8221;&#xf6fc;||fa||900&#8243; icon_placement=&#8221;left&#8221; image_icon_width=&#8221;26px&#8221; admin_label=&#8221;R\u00e9sum\u00e9 &#8211; Difficult\u00e9&#8221; _builder_version=&#8221;4.24.2&#8243; _module_preset=&#8221;default&#8221; header_font=&#8221;|700|||||||&#8221; header_text_color=&#8221;#0B7A75&#8243; custom_margin=&#8221;||10px||false|false&#8221; custom_padding=&#8221;15px||0px||false|false&#8221; border_width_top=&#8221;2px&#8221; border_color_top=&#8221;#FBEFEF&#8221; global_colors_info=&#8221;{}&#8221;][\/et_pb_blurb][et_pb_de_mach_acf_item acf_name=&#8221;field_65e1b7da44a9d&#8221; show_label=&#8221;off&#8221; admin_label=&#8221;Meta &#8211; Difficult\u00e9&#8221; _builder_version=&#8221;4.24.2&#8243; _module_preset=&#8221;default&#8221; title_css_font=&#8221;|700|||||||&#8221; title_css_text_color=&#8221;#0B7A75&#8243; title_css_font_size=&#8221;16px&#8221; custom_margin=&#8221;||15px||false|false&#8221; global_colors_info=&#8221;{}&#8221;][\/et_pb_de_mach_acf_item][et_pb_blurb title=&#8221;Duration&#8221; use_icon=&#8221;on&#8221; font_icon=&#8221;&#xf2f2;||fa||900&#8243; icon_placement=&#8221;left&#8221; image_icon_width=&#8221;26px&#8221; admin_label=&#8221;R\u00e9sum\u00e9 &#8211; Dur\u00e9e&#8221; _builder_version=&#8221;4.24.2&#8243; _module_preset=&#8221;default&#8221; header_font=&#8221;|700|||||||&#8221; header_text_color=&#8221;#0B7A75&#8243; custom_margin=&#8221;||10px||false|false&#8221; custom_padding=&#8221;15px||0px||false|false&#8221; border_width_top=&#8221;2px&#8221; border_color_top=&#8221;#FBEFEF&#8221; global_colors_info=&#8221;{}&#8221;][\/et_pb_blurb][et_pb_de_mach_acf_item acf_name=&#8221;field_65e1b95644a9f&#8221; show_label=&#8221;off&#8221; suffix=&#8221; jours&#8221; admin_label=&#8221;ACF Item &#8211; Dur\u00e9e&#8221; _builder_version=&#8221;4.24.2&#8243; _module_preset=&#8221;default&#8221; title_css_font=&#8221;|700|||||||&#8221; title_css_text_color=&#8221;#0B7A75&#8243; title_css_font_size=&#8221;16px&#8221; custom_margin=&#8221;||15px||false|false&#8221; global_colors_info=&#8221;{}&#8221;][\/et_pb_de_mach_acf_item][et_pb_blurb title=&#8221;Dates&#8221; use_icon=&#8221;on&#8221; font_icon=&#8221;&#xf073;||fa||900&#8243; icon_placement=&#8221;left&#8221; image_icon_width=&#8221;26px&#8221; admin_label=&#8221;R\u00e9sum\u00e9 &#8211; Dates&#8221; _builder_version=&#8221;4.24.2&#8243; _module_preset=&#8221;default&#8221; header_font=&#8221;|700|||||||&#8221; header_text_color=&#8221;#0B7A75&#8243; custom_margin=&#8221;||10px||false|false&#8221; custom_padding=&#8221;15px||0px||false|false&#8221; border_width_top=&#8221;2px&#8221; border_color_top=&#8221;#FBEFEF&#8221; global_colors_info=&#8221;{}&#8221;][\/et_pb_blurb][et_pb_code admin_label=&#8221;Shortcode &#8211; Dates&#8221; _builder_version=&#8221;4.24.2&#8243; _module_preset=&#8221;default&#8221; global_colors_info=&#8221;{}&#8221;]<div class=\"travel-next-dates-container whp_get_travel_dates_only\"><div target=\u201d_blank\u201d class='detail-next-date-container'><p class=\"detail-next-date\">19 Jul.<\/p><p class=\"detail-remaining-places\">In progress<\/p><\/div><div target=\u201d_blank\u201d class='detail-next-date-container'><p class=\"detail-next-date\">9 Aug.<\/p><p class=\"detail-remaining-places\">In progress<\/p><\/div><\/div>[\/et_pb_code][et_pb_blurb title=&#8221;Price&#8221; use_icon=&#8221;on&#8221; font_icon=&#8221;&#xf153;||fa||900&#8243; icon_placement=&#8221;left&#8221; image_icon_width=&#8221;26px&#8221; admin_label=&#8221;R\u00e9sum\u00e9 &#8211; Prix&#8221; _builder_version=&#8221;4.24.2&#8243; _module_preset=&#8221;default&#8221; header_font=&#8221;|700|||||||&#8221; header_text_color=&#8221;#0B7A75&#8243; custom_margin=&#8221;||10px||false|false&#8221; custom_padding=&#8221;15px||0px||false|false&#8221; border_width_top=&#8221;2px&#8221; border_color_top=&#8221;#FBEFEF&#8221; global_colors_info=&#8221;{}&#8221;][\/et_pb_blurb][et_pb_code admin_label=&#8221;Shortcode &#8211; Prices&#8221; _builder_version=&#8221;4.24.2&#8243; _module_preset=&#8221;default&#8221; global_colors_info=&#8221;{}&#8221;]<div class=\"trip-price-container\"><p class=\"trip-price\">From <span>1320.00 \u20ac<\/span><\/p><\/div>[\/et_pb_code][et_pb_button button_url=&#8221;#prochains-departs&#8221; url_new_window=&#8221;on&#8221; button_text=&#8221;Book&#8221; admin_label=&#8221;Bouton &#8211; R\u00e9server&#8221; module_class=&#8221;book-trip-btn inline-btn&#8221; _builder_version=&#8221;4.24.2&#8243; _module_preset=&#8221;default&#8221; button_use_icon=&#8221;off&#8221; z_index=&#8221;5&#8243; custom_margin=&#8221;||0px||false|false&#8221; custom_padding=&#8221;0px||0px||true|false&#8221; global_colors_info=&#8221;{}&#8221;][\/et_pb_button][et_pb_button button_url=&#8221;@ET-DC@eyJkeW5hbWljIjp0cnVlLCJjb250ZW50IjoiY3VzdG9tX21ldGFfZmljaGVfcGRmIiwic2V0dGluZ3MiOnsiYmVmb3JlIjoiIiwiYWZ0ZXIiOiIiLCJlbmFibGVfaHRtbCI6Im9mZiJ9fQ==@&#8221; url_new_window=&#8221;on&#8221; button_text=&#8221;PDF file&#8221; admin_label=&#8221;Bouton &#8211; Fiche PDF&#8221; module_class=&#8221;pdf-sheet-btn inline-btn&#8221; _builder_version=&#8221;4.24.2&#8243; _dynamic_attributes=&#8221;button_url&#8221; _module_preset=&#8221;default&#8221; button_text_color=&#8221;#0B7A75&#8243; button_bg_color=&#8221;#FFFFFF&#8221; button_border_width=&#8221;2px&#8221; button_icon=&#8221;&#xe092;||divi||400&#8243; button_icon_placement=&#8221;left&#8221; button_on_hover=&#8221;off&#8221; custom_padding=&#8221;0px||0px||true|false&#8221; sticky_limit_top=&#8221;section&#8221; sticky_position_tablet=&#8221;&#8221; sticky_position_phone=&#8221;&#8221; sticky_position_last_edited=&#8221;on|phone&#8221; global_colors_info=&#8221;{}&#8221;][\/et_pb_button][et_pb_code _builder_version=&#8221;4.24.2&#8243; _module_preset=&#8221;default&#8221; z_index=&#8221;5&#8243; custom_margin=&#8221;0px||0px||true|false&#8221; custom_padding=&#8221;0px||0px||true|true&#8221; sticky_position=&#8221;top&#8221; sticky_offset_top=&#8221;100vh&#8221; sticky_transition=&#8221;off&#8221; sticky_position_tablet=&#8221;top&#8221; sticky_position_phone=&#8221;none&#8221; sticky_position_last_edited=&#8221;on|phone&#8221; sticky_offset_top_tablet=&#8221;100vh&#8221; sticky_offset_top_phone=&#8221;0vh&#8221; sticky_offset_top_last_edited=&#8221;on|phone&#8221; custom_css_free_form=&#8221;selector {||  z-index: 5 !important;||}&#8221; global_colors_info=&#8221;{}&#8221;]<\/p>\n<div class=\"inline-btn-container\"><!-- [et_pb_line_break_holder] -->  <!-- [et_pb_line_break_holder] --><\/div>\n<p>[\/et_pb_code][\/et_pb_column][\/et_pb_row][\/et_pb_section][et_pb_section fb_built=&#8221;1&#8243; custom_padding_last_edited=&#8221;on|phone&#8221; admin_label=&#8221;Section Podcast&#8221; _builder_version=&#8221;4.24.2&#8243; _module_preset=&#8221;default&#8221; background_color=&#8221;#ECF8F3&#8243; custom_margin_tablet=&#8221;&#8221; custom_margin_phone=&#8221;||||false|false&#8221; custom_margin_last_edited=&#8221;on|phone&#8221; custom_padding=&#8221;||30px|||&#8221; custom_padding_tablet=&#8221;&#8221; custom_padding_phone=&#8221;||0px||false|false&#8221; locked=&#8221;off&#8221; global_colors_info=&#8221;{}&#8221;][et_pb_row custom_padding_last_edited=&#8221;on|phone&#8221; _builder_version=&#8221;4.24.2&#8243; _module_preset=&#8221;default&#8221; max_width=&#8221;70%&#8221; max_width_tablet=&#8221;90%&#8221; max_width_phone=&#8221;90%&#8221; max_width_last_edited=&#8221;on|phone&#8221; module_alignment=&#8221;left&#8221; custom_margin=&#8221;||||false|false&#8221; custom_margin_tablet=&#8221;||||false|false&#8221; custom_margin_phone=&#8221;||||false|false&#8221; custom_margin_last_edited=&#8221;on|phone&#8221; custom_padding=&#8221;|||70px|false|false&#8221; custom_padding_tablet=&#8221;|||70px|false|false&#8221; custom_padding_phone=&#8221;0px|||0px|false|false&#8221; module_alignment_tablet=&#8221;left&#8221; module_alignment_phone=&#8221;center&#8221; module_alignment_last_edited=&#8221;on|phone&#8221; global_colors_info=&#8221;{}&#8221;][et_pb_column type=&#8221;4_4&#8243; _builder_version=&#8221;4.24.2&#8243; _module_preset=&#8221;default&#8221; global_colors_info=&#8221;{}&#8221;][et_pb_text _builder_version=&#8221;4.24.2&#8243; _module_preset=&#8221;default&#8221; header_2_font_size_tablet=&#8221;&#8221; header_2_font_size_phone=&#8221;34px&#8221; header_2_font_size_last_edited=&#8221;on|phone&#8221; global_colors_info=&#8221;{}&#8221;]<\/p>\n<h2>About the Grand Tour du Valais et du Haut-Giffre trek<\/h2>\n<p>[\/et_pb_text][et_pb_text _builder_version=&#8221;4.24.2&#8243; _module_preset=&#8221;default&#8221; custom_margin_tablet=&#8221;&#8221; custom_margin_phone=&#8221;||||false|false&#8221; custom_margin_last_edited=&#8221;on|phone&#8221; custom_padding_tablet=&#8221;&#8221; custom_padding_phone=&#8221;||||false|false&#8221; custom_padding_last_edited=&#8221;on|phone&#8221; global_colors_info=&#8221;{}&#8221;]<\/p>\n<p><span>A unique tour combining the &#8220;dents Blanches&#8221;, the &#8220;dents du Midi&#8221; and the high limestone peaks of the Haut Giffre valley, during which you&#8217;ll cross the Sixt Passy Nature Reserve.<\/span><\/p>\n<p><span>In 12 days, complete a 165-kilometer tour with 12,500 meters of ascent! Wild and grandiose, this itinerant tour of the Valais Haut Giffre offers superb views of the Mont Blanc massif. <\/span><\/p>\n<p><span>Through a route of alpine pastures and lunar scenery, it brings together a mix of moods and atmospheres. With its mountain lakes, rich endemic fauna, numerous passes (ten) and two borders, this Grand Tour du Valais Haut Giffre has nothing to envy the famous Tour du Mont Blanc. <\/span><\/p>\n<p><span>Welcome to the Wild and the Unique, an interlude in time, to live in the moment.<\/span><\/p>\n<p><span><\/span><\/p>\n<p>[\/et_pb_text][et_pb_audio _builder_version=&#8221;4.24.2&#8243; _module_preset=&#8221;default&#8221; border_radii=&#8221;on|15px|15px|15px|15px&#8221; global_colors_info=&#8221;{}&#8221;][\/et_pb_audio][\/et_pb_column][\/et_pb_row][\/et_pb_section][et_pb_section fb_built=&#8221;1&#8243; custom_padding_last_edited=&#8221;on|phone&#8221; admin_label=&#8221;Section Vous partirez avec&#8221; _builder_version=&#8221;4.24.2&#8243; _module_preset=&#8221;default&#8221; background_color=&#8221;#ECF8F3&#8243; custom_margin=&#8221;||||false|false&#8221; custom_padding=&#8221;13px||0px|70px|false|false&#8221; custom_padding_tablet=&#8221;&#8221; custom_padding_phone=&#8221;||0px|0px|false|false&#8221; global_module=&#8221;3755&#8243; locked=&#8221;off&#8221; global_colors_info=&#8221;{}&#8221;][et_pb_row column_structure=&#8221;1_2,1_2&#8243; custom_padding_last_edited=&#8221;on|phone&#8221; _builder_version=&#8221;4.24.2&#8243; _module_preset=&#8221;default&#8221; background_color=&#8221;#FFFFFF&#8221; max_width=&#8221;70%&#8221; max_width_tablet=&#8221;70%&#8221; max_width_phone=&#8221;90%&#8221; max_width_last_edited=&#8221;on|phone&#8221; module_alignment=&#8221;left&#8221; custom_margin=&#8221;||||false|false&#8221; custom_padding=&#8221;0px||0px||true|false&#8221; custom_padding_tablet=&#8221;0px||0px|70px|true|false&#8221; custom_padding_phone=&#8221;0px||0px|0px|true|false&#8221; module_alignment_tablet=&#8221;center&#8221; module_alignment_phone=&#8221;&#8221; module_alignment_last_edited=&#8221;on|phone&#8221; border_radii=&#8221;on|20px|20px|20px|20px&#8221; locked=&#8221;off&#8221; global_colors_info=&#8221;{}&#8221;][et_pb_column type=&#8221;1_2&#8243; _builder_version=&#8221;4.24.2&#8243; _module_preset=&#8221;default&#8221; background_color=&#8221;#FFFFFF&#8221; custom_padding=&#8221;30px|40px|0px|40px|false|true&#8221; border_radii=&#8221;on|15px|15px|15px|15px&#8221; global_colors_info=&#8221;{}&#8221;][et_pb_text _builder_version=&#8221;4.24.2&#8243; _module_preset=&#8221;default&#8221; text_font=&#8221;|700|||||||&#8221; text_font_size=&#8221;36px&#8221; min_height=&#8221;40px&#8221; custom_margin=&#8221;||10px||false|false&#8221; text_font_size_tablet=&#8221;40px&#8221; text_font_size_phone=&#8221;26px&#8221; text_font_size_last_edited=&#8221;on|phone&#8221; global_colors_info=&#8221;{}&#8221;]<\/p>\n<p>You will leave with :<\/p>\n<p>[\/et_pb_text][et_pb_text _builder_version=&#8221;4.24.2&#8243; _module_preset=&#8221;default&#8221; text_font=&#8221;|700||on|||||&#8221; text_font_size=&#8221;24px&#8221; header_font=&#8221;||||||||&#8221; custom_margin=&#8221;0px||0px||true|false&#8221; custom_padding=&#8221;0px||0px||true|false&#8221; text_font_size_tablet=&#8221;24px&#8221; text_font_size_phone=&#8221;22px&#8221; text_font_size_last_edited=&#8221;on|phone&#8221; global_colors_info=&#8221;{}&#8221;]<\/p>\n<p>S\u00e9bastien<\/p>\n<p>[\/et_pb_text][et_pb_text _builder_version=&#8221;4.24.2&#8243; _module_preset=&#8221;default&#8221; text_font=&#8221;||||||||&#8221; text_font_size=&#8221;18px&#8221; header_font=&#8221;||||||||&#8221; custom_margin=&#8221;0px||0px||true|false&#8221; custom_padding=&#8221;0px||0px||true|false&#8221; global_colors_info=&#8221;{}&#8221;]<\/p>\n<p>Mont-Blanc specialist<\/p>\n<p>[\/et_pb_text][et_pb_text _builder_version=&#8221;4.24.2&#8243; _module_preset=&#8221;default&#8221; text_font=&#8221;|300|on||||||&#8221; header_font=&#8221;||||||||&#8221; custom_margin=&#8221;20px||30px||false|false&#8221; custom_padding=&#8221;0px||0px||true|false&#8221; global_colors_info=&#8221;{}&#8221;]<\/p>\n<p>&#8220;The trip to the mountains is a moment of discovery. So you shouldn&#8217;t try to arrive before you&#8217;ve left to take full advantage of it!&#8221;<\/p>\n<p>[\/et_pb_text][\/et_pb_column][et_pb_column type=&#8221;1_2&#8243; _builder_version=&#8221;4.24.2&#8243; _module_preset=&#8221;default&#8221; global_colors_info=&#8221;{}&#8221;][et_pb_image src=&#8221;https:\/\/watse.fr\/wp-content\/uploads\/2024\/08\/Detourage_Seb.png&#8221; alt=&#8221;Seb&#8221; title_text=&#8221;Image 14-min&#8221; align=&#8221;center&#8221; align_tablet=&#8221;&#8221; align_phone=&#8221;center&#8221; align_last_edited=&#8221;on|phone&#8221; _builder_version=&#8221;4.24.2&#8243; _module_preset=&#8221;default&#8221; height=&#8221;250px&#8221; global_colors_info=&#8221;{}&#8221;][\/et_pb_image][\/et_pb_column][\/et_pb_row][\/et_pb_section][et_pb_section fb_built=&#8221;1&#8243; admin_label=&#8221;Section Galerie photo&#8221; _builder_version=&#8221;4.24.2&#8243; _module_preset=&#8221;default&#8221; background_color=&#8221;#ECF8F3&#8243; custom_margin=&#8221;||||false|false&#8221; custom_padding=&#8221;0px||0px||false|false&#8221; locked=&#8221;off&#8221; global_colors_info=&#8221;{}&#8221;][et_pb_row custom_padding_last_edited=&#8221;on|phone&#8221; _builder_version=&#8221;4.24.2&#8243; _module_preset=&#8221;default&#8221; custom_margin=&#8221;||||false|false&#8221; custom_padding=&#8221;||20px||false|false&#8221; custom_padding_tablet=&#8221;||20px||false|false&#8221; custom_padding_phone=&#8221;||0px||false|false&#8221; global_colors_info=&#8221;{}&#8221;][et_pb_column type=&#8221;4_4&#8243; _builder_version=&#8221;4.24.2&#8243; _module_preset=&#8221;default&#8221; global_colors_info=&#8221;{}&#8221;][et_pb_text _builder_version=&#8221;4.24.2&#8243; _module_preset=&#8221;default&#8221; header_3_text_color=&#8221;#0B7A75&#8243; header_3_font_size=&#8221;40px&#8221; width=&#8221;70%&#8221; custom_margin=&#8221;||20px||false|false&#8221; custom_padding=&#8221;||||false|false&#8221; header_3_font_size_tablet=&#8221;40px&#8221; header_3_font_size_phone=&#8221;30px&#8221; header_3_font_size_last_edited=&#8221;on|phone&#8221; text_orientation_tablet=&#8221;&#8221; text_orientation_phone=&#8221;center&#8221; text_orientation_last_edited=&#8221;on|phone&#8221; global_colors_info=&#8221;{}&#8221;]<\/p>\n<h3>Photo gallery of the Grand Tour du Valais et du Haut-Giffre<\/h3>\n<p>[\/et_pb_text][et_pb_image src=&#8221;https:\/\/watse.fr\/wp-content\/uploads\/2024\/08\/Grande-Traversee-J2-Valais-Haut-Giffre.jpg&#8221; alt=&#8221;Grande Travers\u00e9e J2 Valais Haut Giffre&#8221; title_text=&#8221;Grande-Travers\u00e9e-J2-Valais-Haut-Giffre&#8221; disabled_on=&#8221;on|on|off&#8221; _builder_version=&#8221;4.24.2&#8243; _module_preset=&#8221;default&#8221; background_enable_image=&#8221;off&#8221; width=&#8221;100vh&#8221; custom_css_free_form=&#8221;selector img{||  width: 100vw;||  height: 60vh !important;||}&#8221; global_colors_info=&#8221;{}&#8221;][\/et_pb_image][\/et_pb_column][\/et_pb_row][et_pb_row custom_padding_last_edited=&#8221;on|phone&#8221; _builder_version=&#8221;4.24.2&#8243; _module_preset=&#8221;default&#8221; max_width_tablet=&#8221;&#8221; max_width_phone=&#8221;90%&#8221; max_width_last_edited=&#8221;on|phone&#8221; custom_margin=&#8221;||||false|false&#8221; custom_padding=&#8221;0px||||false|false&#8221; custom_padding_tablet=&#8221;0px||||false|false&#8221; custom_padding_phone=&#8221;0px||0px||false|false&#8221; module_alignment_tablet=&#8221;&#8221; module_alignment_phone=&#8221;center&#8221; module_alignment_last_edited=&#8221;on|phone&#8221; global_colors_info=&#8221;{}&#8221;][et_pb_column type=&#8221;4_4&#8243; _builder_version=&#8221;4.24.2&#8243; _module_preset=&#8221;default&#8221; global_colors_info=&#8221;{}&#8221;][et_pb_gallery gallery_ids=&#8221;58272,58274,58275,58276,58271,58269&#8243; show_title_and_caption=&#8221;off&#8221; show_pagination=&#8221;off&#8221; zoom_icon_color=&#8221;#FFFFFF&#8221; hover_overlay_color=&#8221;rgba(0,0,0,0.3)&#8221; hover_icon=&#8221;T||divi||400&#8243; _builder_version=&#8221;4.24.2&#8243; _module_preset=&#8221;default&#8221; title_font_size=&#8221;1px&#8221; pagination_font_size=&#8221;1px&#8221; width=&#8221;90%&#8221; max_width=&#8221;100vh&#8221; max_width_tablet=&#8221;100vh&#8221; max_width_phone=&#8221;100%&#8221; max_width_last_edited=&#8221;on|phone&#8221; custom_margin=&#8221;||||false|false&#8221; custom_padding=&#8221;||||false|false&#8221; module_alignment_tablet=&#8221;&#8221; module_alignment_phone=&#8221;center&#8221; module_alignment_last_edited=&#8221;on|phone&#8221; border_radii_image=&#8221;on|10px|10px|10px|10px&#8221; box_shadow_style_image=&#8221;preset1&#8243; global_colors_info=&#8221;{}&#8221;][\/et_pb_gallery][\/et_pb_column][\/et_pb_row][\/et_pb_section][et_pb_section fb_built=&#8221;1&#8243; custom_padding_last_edited=&#8221;on|phone&#8221; admin_label=&#8221;Section le parcours&#8221; _builder_version=&#8221;4.24.2&#8243; _module_preset=&#8221;default&#8221; background_color=&#8221;#ECF8F3&#8243; custom_margin_tablet=&#8221;&#8221; custom_margin_phone=&#8221;||||false|false&#8221; custom_margin_last_edited=&#8221;on|phone&#8221; custom_padding_tablet=&#8221;&#8221; custom_padding_phone=&#8221;0px||0px||false|false&#8221; locked=&#8221;off&#8221; global_colors_info=&#8221;{}&#8221;][et_pb_row _builder_version=&#8221;4.24.2&#8243; _module_preset=&#8221;default&#8221; global_colors_info=&#8221;{}&#8221;][et_pb_column type=&#8221;4_4&#8243; _builder_version=&#8221;4.24.2&#8243; _module_preset=&#8221;default&#8221; global_colors_info=&#8221;{}&#8221;][et_pb_text _builder_version=&#8221;4.24.2&#8243; _module_preset=&#8221;default&#8221; header_3_text_color=&#8221;#0B7A75&#8243; header_3_font_size=&#8221;40px&#8221; width=&#8221;70%&#8221; header_3_font_size_tablet=&#8221;40px&#8221; header_3_font_size_phone=&#8221;30px&#8221; header_3_font_size_last_edited=&#8221;on|phone&#8221; text_orientation_tablet=&#8221;&#8221; text_orientation_phone=&#8221;center&#8221; text_orientation_last_edited=&#8221;on|phone&#8221; global_colors_info=&#8221;{}&#8221;]<\/p>\n<h3>The route of the <span data-sheets-root=\"1\" data-sheets-value=\"{\"1\":2,\"2\":\"Grand Tour du Valais et du Haut-Giffre\"}\" data-sheets-userformat=\"{\"2\":15037,\"3\":{\"1\":0},\"5\":{\"1\":[{\"1\":2,\"2\":0,\"5\":{\"1\":2,\"2\":0}},{\"1\":0,\"2\":0,\"3\":3},{\"1\":1,\"2\":0,\"4\":1}]},\"6\":{\"1\":[{\"1\":2,\"2\":0,\"5\":{\"1\":2,\"2\":0}},{\"1\":0,\"2\":0,\"3\":3},{\"1\":1,\"2\":0,\"4\":1}]},\"7\":{\"1\":[{\"1\":2,\"2\":0,\"5\":{\"1\":2,\"2\":0}},{\"1\":0,\"2\":0,\"3\":3},{\"1\":1,\"2\":0,\"4\":1}]},\"8\":{\"1\":[{\"1\":2,\"2\":0,\"5\":{\"1\":2,\"2\":0}},{\"1\":0,\"2\":0,\"3\":3},{\"1\":1,\"2\":0,\"4\":1}]},\"10\":0,\"12\":0,\"14\":{\"1\":2,\"2\":0},\"15\":\"\\\"Helvetica Neue\\\"\",\"16\":8}\">Grand Tour du Valais et du Haut-Giffre<\/span><\/h3>\n<p>[\/et_pb_text][et_pb_code _builder_version=&#8221;4.24.2&#8243; _module_preset=&#8221;default&#8221; global_colors_info=&#8221;{}&#8221;]<iframe src=\"https:\/\/www.visugpx.com\/DIsH0se3uC?iframe&amp;maponly\" allowfullscreen=\"\" style=\"border: 0;width: 1200px; max-width: 90%; height:540px;\" scrolling=\"no\"><\/iframe><!-- [et_pb_line_break_holder] -->[\/et_pb_code][\/et_pb_column][\/et_pb_row][\/et_pb_section][et_pb_section fb_built=&#8221;1&#8243; custom_padding_last_edited=&#8221;on|phone&#8221; admin_label=&#8221;Section prochains d\u00e9parts&#8221; module_id=&#8221;next departures&#8221; _builder_version=&#8221;4.24.2&#8243; _module_preset=&#8221;default&#8221; background_color=&#8221;#ECF8F3&#8243; custom_padding_tablet=&#8221;&#8221; custom_padding_phone=&#8221;||0px||false|false&#8221; locked=&#8221;off&#8221; global_colors_info=&#8221;{}&#8221;][et_pb_row column_structure=&#8221;2_3,1_3&#8243; custom_padding_last_edited=&#8221;on|phone&#8221; _builder_version=&#8221;4.24.2&#8243; _module_preset=&#8221;default&#8221; custom_padding_tablet=&#8221;&#8221; custom_padding_phone=&#8221;|10px|||false|false&#8221; global_colors_info=&#8221;{}&#8221;][et_pb_column type=&#8221;2_3&#8243; _builder_version=&#8221;4.24.2&#8243; _module_preset=&#8221;default&#8221; global_colors_info=&#8221;{}&#8221;][et_pb_text _builder_version=&#8221;4.24.2&#8243; _module_preset=&#8221;default&#8221; header_3_text_color=&#8221;#0B7A75&#8243; header_3_font_size=&#8221;40px&#8221; header_3_font_size_tablet=&#8221;40px&#8221; header_3_font_size_phone=&#8221;30px&#8221; header_3_font_size_last_edited=&#8221;on|phone&#8221; text_orientation_tablet=&#8221;&#8221; text_orientation_phone=&#8221;center&#8221; text_orientation_last_edited=&#8221;on|phone&#8221; global_colors_info=&#8221;{}&#8221;]<\/p>\n<h3>Upcoming departures<\/h3>\n<p>[\/et_pb_text][et_pb_code _builder_version=&#8221;4.24.2&#8243; _module_preset=&#8221;default&#8221; global_colors_info=&#8221;{}&#8221;]<div class=\"travel-next-dates-container get_dates_shortcode\"><a href='https:\/\/watse.fr\/en\/reservation\/?id=WATSE4587KL&idwrdepart=4400818&alt=1&lng=en#confirmation' class='travel-next-date-container'><div class=\"travel-next-date-col-1 travel-next-date-col\"><p class=\"travel-next-date\">From <span>19 July<\/span> <\/br> to <span>30 July 2026<\/span><\/p><\/div><div class=\"travel-next-date-col-2 travel-next-date-col\"><p class=\"travel-next-date-status status-open\">In progress<\/p><p class=\"travel-next-date-price\">1320.00 \u20ac<\/p><\/div><\/a><a href='https:\/\/watse.fr\/en\/reservation\/?id=WATSE4587KL&idwrdepart=4400819&alt=1&lng=en#confirmation' class='travel-next-date-container'><div class=\"travel-next-date-col-1 travel-next-date-col\"><p class=\"travel-next-date\">From <span>9 August<\/span> <\/br> to <span>20 August 2026<\/span><\/p><\/div><div class=\"travel-next-date-col-2 travel-next-date-col\"><p class=\"travel-next-date-status status-open\">In progress<\/p><p class=\"travel-next-date-price\">1320.00 \u20ac<\/p><\/div><\/a><\/div>[\/et_pb_code][\/et_pb_column][et_pb_column type=&#8221;1_3&#8243; _builder_version=&#8221;4.24.2&#8243; _module_preset=&#8221;default&#8221; global_colors_info=&#8221;{}&#8221;][\/et_pb_column][\/et_pb_row][\/et_pb_section][et_pb_section fb_built=&#8221;1&#8243; custom_padding_last_edited=&#8221;on|phone&#8221; admin_label=&#8221;Section ce qui est inclus&#8221; _builder_version=&#8221;4.24.2&#8243; _module_preset=&#8221;default&#8221; background_color=&#8221;#ECF8F3&#8243; custom_padding_tablet=&#8221;&#8221; custom_padding_phone=&#8221;||0px||false|false&#8221; locked=&#8221;off&#8221; global_colors_info=&#8221;{}&#8221;][et_pb_row custom_padding_last_edited=&#8221;on|phone&#8221; _builder_version=&#8221;4.24.2&#8243; _module_preset=&#8221;default&#8221; max_width=&#8221;70%&#8221; max_width_tablet=&#8221;70%&#8221; max_width_phone=&#8221;90%&#8221; max_width_last_edited=&#8221;on|phone&#8221; module_alignment=&#8221;left&#8221; custom_padding=&#8221;|||5%|false|false&#8221; custom_padding_tablet=&#8221;|||5%|false|false&#8221; custom_padding_phone=&#8221;|||0%|false|false&#8221; module_alignment_tablet=&#8221;center&#8221; module_alignment_phone=&#8221;center&#8221; module_alignment_last_edited=&#8221;on|phone&#8221; global_colors_info=&#8221;{}&#8221;][et_pb_column type=&#8221;4_4&#8243; _builder_version=&#8221;4.24.2&#8243; _module_preset=&#8221;default&#8221; global_colors_info=&#8221;{}&#8221;][et_pb_toggle title=&#8221;What&#039;s included in the formula&#8221; open_toggle_text_color=&#8221;#0B7A75&#8243; open_toggle_background_color=&#8221;RGBA(255,255,255,0)&#8221; closed_toggle_background_color=&#8221;RGBA(255,255,255,0)&#8221; icon_color=&#8221;#0B7A75&#8243; toggle_icon=&#8221;&#x33;||divi||400&#8243; use_icon_font_size=&#8221;on&#8221; icon_font_size=&#8221;30px&#8221; _builder_version=&#8221;4.24.2&#8243; _module_preset=&#8221;default&#8221; title_text_color=&#8221;#0B7A75&#8243; title_level=&#8221;h6&#8243; title_font_size=&#8221;26px&#8221; body_text_color=&#8221;#0B7A75&#8243; border_radii=&#8221;on|10px|10px|10px|10px&#8221; border_width_all=&#8221;2px&#8221; border_color_all=&#8221;#0B7A75&#8243; global_colors_info=&#8221;{}&#8221;]<\/p>\n<ul>\n<li><span>Supervision by a state-qualified mountain leader<\/span><\/li>\n<li><span>Overnight stays as described in the program<\/span><\/li>\n<li><span>Half-board in the accommodation indicated in the program<\/span><\/li>\n<li><span>Picnics at lunchtime in refuges<\/span><\/li>\n<li><span>Showers in the accommodation indicated in the program<\/span><\/li>\n<\/ul>\n<p>[\/et_pb_toggle][et_pb_toggle title=&#8221;What&#039;s not included in the package&#8221; open_toggle_text_color=&#8221;#0B7A75&#8243; open_toggle_background_color=&#8221;RGBA(255,255,255,0)&#8221; closed_toggle_background_color=&#8221;RGBA(255,255,255,0)&#8221; icon_color=&#8221;#0B7A75&#8243; toggle_icon=&#8221;&#x33;||divi||400&#8243; use_icon_font_size=&#8221;on&#8221; icon_font_size=&#8221;30px&#8221; _builder_version=&#8221;4.24.2&#8243; _module_preset=&#8221;default&#8221; title_text_color=&#8221;#0B7A75&#8243; title_level=&#8221;h6&#8243; title_font_size=&#8221;26px&#8221; body_text_color=&#8221;#0B7A75&#8243; border_radii=&#8221;on|10px|10px|10px|10px&#8221; border_width_all=&#8221;2px&#8221; border_color_all=&#8221;#0B7A75&#8243; global_colors_info=&#8221;{}&#8221;]<\/p>\n<ul>\n<li><span>Transport to and from the start of the trek<\/span><\/li>\n<li><span>Luggage transfer<\/span><\/li>\n<li><span>Beverages other than water at the table<\/span><\/li>\n<li><span>Any private transfers not included in the program<\/span><\/li>\n<li><span>Cancellation assistance insurance to be taken out upon registration<\/span><\/li>\n<\/ul>\n<p>[\/et_pb_toggle][et_pb_button button_url=&#8221;https:\/\/watse.fr\/en\/faq\/&#8221; button_text=&#8221;Consult the FAQ&#8221; button_alignment=&#8221;left&#8221; button_alignment_tablet=&#8221;center&#8221; button_alignment_phone=&#8221;center&#8221; button_alignment_last_edited=&#8221;on|phone&#8221; _builder_version=&#8221;4.24.2&#8243; _module_preset=&#8221;default&#8221; button_text_color=&#8221;#FFFFFF&#8221; button_border_width=&#8221;2px&#8221; button_use_icon=&#8221;off&#8221; locked=&#8221;off&#8221; global_colors_info=&#8221;{}&#8221; button_bg_color__hover=&#8221;#FFFFFF&#8221;][\/et_pb_button][\/et_pb_column][\/et_pb_row][\/et_pb_section][et_pb_section fb_built=&#8221;1&#8243; disabled_on=&#8221;off|off|off&#8221; admin_label=&#8221;Section d\u00e9roul\u00e9 du s\u00e9jour&#8221; _builder_version=&#8221;4.24.2&#8243; _module_preset=&#8221;default&#8221; background_color=&#8221;#ECF8F3&#8243; z_index=&#8221;10&#8243; custom_css_free_form=&#8221;selector {||  z-index: 20 !important;||}&#8221; locked=&#8221;off&#8221; global_colors_info=&#8221;{}&#8221;][et_pb_row disabled_on=&#8221;off|off|off&#8221; _builder_version=&#8221;4.24.2&#8243; _module_preset=&#8221;default&#8221; background_color=&#8221;#FFFFFF&#8221; z_index=&#8221;12&#8243; width=&#8221;100%&#8221; max_width=&#8221;100%&#8221; custom_margin=&#8221;||||false|false&#8221; custom_padding=&#8221;0px||0px||false|false&#8221; module_alignment_tablet=&#8221;&#8221; module_alignment_phone=&#8221;&#8221; module_alignment_last_edited=&#8221;on|phone&#8221; global_colors_info=&#8221;{}&#8221;][et_pb_column type=&#8221;4_4&#8243; _builder_version=&#8221;4.24.2&#8243; _module_preset=&#8221;default&#8221; global_colors_info=&#8221;{}&#8221;][et_pb_accordion open_toggle_text_color=&#8221;#0B7A75&#8243; closed_toggle_text_color=&#8221;#0B7A75&#8243; icon_color=&#8221;#FFFFFF&#8221; use_icon_font_size=&#8221;on&#8221; icon_font_size=&#8221;18px&#8221; open_toggle_text_color_tablet=&#8221;#0B7A75&#8243; open_toggle_text_color_phone=&#8221;#FFFFFF&#8221; open_toggle_text_color_last_edited=&#8221;on|phone&#8221; closed_toggle_text_color_tablet=&#8221;#0B7A75&#8243; closed_toggle_text_color_phone=&#8221;#FFFFFF&#8221; closed_toggle_text_color_last_edited=&#8221;on|phone&#8221; _builder_version=&#8221;4.24.2&#8243; _module_preset=&#8221;default&#8221; toggle_text_color=&#8221;#0B7A75&#8243; toggle_level=&#8221;h6&#8243; background_enable_image=&#8221;off&#8221; z_index=&#8221;12&#8243; width=&#8221;100%&#8221; module_alignment=&#8221;center&#8221; custom_margin=&#8221;||||false|false&#8221; custom_margin_tablet=&#8221;||||false|false&#8221; custom_margin_phone=&#8221;||||false|false&#8221; custom_margin_last_edited=&#8221;on|phone&#8221; custom_padding=&#8221;||||false|false&#8221; custom_padding_phone=&#8221;||20px||false|false&#8221; custom_padding_last_edited=&#8221;off|desktop&#8221; animation_style=&#8221;fade&#8221; toggle_text_color_tablet=&#8221;#0B7A75&#8243; toggle_text_color_phone=&#8221;#FFFFFF&#8221; toggle_text_color_last_edited=&#8221;on|phone&#8221; toggle_font_size_tablet=&#8221;&#8221; toggle_font_size_phone=&#8221;16px&#8221; toggle_font_size_last_edited=&#8221;on|phone&#8221; body_text_color_tablet=&#8221;&#8221; body_text_color_phone=&#8221;#000000&#8243; body_text_color_last_edited=&#8221;on|phone&#8221; background_last_edited=&#8221;off|desktop&#8221; module_alignment_tablet=&#8221;center&#8221; module_alignment_phone=&#8221;&#8221; module_alignment_last_edited=&#8221;on|phone&#8221; custom_css_free_form=&#8221;selector .daily-content {||  color: black;||  width: 60%;||}||selector .et_pb_toggle_title {||    width: 60%;||  }||\/* Smartphones in portrait mode (0-479px) *\/||@media only screen and ( max-width: 479px ) {||  selector .daily-content {||  margin-top: 170px;||    width: 90%;||}||  selector .et_pb_toggle_title {||    font-size: 20px !important;||    width: 95%;||  }||  ||}&#8221; global_colors_info=&#8221;{}&#8221;][et_pb_accordion_item title=&#8221;Day 1: Departure from Cirque du Fer \u00e0 Cheval&#8221; open=&#8221;on&#8221; open_toggle_text_color=&#8221;#0B7A75&#8243; closed_toggle_text_color=&#8221;#0B7A75&#8243; closed_toggle_background_color=&#8221;#FFFFFF&#8221; open_toggle_text_color_tablet=&#8221;#0B7A75&#8243; open_toggle_text_color_phone=&#8221;#FFFFFF&#8221; open_toggle_text_color_last_edited=&#8221;on|phone&#8221; closed_toggle_text_color_tablet=&#8221;#0B7A75&#8243; closed_toggle_text_color_phone=&#8221;#FFFFFF&#8221; closed_toggle_text_color_last_edited=&#8221;on|phone&#8221; closed_toggle_background_color_tablet=&#8221;#FFFFFF&#8221; closed_toggle_background_color_phone=&#8221;#FFFFFF&#8221; closed_toggle_background_color_last_edited=&#8221;on|phone&#8221; _builder_version=&#8221;4.24.2&#8243; _module_preset=&#8221;default&#8221; body_text_color=&#8221;#FFFFFF&#8221; body_font_size=&#8221;16px&#8221; background_color_gradient_direction=&#8221;90deg&#8221; background_image=&#8221;https:\/\/watse.fr\/wp-content\/uploads\/2024\/08\/Grande-Traversee-J1-Valais-Haut-Giffre.jpg&#8221; background_enable_image=&#8221;on&#8221; background_size=&#8221;custom&#8221; background_image_width=&#8221;35%&#8221; background_image_height=&#8221;0%&#8221; background_position=&#8221;center_right&#8221; max_width_tablet=&#8221;&#8221; max_width_phone=&#8221;&#8221; max_width_last_edited=&#8221;on|phone&#8221; min_height_tablet=&#8221;&#8221; min_height_phone=&#8221;&#8221; min_height_last_edited=&#8221;on|phone&#8221; height_tablet=&#8221;&#8221; height_phone=&#8221;&#8221; height_last_edited=&#8221;on|phone&#8221; max_height_tablet=&#8221;&#8221; max_height_phone=&#8221;&#8221; max_height_last_edited=&#8221;on|phone&#8221; custom_margin=&#8221;||0px||false|false&#8221; custom_padding=&#8221;50px||30px|30px|false|false&#8221; background_last_edited=&#8221;on|desktop&#8221; background_image_phone=&#8221;https:\/\/watse.fr\/wp-content\/uploads\/2024\/08\/Grande-Traversee-J1-Valais-Haut-Giffre.jpg&#8221; background_enable_image_phone=&#8221;on&#8221; background_image_width_phone=&#8221;100%&#8221; background_image_height_phone=&#8221;250px&#8221; background_position_phone=&#8221;top_left&#8221; background_horizontal_offset_phone=&#8221;50%&#8221; background_vertical_offset_phone=&#8221;0%&#8221; global_colors_info=&#8221;{}&#8221; toggle_text_color=&#8221;#FFFFFF&#8221; toggle_level=&#8221;h2&#8243; toggle_font_size=&#8221;35px&#8221;]<\/p>\n<div class=\"daily-content\">\n<div class=\"et_pb_module et_pb_text et_pb_text_27_tb_body et_pb_text_align_left et_pb_bg_layout_light\">\n<div class=\"et_pb_text_inner\">\n<p><em><span>7 hours&#8217; walk &#8211; Overnight in refuge &#8211; D+ 1050 \/ D- : 30 m<\/span><\/em><\/p>\n<p>Meet at 8:30am at the Fer \u00e0 Cheval parking lot in Sixt Fer \u00e0 Cheval, where you&#8217;ll meet your guide and the rest of your group.<\/p>\n<p><span>At the center of the Cirque du Fer \u00e0 Cheval, you&#8217;ll spend your first day in the heart of the Sixt Fer \u00e0 Cheval nature reserve.  <\/span><span>Before reaching the refuge de la Vogealle, you&#8217;ll cross an equipped passage at the Pas du Boret.<\/span><\/p>\n<\/div>\n<\/div>\n<\/div>\n<p>[\/et_pb_accordion_item][et_pb_accordion_item title=&#8221;Day 2: Vogealle hut to Folly hut&#8221; open_toggle_text_color=&#8221;#0B7A75&#8243; closed_toggle_text_color=&#8221;#0B7A75&#8243; closed_toggle_background_color=&#8221;#FFFFFF&#8221; open_toggle_text_color_tablet=&#8221;#0B7A75&#8243; open_toggle_text_color_phone=&#8221;#FFFFFF&#8221; open_toggle_text_color_last_edited=&#8221;on|phone&#8221; closed_toggle_text_color_tablet=&#8221;#0B7A75&#8243; closed_toggle_text_color_phone=&#8221;#FFFFFF&#8221; closed_toggle_text_color_last_edited=&#8221;on|phone&#8221; closed_toggle_background_color_tablet=&#8221;#FFFFFF&#8221; closed_toggle_background_color_phone=&#8221;#FFFFFF&#8221; closed_toggle_background_color_last_edited=&#8221;on|phone&#8221; _builder_version=&#8221;4.24.2&#8243; _module_preset=&#8221;default&#8221; body_text_color=&#8221;#FFFFFF&#8221; body_font_size=&#8221;16px&#8221; background_color_gradient_direction=&#8221;90deg&#8221; background_image=&#8221;https:\/\/watse.fr\/wp-content\/uploads\/2024\/08\/Grande-Traversee-J2-Valais-Haut-Giffre.jpg&#8221; background_enable_image=&#8221;on&#8221; background_size=&#8221;custom&#8221; background_image_width=&#8221;35%&#8221; background_image_height=&#8221;0%&#8221; background_position=&#8221;center_right&#8221; max_width_tablet=&#8221;&#8221; max_width_phone=&#8221;&#8221; max_width_last_edited=&#8221;on|phone&#8221; min_height_tablet=&#8221;&#8221; min_height_phone=&#8221;&#8221; min_height_last_edited=&#8221;on|phone&#8221; height_tablet=&#8221;&#8221; height_phone=&#8221;&#8221; height_last_edited=&#8221;on|phone&#8221; max_height_tablet=&#8221;&#8221; max_height_phone=&#8221;&#8221; max_height_last_edited=&#8221;on|phone&#8221; custom_margin=&#8221;||0px||false|false&#8221; custom_padding=&#8221;50px||30px|30px|false|false&#8221; background_last_edited=&#8221;on|desktop&#8221; background_image_phone=&#8221;https:\/\/watse.fr\/wp-content\/uploads\/2024\/08\/Grande-Traversee-J2-Valais-Haut-Giffre.jpg&#8221; background_enable_image_phone=&#8221;on&#8221; background_image_width_phone=&#8221;100%&#8221; background_image_height_phone=&#8221;250px&#8221; background_position_phone=&#8221;top_left&#8221; background_horizontal_offset_phone=&#8221;50%&#8221; background_vertical_offset_phone=&#8221;0%&#8221; global_colors_info=&#8221;{}&#8221; toggle_text_color=&#8221;#FFFFFF&#8221; toggle_level=&#8221;h2&#8243; toggle_font_size=&#8221;35px&#8221; open=&#8221;off&#8221;]<\/p>\n<div class=\"daily-content\">\n<div class=\"et_pb_module et_pb_text et_pb_text_27_tb_body et_pb_text_align_left et_pb_bg_layout_light\">\n<div class=\"et_pb_text_inner\">\n<p><em><span>7 hours&#8217; walk &#8211; Overnight in refuge &#8211; D+: 770 m \/ D-: 930 m<\/span><\/em><\/p>\n<p><span>In a world of alpine grass and mineral atmosphere, you&#8217;ll head for the Col des Chambres.<\/span><\/p>\n<p><span>You will have the opportunity to climb the Pointe de Bellegarde (2514m). Afterwards, you&#8217;ll pass a small equipped passage to the Lac des Chambres before descending to the Folly refuge. <\/span><\/p>\n<\/div>\n<\/div>\n<\/div>\n<p>[\/et_pb_accordion_item][et_pb_accordion_item title=&#8221;Day 3: Passes&#8221; open_toggle_text_color=&#8221;#0B7A75&#8243; closed_toggle_text_color=&#8221;#0B7A75&#8243; closed_toggle_background_color=&#8221;#FFFFFF&#8221; open_toggle_text_color_tablet=&#8221;#0B7A75&#8243; open_toggle_text_color_phone=&#8221;#FFFFFF&#8221; open_toggle_text_color_last_edited=&#8221;on|phone&#8221; closed_toggle_text_color_tablet=&#8221;#0B7A75&#8243; closed_toggle_text_color_phone=&#8221;#FFFFFF&#8221; closed_toggle_text_color_last_edited=&#8221;on|phone&#8221; closed_toggle_background_color_tablet=&#8221;#FFFFFF&#8221; closed_toggle_background_color_phone=&#8221;#FFFFFF&#8221; closed_toggle_background_color_last_edited=&#8221;on|phone&#8221; _builder_version=&#8221;4.24.2&#8243; _module_preset=&#8221;default&#8221; body_text_color=&#8221;#FFFFFF&#8221; body_font_size=&#8221;16px&#8221; background_color_gradient_direction=&#8221;90deg&#8221; background_image=&#8221;https:\/\/watse.fr\/wp-content\/uploads\/2024\/08\/Grande-Traversee-J3-Valais-Haut-Giffre.jpg&#8221; background_enable_image=&#8221;on&#8221; background_size=&#8221;custom&#8221; background_image_width=&#8221;35%&#8221; background_image_height=&#8221;0%&#8221; background_position=&#8221;center_right&#8221; max_width_tablet=&#8221;&#8221; max_width_phone=&#8221;&#8221; max_width_last_edited=&#8221;on|phone&#8221; min_height_tablet=&#8221;&#8221; min_height_phone=&#8221;&#8221; min_height_last_edited=&#8221;on|phone&#8221; height_tablet=&#8221;&#8221; height_phone=&#8221;&#8221; height_last_edited=&#8221;on|phone&#8221; max_height_tablet=&#8221;&#8221; max_height_phone=&#8221;&#8221; max_height_last_edited=&#8221;on|phone&#8221; custom_margin=&#8221;||0px||false|false&#8221; custom_padding=&#8221;50px||30px|30px|false|false&#8221; background_last_edited=&#8221;on|desktop&#8221; background_image_phone=&#8221;https:\/\/watse.fr\/wp-content\/uploads\/2024\/08\/Grande-Traversee-J3-Valais-Haut-Giffre.jpg&#8221; background_enable_image_phone=&#8221;on&#8221; background_image_width_phone=&#8221;100%&#8221; background_image_height_phone=&#8221;250px&#8221; background_position_phone=&#8221;top_left&#8221; background_horizontal_offset_phone=&#8221;50%&#8221; background_vertical_offset_phone=&#8221;0%&#8221; global_colors_info=&#8221;{}&#8221; toggle_text_color=&#8221;#FFFFFF&#8221; toggle_level=&#8221;h2&#8243; toggle_font_size=&#8221;35px&#8221; open=&#8221;off&#8221;]<\/p>\n<div class=\"daily-content\">\n<div class=\"et_pb_module et_pb_text et_pb_text_27_tb_body et_pb_text_align_left et_pb_bg_layout_light\">\n<div class=\"et_pb_text_inner\">\n<p><em><span>7 hours&#8217; walk &#8211; Overnight in refuge &#8211; D+: 1050 m \/ D-: 820 m<\/span><\/em><\/p>\n<p><span>At the foot of the Cha\u00eene des Dents d&#8217;Oddaz, you climb up towards the Col de Pointe Droite to descend via the Pas au Taureau (equipped with rope and chain).  <\/span><span>To finish off this fine day&#8217;s walking, you&#8217;ll arrive at the Col de Bostan, before descending to the refuge of the same name.<\/span><\/p>\n<\/div>\n<\/div>\n<\/div>\n<p>[\/et_pb_accordion_item][et_pb_accordion_item title=&#8221;Day 4: Entering Switzerland&#8221; open_toggle_text_color=&#8221;#0B7A75&#8243; closed_toggle_text_color=&#8221;#0B7A75&#8243; closed_toggle_background_color=&#8221;#FFFFFF&#8221; open_toggle_text_color_tablet=&#8221;#0B7A75&#8243; open_toggle_text_color_phone=&#8221;#FFFFFF&#8221; open_toggle_text_color_last_edited=&#8221;on|phone&#8221; closed_toggle_text_color_tablet=&#8221;#0B7A75&#8243; closed_toggle_text_color_phone=&#8221;#FFFFFF&#8221; closed_toggle_text_color_last_edited=&#8221;on|phone&#8221; closed_toggle_background_color_tablet=&#8221;#FFFFFF&#8221; closed_toggle_background_color_phone=&#8221;#FFFFFF&#8221; closed_toggle_background_color_last_edited=&#8221;on|phone&#8221; _builder_version=&#8221;4.24.2&#8243; _module_preset=&#8221;default&#8221; body_text_color=&#8221;#FFFFFF&#8221; body_font_size=&#8221;16px&#8221; background_color_gradient_direction=&#8221;90deg&#8221; background_image=&#8221;https:\/\/watse.fr\/wp-content\/uploads\/2024\/08\/Grande-Traversee-J4-Valais-Haut-Giffre.jpg&#8221; background_enable_image=&#8221;on&#8221; background_size=&#8221;custom&#8221; background_image_width=&#8221;35%&#8221; background_image_height=&#8221;0%&#8221; background_position=&#8221;center_right&#8221; max_width_tablet=&#8221;&#8221; max_width_phone=&#8221;&#8221; max_width_last_edited=&#8221;on|phone&#8221; min_height_tablet=&#8221;&#8221; min_height_phone=&#8221;&#8221; min_height_last_edited=&#8221;on|phone&#8221; height_tablet=&#8221;&#8221; height_phone=&#8221;&#8221; height_last_edited=&#8221;on|phone&#8221; max_height_tablet=&#8221;&#8221; max_height_phone=&#8221;&#8221; max_height_last_edited=&#8221;on|phone&#8221; custom_margin=&#8221;||0px||false|false&#8221; custom_padding=&#8221;50px||30px|30px|false|false&#8221; background_last_edited=&#8221;on|desktop&#8221; background_image_phone=&#8221;https:\/\/watse.fr\/wp-content\/uploads\/2024\/08\/Grande-Traversee-J4-Valais-Haut-Giffre.jpg&#8221; background_enable_image_phone=&#8221;on&#8221; background_image_width_phone=&#8221;100%&#8221; background_image_height_phone=&#8221;250px&#8221; background_position_phone=&#8221;top_left&#8221; background_horizontal_offset_phone=&#8221;50%&#8221; background_vertical_offset_phone=&#8221;0%&#8221; global_colors_info=&#8221;{}&#8221; toggle_text_color=&#8221;#FFFFFF&#8221; toggle_level=&#8221;h2&#8243; toggle_font_size=&#8221;35px&#8221; open=&#8221;off&#8221;]<\/p>\n<div class=\"daily-content\">\n<div class=\"et_pb_module et_pb_text et_pb_text_27_tb_body et_pb_text_align_left et_pb_bg_layout_light\">\n<div class=\"et_pb_text_inner\"><em><span>7 hours&#8217; walk &#8211; Overnight in refuge &#8211; D+: 570 m \/ D-: 430 m<\/span><\/em><\/div>\n<\/div>\n<div class=\"et_pb_module et_pb_text et_pb_text_28_tb_body et_pb_text_align_left et_pb_bg_layout_light\">\n<div class=\"et_pb_text_inner\">\n<p><span>Today, we&#8217;re off to Switzerland!  <\/span><span>A day between two passes will take you across the border to discover some of the Swiss countryside.  <\/span><span>You&#8217;ll follow the GR5 itinerary to reach the Cantine de Barmaz, where dinner and a rest await you.<\/span><\/p>\n<\/div>\n<\/div>\n<\/div>\n<p>[\/et_pb_accordion_item][et_pb_accordion_item title=&#8221;Day 5: Barmaz canteen to Chindonne inn&#8221; open_toggle_text_color=&#8221;#0B7A75&#8243; closed_toggle_text_color=&#8221;#0B7A75&#8243; closed_toggle_background_color=&#8221;#FFFFFF&#8221; open_toggle_text_color_tablet=&#8221;#0B7A75&#8243; open_toggle_text_color_phone=&#8221;#FFFFFF&#8221; open_toggle_text_color_last_edited=&#8221;on|phone&#8221; closed_toggle_text_color_tablet=&#8221;#0B7A75&#8243; closed_toggle_text_color_phone=&#8221;#FFFFFF&#8221; closed_toggle_text_color_last_edited=&#8221;on|phone&#8221; closed_toggle_background_color_tablet=&#8221;#FFFFFF&#8221; closed_toggle_background_color_phone=&#8221;#FFFFFF&#8221; closed_toggle_background_color_last_edited=&#8221;on|phone&#8221; _builder_version=&#8221;4.24.2&#8243; _module_preset=&#8221;default&#8221; body_text_color=&#8221;#FFFFFF&#8221; body_font_size=&#8221;16px&#8221; background_color_gradient_direction=&#8221;90deg&#8221; background_image=&#8221;https:\/\/watse.fr\/wp-content\/uploads\/2024\/08\/Grande-Traversee-J5-Valais-Haut-Giffre.jpg&#8221; background_enable_image=&#8221;on&#8221; background_size=&#8221;custom&#8221; background_image_width=&#8221;35%&#8221; background_image_height=&#8221;0%&#8221; background_position=&#8221;center_right&#8221; max_width_tablet=&#8221;&#8221; max_width_phone=&#8221;&#8221; max_width_last_edited=&#8221;on|phone&#8221; min_height_tablet=&#8221;&#8221; min_height_phone=&#8221;&#8221; min_height_last_edited=&#8221;on|phone&#8221; height_tablet=&#8221;&#8221; height_phone=&#8221;&#8221; height_last_edited=&#8221;on|phone&#8221; max_height_tablet=&#8221;&#8221; max_height_phone=&#8221;&#8221; max_height_last_edited=&#8221;on|phone&#8221; custom_margin=&#8221;||0px||false|false&#8221; custom_padding=&#8221;50px||30px|30px|false|false&#8221; background_last_edited=&#8221;on|desktop&#8221; background_image_phone=&#8221;https:\/\/watse.fr\/wp-content\/uploads\/2024\/08\/Grande-Traversee-J5-Valais-Haut-Giffre.jpg&#8221; background_enable_image_phone=&#8221;on&#8221; background_image_width_phone=&#8221;100%&#8221; background_image_height_phone=&#8221;250px&#8221; background_position_phone=&#8221;top_left&#8221; background_horizontal_offset_phone=&#8221;50%&#8221; background_vertical_offset_phone=&#8221;0%&#8221; global_colors_info=&#8221;{}&#8221; toggle_text_color=&#8221;#FFFFFF&#8221; toggle_level=&#8221;h2&#8243; toggle_font_size=&#8221;35px&#8221; open=&#8221;off&#8221;]<\/p>\n<div class=\"daily-content\">\n<div class=\"et_pb_module et_pb_text et_pb_text_27_tb_body et_pb_text_align_left et_pb_bg_layout_light\">\n<div class=\"et_pb_text_inner\">\n<div class=\"et_pb_module et_pb_text et_pb_text_30_tb_body et_pb_text_align_left et_pb_bg_layout_light\">\n<div class=\"et_pb_text_inner\"><em><span>8 hours&#8217; walk &#8211; Overnight in refuge &#8211; D+: 1660 m \/ D-: 1550 m<\/span><\/em><\/div>\n<\/div>\n<div class=\"et_pb_module et_pb_text et_pb_text_31_tb_body et_pb_text_align_left et_pb_bg_layout_light\">\n<div class=\"et_pb_text_inner\">\n<p><span>This intense day begins with a traverse of Val-d&#8217;Illiez, overlooked by the Teeth du Midi mountain range.  <\/span><span>You&#8217;ll then cross several alpine pastures to walk along the ridges and finish the day at the cosy Chindonne inn.<\/span><\/p>\n<\/div>\n<\/div>\n<\/div>\n<\/div>\n<\/div>\n<p>[\/et_pb_accordion_item][et_pb_accordion_item title=&#8221;Day 6: Incursion into the Trient valley&#8221; open_toggle_text_color=&#8221;#0B7A75&#8243; closed_toggle_text_color=&#8221;#0B7A75&#8243; closed_toggle_background_color=&#8221;#FFFFFF&#8221; open_toggle_text_color_tablet=&#8221;#0B7A75&#8243; open_toggle_text_color_phone=&#8221;#FFFFFF&#8221; open_toggle_text_color_last_edited=&#8221;on|phone&#8221; closed_toggle_text_color_tablet=&#8221;#0B7A75&#8243; closed_toggle_text_color_phone=&#8221;#FFFFFF&#8221; closed_toggle_text_color_last_edited=&#8221;on|phone&#8221; closed_toggle_background_color_tablet=&#8221;#FFFFFF&#8221; closed_toggle_background_color_phone=&#8221;#FFFFFF&#8221; closed_toggle_background_color_last_edited=&#8221;on|phone&#8221; _builder_version=&#8221;4.24.2&#8243; _module_preset=&#8221;default&#8221; body_text_color=&#8221;#FFFFFF&#8221; body_font_size=&#8221;16px&#8221; background_color_gradient_direction=&#8221;90deg&#8221; background_image=&#8221;https:\/\/watse.fr\/wp-content\/uploads\/2024\/08\/Grande-Traversee-J6-Valais-Haut-Giffre.jpg&#8221; background_enable_image=&#8221;on&#8221; background_size=&#8221;custom&#8221; background_image_width=&#8221;35%&#8221; background_image_height=&#8221;0%&#8221; background_position=&#8221;center_right&#8221; max_width_tablet=&#8221;&#8221; max_width_phone=&#8221;&#8221; max_width_last_edited=&#8221;on|phone&#8221; min_height_tablet=&#8221;&#8221; min_height_phone=&#8221;&#8221; min_height_last_edited=&#8221;on|phone&#8221; height_tablet=&#8221;&#8221; height_phone=&#8221;&#8221; height_last_edited=&#8221;on|phone&#8221; max_height_tablet=&#8221;&#8221; max_height_phone=&#8221;&#8221; max_height_last_edited=&#8221;on|phone&#8221; custom_margin=&#8221;||0px||false|false&#8221; custom_padding=&#8221;50px||30px|30px|false|false&#8221; background_last_edited=&#8221;on|desktop&#8221; background_image_phone=&#8221;https:\/\/watse.fr\/wp-content\/uploads\/2024\/08\/Grande-Traversee-J6-Valais-Haut-Giffre.jpg&#8221; background_enable_image_phone=&#8221;on&#8221; background_image_width_phone=&#8221;100%&#8221; background_image_height_phone=&#8221;250px&#8221; background_position_phone=&#8221;top_left&#8221; background_horizontal_offset_phone=&#8221;50%&#8221; background_vertical_offset_phone=&#8221;0%&#8221; global_colors_info=&#8221;{}&#8221; toggle_text_color=&#8221;#FFFFFF&#8221; toggle_level=&#8221;h2&#8243; toggle_font_size=&#8221;35px&#8221; open=&#8221;off&#8221;]<\/p>\n<div class=\"daily-content\">\n<div class=\"et_pb_module et_pb_text et_pb_text_27_tb_body et_pb_text_align_left et_pb_bg_layout_light\">\n<div class=\"et_pb_text_inner\">\n<div class=\"et_pb_module et_pb_text et_pb_text_30_tb_body et_pb_text_align_left et_pb_bg_layout_light\">\n<div class=\"et_pb_text_inner\"><em><span>7 hours&#8217; walk &#8211; Overnight in refuge &#8211; D+: 1310 m \/ D-: 980 m<\/span><\/em><\/div>\n<\/div>\n<div class=\"et_pb_module et_pb_text et_pb_text_31_tb_body et_pb_text_align_left et_pb_bg_layout_light\">\n<div class=\"et_pb_text_inner\">\n<p><span>Today, you&#8217;ll be heading for the Trient valley, which will bring back memories for anyone we&#8217;ve accompanied on the full Tour du Mont Blanc.<\/span><\/p>\n<p><span>You will then descend to the small village of Mex and head towards the Col du Jorat. Finally, you&#8217;ll reach the Salanfe hut and lake. <\/span><\/p>\n<\/div>\n<\/div>\n<\/div>\n<\/div>\n<\/div>\n<p>[\/et_pb_accordion_item][et_pb_accordion_item title=&#8221;Day 7: Mineral day&#8221; open_toggle_text_color=&#8221;#0B7A75&#8243; closed_toggle_text_color=&#8221;#0B7A75&#8243; closed_toggle_background_color=&#8221;#FFFFFF&#8221; open_toggle_text_color_tablet=&#8221;#0B7A75&#8243; open_toggle_text_color_phone=&#8221;#FFFFFF&#8221; open_toggle_text_color_last_edited=&#8221;on|phone&#8221; closed_toggle_text_color_tablet=&#8221;#0B7A75&#8243; closed_toggle_text_color_phone=&#8221;#FFFFFF&#8221; closed_toggle_text_color_last_edited=&#8221;on|phone&#8221; closed_toggle_background_color_tablet=&#8221;#FFFFFF&#8221; closed_toggle_background_color_phone=&#8221;#FFFFFF&#8221; closed_toggle_background_color_last_edited=&#8221;on|phone&#8221; _builder_version=&#8221;4.24.2&#8243; _module_preset=&#8221;default&#8221; body_text_color=&#8221;#FFFFFF&#8221; body_font_size=&#8221;16px&#8221; background_color_gradient_direction=&#8221;90deg&#8221; background_image=&#8221;https:\/\/watse.fr\/wp-content\/uploads\/2024\/08\/Grande-Traversee-J7-Valais-Haut-Giffre.jpg&#8221; background_enable_image=&#8221;on&#8221; background_size=&#8221;custom&#8221; background_image_width=&#8221;35%&#8221; background_image_height=&#8221;0%&#8221; background_position=&#8221;center_right&#8221; max_width_tablet=&#8221;&#8221; max_width_phone=&#8221;&#8221; max_width_last_edited=&#8221;on|phone&#8221; min_height_tablet=&#8221;&#8221; min_height_phone=&#8221;&#8221; min_height_last_edited=&#8221;on|phone&#8221; height_tablet=&#8221;&#8221; height_phone=&#8221;&#8221; height_last_edited=&#8221;on|phone&#8221; max_height_tablet=&#8221;&#8221; max_height_phone=&#8221;&#8221; max_height_last_edited=&#8221;on|phone&#8221; custom_margin=&#8221;||0px||false|false&#8221; custom_padding=&#8221;50px||30px|30px|false|false&#8221; background_last_edited=&#8221;on|desktop&#8221; background_image_phone=&#8221;https:\/\/watse.fr\/wp-content\/uploads\/2024\/08\/Grande-Traversee-J7-Valais-Haut-Giffre.jpg&#8221; background_enable_image_phone=&#8221;on&#8221; background_image_width_phone=&#8221;100%&#8221; background_image_height_phone=&#8221;250px&#8221; background_position_phone=&#8221;top_left&#8221; background_horizontal_offset_phone=&#8221;50%&#8221; background_vertical_offset_phone=&#8221;0%&#8221; global_colors_info=&#8221;{}&#8221; toggle_text_color=&#8221;#FFFFFF&#8221; toggle_level=&#8221;h2&#8243; toggle_font_size=&#8221;35px&#8221; open=&#8221;off&#8221;]<\/p>\n<div class=\"daily-content\">\n<div class=\"et_pb_module et_pb_text et_pb_text_27_tb_body et_pb_text_align_left et_pb_bg_layout_light\">\n<div class=\"et_pb_text_inner\">\n<div class=\"et_pb_module et_pb_text et_pb_text_30_tb_body et_pb_text_align_left et_pb_bg_layout_light\">\n<div class=\"et_pb_text_inner\"><em><span>7 hours&#8217; walk &#8211; Overnight in refuge &#8211; D+: 1450 m \/ D-: 1230 m<\/span><\/em><\/div>\n<\/div>\n<div class=\"et_pb_module et_pb_text et_pb_text_31_tb_body et_pb_text_align_left et_pb_bg_layout_light\">\n<div class=\"et_pb_text_inner\">\n<p><span>After a fine night&#8217;s sleep, a mineral-filled day with two passes and three more lakes awaits you! Today, it&#8217;s a beautiful, wild, grandiose mountain stage to the large Lac d&#8217;Emosson, then a climb to the Cabane du Vieux Emosson. <\/span><\/p>\n<p><span>You&#8217;ll need your headlamp to enter the small tunnel. A real adventure! <\/span><\/p>\n<\/div>\n<\/div>\n<\/div>\n<\/div>\n<\/div>\n<p>[\/et_pb_accordion_item][et_pb_accordion_item title=&#8221;Day 8: Vieux Emosson hut to Grenairon refuge&#8221; open_toggle_text_color=&#8221;#0B7A75&#8243; closed_toggle_text_color=&#8221;#0B7A75&#8243; closed_toggle_background_color=&#8221;#FFFFFF&#8221; open_toggle_text_color_tablet=&#8221;#0B7A75&#8243; open_toggle_text_color_phone=&#8221;#FFFFFF&#8221; open_toggle_text_color_last_edited=&#8221;on|phone&#8221; closed_toggle_text_color_tablet=&#8221;#0B7A75&#8243; closed_toggle_text_color_phone=&#8221;#FFFFFF&#8221; closed_toggle_text_color_last_edited=&#8221;on|phone&#8221; closed_toggle_background_color_tablet=&#8221;#FFFFFF&#8221; closed_toggle_background_color_phone=&#8221;#FFFFFF&#8221; closed_toggle_background_color_last_edited=&#8221;on|phone&#8221; _builder_version=&#8221;4.24.2&#8243; _module_preset=&#8221;default&#8221; body_text_color=&#8221;#FFFFFF&#8221; body_font_size=&#8221;16px&#8221; background_color_gradient_direction=&#8221;90deg&#8221; background_image=&#8221;https:\/\/watse.fr\/wp-content\/uploads\/2024\/08\/Grande-Traversee-J8-Valais-Haut-Giffre.jpg&#8221; background_enable_image=&#8221;on&#8221; background_size=&#8221;custom&#8221; background_image_width=&#8221;35%&#8221; background_image_height=&#8221;0%&#8221; background_position=&#8221;center_right&#8221; max_width_tablet=&#8221;&#8221; max_width_phone=&#8221;&#8221; max_width_last_edited=&#8221;on|phone&#8221; min_height_tablet=&#8221;&#8221; min_height_phone=&#8221;&#8221; min_height_last_edited=&#8221;on|phone&#8221; height_tablet=&#8221;&#8221; height_phone=&#8221;&#8221; height_last_edited=&#8221;on|phone&#8221; max_height_tablet=&#8221;&#8221; max_height_phone=&#8221;&#8221; max_height_last_edited=&#8221;on|phone&#8221; custom_margin=&#8221;||0px||false|false&#8221; custom_padding=&#8221;50px||30px|30px|false|false&#8221; background_last_edited=&#8221;on|desktop&#8221; background_image_phone=&#8221;https:\/\/watse.fr\/wp-content\/uploads\/2024\/08\/Grande-Traversee-J8-Valais-Haut-Giffre.jpg&#8221; background_enable_image_phone=&#8221;on&#8221; background_image_width_phone=&#8221;100%&#8221; background_image_height_phone=&#8221;250px&#8221; background_position_phone=&#8221;top_left&#8221; background_horizontal_offset_phone=&#8221;50%&#8221; background_vertical_offset_phone=&#8221;0%&#8221; global_colors_info=&#8221;{}&#8221; toggle_text_color=&#8221;#FFFFFF&#8221; toggle_level=&#8221;h2&#8243; toggle_font_size=&#8221;35px&#8221; open=&#8221;off&#8221;]<\/p>\n<div class=\"daily-content\">\n<div class=\"et_pb_module et_pb_text et_pb_text_27_tb_body et_pb_text_align_left et_pb_bg_layout_light\">\n<div class=\"et_pb_text_inner\">\n<div class=\"et_pb_module et_pb_text et_pb_text_30_tb_body et_pb_text_align_left et_pb_bg_layout_light\">\n<div class=\"et_pb_text_inner\"><em><span>7 hours&#8217; walk &#8211; Overnight in refuge &#8211; D+: 920 m \/ D-: 1140 m<\/span><\/em><\/div>\n<\/div>\n<div class=\"et_pb_module et_pb_text et_pb_text_31_tb_body et_pb_text_align_left et_pb_bg_layout_light\">\n<div class=\"et_pb_text_inner\">\n<p><span>Back to the Haut-Giffre and its reserve. After a beautiful climb to Cheval Blanc, you&#8217;ll pass by the famous &#8220;Mont-Blanc des Dames&#8221; (le Buet 3100m) to begin a beautiful traverse to the Grenairon mountains, home of the ibex. <\/span><\/p>\n<p><span>You might even spot the bearded vulture on this day&#8230; and you&#8217;re sure to enjoy some splendid views of the Mont-Blanc massif.<\/span><\/p>\n<\/div>\n<\/div>\n<\/div>\n<\/div>\n<\/div>\n<p>[\/et_pb_accordion_item][et_pb_accordion_item title=&#8221;Day 9: Face aux Fiz&#8221; open_toggle_text_color=&#8221;#0B7A75&#8243; closed_toggle_text_color=&#8221;#0B7A75&#8243; closed_toggle_background_color=&#8221;#FFFFFF&#8221; open_toggle_text_color_tablet=&#8221;#0B7A75&#8243; open_toggle_text_color_phone=&#8221;#FFFFFF&#8221; open_toggle_text_color_last_edited=&#8221;on|phone&#8221; closed_toggle_text_color_tablet=&#8221;#0B7A75&#8243; closed_toggle_text_color_phone=&#8221;#FFFFFF&#8221; closed_toggle_text_color_last_edited=&#8221;on|phone&#8221; closed_toggle_background_color_tablet=&#8221;#FFFFFF&#8221; closed_toggle_background_color_phone=&#8221;#FFFFFF&#8221; closed_toggle_background_color_last_edited=&#8221;on|phone&#8221; _builder_version=&#8221;4.24.2&#8243; _module_preset=&#8221;default&#8221; body_text_color=&#8221;#FFFFFF&#8221; body_font_size=&#8221;16px&#8221; background_color_gradient_direction=&#8221;90deg&#8221; background_image=&#8221;https:\/\/watse.fr\/wp-content\/uploads\/2024\/08\/Grande-Traversee-J9-Valais-Haut-Giffre.jpg&#8221; background_enable_image=&#8221;on&#8221; background_size=&#8221;custom&#8221; background_image_width=&#8221;35%&#8221; background_image_height=&#8221;0%&#8221; background_position=&#8221;center_right&#8221; max_width_tablet=&#8221;&#8221; max_width_phone=&#8221;&#8221; max_width_last_edited=&#8221;on|phone&#8221; min_height_tablet=&#8221;&#8221; min_height_phone=&#8221;&#8221; min_height_last_edited=&#8221;on|phone&#8221; height_tablet=&#8221;&#8221; height_phone=&#8221;&#8221; height_last_edited=&#8221;on|phone&#8221; max_height_tablet=&#8221;&#8221; max_height_phone=&#8221;&#8221; max_height_last_edited=&#8221;on|phone&#8221; custom_margin=&#8221;||0px||false|false&#8221; custom_padding=&#8221;50px||30px|30px|false|false&#8221; background_last_edited=&#8221;on|desktop&#8221; background_image_phone=&#8221;https:\/\/watse.fr\/wp-content\/uploads\/2024\/08\/Grande-Traversee-J9-Valais-Haut-Giffre.jpg&#8221; background_enable_image_phone=&#8221;on&#8221; background_image_width_phone=&#8221;100%&#8221; background_image_height_phone=&#8221;250px&#8221; background_position_phone=&#8221;top_left&#8221; background_horizontal_offset_phone=&#8221;50%&#8221; background_vertical_offset_phone=&#8221;0%&#8221; global_colors_info=&#8221;{}&#8221; toggle_text_color=&#8221;#FFFFFF&#8221; toggle_level=&#8221;h2&#8243; toggle_font_size=&#8221;35px&#8221; open=&#8221;off&#8221;]<\/p>\n<div class=\"daily-content\">\n<div class=\"et_pb_module et_pb_text et_pb_text_27_tb_body et_pb_text_align_left et_pb_bg_layout_light\">\n<div class=\"et_pb_text_inner\">\n<div class=\"et_pb_module et_pb_text et_pb_text_30_tb_body et_pb_text_align_left et_pb_bg_layout_light\">\n<div class=\"et_pb_text_inner\"><em><span>7 hours&#8217; walk &#8211; Overnight in refuge &#8211; D+: 980 m \/ D-: 1120 m<\/span><\/em><\/div>\n<\/div>\n<div class=\"et_pb_module et_pb_text et_pb_text_31_tb_body et_pb_text_align_left et_pb_bg_layout_light\">\n<div class=\"et_pb_text_inner\">\n<p><span>You&#8217;ll leave Grenairon for a beautiful descent on the Cirque des Fonds trail. You&#8217;ll stop to say hello to the wardens and to Bruce, a H\u00e9rens cow breeder.   <\/span><span>Then you&#8217;ll head for the small Col d&#8217;Anterne, where the immense wall of the Fiz mountain range imposes its majesty.<\/span><\/p>\n<\/div>\n<\/div>\n<\/div>\n<\/div>\n<\/div>\n<p>[\/et_pb_accordion_item][et_pb_accordion_item title=&#8221;Day 10: Alfred Wills hut to Plat\u00e9 hut&#8221; open_toggle_text_color=&#8221;#0B7A75&#8243; closed_toggle_text_color=&#8221;#0B7A75&#8243; closed_toggle_background_color=&#8221;#FFFFFF&#8221; open_toggle_text_color_tablet=&#8221;#0B7A75&#8243; open_toggle_text_color_phone=&#8221;#FFFFFF&#8221; open_toggle_text_color_last_edited=&#8221;on|phone&#8221; closed_toggle_text_color_tablet=&#8221;#0B7A75&#8243; closed_toggle_text_color_phone=&#8221;#FFFFFF&#8221; closed_toggle_text_color_last_edited=&#8221;on|phone&#8221; closed_toggle_background_color_tablet=&#8221;#FFFFFF&#8221; closed_toggle_background_color_phone=&#8221;#FFFFFF&#8221; closed_toggle_background_color_last_edited=&#8221;on|phone&#8221; _builder_version=&#8221;4.24.2&#8243; _module_preset=&#8221;default&#8221; body_text_color=&#8221;#FFFFFF&#8221; body_font_size=&#8221;16px&#8221; background_color_gradient_direction=&#8221;90deg&#8221; background_image=&#8221;https:\/\/watse.fr\/wp-content\/uploads\/2024\/08\/Grande-Traversee-J10-Valais-Haut-Giffre.jpg&#8221; background_enable_image=&#8221;on&#8221; background_size=&#8221;custom&#8221; background_image_width=&#8221;35%&#8221; background_image_height=&#8221;0%&#8221; background_position=&#8221;center_right&#8221; max_width_tablet=&#8221;&#8221; max_width_phone=&#8221;&#8221; max_width_last_edited=&#8221;on|phone&#8221; min_height_tablet=&#8221;&#8221; min_height_phone=&#8221;&#8221; min_height_last_edited=&#8221;on|phone&#8221; height_tablet=&#8221;&#8221; height_phone=&#8221;&#8221; height_last_edited=&#8221;on|phone&#8221; max_height_tablet=&#8221;&#8221; max_height_phone=&#8221;&#8221; max_height_last_edited=&#8221;on|phone&#8221; custom_margin=&#8221;||0px||false|false&#8221; custom_padding=&#8221;50px||30px|30px|false|false&#8221; background_last_edited=&#8221;on|desktop&#8221; background_image_phone=&#8221;https:\/\/watse.fr\/wp-content\/uploads\/2024\/08\/Grande-Traversee-J10-Valais-Haut-Giffre.jpg&#8221; background_enable_image_phone=&#8221;on&#8221; background_image_width_phone=&#8221;100%&#8221; background_image_height_phone=&#8221;250px&#8221; background_position_phone=&#8221;top_left&#8221; background_horizontal_offset_phone=&#8221;50%&#8221; background_vertical_offset_phone=&#8221;0%&#8221; global_colors_info=&#8221;{}&#8221; toggle_text_color=&#8221;#FFFFFF&#8221; toggle_level=&#8221;h2&#8243; toggle_font_size=&#8221;35px&#8221; open=&#8221;off&#8221;]<\/p>\n<div class=\"daily-content\">\n<div class=\"et_pb_module et_pb_text et_pb_text_27_tb_body et_pb_text_align_left et_pb_bg_layout_light\">\n<div class=\"et_pb_text_inner\">\n<div class=\"et_pb_module et_pb_text et_pb_text_30_tb_body et_pb_text_align_left et_pb_bg_layout_light\">\n<div class=\"et_pb_text_inner\"><em><span>7 hours&#8217; walk &#8211; Overnight in refuge &#8211; D+: 1250 m \/ D-: 1010 m<\/span><\/em><\/div>\n<\/div>\n<div class=\"et_pb_module et_pb_text et_pb_text_31_tb_body et_pb_text_align_left et_pb_bg_layout_light\">\n<div class=\"et_pb_text_inner\">\n<p><span>Three passes are on the program for this day. After enjoying Lac d&#8217;Anterne, you&#8217;ll hike up to its pass for an exceptional panorama of the Mont Blanc massif.   <\/span><span>Then you&#8217;ll pass the foot of the south face of the Fiz massif and climb up to the D\u00e9rochoir with its equipped passages. You&#8217;ll approach the Col de Portette, behind which lies the refuge. <\/span><\/p>\n<\/div>\n<\/div>\n<\/div>\n<\/div>\n<\/div>\n<p>[\/et_pb_accordion_item][et_pb_accordion_item title=&#8221;Day 11: Across the Plat\u00e9 desert&#8221; open_toggle_text_color=&#8221;#0B7A75&#8243; closed_toggle_text_color=&#8221;#0B7A75&#8243; closed_toggle_background_color=&#8221;#FFFFFF&#8221; open_toggle_text_color_tablet=&#8221;#0B7A75&#8243; open_toggle_text_color_phone=&#8221;#FFFFFF&#8221; open_toggle_text_color_last_edited=&#8221;on|phone&#8221; closed_toggle_text_color_tablet=&#8221;#0B7A75&#8243; closed_toggle_text_color_phone=&#8221;#FFFFFF&#8221; closed_toggle_text_color_last_edited=&#8221;on|phone&#8221; closed_toggle_background_color_tablet=&#8221;#FFFFFF&#8221; closed_toggle_background_color_phone=&#8221;#FFFFFF&#8221; closed_toggle_background_color_last_edited=&#8221;on|phone&#8221; _builder_version=&#8221;4.24.2&#8243; _module_preset=&#8221;default&#8221; body_text_color=&#8221;#FFFFFF&#8221; body_font_size=&#8221;16px&#8221; background_color_gradient_direction=&#8221;90deg&#8221; background_image=&#8221;https:\/\/watse.fr\/wp-content\/uploads\/2024\/08\/Grande-Traversee-J11-Valais-Haut-Giffre.jpg&#8221; background_enable_image=&#8221;on&#8221; background_size=&#8221;custom&#8221; background_image_width=&#8221;35%&#8221; background_image_height=&#8221;0%&#8221; background_position=&#8221;center_right&#8221; max_width_tablet=&#8221;&#8221; max_width_phone=&#8221;&#8221; max_width_last_edited=&#8221;on|phone&#8221; min_height_tablet=&#8221;&#8221; min_height_phone=&#8221;&#8221; min_height_last_edited=&#8221;on|phone&#8221; height_tablet=&#8221;&#8221; height_phone=&#8221;&#8221; height_last_edited=&#8221;on|phone&#8221; max_height_tablet=&#8221;&#8221; max_height_phone=&#8221;&#8221; max_height_last_edited=&#8221;on|phone&#8221; custom_margin=&#8221;||0px||false|false&#8221; custom_padding=&#8221;50px||30px|30px|false|false&#8221; background_last_edited=&#8221;on|desktop&#8221; background_image_phone=&#8221;https:\/\/watse.fr\/wp-content\/uploads\/2024\/08\/Grande-Traversee-J11-Valais-Haut-Giffre.jpg&#8221; background_enable_image_phone=&#8221;on&#8221; background_image_width_phone=&#8221;100%&#8221; background_image_height_phone=&#8221;250px&#8221; background_position_phone=&#8221;top_left&#8221; background_horizontal_offset_phone=&#8221;50%&#8221; background_vertical_offset_phone=&#8221;0%&#8221; global_colors_info=&#8221;{}&#8221; toggle_text_color=&#8221;#FFFFFF&#8221; toggle_level=&#8221;h2&#8243; toggle_font_size=&#8221;35px&#8221; open=&#8221;off&#8221;]<\/p>\n<div class=\"daily-content\">\n<div class=\"et_pb_module et_pb_text et_pb_text_27_tb_body et_pb_text_align_left et_pb_bg_layout_light\">\n<div class=\"et_pb_text_inner\">\n<div class=\"et_pb_module et_pb_text et_pb_text_30_tb_body et_pb_text_align_left et_pb_bg_layout_light\">\n<div class=\"et_pb_text_inner\"><em><span>7 hours&#8217; walk &#8211; Overnight in refuge &#8211; D+: 530 m \/ D-: 1800 m<\/span><\/em><\/div>\n<\/div>\n<div class=\"et_pb_module et_pb_text et_pb_text_31_tb_body et_pb_text_align_left et_pb_bg_layout_light\">\n<div class=\"et_pb_text_inner\">\n<p><span>Today you&#8217;ll be exploring Europe&#8217;s largest karst desert, the Plat\u00e9 Desert. You&#8217;ll make your way back down to the beautiful waterfalls of the Sales mountain, before returning a little further down to the hamlet of Salvagny and its cosy inn.   <\/span><span>You&#8217;ll spend your last night here before setting off the next day on the final leg of your Grand Tour.<\/span><\/p>\n<\/div>\n<\/div>\n<\/div>\n<\/div>\n<\/div>\n<p>[\/et_pb_accordion_item][et_pb_accordion_item title=&#8221;Day 12: Last day on the way to the Fer \u00e0 Cheval cirque&#8221; open_toggle_text_color=&#8221;#0B7A75&#8243; closed_toggle_text_color=&#8221;#0B7A75&#8243; closed_toggle_background_color=&#8221;#FFFFFF&#8221; open_toggle_text_color_tablet=&#8221;#0B7A75&#8243; open_toggle_text_color_phone=&#8221;#FFFFFF&#8221; open_toggle_text_color_last_edited=&#8221;on|phone&#8221; closed_toggle_text_color_tablet=&#8221;#0B7A75&#8243; closed_toggle_text_color_phone=&#8221;#FFFFFF&#8221; closed_toggle_text_color_last_edited=&#8221;on|phone&#8221; closed_toggle_background_color_tablet=&#8221;#FFFFFF&#8221; closed_toggle_background_color_phone=&#8221;#FFFFFF&#8221; closed_toggle_background_color_last_edited=&#8221;on|phone&#8221; _builder_version=&#8221;4.24.2&#8243; _module_preset=&#8221;default&#8221; body_text_color=&#8221;#FFFFFF&#8221; body_font_size=&#8221;16px&#8221; background_color_gradient_direction=&#8221;90deg&#8221; background_image=&#8221;https:\/\/watse.fr\/wp-content\/uploads\/2024\/08\/Grande-Traversee-J12-Valais-Haut-Giffre.jpg&#8221; background_enable_image=&#8221;on&#8221; background_size=&#8221;custom&#8221; background_image_width=&#8221;35%&#8221; background_image_height=&#8221;0%&#8221; background_position=&#8221;center_right&#8221; max_width_tablet=&#8221;&#8221; max_width_phone=&#8221;&#8221; max_width_last_edited=&#8221;on|phone&#8221; min_height_tablet=&#8221;&#8221; min_height_phone=&#8221;&#8221; min_height_last_edited=&#8221;on|phone&#8221; height_tablet=&#8221;&#8221; height_phone=&#8221;&#8221; height_last_edited=&#8221;on|phone&#8221; max_height_tablet=&#8221;&#8221; max_height_phone=&#8221;&#8221; max_height_last_edited=&#8221;on|phone&#8221; custom_margin=&#8221;||0px||false|false&#8221; custom_padding=&#8221;50px||30px|30px|false|false&#8221; background_last_edited=&#8221;on|desktop&#8221; background_image_phone=&#8221;https:\/\/watse.fr\/wp-content\/uploads\/2024\/08\/Grande-Traversee-J12-Valais-Haut-Giffre.jpg&#8221; background_enable_image_phone=&#8221;on&#8221; background_image_width_phone=&#8221;100%&#8221; background_image_height_phone=&#8221;250px&#8221; background_position_phone=&#8221;top_left&#8221; background_horizontal_offset_phone=&#8221;50%&#8221; background_vertical_offset_phone=&#8221;0%&#8221; global_colors_info=&#8221;{}&#8221; toggle_text_color=&#8221;#FFFFFF&#8221; toggle_level=&#8221;h2&#8243; toggle_font_size=&#8221;35px&#8221; open=&#8221;off&#8221;]<\/p>\n<div class=\"daily-content\">\n<div class=\"et_pb_module et_pb_text et_pb_text_27_tb_body et_pb_text_align_left et_pb_bg_layout_light\">\n<div class=\"et_pb_text_inner\">\n<div class=\"et_pb_module et_pb_text et_pb_text_30_tb_body et_pb_text_align_left et_pb_bg_layout_light\">\n<div class=\"et_pb_text_inner\"><em><span>7 hours&#8217; walk &#8211; Overnight in refuge &#8211; D+: 970 m \/ D-: 850 m<\/span><\/em><\/div>\n<\/div>\n<div class=\"et_pb_module et_pb_text et_pb_text_31_tb_body et_pb_text_align_left et_pb_bg_layout_light\">\n<div class=\"et_pb_text_inner\">\n<p><span>After 11 days&#8217; walking, and to round off this wonderful adventure, you&#8217;ll head for the Commune mountain pastures, watched over by the great Tenneverge. You&#8217;ll descend towards the Cirque that greeted you on the first day.   <\/span><span>And here you are at the end of your trek!<\/span><\/p>\n<\/div>\n<\/div>\n<\/div>\n<\/div>\n<\/div>\n<p>[\/et_pb_accordion_item][\/et_pb_accordion][\/et_pb_column][\/et_pb_row][\/et_pb_section][et_pb_section fb_built=&#8221;1&#8243; admin_label=&#8221;Section points forts&#8221; _builder_version=&#8221;4.24.2&#8243; _module_preset=&#8221;default&#8221; background_image=&#8221;https:\/\/watse.fr\/wp-content\/uploads\/2024\/05\/TREK-GT-du-Valaise-et-du-Haut-Giffre.jpg&#8221; min_height=&#8221;40vh&#8221; locked=&#8221;off&#8221; global_colors_info=&#8221;{}&#8221;][et_pb_row custom_padding_last_edited=&#8221;on|phone&#8221; _builder_version=&#8221;4.24.2&#8243; _module_preset=&#8221;default&#8221; max_width=&#8221;70%&#8221; max_width_tablet=&#8221;70%&#8221; max_width_phone=&#8221;90%&#8221; max_width_last_edited=&#8221;on|phone&#8221; module_alignment=&#8221;left&#8221; custom_margin=&#8221;||||false|false&#8221; custom_padding=&#8221;|||70px|false|false&#8221; custom_padding_tablet=&#8221;|||70px|false|false&#8221; custom_padding_phone=&#8221;|10px||0px|false|false&#8221; module_alignment_tablet=&#8221;center&#8221; module_alignment_phone=&#8221;center&#8221; module_alignment_last_edited=&#8221;on|phone&#8221; global_colors_info=&#8221;{}&#8221;][et_pb_column type=&#8221;4_4&#8243; _builder_version=&#8221;4.24.2&#8243; _module_preset=&#8221;default&#8221; background_color=&#8221;#FFFFFF&#8221; custom_padding=&#8221;35px||35px|40px|true|false&#8221; border_radii=&#8221;on|20px|20px|20px|20px&#8221; global_colors_info=&#8221;{}&#8221;][et_pb_text _builder_version=&#8221;4.24.2&#8243; _module_preset=&#8221;default&#8221; text_text_color=&#8221;#2F3734&#8243; header_3_text_color=&#8221;#0B7A75&#8243; header_3_font_size=&#8221;40px&#8221; background_color=&#8221;#FFFFFF&#8221; width=&#8221;90%&#8221; max_width=&#8221;800px&#8221; module_alignment=&#8221;left&#8221; custom_margin=&#8221;||0px||false|false&#8221; custom_padding=&#8221;||||true|false&#8221; header_3_font_size_tablet=&#8221;40px&#8221; header_3_font_size_phone=&#8221;22px&#8221; header_3_font_size_last_edited=&#8221;on|phone&#8221; custom_css_free_form=&#8221;selector h3 {||  margin-bottom: 20px;||}&#8221; border_radii=&#8221;on|20px|20px|20px|20px&#8221; global_colors_info=&#8221;{}&#8221;]<\/p>\n<h3 style=\"text-align: center\">Highlights of the trip<\/h3>\n<p>[\/et_pb_text][et_pb_de_mach_acf_item acf_name=&#8221;field_65f8121b9fad2&#8243; show_label=&#8221;off&#8221; use_icon=&#8221;on&#8221; font_icon=&#8221;&#x4e;||divi||400&#8243; use_icon_font_size=&#8221;on&#8221; icon_font_size=&#8221;24px&#8221; _builder_version=&#8221;4.24.2&#8243; _module_preset=&#8221;default&#8221; title_css_text_color=&#8221;#2F3734&#8243; title_css_font_size=&#8221;18px&#8221; custom_margin=&#8221;0px|0px|10px|0px|false|true&#8221; custom_padding=&#8221;0px|0px|0px|0px|true|true&#8221; global_colors_info=&#8221;{}&#8221;][\/et_pb_de_mach_acf_item][et_pb_de_mach_acf_item acf_name=&#8221;field_65f812949fad3&#8243; show_label=&#8221;off&#8221; use_icon=&#8221;on&#8221; font_icon=&#8221;&#x4e;||divi||400&#8243; use_icon_font_size=&#8221;on&#8221; icon_font_size=&#8221;24px&#8221; _builder_version=&#8221;4.24.2&#8243; _module_preset=&#8221;default&#8221; title_css_text_color=&#8221;#2F3734&#8243; title_css_font_size=&#8221;18px&#8221; custom_margin=&#8221;0px|0px|10px|0px|false|true&#8221; custom_padding=&#8221;0px|0px|0px|0px|true|true&#8221; global_colors_info=&#8221;{}&#8221;][\/et_pb_de_mach_acf_item][et_pb_de_mach_acf_item acf_name=&#8221;field_65f812a99fad4&#8243; show_label=&#8221;off&#8221; use_icon=&#8221;on&#8221; font_icon=&#8221;&#x4e;||divi||400&#8243; use_icon_font_size=&#8221;on&#8221; icon_font_size=&#8221;24px&#8221; _builder_version=&#8221;4.24.2&#8243; _module_preset=&#8221;default&#8221; title_css_text_color=&#8221;#2F3734&#8243; title_css_font_size=&#8221;18px&#8221; custom_margin=&#8221;0px|0px|0px|0px|false|true&#8221; custom_padding=&#8221;0px|0px|0px|0px|true|true&#8221; global_colors_info=&#8221;{}&#8221;][\/et_pb_de_mach_acf_item][\/et_pb_column][\/et_pb_row][\/et_pb_section][et_pb_section fb_built=&#8221;1&#8243; admin_label=&#8221;Section informations&#8221; _builder_version=&#8221;4.24.2&#8243; _module_preset=&#8221;default&#8221; background_color=&#8221;#ECF8F3&#8243; custom_padding=&#8221;3px|||||&#8221; locked=&#8221;off&#8221; global_colors_info=&#8221;{}&#8221;][et_pb_row custom_padding_last_edited=&#8221;on|phone&#8221; _builder_version=&#8221;4.24.2&#8243; _module_preset=&#8221;default&#8221; max_width=&#8221;70%&#8221; max_width_tablet=&#8221;70%&#8221; max_width_phone=&#8221;90%&#8221; max_width_last_edited=&#8221;on|phone&#8221; module_alignment=&#8221;left&#8221; custom_margin=&#8221;50px||||false|false&#8221; custom_padding=&#8221;|||5%|false|false&#8221; custom_padding_tablet=&#8221;|||5%|false|false&#8221; custom_padding_phone=&#8221;|||0%|false|false&#8221; module_alignment_tablet=&#8221;center&#8221; module_alignment_phone=&#8221;center&#8221; module_alignment_last_edited=&#8221;on|phone&#8221; custom_css_free_form=&#8221;selector .title-p {||\tfont-weight: bold;||  font-size: 18px !important;||}&#8221; locked=&#8221;off&#8221; global_colors_info=&#8221;{}&#8221;][et_pb_column type=&#8221;4_4&#8243; _builder_version=&#8221;4.24.2&#8243; _module_preset=&#8221;default&#8221; global_colors_info=&#8221;{}&#8221;][et_pb_toggle title=&#8221;General information&#8221; open_toggle_text_color=&#8221;#0B7A75&#8243; open_toggle_background_color=&#8221;RGBA(255,255,255,0)&#8221; closed_toggle_background_color=&#8221;RGBA(255,255,255,0)&#8221; icon_color=&#8221;#0B7A75&#8243; toggle_icon=&#8221;&#x33;||divi||400&#8243; use_icon_font_size=&#8221;on&#8221; icon_font_size=&#8221;30px&#8221; _builder_version=&#8221;4.24.2&#8243; _module_preset=&#8221;default&#8221; title_text_color=&#8221;#0B7A75&#8243; title_level=&#8221;h3&#8243; title_font_size=&#8221;26px&#8221; body_text_color=&#8221;#0B7A75&#8243; border_radii=&#8221;on|10px|10px|10px|10px&#8221; border_width_all=&#8221;2px&#8221; border_color_all=&#8221;#0B7A75&#8243; global_colors_info=&#8221;{}&#8221;]<\/p>\n<p class=\"title-p\">SAFETY<\/p>\n<p>You can find the Quai d&#8217;Orsay&#8217;s position on these countries on the official website of the French Ministry of Foreign Affairs:<span> <\/span><a href=\"https:\/\/www.diplomatie.gouv.fr\/fr\/conseils-aux-voyageurs\/conseils-par-pays-destination\/\" target=\"_blank\" rel=\"noopener noreferrer\"><span><strong>diplomatie.gouv.fr in the &#8220;Conseils aux voyageurs&#8221; section<\/strong><\/span><\/a>.<\/p>\n<p>The information contained on the website of the French Ministry of Foreign Affairs is subject to change and is given for guidance only. Please note that no region of the world or country can be considered safe from the risk of terrorism. <\/p>\n<p class=\"title-p\">REGISTRATION<\/p>\n<p><span><strong>By post:<\/strong><\/span><\/p>\n<p>Ask us for a registration form<\/p>\n<ul>\n<li>by phone: 06 65 93 29 29<\/li>\n<li>or e-mail: contact@watse.fr<\/li>\n<\/ul>\n<p>Send us your registration with a copy of your passport, your postal address, telephone number and e-mail address, together with a deposit of 30% of the cost of the trip.<br \/>Also, if you wish to take out a Comfort or Comfort Multirisk cancellation insurance policy, this must be paid at the same time as the deposit when you register. You can consult our insurance contracts on our website. <\/p>\n<p><span><strong>By internet:<\/strong><\/span><br \/>Book your holiday directly on our website: directly on the holiday page, choosing your dates and insurance options.<\/p>\n<p><strong>ATTENTION:<\/strong><span> <\/span>air fares will be maintained until 3 months before departure and may be readjusted if necessary if you book during this period.<\/p>\n<p class=\"title-p\">ASSISTANCE AND SAFETY<\/p>\n<p>We strongly advise you to take out assistance insurance for the duration of your trip.<\/p>\n<p>We offer two different types of insurance: Comfort Cancellation and Comfort Multirisk, to be taken out when you register for your trip.<\/p>\n<p>Details of this insurance are available on request or can be viewed by<span> <\/span><span><strong><a href=\"https:\/\/watse.fr\/en\/assurances-3\/\">by clicking here<\/a><\/strong><\/span>.<\/p>\n<p>Other offers include Mondial Assistance, your own insurance company or Club Alpin Fran\u00e7ais. Check that your trekking activity is covered. <\/p>\n<p>Make sure your insurance covers all medical expenses in the event of an accident.<\/p>\n<p>You must make sure that you are covered for mountain rescue costs. If this is the case, you must provide us with the following information before you set off on your trek: <\/p>\n<ul>\n<li>a certificate from the insurance company covering mountain rescue costs.<\/li>\n<li>the contract number and telephone number of the assistance center<\/li>\n<\/ul>\n<p>Beware of restrictive clauses in certain insurance policies (particularly those linked to Visa Premier, Gold or other cards), such as mountain insurance limited to snow activities, or altitude sickness not recognized as an illness requiring repatriation, which will be refused.<\/p>\n<p>Please check the actual content of your insurance and take the necessary steps if necessary.<\/p>\n<p>[\/et_pb_toggle][et_pb_toggle title=&#8221;Health &amp; climate&#8221; open_toggle_text_color=&#8221;#0B7A75&#8243; open_toggle_background_color=&#8221;RGBA(255,255,255,0)&#8221; closed_toggle_background_color=&#8221;RGBA(255,255,255,0)&#8221; icon_color=&#8221;#0B7A75&#8243; toggle_icon=&#8221;&#x33;||divi||400&#8243; use_icon_font_size=&#8221;on&#8221; icon_font_size=&#8221;30px&#8221; _builder_version=&#8221;4.24.2&#8243; _module_preset=&#8221;default&#8221; title_text_color=&#8221;#0B7A75&#8243; title_level=&#8221;h3&#8243; title_font_size=&#8221;26px&#8221; body_text_color=&#8221;#0B7A75&#8243; border_radii=&#8221;on|10px|10px|10px|10px&#8221; border_width_all=&#8221;2px&#8221; border_color_all=&#8221;#0B7A75&#8243; global_colors_info=&#8221;{}&#8221;]<\/p>\n<p class=\"title-p\">JET LAG<\/p>\n<p><span>No time difference.<\/span><\/p>\n<p class=\"title-p\">CLIMATE<\/p>\n<p><span>Temperatures vary according to altitude. It can reach 30\u00b0C in summer on the plains, or sub-zero on the summits. <\/span><\/p>\n<p class=\"title-p\">HEALTH AND VACCINES<\/p>\n<p>No vaccinations required.<\/p>\n<p>We strongly recommend that you are up to date with the usual vaccinations: diphtheria-tetanus-poliomyelitis, whooping cough, tuberculosis, typhoid fever, hepatitis A and B.<\/p>\n<p>We recommend that you have a check-up with your dentist before you leave.<\/p>\n<p class=\"title-p\">IFREMMONT<\/p>\n<p><span>No specific indications.<\/span><\/p>\n<p>[\/et_pb_toggle][et_pb_toggle title=&#8221;Transport and conditions&#8221; open_toggle_text_color=&#8221;#0B7A75&#8243; open_toggle_background_color=&#8221;RGBA(255,255,255,0)&#8221; closed_toggle_background_color=&#8221;RGBA(255,255,255,0)&#8221; icon_color=&#8221;#0B7A75&#8243; toggle_icon=&#8221;&#x33;||divi||400&#8243; use_icon_font_size=&#8221;on&#8221; icon_font_size=&#8221;30px&#8221; _builder_version=&#8221;4.24.2&#8243; _module_preset=&#8221;default&#8221; title_text_color=&#8221;#0B7A75&#8243; title_level=&#8221;h3&#8243; title_font_size=&#8221;26px&#8221; body_text_color=&#8221;#0B7A75&#8243; border_radii=&#8221;on|10px|10px|10px|10px&#8221; border_width_all=&#8221;2px&#8221; border_color_all=&#8221;#0B7A75&#8243; global_colors_info=&#8221;{}&#8221;]<\/p>\n<p><span>For an additional fee, we can arrange transportation to and from the trek start point. Contact us or let us know your requirements when booking. <\/span><\/p>\n<p class=\"title-p\">AIR<\/p>\n<p><span>No specific indications.<\/span><\/p>\n<p class=\"title-p\">LUGGAGE<\/p>\n<p><strong>You carry your own gear for the entire trek,<span> <\/span><\/strong><span>  so make sure you select only the bare essentials, the most versatile. We&#8217;ll be happy to advise you on the best equipment to bring along. <\/span><\/p>\n<div class=\"page\" title=\"Page 10\">\n<div class=\"section\">\n<div class=\"layoutArea\">\n<div class=\"column\"><\/div>\n<\/div>\n<\/div>\n<\/div>\n<p>[\/et_pb_toggle][et_pb_toggle title=&#8221;The stay&#8221; open_toggle_text_color=&#8221;#0B7A75&#8243; open_toggle_background_color=&#8221;RGBA(255,255,255,0)&#8221; closed_toggle_background_color=&#8221;RGBA(255,255,255,0)&#8221; icon_color=&#8221;#0B7A75&#8243; toggle_icon=&#8221;&#x33;||divi||400&#8243; use_icon_font_size=&#8221;on&#8221; icon_font_size=&#8221;30px&#8221; _builder_version=&#8221;4.24.2&#8243; _module_preset=&#8221;default&#8221; title_text_color=&#8221;#0B7A75&#8243; title_level=&#8221;h3&#8243; title_font_size=&#8221;26px&#8221; body_text_color=&#8221;#0B7A75&#8243; border_radii=&#8221;on|10px|10px|10px|10px&#8221; border_width_all=&#8221;2px&#8221; border_color_all=&#8221;#0B7A75&#8243; global_colors_info=&#8221;{}&#8221;]<\/p>\n<p class=\"title-p\">MEALS<\/p>\n<div class=\"page\" title=\"Page 10\">\n<div class=\"section\">\n<div class=\"layoutArea\">\n<div class=\"column\">\n<p>Picnic lunches are taken at the refuge. Morning and evening meals are taken at the refuge. <\/p>\n<p>You can also bring your favorite snacks.<\/p>\n<p><strong>If you have a special diet, please let us know as soon as possible<\/strong>.<\/p>\n<p><strong><\/strong><\/p>\n<\/div>\n<\/div>\n<\/div>\n<\/div>\n<p class=\"title-p\">ACCOMMODATION<\/p>\n<p><span>During the trek, we stay in refuges. The dormitories are always different and vary in size. A sheet-sack is compulsory for the night, and earplugs and a small headlamp with a red bulb (less annoying in g\u00eetes) are recommended.  <\/span><\/p>\n<p class=\"title-p\">TRAINING<\/p>\n<p><span>Supervision by a state-qualified French mountain leader.<\/span><\/p>\n<p>[\/et_pb_toggle][et_pb_toggle title=&#8221;Practical info&#8221; open_toggle_text_color=&#8221;#0B7A75&#8243; open_toggle_background_color=&#8221;RGBA(255,255,255,0)&#8221; closed_toggle_background_color=&#8221;RGBA(255,255,255,0)&#8221; icon_color=&#8221;#0B7A75&#8243; toggle_icon=&#8221;&#x33;||divi||400&#8243; use_icon_font_size=&#8221;on&#8221; icon_font_size=&#8221;30px&#8221; _builder_version=&#8221;4.24.2&#8243; _module_preset=&#8221;default&#8221; title_text_color=&#8221;#0B7A75&#8243; title_level=&#8221;h3&#8243; title_font_size=&#8221;26px&#8221; body_text_color=&#8221;#0B7A75&#8243; border_radii=&#8221;on|10px|10px|10px|10px&#8221; border_width_all=&#8221;2px&#8221; border_color_all=&#8221;#0B7A75&#8243; global_colors_info=&#8221;{}&#8221;]<\/p>\n<p class=\"title-p\">ELECTRICITY<\/p>\n<p><span>Some (but not all) refuges allow you to recharge your small electronic devices (cell phone, camera). If necessary, bring an external battery or solar charger. <\/span><\/p>\n<p class=\"title-p\">FORMALITIES AND VISA<\/p>\n<p><span>No visa required for French nationals and citizens of bordering countries.<\/span><\/p>\n<p class=\"title-p\">BUDGET, CHANGE AND TIPS<\/p>\n<p><span>Meals not included (cold drinks, snacks, etc.) and accommodation are included in the price of the stay. Tipping is not compulsory and should reflect your satisfaction with the team. <\/span><\/p>\n<p>[\/et_pb_toggle][et_pb_button button_text=&#8221;Consult the FAQ&#8221; button_alignment=&#8221;left&#8221; button_alignment_tablet=&#8221;center&#8221; button_alignment_phone=&#8221;center&#8221; button_alignment_last_edited=&#8221;on|phone&#8221; _builder_version=&#8221;4.24.2&#8243; _module_preset=&#8221;default&#8221; button_text_color=&#8221;#FFFFFF&#8221; button_border_width=&#8221;2px&#8221; button_use_icon=&#8221;off&#8221; locked=&#8221;off&#8221; global_colors_info=&#8221;{}&#8221; button_bg_color__hover=&#8221;#FFFFFF&#8221;][\/et_pb_button][\/et_pb_column][\/et_pb_row][\/et_pb_section][et_pb_section fb_built=&#8221;1&#8243; admin_label=&#8221;Section plus value&#8221; _builder_version=&#8221;4.24.2&#8243; _module_preset=&#8221;default&#8221; background_color=&#8221;#FFFFFF&#8221; custom_padding=&#8221;2px||58px|||&#8221; custom_css_free_form=&#8221;selector {||  z-index: 20 !important;||}&#8221; locked=&#8221;off&#8221; global_colors_info=&#8221;{}&#8221;][et_pb_row _builder_version=&#8221;4.24.2&#8243; _module_preset=&#8221;default&#8221; global_colors_info=&#8221;{}&#8221;][et_pb_column type=&#8221;4_4&#8243; _builder_version=&#8221;4.24.2&#8243; _module_preset=&#8221;default&#8221; global_colors_info=&#8221;{}&#8221;][et_pb_text _builder_version=&#8221;4.24.2&#8243; _module_preset=&#8221;default&#8221; text_font_size=&#8221;40px&#8221; header_text_color=&#8221;#0B7A75&#8243; header_4_text_color=&#8221;#0B7A75&#8243; header_4_font_size=&#8221;42px&#8221; header_2_font_size_tablet=&#8221;&#8221; header_2_font_size_phone=&#8221;38px&#8221; header_2_font_size_last_edited=&#8221;on|phone&#8221; global_colors_info=&#8221;{}&#8221;]<\/p>\n<h4 style=\"text-align: center\"><strong>Watse added value<\/strong><\/h4>\n<p>[\/et_pb_text][\/et_pb_column][\/et_pb_row][et_pb_row column_structure=&#8221;1_3,1_3,1_3&#8243; custom_padding_last_edited=&#8221;on|phone&#8221; _builder_version=&#8221;4.24.2&#8243; _module_preset=&#8221;default&#8221; max_width=&#8221;1200px&#8221; max_width_tablet=&#8221;1200px&#8221; max_width_phone=&#8221;90%&#8221; max_width_last_edited=&#8221;on|phone&#8221; module_alignment=&#8221;center&#8221; custom_margin=&#8221;7px|auto||auto||&#8221; custom_margin_tablet=&#8221;7px|auto||auto||&#8221; custom_margin_phone=&#8221;0px|auto||auto|false|false&#8221; custom_margin_last_edited=&#8221;on|phone&#8221; custom_padding=&#8221;0px|||50px|false|false&#8221; custom_padding_tablet=&#8221;0px|||50px|false|false&#8221; custom_padding_phone=&#8221;|||0px|false|false&#8221; module_alignment_tablet=&#8221;center&#8221; module_alignment_phone=&#8221;center&#8221; module_alignment_last_edited=&#8221;on|phone&#8221; global_colors_info=&#8221;{}&#8221;][et_pb_column type=&#8221;1_3&#8243; _builder_version=&#8221;4.24.2&#8243; _module_preset=&#8221;default&#8221; global_colors_info=&#8221;{}&#8221;][et_pb_icon font_icon=&#8221;&#xf06c;||fa||900&#8243; icon_width=&#8221;60px&#8221; _builder_version=&#8221;4.24.2&#8243; _module_preset=&#8221;default&#8221; custom_margin=&#8221;||22px|||&#8221; global_colors_info=&#8221;{}&#8221;][\/et_pb_icon][et_pb_text _builder_version=&#8221;4.24.2&#8243; _module_preset=&#8221;default&#8221; header_5_text_color=&#8221;#0B7A75&#8243; global_colors_info=&#8221;{}&#8221;]<\/p>\n<h5 style=\"text-align: center;\"><span>A WATSE CREATION<\/span><\/h5>\n<p style=\"text-align: center;\"><span>A wild and intimate itinerary you won&#8217;t find anywhere else.<\/span><\/p>\n<p style=\"text-align: left;\">[\/et_pb_text][\/et_pb_column][et_pb_column type=&#8221;1_3&#8243; _builder_version=&#8221;4.24.2&#8243; _module_preset=&#8221;default&#8221; global_colors_info=&#8221;{}&#8221;][et_pb_icon font_icon=&#8221;&#xf6fc;||fa||900&#8243; icon_width=&#8221;60px&#8221; _builder_version=&#8221;4.24.2&#8243; _module_preset=&#8221;default&#8221; custom_margin=&#8221;||22px|||&#8221; global_colors_info=&#8221;{}&#8221;][\/et_pb_icon][et_pb_text _builder_version=&#8221;4.24.2&#8243; _module_preset=&#8221;default&#8221; header_5_text_color=&#8221;#0B7A75&#8243; global_colors_info=&#8221;{}&#8221;]<\/p>\n<h5 style=\"text-align: center;\"><strong><span>YOUR FIRST BIG TREK<\/span><\/strong><strong><\/strong><\/h5>\n<p style=\"text-align: center;\"><span>A great experience to prepare for a future high altitude trek in the Himalayas or the Andes.<\/span><\/p>\n<p style=\"text-align: left;\">[\/et_pb_text][\/et_pb_column][et_pb_column type=&#8221;1_3&#8243; _builder_version=&#8221;4.24.2&#8243; _module_preset=&#8221;default&#8221; global_colors_info=&#8221;{}&#8221;][et_pb_icon font_icon=&#8221;&#xf6ec;||fa||900&#8243; icon_width=&#8221;60px&#8221; _builder_version=&#8221;4.24.2&#8243; _module_preset=&#8221;default&#8221; custom_margin=&#8221;||22px|||&#8221; global_colors_info=&#8221;{}&#8221;][\/et_pb_icon][et_pb_text _builder_version=&#8221;4.24.2&#8243; _module_preset=&#8221;default&#8221; header_5_text_color=&#8221;#0B7A75&#8243; global_colors_info=&#8221;{}&#8221;]<\/p>\n<h5 style=\"text-align: center;\"><strong><span>FIELD EXPERIENCE<\/span><\/strong><strong><\/strong><\/h5>\n<p style=\"text-align: center;\"><span>Your guide is a specialist in the area and knows the terrain like the back of his hand<\/span><\/p>\n<p style=\"text-align: left;\">[\/et_pb_text][\/et_pb_column][\/et_pb_row][\/et_pb_section]<\/p>\n","protected":false},"featured_media":61300,"template":"","meta":{"_acf_changed":false,"_et_pb_use_builder":"on","_et_pb_old_content":"","_et_gb_content_width":""},"activite":[341],"destination":[342,343,344],"class_list":["post-62184","sejour","type-sejour","status-publish","has-post-thumbnail","hentry","activite-trekking-en","destination-europe-en","destination-france-en","destination-switerland"],"acf":{"desc-text-1":"A unique diversity of landscapes and atmospheres, made possible by the wide range of altitudes of the mountain ranges.","desc-text-2":"A unique itinerary created by our expert guides.  ","desc-text-3":"A trek on little-traveled trails in the heart of unspoilt nature.","destination_principale":"Switzerland"},"yoast_head":"<!-- This site is optimized with the Yoast SEO plugin v23.5 - https:\/\/yoast.com\/wordpress\/plugins\/seo\/ -->\n<title>Grand Tour du Valais et du Haut-Giffre: 12-day trek<\/title>\n<meta name=\"description\" content=\"Explore varied alpine landscapes, cross spectacular passes and immerse yourself in the wild beauty of the Swiss Alps.\" \/>\n<meta name=\"robots\" content=\"index, follow, max-snippet:-1, max-image-preview:large, max-video-preview:-1\" \/>\n<link rel=\"canonical\" href=\"https:\/\/watse.fr\/en\/sejour\/grand-tour-of-valais-and-haut-giffre\/\" \/>\n<meta property=\"og:locale\" content=\"en_US\" \/>\n<meta property=\"og:type\" content=\"article\" \/>\n<meta property=\"og:title\" content=\"12-day trek - Grand Tour du Valais et du Haut-Giffre\" \/>\n<meta property=\"og:description\" content=\"Enjoy 12 days of hiking through grandiose panoramas, green valleys and majestic peaks in Switzerland.\" \/>\n<meta property=\"og:site_name\" content=\"Watse\" \/>\n<meta property=\"article:modified_time\" content=\"2024-10-11T14:17:07+00:00\" \/>\n<meta property=\"og:image\" content=\"https:\/\/watse.fr\/wp-content\/uploads\/2024\/05\/TREK-GT-du-Valaise-et-du-Haut-Giffre-1024x683.jpg\" \/>\n<meta name=\"twitter:card\" content=\"summary_large_image\" \/>\n<meta name=\"twitter:title\" content=\"Grand Tour du Valais et du Haut-Giffre : 12 Days Trekking\" \/>\n<meta name=\"twitter:description\" content=\"Discover exceptional Alpine landscapes, cross panoramic passes and immerse yourself in the natural splendour of the Swiss Alps.\" \/>\n<meta name=\"twitter:image\" content=\"https:\/\/watse.fr\/wp-content\/uploads\/2024\/05\/TREK-GT-du-Valaise-et-du-Haut-Giffre-1024x683.jpg\" \/>\n<meta name=\"twitter:label1\" content=\"Est. reading time\" \/>\n\t<meta name=\"twitter:data1\" content=\"49 minutes\" \/>\n<script type=\"application\/ld+json\" class=\"yoast-schema-graph\">{\"@context\":\"https:\/\/schema.org\",\"@graph\":[{\"@type\":\"WebPage\",\"@id\":\"https:\/\/watse.fr\/en\/sejour\/grand-tour-of-valais-and-haut-giffre\/\",\"url\":\"https:\/\/watse.fr\/en\/sejour\/grand-tour-of-valais-and-haut-giffre\/\",\"name\":\"Grand Tour du Valais et du Haut-Giffre: 12-day trek\",\"isPartOf\":{\"@id\":\"https:\/\/watse.fr\/en\/#website\"},\"primaryImageOfPage\":{\"@id\":\"https:\/\/watse.fr\/en\/sejour\/grand-tour-of-valais-and-haut-giffre\/#primaryimage\"},\"image\":{\"@id\":\"https:\/\/watse.fr\/en\/sejour\/grand-tour-of-valais-and-haut-giffre\/#primaryimage\"},\"thumbnailUrl\":\"https:\/\/watse.fr\/wp-content\/uploads\/2024\/05\/TREK-GT-du-Valaise-et-du-Haut-Giffre.jpg\",\"datePublished\":\"2024-05-27T07:14:34+00:00\",\"dateModified\":\"2024-10-11T14:17:07+00:00\",\"description\":\"Explore varied alpine landscapes, cross spectacular passes and immerse yourself in the wild beauty of the Swiss Alps.\",\"breadcrumb\":{\"@id\":\"https:\/\/watse.fr\/en\/sejour\/grand-tour-of-valais-and-haut-giffre\/#breadcrumb\"},\"inLanguage\":\"en-US\",\"potentialAction\":[{\"@type\":\"ReadAction\",\"target\":[\"https:\/\/watse.fr\/en\/sejour\/grand-tour-of-valais-and-haut-giffre\/\"]}]},{\"@type\":\"ImageObject\",\"inLanguage\":\"en-US\",\"@id\":\"https:\/\/watse.fr\/en\/sejour\/grand-tour-of-valais-and-haut-giffre\/#primaryimage\",\"url\":\"https:\/\/watse.fr\/wp-content\/uploads\/2024\/05\/TREK-GT-du-Valaise-et-du-Haut-Giffre.jpg\",\"contentUrl\":\"https:\/\/watse.fr\/wp-content\/uploads\/2024\/05\/TREK-GT-du-Valaise-et-du-Haut-Giffre.jpg\",\"width\":2048,\"height\":1366},{\"@type\":\"BreadcrumbList\",\"@id\":\"https:\/\/watse.fr\/en\/sejour\/grand-tour-of-valais-and-haut-giffre\/#breadcrumb\",\"itemListElement\":[{\"@type\":\"ListItem\",\"position\":1,\"name\":\"Accueil\",\"item\":\"https:\/\/watse.fr\/en\/\"},{\"@type\":\"ListItem\",\"position\":2,\"name\":\"S\u00e9jours\",\"item\":\"https:\/\/watse.fr\/en\/tous-nos-sejours\/\"},{\"@type\":\"ListItem\",\"position\":3,\"name\":\"Grand Tour of Valais and Haut-Giffre\"}]},{\"@type\":\"WebSite\",\"@id\":\"https:\/\/watse.fr\/en\/#website\",\"url\":\"https:\/\/watse.fr\/en\/\",\"name\":\"Watse\",\"description\":\"\",\"potentialAction\":[{\"@type\":\"SearchAction\",\"target\":{\"@type\":\"EntryPoint\",\"urlTemplate\":\"https:\/\/watse.fr\/en\/?s={search_term_string}\"},\"query-input\":{\"@type\":\"PropertyValueSpecification\",\"valueRequired\":true,\"valueName\":\"search_term_string\"}}],\"inLanguage\":\"en-US\"}]}<\/script>\n<!-- \/ Yoast SEO plugin. -->","yoast_head_json":{"title":"Grand Tour du Valais et du Haut-Giffre: 12-day trek","description":"Explore varied alpine landscapes, cross spectacular passes and immerse yourself in the wild beauty of the Swiss Alps.","robots":{"index":"index","follow":"follow","max-snippet":"max-snippet:-1","max-image-preview":"max-image-preview:large","max-video-preview":"max-video-preview:-1"},"canonical":"https:\/\/watse.fr\/en\/sejour\/grand-tour-of-valais-and-haut-giffre\/","og_locale":"en_US","og_type":"article","og_title":"12-day trek - Grand Tour du Valais et du Haut-Giffre","og_description":"Enjoy 12 days of hiking through grandiose panoramas, green valleys and majestic peaks in Switzerland.","og_site_name":"Watse","article_modified_time":"2024-10-11T14:17:07+00:00","og_image":[{"url":"https:\/\/watse.fr\/wp-content\/uploads\/2024\/05\/TREK-GT-du-Valaise-et-du-Haut-Giffre-1024x683.jpg"}],"twitter_card":"summary_large_image","twitter_title":"Grand Tour du Valais et du Haut-Giffre : 12 Days Trekking","twitter_description":"Discover exceptional Alpine landscapes, cross panoramic passes and immerse yourself in the natural splendour of the Swiss Alps.","twitter_image":"https:\/\/watse.fr\/wp-content\/uploads\/2024\/05\/TREK-GT-du-Valaise-et-du-Haut-Giffre-1024x683.jpg","twitter_misc":{"Est. reading time":"49 minutes"},"schema":{"@context":"https:\/\/schema.org","@graph":[{"@type":"WebPage","@id":"https:\/\/watse.fr\/en\/sejour\/grand-tour-of-valais-and-haut-giffre\/","url":"https:\/\/watse.fr\/en\/sejour\/grand-tour-of-valais-and-haut-giffre\/","name":"Grand Tour du Valais et du Haut-Giffre: 12-day trek","isPartOf":{"@id":"https:\/\/watse.fr\/en\/#website"},"primaryImageOfPage":{"@id":"https:\/\/watse.fr\/en\/sejour\/grand-tour-of-valais-and-haut-giffre\/#primaryimage"},"image":{"@id":"https:\/\/watse.fr\/en\/sejour\/grand-tour-of-valais-and-haut-giffre\/#primaryimage"},"thumbnailUrl":"https:\/\/watse.fr\/wp-content\/uploads\/2024\/05\/TREK-GT-du-Valaise-et-du-Haut-Giffre.jpg","datePublished":"2024-05-27T07:14:34+00:00","dateModified":"2024-10-11T14:17:07+00:00","description":"Explore varied alpine landscapes, cross spectacular passes and immerse yourself in the wild beauty of the Swiss Alps.","breadcrumb":{"@id":"https:\/\/watse.fr\/en\/sejour\/grand-tour-of-valais-and-haut-giffre\/#breadcrumb"},"inLanguage":"en-US","potentialAction":[{"@type":"ReadAction","target":["https:\/\/watse.fr\/en\/sejour\/grand-tour-of-valais-and-haut-giffre\/"]}]},{"@type":"ImageObject","inLanguage":"en-US","@id":"https:\/\/watse.fr\/en\/sejour\/grand-tour-of-valais-and-haut-giffre\/#primaryimage","url":"https:\/\/watse.fr\/wp-content\/uploads\/2024\/05\/TREK-GT-du-Valaise-et-du-Haut-Giffre.jpg","contentUrl":"https:\/\/watse.fr\/wp-content\/uploads\/2024\/05\/TREK-GT-du-Valaise-et-du-Haut-Giffre.jpg","width":2048,"height":1366},{"@type":"BreadcrumbList","@id":"https:\/\/watse.fr\/en\/sejour\/grand-tour-of-valais-and-haut-giffre\/#breadcrumb","itemListElement":[{"@type":"ListItem","position":1,"name":"Accueil","item":"https:\/\/watse.fr\/en\/"},{"@type":"ListItem","position":2,"name":"S\u00e9jours","item":"https:\/\/watse.fr\/en\/tous-nos-sejours\/"},{"@type":"ListItem","position":3,"name":"Grand Tour of Valais and Haut-Giffre"}]},{"@type":"WebSite","@id":"https:\/\/watse.fr\/en\/#website","url":"https:\/\/watse.fr\/en\/","name":"Watse","description":"","potentialAction":[{"@type":"SearchAction","target":{"@type":"EntryPoint","urlTemplate":"https:\/\/watse.fr\/en\/?s={search_term_string}"},"query-input":{"@type":"PropertyValueSpecification","valueRequired":true,"valueName":"search_term_string"}}],"inLanguage":"en-US"}]}},"_links":{"self":[{"href":"https:\/\/watse.fr\/en\/wp-json\/wp\/v2\/sejour\/62184"}],"collection":[{"href":"https:\/\/watse.fr\/en\/wp-json\/wp\/v2\/sejour"}],"about":[{"href":"https:\/\/watse.fr\/en\/wp-json\/wp\/v2\/types\/sejour"}],"wp:featuredmedia":[{"embeddable":true,"href":"https:\/\/watse.fr\/en\/wp-json\/wp\/v2\/media\/61300"}],"wp:attachment":[{"href":"https:\/\/watse.fr\/en\/wp-json\/wp\/v2\/media?parent=62184"}],"wp:term":[{"taxonomy":"activite","embeddable":true,"href":"https:\/\/watse.fr\/en\/wp-json\/wp\/v2\/activite?post=62184"},{"taxonomy":"destination","embeddable":true,"href":"https:\/\/watse.fr\/en\/wp-json\/wp\/v2\/destination?post=62184"}],"curies":[{"name":"wp","href":"https:\/\/api.w.org\/{rel}","templated":true}]}}