{"id":62174,"date":"2024-05-26T15:00:12","date_gmt":"2024-05-26T13:00:12","guid":{"rendered":"https:\/\/watse.fr\/sejour\/grand-tour-des-combins\/"},"modified":"2024-10-11T16:15:10","modified_gmt":"2024-10-11T14:15:10","slug":"grand-tour-des-combins","status":"publish","type":"sejour","link":"https:\/\/watse.fr\/en\/sejour\/grand-tour-des-combins\/","title":{"rendered":"Grand Tour des Combins"},"content":{"rendered":"<p>[et_pb_section fb_built=&#8221;1&#8243; admin_label=&#8221;Section Intro&#8221; module_class=&#8221;destination-first-section&#8221; _builder_version=&#8221;4.24.2&#8243; _dynamic_attributes=&#8221;background_image&#8221; _module_preset=&#8221;default&#8221; background_image=&#8221;@ET-DC@eyJkeW5hbWljIjp0cnVlLCJjb250ZW50IjoicG9zdF9mZWF0dXJlZF9pbWFnZSIsInNldHRpbmdzIjp7fX0=@&#8221; height_tablet=&#8221;auto&#8221; height_phone=&#8221;auto&#8221; height_last_edited=&#8221;off|phone&#8221; custom_padding=&#8221;0px|0px|0px|0px|true|true&#8221; locked=&#8221;off&#8221; global_colors_info=&#8221;{}&#8221;][et_pb_row column_structure=&#8221;2_3,1_3&#8243; _builder_version=&#8221;4.24.2&#8243; _module_preset=&#8221;default&#8221; custom_margin=&#8221;140px||||false|false&#8221; custom_padding=&#8221;||||false|false&#8221; global_colors_info=&#8221;{}&#8221;][et_pb_column type=&#8221;2_3&#8243; module_class=&#8221;trip-title-column&#8221; _builder_version=&#8221;4.24.2&#8243; _module_preset=&#8221;default&#8221; global_colors_info=&#8221;{}&#8221;][et_pb_text _builder_version=&#8221;4.24.2&#8243; _dynamic_attributes=&#8221;content&#8221; _module_preset=&#8221;default&#8221; text_font=&#8221;||||||||&#8221; header_font=&#8221;|700|||||||&#8221; header_text_color=&#8221;#FFFFFF&#8221; header_font_size=&#8221;80px&#8221; header_line_height=&#8221;1.3em&#8221; custom_margin=&#8221;30vh||||false|false&#8221; custom_margin_tablet=&#8221;30vh||||false|false&#8221; custom_margin_phone=&#8221;15vh||||false|false&#8221; custom_margin_last_edited=&#8221;on|phone&#8221; custom_padding_tablet=&#8221;&#8221; custom_padding_phone=&#8221;||||false|false&#8221; custom_padding_last_edited=&#8221;on|phone&#8221; header_font_size_tablet=&#8221;80px&#8221; header_font_size_phone=&#8221;36px&#8221; header_font_size_last_edited=&#8221;on|phone&#8221; global_colors_info=&#8221;{}&#8221;]@ET-DC@eyJkeW5hbWljIjp0cnVlLCJjb250ZW50IjoicG9zdF90aXRsZSIsInNldHRpbmdzIjp7ImJlZm9yZSI6IjxoMT4iLCJhZnRlciI6IjxcL2gxPiJ9fQ==@[\/et_pb_text][et_pb_de_mach_acf_item acf_name=&#8221;field_65e1b95644a9f&#8221; show_label=&#8221;off&#8221; suffix=&#8221; jours&#8221; use_icon=&#8221;on&#8221; font_icon=&#8221;&#xf073;||fa||900&#8243; icon_color=&#8221;#FFFFFF&#8221; use_icon_font_size=&#8221;on&#8221; icon_font_size=&#8221;20px&#8221; admin_label=&#8221;Dur\u00e9e&#8221; module_id=&#8221;trip-info-duration-padding&#8221; module_class=&#8221;trip-info-duration inline-info&#8221; _builder_version=&#8221;4.24.2&#8243; _module_preset=&#8221;default&#8221; title_css_font=&#8221;|700|||||||&#8221; title_css_text_color=&#8221;#FFFFFF&#8221; title_css_font_size=&#8221;18px&#8221; custom_padding=&#8221;|25px|||false|false&#8221; border_width_right=&#8221;2px&#8221; border_color_right=&#8221;#FFFFFF&#8221; border_width_right_tablet=&#8221;2px&#8221; border_width_right_phone=&#8221;0px&#8221; border_width_right_last_edited=&#8221;on|phone&#8221; global_colors_info=&#8221;{}&#8221;][\/et_pb_de_mach_acf_item][et_pb_de_mach_acf_item acf_name=&#8221;field_65e1b7da44a9d&#8221; show_label=&#8221;off&#8221; use_icon=&#8221;on&#8221; font_icon=&#8221;&#xf6fc;||fa||900&#8243; icon_color=&#8221;#FFFFFF&#8221; use_icon_font_size=&#8221;on&#8221; icon_font_size=&#8221;20px&#8221; admin_label=&#8221;Difficult\u00e9&#8221; module_class=&#8221;trip-info-difficulty inline-info&#8221; _builder_version=&#8221;4.24.2&#8243; _module_preset=&#8221;default&#8221; title_css_font=&#8221;|700|||||||&#8221; title_css_text_color=&#8221;#FFFFFF&#8221; title_css_font_size=&#8221;18px&#8221; custom_padding=&#8221;|25px||25px|false|true&#8221; border_width_right=&#8221;2px&#8221; border_color_right=&#8221;#FFFFFF&#8221; border_width_right_tablet=&#8221;2px&#8221; border_width_right_phone=&#8221;0px&#8221; border_width_right_last_edited=&#8221;on|phone&#8221; global_colors_info=&#8221;{}&#8221;][\/et_pb_de_mach_acf_item][et_pb_de_mach_acf_item acf_name=&#8221;field_65e1b90144a9e&#8221; show_label=&#8221;off&#8221; suffix=&#8221; personnes&#8221; use_icon=&#8221;on&#8221; font_icon=&#8221;&#xf0c0;||fa||900&#8243; icon_color=&#8221;#FFFFFF&#8221; use_icon_font_size=&#8221;on&#8221; icon_font_size=&#8221;20px&#8221; admin_label=&#8221;Taille du groupe&#8221; module_class=&#8221;trip-info-group-size inline-info&#8221; _builder_version=&#8221;4.24.2&#8243; _module_preset=&#8221;default&#8221; title_css_font=&#8221;|700|||||||&#8221; title_css_text_color=&#8221;#FFFFFF&#8221; title_css_font_size=&#8221;18px&#8221; custom_padding=&#8221;|||25px|false|false&#8221; global_colors_info=&#8221;{}&#8221;][\/et_pb_de_mach_acf_item][et_pb_code _builder_version=&#8221;4.24.2&#8243; _module_preset=&#8221;default&#8221; global_colors_info=&#8221;{}&#8221;]<\/p>\n<div class=\"trip-infos-inline-container\"><!-- [et_pb_line_break_holder] -->  <!-- [et_pb_line_break_holder] --><\/div>\n<p>[\/et_pb_code][\/et_pb_column][et_pb_column type=&#8221;1_3&#8243; module_class=&#8221;trip-infos-column&#8221; _builder_version=&#8221;4.24.2&#8243; _module_preset=&#8221;default&#8221; background_color=&#8221;#FFFFFF&#8221; custom_padding=&#8221;30px|30px|30px|30px|true|true&#8221; border_radii=&#8221;on|20px|20px|20px|20px&#8221; global_colors_info=&#8221;{}&#8221;][et_pb_text admin_label=&#8221;Titre&#8221; _builder_version=&#8221;4.24.2&#8243; _dynamic_attributes=&#8221;content&#8221; _module_preset=&#8221;default&#8221; text_font=&#8221;|700||on|||||&#8221; text_font_size=&#8221;20px&#8221; custom_margin=&#8221;||15px||false|false&#8221; custom_padding=&#8221;||0px||false|false&#8221; global_colors_info=&#8221;{}&#8221;]@ET-DC@eyJkeW5hbWljIjp0cnVlLCJjb250ZW50IjoicG9zdF90aXRsZSIsInNldHRpbmdzIjp7ImJlZm9yZSI6IiIsImFmdGVyIjoiIn19@[\/et_pb_text][et_pb_blurb title=&#8221;Activity&#8221; use_icon=&#8221;on&#8221; font_icon=&#8221;&#xf70c;||fa||900&#8243; icon_placement=&#8221;left&#8221; image_icon_width=&#8221;26px&#8221; admin_label=&#8221;R\u00e9sum\u00e9 &#8211; Activit\u00e9s&#8221; _builder_version=&#8221;4.24.2&#8243; _module_preset=&#8221;default&#8221; header_font=&#8221;|700|||||||&#8221; header_text_color=&#8221;#0B7A75&#8243; custom_margin=&#8221;||10px||false|false&#8221; custom_padding=&#8221;15px||0px||false|false&#8221; border_width_top=&#8221;2px&#8221; border_color_top=&#8221;#FBEFEF&#8221; global_colors_info=&#8221;{}&#8221;][\/et_pb_blurb][et_pb_de_mach_post_meta display_inline=&#8221;on&#8221; admin_label=&#8221;Meta &#8211; Activit\u00e9s&#8221; _builder_version=&#8221;4.24.2&#8243; _module_preset=&#8221;default&#8221; custom_padding=&#8221;||0px||false|false&#8221; global_colors_info=&#8221;{}&#8221;][et_pb_de_mach_post_meta_item meta_item=&#8221;taxonomy&#8221; custom_tax_choose=&#8221;activite&#8221; post_type_choose=&#8221;sejour&#8221; show_label=&#8221;off&#8221; values_as_btns=&#8221;on&#8221; _builder_version=&#8221;4.24.2&#8243; _module_preset=&#8221;default&#8221; meta_item_text_color=&#8221;#0B7A75&#8243; custom_button=&#8221;on&#8221; button_text_size=&#8221;16px&#8221; button_text_color=&#8221;#0B7A75&#8243; button_bg_color=&#8221;#FFFFFF&#8221; button_border_width=&#8221;2px&#8221; button_border_color=&#8221;#0B7A75&#8243; button_border_radius=&#8221;50px&#8221; button_font=&#8221;|700|||||||&#8221; button_use_icon=&#8221;off&#8221; button_text_color_last_edited=&#8221;off|desktop&#8221; border_color_all=&#8221;#0B7A75&#8243; global_colors_info=&#8221;{}&#8221; button_bg_color__hover_enabled=&#8221;off|desktop&#8221; button_bg_color__hover=&#8221;#0B7A75&#8243; button_bg_enable_color__hover=&#8221;on&#8221; button_border_color__hover_enabled=&#8221;off|hover&#8221; button_text_color__hover_enabled=&#8221;off|desktop&#8221; button_text_color__hover=&#8221;#FBEFEF&#8221;][\/et_pb_de_mach_post_meta_item][\/et_pb_de_mach_post_meta][et_pb_blurb title=&#8221;Difficulty&#8221; use_icon=&#8221;on&#8221; font_icon=&#8221;&#xf6fc;||fa||900&#8243; icon_placement=&#8221;left&#8221; image_icon_width=&#8221;26px&#8221; admin_label=&#8221;R\u00e9sum\u00e9 &#8211; Difficult\u00e9&#8221; _builder_version=&#8221;4.24.2&#8243; _module_preset=&#8221;default&#8221; header_font=&#8221;|700|||||||&#8221; header_text_color=&#8221;#0B7A75&#8243; custom_margin=&#8221;||10px||false|false&#8221; custom_padding=&#8221;15px||0px||false|false&#8221; border_width_top=&#8221;2px&#8221; border_color_top=&#8221;#FBEFEF&#8221; global_colors_info=&#8221;{}&#8221;][\/et_pb_blurb][et_pb_de_mach_acf_item acf_name=&#8221;field_65e1b7da44a9d&#8221; show_label=&#8221;off&#8221; admin_label=&#8221;Meta &#8211; Difficult\u00e9&#8221; _builder_version=&#8221;4.24.2&#8243; _module_preset=&#8221;default&#8221; title_css_font=&#8221;|700|||||||&#8221; title_css_text_color=&#8221;#0B7A75&#8243; title_css_font_size=&#8221;16px&#8221; custom_margin=&#8221;||15px||false|false&#8221; global_colors_info=&#8221;{}&#8221;][\/et_pb_de_mach_acf_item][et_pb_blurb title=&#8221;Duration&#8221; use_icon=&#8221;on&#8221; font_icon=&#8221;&#xf2f2;||fa||900&#8243; icon_placement=&#8221;left&#8221; image_icon_width=&#8221;26px&#8221; admin_label=&#8221;R\u00e9sum\u00e9 &#8211; Dur\u00e9e&#8221; _builder_version=&#8221;4.24.2&#8243; _module_preset=&#8221;default&#8221; header_font=&#8221;|700|||||||&#8221; header_text_color=&#8221;#0B7A75&#8243; custom_margin=&#8221;||10px||false|false&#8221; custom_padding=&#8221;15px||0px||false|false&#8221; border_width_top=&#8221;2px&#8221; border_color_top=&#8221;#FBEFEF&#8221; global_colors_info=&#8221;{}&#8221;][\/et_pb_blurb][et_pb_de_mach_acf_item acf_name=&#8221;field_65e1b95644a9f&#8221; show_label=&#8221;off&#8221; suffix=&#8221; jours&#8221; admin_label=&#8221;ACF Item &#8211; Dur\u00e9e&#8221; _builder_version=&#8221;4.24.2&#8243; _module_preset=&#8221;default&#8221; title_css_font=&#8221;|700|||||||&#8221; title_css_text_color=&#8221;#0B7A75&#8243; title_css_font_size=&#8221;16px&#8221; custom_margin=&#8221;||15px||false|false&#8221; global_colors_info=&#8221;{}&#8221;][\/et_pb_de_mach_acf_item][et_pb_blurb title=&#8221;Dates&#8221; use_icon=&#8221;on&#8221; font_icon=&#8221;&#xf073;||fa||900&#8243; icon_placement=&#8221;left&#8221; image_icon_width=&#8221;26px&#8221; admin_label=&#8221;R\u00e9sum\u00e9 &#8211; Dates&#8221; _builder_version=&#8221;4.24.2&#8243; _module_preset=&#8221;default&#8221; header_font=&#8221;|700|||||||&#8221; header_text_color=&#8221;#0B7A75&#8243; custom_margin=&#8221;||10px||false|false&#8221; custom_padding=&#8221;15px||0px||false|false&#8221; border_width_top=&#8221;2px&#8221; border_color_top=&#8221;#FBEFEF&#8221; global_colors_info=&#8221;{}&#8221;][\/et_pb_blurb][et_pb_code admin_label=&#8221;Shortcode &#8211; Dates&#8221; _builder_version=&#8221;4.24.2&#8243; _module_preset=&#8221;default&#8221; global_colors_info=&#8221;{}&#8221;]<div class=\"travel-next-dates-container whp_get_travel_dates_only\"><div target=\u201d_blank\u201d class='detail-next-date-container'><p class=\"detail-next-date\">26 Jul.<\/p><p class=\"detail-remaining-places\">In progress<\/p><\/div><div target=\u201d_blank\u201d class='detail-next-date-container'><p class=\"detail-next-date\">23 Aug.<\/p><p class=\"detail-remaining-places\">In progress<\/p><\/div><div target=\u201d_blank\u201d class='detail-next-date-container'><p class=\"detail-next-date\">6 Sep.<\/p><p class=\"detail-remaining-places\">In progress<\/p><\/div><\/div>[\/et_pb_code][et_pb_blurb title=&#8221;Price&#8221; use_icon=&#8221;on&#8221; font_icon=&#8221;&#xf153;||fa||900&#8243; icon_placement=&#8221;left&#8221; image_icon_width=&#8221;26px&#8221; admin_label=&#8221;R\u00e9sum\u00e9 &#8211; Prix&#8221; _builder_version=&#8221;4.24.2&#8243; _module_preset=&#8221;default&#8221; header_font=&#8221;|700|||||||&#8221; header_text_color=&#8221;#0B7A75&#8243; custom_margin=&#8221;||10px||false|false&#8221; custom_padding=&#8221;15px||0px||false|false&#8221; border_width_top=&#8221;2px&#8221; border_color_top=&#8221;#FBEFEF&#8221; global_colors_info=&#8221;{}&#8221;][\/et_pb_blurb][et_pb_code admin_label=&#8221;Shortcode &#8211; Prices&#8221; _builder_version=&#8221;4.24.2&#8243; _module_preset=&#8221;default&#8221; global_colors_info=&#8221;{}&#8221;]<div class=\"trip-price-container\"><p class=\"trip-price\">From <span>1310.00 \u20ac<\/span><\/p><\/div>[\/et_pb_code][et_pb_button button_url=&#8221;#prochains-departs&#8221; url_new_window=&#8221;on&#8221; button_text=&#8221;Book&#8221; admin_label=&#8221;Bouton &#8211; R\u00e9server&#8221; module_class=&#8221;book-trip-btn inline-btn&#8221; _builder_version=&#8221;4.24.2&#8243; _module_preset=&#8221;default&#8221; button_use_icon=&#8221;off&#8221; z_index=&#8221;5&#8243; custom_margin=&#8221;||0px||false|false&#8221; custom_padding=&#8221;0px||0px||true|false&#8221; global_colors_info=&#8221;{}&#8221;][\/et_pb_button][et_pb_button button_url=&#8221;@ET-DC@eyJkeW5hbWljIjp0cnVlLCJjb250ZW50IjoiY3VzdG9tX21ldGFfZmljaGVfcGRmIiwic2V0dGluZ3MiOnsiYmVmb3JlIjoiIiwiYWZ0ZXIiOiIiLCJlbmFibGVfaHRtbCI6Im9mZiJ9fQ==@&#8221; url_new_window=&#8221;on&#8221; button_text=&#8221;PDF file&#8221; admin_label=&#8221;Bouton &#8211; Fiche PDF&#8221; module_class=&#8221;pdf-sheet-btn inline-btn&#8221; _builder_version=&#8221;4.24.2&#8243; _dynamic_attributes=&#8221;button_url&#8221; _module_preset=&#8221;default&#8221; button_text_color=&#8221;#0B7A75&#8243; button_bg_color=&#8221;#FFFFFF&#8221; button_border_width=&#8221;2px&#8221; button_icon=&#8221;&#xe092;||divi||400&#8243; button_icon_placement=&#8221;left&#8221; button_on_hover=&#8221;off&#8221; custom_padding=&#8221;0px||0px||true|false&#8221; sticky_limit_top=&#8221;section&#8221; sticky_position_tablet=&#8221;&#8221; sticky_position_phone=&#8221;&#8221; sticky_position_last_edited=&#8221;on|phone&#8221; global_colors_info=&#8221;{}&#8221;][\/et_pb_button][et_pb_code _builder_version=&#8221;4.24.2&#8243; _module_preset=&#8221;default&#8221; z_index=&#8221;5&#8243; custom_margin=&#8221;0px||0px||true|false&#8221; custom_padding=&#8221;0px||0px||true|true&#8221; sticky_position=&#8221;top&#8221; sticky_offset_top=&#8221;100vh&#8221; sticky_transition=&#8221;off&#8221; sticky_position_tablet=&#8221;top&#8221; sticky_position_phone=&#8221;none&#8221; sticky_position_last_edited=&#8221;on|phone&#8221; sticky_offset_top_tablet=&#8221;100vh&#8221; sticky_offset_top_phone=&#8221;0vh&#8221; sticky_offset_top_last_edited=&#8221;on|phone&#8221; custom_css_free_form=&#8221;selector {||  z-index: 5 !important;||}&#8221; global_colors_info=&#8221;{}&#8221;]<\/p>\n<div class=\"inline-btn-container\"><!-- [et_pb_line_break_holder] -->  <!-- [et_pb_line_break_holder] --><\/div>\n<p>[\/et_pb_code][\/et_pb_column][\/et_pb_row][\/et_pb_section][et_pb_section fb_built=&#8221;1&#8243; custom_padding_last_edited=&#8221;on|phone&#8221; admin_label=&#8221;Section Podcast&#8221; _builder_version=&#8221;4.24.2&#8243; _module_preset=&#8221;default&#8221; background_color=&#8221;#ECF8F3&#8243; custom_margin_tablet=&#8221;&#8221; custom_margin_phone=&#8221;||||false|false&#8221; custom_margin_last_edited=&#8221;on|phone&#8221; custom_padding=&#8221;||30px|||&#8221; custom_padding_tablet=&#8221;&#8221; custom_padding_phone=&#8221;||0px||false|false&#8221; locked=&#8221;off&#8221; global_colors_info=&#8221;{}&#8221;][et_pb_row custom_padding_last_edited=&#8221;on|phone&#8221; _builder_version=&#8221;4.24.2&#8243; _module_preset=&#8221;default&#8221; max_width=&#8221;70%&#8221; max_width_tablet=&#8221;90%&#8221; max_width_phone=&#8221;90%&#8221; max_width_last_edited=&#8221;on|phone&#8221; module_alignment=&#8221;left&#8221; custom_margin=&#8221;||||false|false&#8221; custom_margin_tablet=&#8221;||||false|false&#8221; custom_margin_phone=&#8221;||||false|false&#8221; custom_margin_last_edited=&#8221;on|phone&#8221; custom_padding=&#8221;|||70px|false|false&#8221; custom_padding_tablet=&#8221;|||70px|false|false&#8221; custom_padding_phone=&#8221;0px|||0px|false|false&#8221; module_alignment_tablet=&#8221;left&#8221; module_alignment_phone=&#8221;center&#8221; module_alignment_last_edited=&#8221;on|phone&#8221; global_colors_info=&#8221;{}&#8221;][et_pb_column type=&#8221;4_4&#8243; _builder_version=&#8221;4.24.2&#8243; _module_preset=&#8221;default&#8221; global_colors_info=&#8221;{}&#8221;][et_pb_text _builder_version=&#8221;4.24.2&#8243; _module_preset=&#8221;default&#8221; header_2_font_size_tablet=&#8221;&#8221; header_2_font_size_phone=&#8221;34px&#8221; header_2_font_size_last_edited=&#8221;on|phone&#8221; global_colors_info=&#8221;{}&#8221;]<\/p>\n<h2>About the Grand <span>Tour des Combins<\/span> trek<\/h2>\n<p>[\/et_pb_text][et_pb_text _builder_version=&#8221;4.24.2&#8243; _module_preset=&#8221;default&#8221; custom_margin_tablet=&#8221;&#8221; custom_margin_phone=&#8221;||||false|false&#8221; custom_margin_last_edited=&#8221;on|phone&#8221; custom_padding_tablet=&#8221;&#8221; custom_padding_phone=&#8221;||||false|false&#8221; custom_padding_last_edited=&#8221;on|phone&#8221; global_colors_info=&#8221;{}&#8221;]<\/p>\n<p><span>The little-known Combins massif has nothing to envy its famous neighbor, the Mont-Blanc massif. Nestled between Switzerland&#8217;s Val de Bagnes and Italy&#8217;s Val d&#8217;Aoste, the massif is dominated by the imposing Grand Combin (4,314m) and offers an authentic, unspoilt environment. <\/span><\/p>\n<p><span>The 7-day Grand Tour des Combins is the perfect opportunity to discover this wild territory of grandiose, contrasting landscapes. From verdant alpine meadows to shimmering mountain lakes, this beautiful itinerary flirts with the middle of the high mountains, bordering the magnificent Corbassi\u00e8re glacier. An overnight stay at the legendary Grand Saint-Bernard pass completes this remarkable trek.  <\/span><\/p>\n<p>[\/et_pb_text][et_pb_audio _builder_version=&#8221;4.24.2&#8243; _module_preset=&#8221;default&#8221; border_radii=&#8221;on|15px|15px|15px|15px&#8221; global_colors_info=&#8221;{}&#8221;][\/et_pb_audio][\/et_pb_column][\/et_pb_row][\/et_pb_section][et_pb_section fb_built=&#8221;1&#8243; custom_padding_last_edited=&#8221;on|phone&#8221; admin_label=&#8221;Section Vous partirez avec&#8221; _builder_version=&#8221;4.24.2&#8243; _module_preset=&#8221;default&#8221; background_color=&#8221;#ECF8F3&#8243; custom_margin=&#8221;||||false|false&#8221; custom_padding=&#8221;16px||0px|70px|false|false&#8221; custom_padding_tablet=&#8221;&#8221; custom_padding_phone=&#8221;||0px|0px|false|false&#8221; locked=&#8221;off&#8221; global_colors_info=&#8221;{}&#8221;][et_pb_row column_structure=&#8221;1_2,1_2&#8243; custom_padding_last_edited=&#8221;on|phone&#8221; _builder_version=&#8221;4.24.2&#8243; _module_preset=&#8221;default&#8221; background_color=&#8221;#FFFFFF&#8221; max_width=&#8221;70%&#8221; max_width_tablet=&#8221;70%&#8221; max_width_phone=&#8221;90%&#8221; max_width_last_edited=&#8221;on|phone&#8221; module_alignment=&#8221;left&#8221; custom_margin=&#8221;||||false|false&#8221; custom_padding=&#8221;0px||0px||true|false&#8221; custom_padding_tablet=&#8221;0px||0px|70px|true|false&#8221; custom_padding_phone=&#8221;0px||0px|0px|true|false&#8221; module_alignment_tablet=&#8221;center&#8221; module_alignment_phone=&#8221;&#8221; module_alignment_last_edited=&#8221;on|phone&#8221; border_radii=&#8221;on|20px|20px|20px|20px&#8221; global_colors_info=&#8221;{}&#8221;][et_pb_column type=&#8221;1_2&#8243; _builder_version=&#8221;4.24.2&#8243; _module_preset=&#8221;default&#8221; background_color=&#8221;#FFFFFF&#8221; custom_padding=&#8221;30px|40px|0px|40px|false|true&#8221; border_radii=&#8221;on|15px|15px|15px|15px&#8221; global_colors_info=&#8221;{}&#8221;][et_pb_text _builder_version=&#8221;4.24.2&#8243; _module_preset=&#8221;default&#8221; text_font=&#8221;|700|||||||&#8221; text_font_size=&#8221;36px&#8221; min_height=&#8221;40px&#8221; custom_margin=&#8221;||10px||false|false&#8221; text_font_size_tablet=&#8221;40px&#8221; text_font_size_phone=&#8221;26px&#8221; text_font_size_last_edited=&#8221;on|phone&#8221; global_colors_info=&#8221;{}&#8221;]<\/p>\n<p>You will leave with :<\/p>\n<p>[\/et_pb_text][et_pb_text _builder_version=&#8221;4.24.2&#8243; _module_preset=&#8221;default&#8221; text_font=&#8221;|700||on|||||&#8221; text_font_size=&#8221;24px&#8221; header_font=&#8221;||||||||&#8221; custom_margin=&#8221;0px||0px||true|false&#8221; custom_padding=&#8221;0px||0px||true|false&#8221; text_font_size_tablet=&#8221;24px&#8221; text_font_size_phone=&#8221;22px&#8221; text_font_size_last_edited=&#8221;on|phone&#8221; global_colors_info=&#8221;{}&#8221;]<\/p>\n<p>Pierrick<\/p>\n<p>[\/et_pb_text][et_pb_text _builder_version=&#8221;4.24.2&#8243; _module_preset=&#8221;default&#8221; text_font=&#8221;||||||||&#8221; text_font_size=&#8221;18px&#8221; header_font=&#8221;||||||||&#8221; custom_margin=&#8221;0px||0px||true|false&#8221; custom_padding=&#8221;0px||0px||true|false&#8221; global_colors_info=&#8221;{}&#8221;]<\/p>\n<p>Trekking Guide<\/p>\n<p>[\/et_pb_text][et_pb_text _builder_version=&#8221;4.24.2&#8243; _module_preset=&#8221;default&#8221; text_font=&#8221;|300|on||||||&#8221; header_font=&#8221;||||||||&#8221; custom_margin=&#8221;20px||30px||false|false&#8221; custom_padding=&#8221;0px||0px||true|false&#8221; global_colors_info=&#8221;{}&#8221;]<\/p>\n<p>&#8220;The most important thing for me is to allow walkers to discover new places, new cultures and to exchange with the locals.&#8221;<\/p>\n<p>[\/et_pb_text][\/et_pb_column][et_pb_column type=&#8221;1_2&#8243; _builder_version=&#8221;4.24.2&#8243; _module_preset=&#8221;default&#8221; global_colors_info=&#8221;{}&#8221;][et_pb_image src=&#8221;https:\/\/watse.fr\/wp-content\/uploads\/2024\/08\/Detourage_Pierrick.png&#8221; alt=&#8221;Pierrick&#8221; title_text=&#8221;Image 4-min&#8221; align=&#8221;center&#8221; align_tablet=&#8221;&#8221; align_phone=&#8221;center&#8221; align_last_edited=&#8221;on|phone&#8221; _builder_version=&#8221;4.24.2&#8243; _module_preset=&#8221;default&#8221; height=&#8221;250px&#8221; global_colors_info=&#8221;{}&#8221;][\/et_pb_image][\/et_pb_column][\/et_pb_row][\/et_pb_section][et_pb_section fb_built=&#8221;1&#8243; admin_label=&#8221;Section Galerie photo&#8221; _builder_version=&#8221;4.24.2&#8243; _module_preset=&#8221;default&#8221; background_color=&#8221;#ECF8F3&#8243; custom_margin=&#8221;||||false|false&#8221; custom_padding=&#8221;0px||0px||false|false&#8221; locked=&#8221;off&#8221; global_colors_info=&#8221;{}&#8221;][et_pb_row custom_padding_last_edited=&#8221;on|phone&#8221; _builder_version=&#8221;4.24.2&#8243; _module_preset=&#8221;default&#8221; custom_margin=&#8221;||||false|false&#8221; custom_padding=&#8221;||20px||false|false&#8221; custom_padding_tablet=&#8221;||20px||false|false&#8221; custom_padding_phone=&#8221;||0px||false|false&#8221; global_colors_info=&#8221;{}&#8221;][et_pb_column type=&#8221;4_4&#8243; _builder_version=&#8221;4.24.2&#8243; _module_preset=&#8221;default&#8221; global_colors_info=&#8221;{}&#8221;][et_pb_text _builder_version=&#8221;4.24.2&#8243; _module_preset=&#8221;default&#8221; header_3_text_color=&#8221;#0B7A75&#8243; header_3_font_size=&#8221;40px&#8221; custom_margin=&#8221;||20px||false|false&#8221; custom_padding=&#8221;||||false|false&#8221; header_3_font_size_tablet=&#8221;40px&#8221; header_3_font_size_phone=&#8221;30px&#8221; header_3_font_size_last_edited=&#8221;on|phone&#8221; text_orientation_tablet=&#8221;&#8221; text_orientation_phone=&#8221;center&#8221; text_orientation_last_edited=&#8221;on|phone&#8221; global_colors_info=&#8221;{}&#8221;]<\/p>\n<h3>Photo gallery of the Grand Tour des Combins trek<\/h3>\n<p>[\/et_pb_text][et_pb_image src=&#8221;https:\/\/watse.fr\/wp-content\/uploads\/2024\/09\/Trek-4-Grand-Tour-des-Combins.jpg&#8221; alt=&#8221;Trek 4 Grand Tour Des Combins&#8221; title_text=&#8221;Trek-4-Grand-Tour-des-Combins&#8221; disabled_on=&#8221;on|on|off&#8221; _builder_version=&#8221;4.24.2&#8243; _module_preset=&#8221;default&#8221; background_enable_image=&#8221;off&#8221; width=&#8221;100vh&#8221; custom_css_free_form=&#8221;selector img{||  width: 100vw;||  height: 60vh !important;||}&#8221; global_colors_info=&#8221;{}&#8221;][\/et_pb_image][\/et_pb_column][\/et_pb_row][et_pb_row custom_padding_last_edited=&#8221;on|phone&#8221; _builder_version=&#8221;4.24.2&#8243; _module_preset=&#8221;default&#8221; max_width_tablet=&#8221;&#8221; max_width_phone=&#8221;90%&#8221; max_width_last_edited=&#8221;on|phone&#8221; custom_margin=&#8221;||||false|false&#8221; custom_padding=&#8221;0px||||false|false&#8221; custom_padding_tablet=&#8221;0px||||false|false&#8221; custom_padding_phone=&#8221;0px||0px||false|false&#8221; module_alignment_tablet=&#8221;&#8221; module_alignment_phone=&#8221;center&#8221; module_alignment_last_edited=&#8221;on|phone&#8221; global_colors_info=&#8221;{}&#8221;][et_pb_column type=&#8221;4_4&#8243; _builder_version=&#8221;4.24.2&#8243; _module_preset=&#8221;default&#8221; global_colors_info=&#8221;{}&#8221;][et_pb_gallery gallery_ids=&#8221;59413,59415,59412,59410,59409,59414,59417,59416,56787,56790,56786,56792,56791,56789&#8243; show_title_and_caption=&#8221;off&#8221; show_pagination=&#8221;off&#8221; zoom_icon_color=&#8221;#FFFFFF&#8221; hover_overlay_color=&#8221;rgba(0,0,0,0.3)&#8221; hover_icon=&#8221;T||divi||400&#8243; _builder_version=&#8221;4.24.2&#8243; _module_preset=&#8221;default&#8221; title_font_size=&#8221;1px&#8221; pagination_font_size=&#8221;1px&#8221; width=&#8221;90%&#8221; max_width=&#8221;100vh&#8221; max_width_tablet=&#8221;100vh&#8221; max_width_phone=&#8221;100%&#8221; max_width_last_edited=&#8221;on|phone&#8221; custom_margin=&#8221;||||false|false&#8221; custom_padding=&#8221;||||false|false&#8221; module_alignment_tablet=&#8221;&#8221; module_alignment_phone=&#8221;center&#8221; module_alignment_last_edited=&#8221;on|phone&#8221; border_radii_image=&#8221;on|10px|10px|10px|10px&#8221; box_shadow_style_image=&#8221;preset1&#8243; global_colors_info=&#8221;{}&#8221;][\/et_pb_gallery][\/et_pb_column][\/et_pb_row][\/et_pb_section][et_pb_section fb_built=&#8221;1&#8243; custom_padding_last_edited=&#8221;on|phone&#8221; admin_label=&#8221;Section le parcours&#8221; _builder_version=&#8221;4.24.2&#8243; _module_preset=&#8221;default&#8221; background_color=&#8221;#ECF8F3&#8243; custom_margin_tablet=&#8221;&#8221; custom_margin_phone=&#8221;||||false|false&#8221; custom_margin_last_edited=&#8221;on|phone&#8221; custom_padding_tablet=&#8221;&#8221; custom_padding_phone=&#8221;0px||0px||false|false&#8221; locked=&#8221;off&#8221; global_colors_info=&#8221;{}&#8221;][et_pb_row _builder_version=&#8221;4.24.2&#8243; _module_preset=&#8221;default&#8221; global_colors_info=&#8221;{}&#8221;][et_pb_column type=&#8221;4_4&#8243; _builder_version=&#8221;4.24.2&#8243; _module_preset=&#8221;default&#8221; global_colors_info=&#8221;{}&#8221;][et_pb_text _builder_version=&#8221;4.24.2&#8243; _module_preset=&#8221;default&#8221; header_3_text_color=&#8221;#0B7A75&#8243; header_3_font_size=&#8221;40px&#8221; header_3_font_size_tablet=&#8221;40px&#8221; header_3_font_size_phone=&#8221;30px&#8221; header_3_font_size_last_edited=&#8221;on|phone&#8221; text_orientation_tablet=&#8221;&#8221; text_orientation_phone=&#8221;center&#8221; text_orientation_last_edited=&#8221;on|phone&#8221; global_colors_info=&#8221;{}&#8221;]<\/p>\n<h3>The route of the Grand Tour des Combins trek<\/h3>\n<p>[\/et_pb_text][et_pb_code _builder_version=&#8221;4.24.2&#8243; _module_preset=&#8221;default&#8221; global_colors_info=&#8221;{}&#8221;]<iframe src=\"https:\/\/www.visugpx.com\/NPY31IQcsx?iframe&amp;maponly\" allowfullscreen=\"\" style=\"border: 0;width: 1200px; max-width: 90%; height:540px;\" scrolling=\"no\"><\/iframe><!-- [et_pb_line_break_holder] -->[\/et_pb_code][\/et_pb_column][\/et_pb_row][\/et_pb_section][et_pb_section fb_built=&#8221;1&#8243; custom_padding_last_edited=&#8221;on|phone&#8221; admin_label=&#8221;Section prochains d\u00e9parts&#8221; module_id=&#8221;next departures&#8221; _builder_version=&#8221;4.24.2&#8243; _module_preset=&#8221;default&#8221; background_color=&#8221;#ECF8F3&#8243; custom_padding_tablet=&#8221;&#8221; custom_padding_phone=&#8221;||0px||false|false&#8221; locked=&#8221;off&#8221; global_colors_info=&#8221;{}&#8221;][et_pb_row column_structure=&#8221;2_3,1_3&#8243; custom_padding_last_edited=&#8221;on|phone&#8221; _builder_version=&#8221;4.24.2&#8243; _module_preset=&#8221;default&#8221; custom_padding_tablet=&#8221;&#8221; custom_padding_phone=&#8221;|10px|||false|false&#8221; global_colors_info=&#8221;{}&#8221;][et_pb_column type=&#8221;2_3&#8243; _builder_version=&#8221;4.24.2&#8243; _module_preset=&#8221;default&#8221; global_colors_info=&#8221;{}&#8221;][et_pb_text _builder_version=&#8221;4.24.2&#8243; _module_preset=&#8221;default&#8221; header_3_text_color=&#8221;#0B7A75&#8243; header_3_font_size=&#8221;40px&#8221; header_3_font_size_tablet=&#8221;40px&#8221; header_3_font_size_phone=&#8221;30px&#8221; header_3_font_size_last_edited=&#8221;on|phone&#8221; text_orientation_tablet=&#8221;&#8221; text_orientation_phone=&#8221;center&#8221; text_orientation_last_edited=&#8221;on|phone&#8221; global_colors_info=&#8221;{}&#8221;]<\/p>\n<h3>Upcoming departures<\/h3>\n<p>[\/et_pb_text][et_pb_code _builder_version=&#8221;4.24.2&#8243; _module_preset=&#8221;default&#8221; global_colors_info=&#8221;{}&#8221;]<div class=\"travel-next-dates-container get_dates_shortcode\"><a href='https:\/\/watse.fr\/en\/reservation\/?id=WATSE4587KL&idwrdepart=4400824&alt=1&lng=en#confirmation' class='travel-next-date-container'><div class=\"travel-next-date-col-1 travel-next-date-col\"><p class=\"travel-next-date\">From <span>26 July<\/span> <\/br> to <span>1 August 2026<\/span><\/p><\/div><div class=\"travel-next-date-col-2 travel-next-date-col\"><p class=\"travel-next-date-status status-open\">In progress<\/p><p class=\"travel-next-date-price\">1310.00 \u20ac<\/p><\/div><\/a><a href='https:\/\/watse.fr\/en\/reservation\/?id=WATSE4587KL&idwrdepart=4400825&alt=1&lng=en#confirmation' class='travel-next-date-container'><div class=\"travel-next-date-col-1 travel-next-date-col\"><p class=\"travel-next-date\">From <span>23 August<\/span> <\/br> to <span>29 August 2026<\/span><\/p><\/div><div class=\"travel-next-date-col-2 travel-next-date-col\"><p class=\"travel-next-date-status status-open\">In progress<\/p><p class=\"travel-next-date-price\">1310.00 \u20ac<\/p><\/div><\/a><a href='https:\/\/watse.fr\/en\/reservation\/?id=WATSE4587KL&idwrdepart=4400826&alt=1&lng=en#confirmation' class='travel-next-date-container'><div class=\"travel-next-date-col-1 travel-next-date-col\"><p class=\"travel-next-date\">From <span>6 September<\/span> <\/br> to <span>12 September 2026<\/span><\/p><\/div><div class=\"travel-next-date-col-2 travel-next-date-col\"><p class=\"travel-next-date-status status-open\">In progress<\/p><p class=\"travel-next-date-price\">1310.00 \u20ac<\/p><\/div><\/a><\/div>[\/et_pb_code][\/et_pb_column][et_pb_column type=&#8221;1_3&#8243; _builder_version=&#8221;4.24.2&#8243; _module_preset=&#8221;default&#8221; global_colors_info=&#8221;{}&#8221;][\/et_pb_column][\/et_pb_row][\/et_pb_section][et_pb_section fb_built=&#8221;1&#8243; custom_padding_last_edited=&#8221;on|phone&#8221; admin_label=&#8221;Section ce qui est inclus&#8221; _builder_version=&#8221;4.24.2&#8243; _module_preset=&#8221;default&#8221; background_color=&#8221;#ECF8F3&#8243; custom_padding_tablet=&#8221;&#8221; custom_padding_phone=&#8221;||0px||false|false&#8221; locked=&#8221;off&#8221; global_colors_info=&#8221;{}&#8221;][et_pb_row custom_padding_last_edited=&#8221;on|phone&#8221; _builder_version=&#8221;4.24.2&#8243; _module_preset=&#8221;default&#8221; max_width=&#8221;70%&#8221; max_width_tablet=&#8221;70%&#8221; max_width_phone=&#8221;90%&#8221; max_width_last_edited=&#8221;on|phone&#8221; module_alignment=&#8221;left&#8221; custom_padding=&#8221;|||5%|false|false&#8221; custom_padding_tablet=&#8221;|||5%|false|false&#8221; custom_padding_phone=&#8221;|||0%|false|false&#8221; module_alignment_tablet=&#8221;center&#8221; module_alignment_phone=&#8221;center&#8221; module_alignment_last_edited=&#8221;on|phone&#8221; global_colors_info=&#8221;{}&#8221;][et_pb_column type=&#8221;4_4&#8243; _builder_version=&#8221;4.24.2&#8243; _module_preset=&#8221;default&#8221; global_colors_info=&#8221;{}&#8221;][et_pb_toggle title=&#8221;What&#039;s included in the formula&#8221; open_toggle_text_color=&#8221;#0B7A75&#8243; open_toggle_background_color=&#8221;RGBA(255,255,255,0)&#8221; closed_toggle_background_color=&#8221;RGBA(255,255,255,0)&#8221; icon_color=&#8221;#0B7A75&#8243; toggle_icon=&#8221;&#x33;||divi||400&#8243; use_icon_font_size=&#8221;on&#8221; icon_font_size=&#8221;30px&#8221; _builder_version=&#8221;4.24.2&#8243; _module_preset=&#8221;default&#8221; title_text_color=&#8221;#0B7A75&#8243; title_level=&#8221;h6&#8243; title_font_size=&#8221;26px&#8221; body_text_color=&#8221;#0B7A75&#8243; border_radii=&#8221;on|10px|10px|10px|10px&#8221; border_width_all=&#8221;2px&#8221; border_color_all=&#8221;#0B7A75&#8243; global_colors_info=&#8221;{}&#8221;]<\/p>\n<ul>\n<li><span>Supervision by a qualified mountain leader.<\/span><\/li>\n<li><span>Overnight stays as indicated in the program.<\/span><\/li>\n<li><span>Half-board in the accommodation indicated in the program.<\/span><\/li>\n<li><span>Picnic lunches.<\/span><\/li>\n<li><span>Luggage porterage except on D1 and D5.<\/span><\/li>\n<\/ul>\n<p>[\/et_pb_toggle][et_pb_toggle title=&#8221;What&#039;s not included in the package&#8221; open_toggle_text_color=&#8221;#0B7A75&#8243; open_toggle_background_color=&#8221;RGBA(255,255,255,0)&#8221; closed_toggle_background_color=&#8221;RGBA(255,255,255,0)&#8221; icon_color=&#8221;#0B7A75&#8243; toggle_icon=&#8221;&#x33;||divi||400&#8243; use_icon_font_size=&#8221;on&#8221; icon_font_size=&#8221;30px&#8221; _builder_version=&#8221;4.24.2&#8243; _module_preset=&#8221;default&#8221; title_text_color=&#8221;#0B7A75&#8243; title_level=&#8221;h6&#8243; title_font_size=&#8221;26px&#8221; body_text_color=&#8221;#0B7A75&#8243; border_radii=&#8221;on|10px|10px|10px|10px&#8221; border_width_all=&#8221;2px&#8221; border_color_all=&#8221;#0B7A75&#8243; global_colors_info=&#8221;{}&#8221;]<\/p>\n<ul>\n<li><span>Cancellation and repatriation assistance insurance to be taken out on registration.<\/span><\/li>\n<li><span>Soft drinks in general.<\/span><\/li>\n<li><span>Personal hiking and travel equipment (shoes, poles, personal first-aid kit).<\/span><\/li>\n<li>Transport to the meeting point on D1 and return transport on the evening of D7.<\/li>\n<li><span>Any private transfers not included in the program.<\/span><\/li>\n<li><span>Everything not indicated in the price includes.<\/span><\/li>\n<\/ul>\n<p>[\/et_pb_toggle][et_pb_button button_url=&#8221;https:\/\/watse.fr\/en\/faq\/&#8221; button_text=&#8221;Consult the FAQ&#8221; button_alignment=&#8221;left&#8221; button_alignment_tablet=&#8221;center&#8221; button_alignment_phone=&#8221;center&#8221; button_alignment_last_edited=&#8221;on|phone&#8221; _builder_version=&#8221;4.24.2&#8243; _module_preset=&#8221;default&#8221; button_text_color=&#8221;#FFFFFF&#8221; button_border_width=&#8221;2px&#8221; button_use_icon=&#8221;off&#8221; locked=&#8221;off&#8221; global_colors_info=&#8221;{}&#8221; button_bg_color__hover=&#8221;#FFFFFF&#8221;][\/et_pb_button][\/et_pb_column][\/et_pb_row][\/et_pb_section][et_pb_section fb_built=&#8221;1&#8243; disabled_on=&#8221;off|off|off&#8221; admin_label=&#8221;Section d\u00e9roul\u00e9 du s\u00e9jour&#8221; _builder_version=&#8221;4.24.2&#8243; _module_preset=&#8221;default&#8221; background_color=&#8221;#ECF8F3&#8243; z_index=&#8221;10&#8243; custom_css_free_form=&#8221;selector {||  z-index: 20 !important;||}&#8221; locked=&#8221;off&#8221; global_colors_info=&#8221;{}&#8221;][et_pb_row disabled_on=&#8221;off|off|off&#8221; _builder_version=&#8221;4.24.2&#8243; _module_preset=&#8221;default&#8221; background_color=&#8221;#FFFFFF&#8221; z_index=&#8221;12&#8243; width=&#8221;100%&#8221; max_width=&#8221;100%&#8221; custom_margin=&#8221;||||false|false&#8221; custom_padding=&#8221;0px||0px||false|false&#8221; module_alignment_tablet=&#8221;&#8221; module_alignment_phone=&#8221;&#8221; module_alignment_last_edited=&#8221;on|phone&#8221; global_colors_info=&#8221;{}&#8221;][et_pb_column type=&#8221;4_4&#8243; _builder_version=&#8221;4.24.2&#8243; _module_preset=&#8221;default&#8221; global_colors_info=&#8221;{}&#8221;][et_pb_accordion open_toggle_text_color=&#8221;#0B7A75&#8243; closed_toggle_text_color=&#8221;#0B7A75&#8243; icon_color=&#8221;#FFFFFF&#8221; use_icon_font_size=&#8221;on&#8221; icon_font_size=&#8221;18px&#8221; open_toggle_text_color_tablet=&#8221;#0B7A75&#8243; open_toggle_text_color_phone=&#8221;#FFFFFF&#8221; open_toggle_text_color_last_edited=&#8221;on|phone&#8221; closed_toggle_text_color_tablet=&#8221;#0B7A75&#8243; closed_toggle_text_color_phone=&#8221;#FFFFFF&#8221; closed_toggle_text_color_last_edited=&#8221;on|phone&#8221; _builder_version=&#8221;4.24.2&#8243; _module_preset=&#8221;default&#8221; toggle_text_color=&#8221;#0B7A75&#8243; toggle_level=&#8221;h6&#8243; background_enable_image=&#8221;off&#8221; z_index=&#8221;12&#8243; width=&#8221;100%&#8221; module_alignment=&#8221;center&#8221; custom_margin=&#8221;||||false|false&#8221; custom_margin_tablet=&#8221;||||false|false&#8221; custom_margin_phone=&#8221;||||false|false&#8221; custom_margin_last_edited=&#8221;on|phone&#8221; custom_padding=&#8221;||||false|false&#8221; custom_padding_phone=&#8221;||20px||false|false&#8221; custom_padding_last_edited=&#8221;off|desktop&#8221; animation_style=&#8221;fade&#8221; toggle_text_color_tablet=&#8221;#0B7A75&#8243; toggle_text_color_phone=&#8221;#FFFFFF&#8221; toggle_text_color_last_edited=&#8221;on|phone&#8221; toggle_font_size_tablet=&#8221;&#8221; toggle_font_size_phone=&#8221;16px&#8221; toggle_font_size_last_edited=&#8221;on|phone&#8221; body_text_color_tablet=&#8221;&#8221; body_text_color_phone=&#8221;#000000&#8243; body_text_color_last_edited=&#8221;on|phone&#8221; background_last_edited=&#8221;off|desktop&#8221; module_alignment_tablet=&#8221;center&#8221; module_alignment_phone=&#8221;&#8221; module_alignment_last_edited=&#8221;on|phone&#8221; custom_css_free_form=&#8221;selector .daily-content {||  color: black;||  width: 60%;||}||selector .et_pb_toggle_title {||    width: 60%;||  }||\/* Smartphones in portrait mode (0-479px) *\/||@media only screen and ( max-width: 479px ) {||  selector .daily-content {||  margin-top: 170px;||    width: 90%;||}||  selector .et_pb_toggle_title {||    font-size: 20px !important;||    width: 95%;||  }||  ||}&#8221; global_colors_info=&#8221;{}&#8221;][et_pb_accordion_item title=&#8221;Day 1: Above Lac de Mauvoisin&#8221; open=&#8221;on&#8221; open_toggle_text_color=&#8221;#0B7A75&#8243; closed_toggle_text_color=&#8221;#0B7A75&#8243; closed_toggle_background_color=&#8221;#FFFFFF&#8221; open_toggle_text_color_tablet=&#8221;#0B7A75&#8243; open_toggle_text_color_phone=&#8221;#FFFFFF&#8221; open_toggle_text_color_last_edited=&#8221;on|phone&#8221; closed_toggle_text_color_tablet=&#8221;#0B7A75&#8243; closed_toggle_text_color_phone=&#8221;#FFFFFF&#8221; closed_toggle_text_color_last_edited=&#8221;on|phone&#8221; closed_toggle_background_color_tablet=&#8221;#FFFFFF&#8221; closed_toggle_background_color_phone=&#8221;#FFFFFF&#8221; closed_toggle_background_color_last_edited=&#8221;on|phone&#8221; _builder_version=&#8221;4.24.2&#8243; _module_preset=&#8221;default&#8221; body_text_color=&#8221;#FFFFFF&#8221; body_font_size=&#8221;16px&#8221; background_color_gradient_direction=&#8221;90deg&#8221; background_image=&#8221;https:\/\/watse.fr\/wp-content\/uploads\/2024\/09\/Trek-J1-Grand-Tour-des-Combins.jpg&#8221; background_enable_image=&#8221;on&#8221; background_size=&#8221;custom&#8221; background_image_width=&#8221;35%&#8221; background_image_height=&#8221;0%&#8221; background_position=&#8221;center_right&#8221; max_width_tablet=&#8221;&#8221; max_width_phone=&#8221;&#8221; max_width_last_edited=&#8221;on|phone&#8221; min_height_tablet=&#8221;&#8221; min_height_phone=&#8221;&#8221; min_height_last_edited=&#8221;on|phone&#8221; height_tablet=&#8221;&#8221; height_phone=&#8221;&#8221; height_last_edited=&#8221;on|phone&#8221; max_height_tablet=&#8221;&#8221; max_height_phone=&#8221;&#8221; max_height_last_edited=&#8221;on|phone&#8221; custom_margin=&#8221;||0px||false|false&#8221; custom_padding=&#8221;50px||30px|30px|false|false&#8221; background_last_edited=&#8221;on|desktop&#8221; background_image_phone=&#8221;https:\/\/watse.fr\/wp-content\/uploads\/2024\/09\/Trek-J1-Grand-Tour-des-Combins.jpg&#8221; background_enable_image_phone=&#8221;on&#8221; background_image_width_phone=&#8221;100%&#8221; background_image_height_phone=&#8221;250px&#8221; background_position_phone=&#8221;top_left&#8221; background_horizontal_offset_phone=&#8221;50%&#8221; background_vertical_offset_phone=&#8221;0%&#8221; global_colors_info=&#8221;{}&#8221; toggle_text_color=&#8221;#FFFFFF&#8221; toggle_level=&#8221;h2&#8243; toggle_font_size=&#8221;35px&#8221;]<\/p>\n<div class=\"daily-content\">\n<div class=\"et_pb_module et_pb_text et_pb_text_27_tb_body et_pb_text_align_left et_pb_bg_layout_light\">\n<div class=\"et_pb_text_inner\">\n<div class=\"et_pb_module et_pb_text et_pb_text_21_tb_body et_pb_text_align_left et_pb_bg_layout_light\">\n<div class=\"et_pb_text_inner\"><em>4h walk &#8211; Overnight in dormitory without luggage &#8211; D+ 950 m \/ D- 350 m<\/em><\/div>\n<p><span><\/span><br \/><span>We meet at 9am this morning in the parking lot of the H\u00f4tel de Mauvoisin, in Fionnay.<\/span><\/p>\n<p><span>The<\/span>climb to the Tsofeiret pass (2,621m), overlooking the lake, offers magnificent views. Along the way, we come across the queens of the pasture: herens, the emblematic cows of the northern Alps. If we&#8217;re lucky, we&#8217;ll catch a glimpse of other local inhabitants: ibex and chamois are not far away.  <\/p>\n<p>A final descent takes us to the Chanrion hut, with its incredible panorama of the Combins massif.<\/p>\n<\/div>\n<\/div>\n<\/div>\n<\/div>\n<p>[\/et_pb_accordion_item][et_pb_accordion_item title=&#8221;Day 2: On the smugglers&#039; trail&#8221; open_toggle_text_color=&#8221;#0B7A75&#8243; closed_toggle_text_color=&#8221;#0B7A75&#8243; closed_toggle_background_color=&#8221;#FFFFFF&#8221; open_toggle_text_color_tablet=&#8221;#0B7A75&#8243; open_toggle_text_color_phone=&#8221;#FFFFFF&#8221; open_toggle_text_color_last_edited=&#8221;on|phone&#8221; closed_toggle_text_color_tablet=&#8221;#0B7A75&#8243; closed_toggle_text_color_phone=&#8221;#FFFFFF&#8221; closed_toggle_text_color_last_edited=&#8221;on|phone&#8221; closed_toggle_background_color_tablet=&#8221;#FFFFFF&#8221; closed_toggle_background_color_phone=&#8221;#FFFFFF&#8221; closed_toggle_background_color_last_edited=&#8221;on|phone&#8221; _builder_version=&#8221;4.24.2&#8243; _module_preset=&#8221;default&#8221; body_text_color=&#8221;#FFFFFF&#8221; body_font_size=&#8221;16px&#8221; background_color_gradient_direction=&#8221;90deg&#8221; background_image=&#8221;https:\/\/watse.fr\/wp-content\/uploads\/2024\/09\/Trek-J2-Grand-Tour-des-Combins.jpeg&#8221; background_enable_image=&#8221;on&#8221; background_size=&#8221;custom&#8221; background_image_width=&#8221;35%&#8221; background_image_height=&#8221;0%&#8221; background_position=&#8221;center_right&#8221; max_width_tablet=&#8221;&#8221; max_width_phone=&#8221;&#8221; max_width_last_edited=&#8221;on|phone&#8221; min_height_tablet=&#8221;&#8221; min_height_phone=&#8221;&#8221; min_height_last_edited=&#8221;on|phone&#8221; height_tablet=&#8221;&#8221; height_phone=&#8221;&#8221; height_last_edited=&#8221;on|phone&#8221; max_height_tablet=&#8221;&#8221; max_height_phone=&#8221;&#8221; max_height_last_edited=&#8221;on|phone&#8221; custom_margin=&#8221;||0px||false|false&#8221; custom_padding=&#8221;50px||30px|30px|false|false&#8221; background_last_edited=&#8221;on|desktop&#8221; background_image_phone=&#8221;https:\/\/watse.fr\/wp-content\/uploads\/2024\/09\/Trek-J2-Grand-Tour-des-Combins.jpeg&#8221; background_enable_image_phone=&#8221;on&#8221; background_image_width_phone=&#8221;100%&#8221; background_image_height_phone=&#8221;250px&#8221; background_position_phone=&#8221;top_left&#8221; background_horizontal_offset_phone=&#8221;50%&#8221; background_vertical_offset_phone=&#8221;0%&#8221; global_colors_info=&#8221;{}&#8221; toggle_text_color=&#8221;#FFFFFF&#8221; toggle_level=&#8221;h2&#8243; toggle_font_size=&#8221;35px&#8221; open=&#8221;off&#8221;]<\/p>\n<div class=\"daily-content\">\n<div class=\"et_pb_module et_pb_text et_pb_text_27_tb_body et_pb_text_align_left et_pb_bg_layout_light\">\n<div class=\"et_pb_text_inner\">\n<p><em><span>7 hours 30 mins walk &#8211; Overnight in dormitory without luggage &#8211; D+ 1135 m \/ D- 1200 m<\/span><\/em><\/p>\n<p><span>Early in the morning, we leave the refuge and start the day by crossing the Dranse de Bagnes, which feeds Lac de Mauvoisin. Facing the imposing Mont Gel\u00e9 and Mont Avril, we take the &#8220;chemin des contrebandiers&#8221; to Fen\u00eatre Durand at 2,800 m altitude. <\/span><\/p>\n<p><span>The well-marked path first crosses a scree before reaching the Thoules pastures. Here begins the farm road that leads to the Balme mountain pasture and then into the Conca di By. A little more effort and we&#8217;ll reach the refuge.  <\/span><\/p>\n<\/div>\n<\/div>\n<\/div>\n<p>[\/et_pb_accordion_item][et_pb_accordion_item title=&#8221;Day 3: In Valle d&#039;Aosta&#8221; open_toggle_text_color=&#8221;#0B7A75&#8243; closed_toggle_text_color=&#8221;#0B7A75&#8243; closed_toggle_background_color=&#8221;#FFFFFF&#8221; open_toggle_text_color_tablet=&#8221;#0B7A75&#8243; open_toggle_text_color_phone=&#8221;#FFFFFF&#8221; open_toggle_text_color_last_edited=&#8221;on|phone&#8221; closed_toggle_text_color_tablet=&#8221;#0B7A75&#8243; closed_toggle_text_color_phone=&#8221;#FFFFFF&#8221; closed_toggle_text_color_last_edited=&#8221;on|phone&#8221; closed_toggle_background_color_tablet=&#8221;#FFFFFF&#8221; closed_toggle_background_color_phone=&#8221;#FFFFFF&#8221; closed_toggle_background_color_last_edited=&#8221;on|phone&#8221; _builder_version=&#8221;4.24.2&#8243; _module_preset=&#8221;default&#8221; body_text_color=&#8221;#FFFFFF&#8221; body_font_size=&#8221;16px&#8221; background_color_gradient_direction=&#8221;90deg&#8221; background_image=&#8221;https:\/\/watse.fr\/wp-content\/uploads\/2024\/09\/Trek-J3-Grand-Tour-des-Combins.jpg&#8221; background_enable_image=&#8221;on&#8221; background_size=&#8221;custom&#8221; background_image_width=&#8221;35%&#8221; background_image_height=&#8221;0%&#8221; background_position=&#8221;center_right&#8221; max_width_tablet=&#8221;&#8221; max_width_phone=&#8221;&#8221; max_width_last_edited=&#8221;on|phone&#8221; min_height_tablet=&#8221;&#8221; min_height_phone=&#8221;&#8221; min_height_last_edited=&#8221;on|phone&#8221; height_tablet=&#8221;&#8221; height_phone=&#8221;&#8221; height_last_edited=&#8221;on|phone&#8221; max_height_tablet=&#8221;&#8221; max_height_phone=&#8221;&#8221; max_height_last_edited=&#8221;on|phone&#8221; custom_margin=&#8221;||0px||false|false&#8221; custom_padding=&#8221;50px||30px|30px|false|false&#8221; background_last_edited=&#8221;on|desktop&#8221; background_image_phone=&#8221;https:\/\/watse.fr\/wp-content\/uploads\/2024\/09\/Trek-J3-Grand-Tour-des-Combins.jpg&#8221; background_enable_image_phone=&#8221;on&#8221; background_image_width_phone=&#8221;100%&#8221; background_image_height_phone=&#8221;250px&#8221; background_position_phone=&#8221;top_left&#8221; background_horizontal_offset_phone=&#8221;50%&#8221; background_vertical_offset_phone=&#8221;0%&#8221; global_colors_info=&#8221;{}&#8221; toggle_text_color=&#8221;#FFFFFF&#8221; toggle_level=&#8221;h2&#8243; toggle_font_size=&#8221;35px&#8221; open=&#8221;off&#8221;]<\/p>\n<div class=\"daily-content\">\n<div class=\"et_pb_module et_pb_text et_pb_text_27_tb_body et_pb_text_align_left et_pb_bg_layout_light\">\n<div class=\"et_pb_text_inner\">\n<p><em><span>6h walk &#8211; Overnight in g\u00eete &#8211; D+ 650 m \/ D- 1400 m<\/span><\/em><\/p>\n<\/div>\n<\/div>\n<div class=\"et_pb_module et_pb_text et_pb_text_28_tb_body et_pb_text_align_left et_pb_bg_layout_light\">\n<div class=\"et_pb_text_inner\">\n<p><span>Today&#8217;s stage is 100% Italian. Undulating balcony paths offer magnificent views of the Aosta Valley and the many typical villages that dot this exceptional landscape. <\/span><\/p>\n<p><span>We stop off at the hamlet of Cuchepache, at the foot of the legendary Grand Saint Bernard pass, for a comfortable night&#8217;s sleep in idyllic surroundings.<\/span><\/p>\n<\/div>\n<\/div>\n<\/div>\n<p>[\/et_pb_accordion_item][et_pb_accordion_item title=&#8221;Day 4: Over the Col du Grand Saint Bernard&#8221; open_toggle_text_color=&#8221;#0B7A75&#8243; closed_toggle_text_color=&#8221;#0B7A75&#8243; closed_toggle_background_color=&#8221;#FFFFFF&#8221; open_toggle_text_color_tablet=&#8221;#0B7A75&#8243; open_toggle_text_color_phone=&#8221;#FFFFFF&#8221; open_toggle_text_color_last_edited=&#8221;on|phone&#8221; closed_toggle_text_color_tablet=&#8221;#0B7A75&#8243; closed_toggle_text_color_phone=&#8221;#FFFFFF&#8221; closed_toggle_text_color_last_edited=&#8221;on|phone&#8221; closed_toggle_background_color_tablet=&#8221;#FFFFFF&#8221; closed_toggle_background_color_phone=&#8221;#FFFFFF&#8221; closed_toggle_background_color_last_edited=&#8221;on|phone&#8221; _builder_version=&#8221;4.24.2&#8243; _module_preset=&#8221;default&#8221; body_text_color=&#8221;#FFFFFF&#8221; body_font_size=&#8221;16px&#8221; background_color_gradient_direction=&#8221;90deg&#8221; background_image=&#8221;https:\/\/watse.fr\/wp-content\/uploads\/2024\/05\/trek-J4-tour-des-combins.jpg&#8221; background_enable_image=&#8221;on&#8221; background_size=&#8221;custom&#8221; background_image_width=&#8221;35%&#8221; background_image_height=&#8221;0%&#8221; background_position=&#8221;center_right&#8221; max_width_tablet=&#8221;&#8221; max_width_phone=&#8221;&#8221; max_width_last_edited=&#8221;on|phone&#8221; min_height_tablet=&#8221;&#8221; min_height_phone=&#8221;&#8221; min_height_last_edited=&#8221;on|phone&#8221; height_tablet=&#8221;&#8221; height_phone=&#8221;&#8221; height_last_edited=&#8221;on|phone&#8221; max_height_tablet=&#8221;&#8221; max_height_phone=&#8221;&#8221; max_height_last_edited=&#8221;on|phone&#8221; custom_margin=&#8221;||0px||false|false&#8221; custom_padding=&#8221;50px||30px|30px|false|false&#8221; background_last_edited=&#8221;on|desktop&#8221; background_image_phone=&#8221;https:\/\/watse.fr\/wp-content\/uploads\/2024\/05\/trek-J4-tour-des-combins.jpg&#8221; background_enable_image_phone=&#8221;on&#8221; background_image_width_phone=&#8221;100%&#8221; background_image_height_phone=&#8221;250px&#8221; background_position_phone=&#8221;top_left&#8221; background_horizontal_offset_phone=&#8221;50%&#8221; background_vertical_offset_phone=&#8221;0%&#8221; global_colors_info=&#8221;{}&#8221; toggle_text_color=&#8221;#FFFFFF&#8221; toggle_level=&#8221;h2&#8243; toggle_font_size=&#8221;35px&#8221; open=&#8221;off&#8221;]<\/p>\n<div class=\"daily-content\">\n<div class=\"et_pb_module et_pb_text et_pb_text_27_tb_body et_pb_text_align_left et_pb_bg_layout_light\">\n<div class=\"et_pb_text_inner\"><em><span>8h walk &#8211; Overnight at the Grand Saint Bernard hospice &#8211; D+ 1600 m \/ D- 750 m<\/span><br \/><\/em><\/div>\n<\/div>\n<div class=\"et_pb_module et_pb_text et_pb_text_28_tb_body et_pb_text_align_left et_pb_bg_layout_light\">\n<div class=\"et_pb_text_inner\">\n<p><span>Today, we&#8217;re heading for the mythical Grand Saint-Bernard pass at an altitude of 2,473m. With a few detours in the footsteps of Napoleon, on the Italian-Swiss border, we discover these magnificent, well-preserved Alpine landscapes. <\/span><\/p>\n<p><span>Tonight, we&#8217;ll be enjoying the hospitality of the canons and their community at the hospice du grand St-Bernard. Founded in the 11th century, it has been a refuge for pilgrims and travelers ever since. We&#8217;re sure you&#8217;ll enjoy a restful night&#8217;s sleep in this unusual setting.  <\/span><\/p>\n<\/div>\n<\/div>\n<\/div>\n<p>[\/et_pb_accordion_item][et_pb_accordion_item title=&#8221;Day 5: Return to Switzerland&#8221; open_toggle_text_color=&#8221;#0B7A75&#8243; closed_toggle_text_color=&#8221;#0B7A75&#8243; closed_toggle_background_color=&#8221;#FFFFFF&#8221; open_toggle_text_color_tablet=&#8221;#0B7A75&#8243; open_toggle_text_color_phone=&#8221;#FFFFFF&#8221; open_toggle_text_color_last_edited=&#8221;on|phone&#8221; closed_toggle_text_color_tablet=&#8221;#0B7A75&#8243; closed_toggle_text_color_phone=&#8221;#FFFFFF&#8221; closed_toggle_text_color_last_edited=&#8221;on|phone&#8221; closed_toggle_background_color_tablet=&#8221;#FFFFFF&#8221; closed_toggle_background_color_phone=&#8221;#FFFFFF&#8221; closed_toggle_background_color_last_edited=&#8221;on|phone&#8221; _builder_version=&#8221;4.24.2&#8243; _module_preset=&#8221;default&#8221; body_text_color=&#8221;#FFFFFF&#8221; body_font_size=&#8221;16px&#8221; background_color_gradient_direction=&#8221;90deg&#8221; background_image=&#8221;https:\/\/watse.fr\/wp-content\/uploads\/2024\/09\/Trek-J5-Grand-Tour-des-Combins.jpg&#8221; background_enable_image=&#8221;on&#8221; background_size=&#8221;custom&#8221; background_image_width=&#8221;35%&#8221; background_image_height=&#8221;0%&#8221; background_position=&#8221;center_right&#8221; max_width_tablet=&#8221;&#8221; max_width_phone=&#8221;&#8221; max_width_last_edited=&#8221;on|phone&#8221; min_height_tablet=&#8221;&#8221; min_height_phone=&#8221;&#8221; min_height_last_edited=&#8221;on|phone&#8221; height_tablet=&#8221;&#8221; height_phone=&#8221;&#8221; height_last_edited=&#8221;on|phone&#8221; max_height_tablet=&#8221;&#8221; max_height_phone=&#8221;&#8221; max_height_last_edited=&#8221;on|phone&#8221; custom_margin=&#8221;||0px||false|false&#8221; custom_padding=&#8221;50px||30px|30px|false|false&#8221; background_last_edited=&#8221;on|desktop&#8221; background_image_phone=&#8221;https:\/\/watse.fr\/wp-content\/uploads\/2024\/09\/Trek-J5-Grand-Tour-des-Combins.jpg&#8221; background_enable_image_phone=&#8221;on&#8221; background_image_width_phone=&#8221;100%&#8221; background_image_height_phone=&#8221;250px&#8221; background_position_phone=&#8221;top_left&#8221; background_horizontal_offset_phone=&#8221;50%&#8221; background_vertical_offset_phone=&#8221;0%&#8221; global_colors_info=&#8221;{}&#8221; toggle_text_color=&#8221;#FFFFFF&#8221; toggle_level=&#8221;h2&#8243; toggle_font_size=&#8221;35px&#8221; open=&#8221;off&#8221;]<\/p>\n<div class=\"daily-content\">\n<div class=\"et_pb_module et_pb_text et_pb_text_27_tb_body et_pb_text_align_left et_pb_bg_layout_light\">\n<div class=\"et_pb_text_inner\">\n<div class=\"et_pb_module et_pb_text et_pb_text_30_tb_body et_pb_text_align_left et_pb_bg_layout_light\">\n<div class=\"et_pb_text_inner\"><em><span>5h30 walking &#8211; Overnight in refuge without luggage &#8211; D+ 800 m \/ D- 1300 m<\/span><br \/><\/em><\/div>\n<\/div>\n<div class=\"et_pb_module et_pb_text et_pb_text_31_tb_body et_pb_text_align_left et_pb_bg_layout_light\">\n<div class=\"et_pb_text_inner\">\n<p><span>This beautiful stage takes us from the majestic Col du Grand Saint Bernard to the wild, unspoilt landscapes of the Combe de l&#8217;A. Over a few passes and ridge paths, we overlook the Saint Bernard valley and discover the Lacs de Fen\u00eatre, at an altitude of 2500m. <\/span><\/p>\n<p><span>We&#8217;ll spend the night at the charmingly renovated Tsisette refuge, offering comfort and authenticity.<\/span><\/p>\n<\/div>\n<\/div>\n<\/div>\n<\/div>\n<\/div>\n<p>[\/et_pb_accordion_item][et_pb_accordion_item title=&#8221;Day 6: From Tsissette to Cabane Brunet&#8221; open_toggle_text_color=&#8221;#0B7A75&#8243; closed_toggle_text_color=&#8221;#0B7A75&#8243; closed_toggle_background_color=&#8221;#FFFFFF&#8221; open_toggle_text_color_tablet=&#8221;#0B7A75&#8243; open_toggle_text_color_phone=&#8221;#FFFFFF&#8221; open_toggle_text_color_last_edited=&#8221;on|phone&#8221; closed_toggle_text_color_tablet=&#8221;#0B7A75&#8243; closed_toggle_text_color_phone=&#8221;#FFFFFF&#8221; closed_toggle_text_color_last_edited=&#8221;on|phone&#8221; closed_toggle_background_color_tablet=&#8221;#FFFFFF&#8221; closed_toggle_background_color_phone=&#8221;#FFFFFF&#8221; closed_toggle_background_color_last_edited=&#8221;on|phone&#8221; _builder_version=&#8221;4.24.2&#8243; _module_preset=&#8221;default&#8221; body_text_color=&#8221;#FFFFFF&#8221; body_font_size=&#8221;16px&#8221; background_color_gradient_direction=&#8221;90deg&#8221; background_image=&#8221;https:\/\/watse.fr\/wp-content\/uploads\/2024\/09\/Trek-J6-Grand-Tour-des-Combins.jpg&#8221; background_enable_image=&#8221;on&#8221; background_size=&#8221;custom&#8221; background_image_width=&#8221;35%&#8221; background_image_height=&#8221;0%&#8221; background_position=&#8221;center_right&#8221; max_width_tablet=&#8221;&#8221; max_width_phone=&#8221;&#8221; max_width_last_edited=&#8221;on|phone&#8221; min_height_tablet=&#8221;&#8221; min_height_phone=&#8221;&#8221; min_height_last_edited=&#8221;on|phone&#8221; height_tablet=&#8221;&#8221; height_phone=&#8221;&#8221; height_last_edited=&#8221;on|phone&#8221; max_height_tablet=&#8221;&#8221; max_height_phone=&#8221;&#8221; max_height_last_edited=&#8221;on|phone&#8221; custom_margin=&#8221;||0px||false|false&#8221; custom_padding=&#8221;50px||30px|30px|false|false&#8221; background_last_edited=&#8221;on|desktop&#8221; background_image_phone=&#8221;https:\/\/watse.fr\/wp-content\/uploads\/2024\/09\/Trek-J6-Grand-Tour-des-Combins.jpg&#8221; background_enable_image_phone=&#8221;on&#8221; background_image_width_phone=&#8221;100%&#8221; background_image_height_phone=&#8221;250px&#8221; background_position_phone=&#8221;top_left&#8221; background_horizontal_offset_phone=&#8221;50%&#8221; background_vertical_offset_phone=&#8221;0%&#8221; global_colors_info=&#8221;{}&#8221; toggle_text_color=&#8221;#FFFFFF&#8221; toggle_level=&#8221;h2&#8243; toggle_font_size=&#8221;35px&#8221; open=&#8221;off&#8221;]<\/p>\n<div class=\"daily-content\">\n<div class=\"et_pb_module et_pb_text et_pb_text_27_tb_body et_pb_text_align_left et_pb_bg_layout_light\">\n<div class=\"et_pb_text_inner\">\n<div class=\"et_pb_module et_pb_text et_pb_text_30_tb_body et_pb_text_align_left et_pb_bg_layout_light\">\n<div class=\"et_pb_text_inner\">\n<div class=\"et_pb_module et_pb_text et_pb_text_33_tb_body et_pb_text_align_left et_pb_bg_layout_light\">\n<div class=\"et_pb_text_inner\"><em><span>6h walk &#8211; Overnight in refuge &#8211; D+ 650 m \/ D- 1150 m<br \/><\/span><\/em><\/div>\n<\/div>\n<div class=\"et_pb_module et_pb_text et_pb_text_34_tb_body et_pb_text_align_left et_pb_bg_layout_light\">\n<div class=\"et_pb_text_inner\">\n<p><span>We start the day with a leisurely descent to Liddes, a small village in the Val de Bagnes, and climb to the Cabane de Mille (2,475m), just a stone&#8217;s throw from the pass of the same name. A well-earned rest stop allows us to fully appreciate the 360\u00b0 panorama of the Mont-Blanc massif and the surrounding Valais peaks. <\/span><\/p>\n<p><span>We continue along a beautiful balcony path through arolles and blueberry bushes to the Brunet hut, where we spend the night.<\/span><\/p>\n<\/div>\n<\/div>\n<\/div>\n<\/div>\n<\/div>\n<\/div>\n<\/div>\n<p>[\/et_pb_accordion_item][et_pb_accordion_item title=&#8221;Day 7: End of the trek via the Corbassi\u00e8re footbridge&#8221; open_toggle_text_color=&#8221;#0B7A75&#8243; closed_toggle_text_color=&#8221;#0B7A75&#8243; closed_toggle_background_color=&#8221;#FFFFFF&#8221; open_toggle_text_color_tablet=&#8221;#0B7A75&#8243; open_toggle_text_color_phone=&#8221;#FFFFFF&#8221; open_toggle_text_color_last_edited=&#8221;on|phone&#8221; closed_toggle_text_color_tablet=&#8221;#0B7A75&#8243; closed_toggle_text_color_phone=&#8221;#FFFFFF&#8221; closed_toggle_text_color_last_edited=&#8221;on|phone&#8221; closed_toggle_background_color_tablet=&#8221;#FFFFFF&#8221; closed_toggle_background_color_phone=&#8221;#FFFFFF&#8221; closed_toggle_background_color_last_edited=&#8221;on|phone&#8221; _builder_version=&#8221;4.24.2&#8243; _module_preset=&#8221;default&#8221; body_text_color=&#8221;#FFFFFF&#8221; body_font_size=&#8221;16px&#8221; background_color_gradient_direction=&#8221;90deg&#8221; background_image=&#8221;https:\/\/watse.fr\/wp-content\/uploads\/2024\/05\/trek-J7-tour-des-combins.jpeg&#8221; background_enable_image=&#8221;on&#8221; background_size=&#8221;custom&#8221; background_image_width=&#8221;35%&#8221; background_image_height=&#8221;0%&#8221; background_position=&#8221;center_right&#8221; max_width_tablet=&#8221;&#8221; max_width_phone=&#8221;&#8221; max_width_last_edited=&#8221;on|phone&#8221; min_height_tablet=&#8221;&#8221; min_height_phone=&#8221;&#8221; min_height_last_edited=&#8221;on|phone&#8221; height_tablet=&#8221;&#8221; height_phone=&#8221;&#8221; height_last_edited=&#8221;on|phone&#8221; max_height_tablet=&#8221;&#8221; max_height_phone=&#8221;&#8221; max_height_last_edited=&#8221;on|phone&#8221; custom_margin=&#8221;||0px||false|false&#8221; custom_padding=&#8221;50px||30px|30px|false|false&#8221; background_last_edited=&#8221;on|desktop&#8221; background_image_phone=&#8221;https:\/\/watse.fr\/wp-content\/uploads\/2024\/05\/trek-J7-tour-des-combins.jpeg&#8221; background_enable_image_phone=&#8221;on&#8221; background_image_width_phone=&#8221;100%&#8221; background_image_height_phone=&#8221;250px&#8221; background_position_phone=&#8221;top_left&#8221; background_horizontal_offset_phone=&#8221;50%&#8221; background_vertical_offset_phone=&#8221;0%&#8221; global_colors_info=&#8221;{}&#8221; toggle_text_color=&#8221;#FFFFFF&#8221; toggle_level=&#8221;h2&#8243; toggle_font_size=&#8221;35px&#8221; open=&#8221;off&#8221;]<\/p>\n<div class=\"daily-content\">\n<div class=\"et_pb_module et_pb_text et_pb_text_27_tb_body et_pb_text_align_left et_pb_bg_layout_light\">\n<div class=\"et_pb_text_inner\">\n<div class=\"et_pb_module et_pb_text et_pb_text_30_tb_body et_pb_text_align_left et_pb_bg_layout_light\">\n<div class=\"et_pb_text_inner\">\n<div class=\"et_pb_module et_pb_text et_pb_text_33_tb_body et_pb_text_align_left et_pb_bg_layout_light\">\n<div class=\"et_pb_text_inner\">\n<div class=\"et_pb_module et_pb_text et_pb_text_36_tb_body et_pb_text_align_left et_pb_bg_layout_light\">\n<div class=\"et_pb_text_inner\"><em><span>7h walk &#8211; D+ 1150 m \/ D- 1500 m<br \/><\/span><\/em><\/div>\n<\/div>\n<div class=\"et_pb_module et_pb_text et_pb_text_37_tb_body et_pb_text_align_left et_pb_bg_layout_light\">\n<div class=\"et_pb_text_inner\">\n<p><span>A wonderful last day of hiking awaits us! We&#8217;re heading for Cabane FXB and the famous footbridge over the Corbassi\u00e8re glacier. As we approach the huge footbridge, we&#8217;ll cross an area of rocky outcrops that will give you an idea of how the landscape has been sculpted over centuries of glaciation.  <\/span><\/p>\n<p><span>After a stop at the FXB hut, we continue to the Col des Otanes (2,846m), the highest pass on this trek, before embarking on a magnificent descent to the Mauvoisin dam and lake.<\/span><\/p>\n<\/div>\n<\/div>\n<\/div>\n<\/div>\n<\/div>\n<\/div>\n<\/div>\n<\/div>\n<\/div>\n<p>[\/et_pb_accordion_item][\/et_pb_accordion][\/et_pb_column][\/et_pb_row][\/et_pb_section][et_pb_section fb_built=&#8221;1&#8243; admin_label=&#8221;Section points forts&#8221; _builder_version=&#8221;4.24.2&#8243; _module_preset=&#8221;default&#8221; background_image=&#8221;https:\/\/watse.fr\/wp-content\/uploads\/2024\/05\/TREK-Tour-des-Combins.jpg&#8221; background_position=&#8221;bottom_center&#8221; background_vertical_offset=&#8221;85%&#8221; min_height=&#8221;40vh&#8221; locked=&#8221;off&#8221; global_colors_info=&#8221;{}&#8221;][et_pb_row custom_padding_last_edited=&#8221;on|phone&#8221; _builder_version=&#8221;4.24.2&#8243; _module_preset=&#8221;default&#8221; max_width=&#8221;70%&#8221; max_width_tablet=&#8221;70%&#8221; max_width_phone=&#8221;90%&#8221; max_width_last_edited=&#8221;on|phone&#8221; module_alignment=&#8221;left&#8221; custom_margin=&#8221;||||false|false&#8221; custom_padding=&#8221;|||70px|false|false&#8221; custom_padding_tablet=&#8221;|||70px|false|false&#8221; custom_padding_phone=&#8221;|10px||0px|false|false&#8221; module_alignment_tablet=&#8221;center&#8221; module_alignment_phone=&#8221;center&#8221; module_alignment_last_edited=&#8221;on|phone&#8221; global_colors_info=&#8221;{}&#8221;][et_pb_column type=&#8221;4_4&#8243; _builder_version=&#8221;4.24.2&#8243; _module_preset=&#8221;default&#8221; background_color=&#8221;#FFFFFF&#8221; custom_padding=&#8221;35px||35px|40px|true|false&#8221; border_radii=&#8221;on|20px|20px|20px|20px&#8221; global_colors_info=&#8221;{}&#8221;][et_pb_text _builder_version=&#8221;4.24.2&#8243; _module_preset=&#8221;default&#8221; text_text_color=&#8221;#2F3734&#8243; header_3_text_color=&#8221;#0B7A75&#8243; header_3_font_size=&#8221;40px&#8221; background_color=&#8221;#FFFFFF&#8221; width=&#8221;90%&#8221; max_width=&#8221;800px&#8221; module_alignment=&#8221;left&#8221; custom_margin=&#8221;||0px||false|false&#8221; custom_padding=&#8221;||||true|false&#8221; header_3_font_size_tablet=&#8221;40px&#8221; header_3_font_size_phone=&#8221;22px&#8221; header_3_font_size_last_edited=&#8221;on|phone&#8221; custom_css_free_form=&#8221;selector h3 {||  margin-bottom: 20px;||}&#8221; border_radii=&#8221;on|20px|20px|20px|20px&#8221; global_colors_info=&#8221;{}&#8221;]<\/p>\n<h3 style=\"text-align: center\">Highlights of the trip<\/h3>\n<p>[\/et_pb_text][et_pb_de_mach_acf_item acf_name=&#8221;field_65f8121b9fad2&#8243; show_label=&#8221;off&#8221; use_icon=&#8221;on&#8221; font_icon=&#8221;&#x4e;||divi||400&#8243; use_icon_font_size=&#8221;on&#8221; icon_font_size=&#8221;24px&#8221; _builder_version=&#8221;4.24.2&#8243; _module_preset=&#8221;default&#8221; title_css_text_color=&#8221;#2F3734&#8243; title_css_font_size=&#8221;18px&#8221; custom_margin=&#8221;0px|0px|10px|0px|false|true&#8221; custom_padding=&#8221;0px|0px|0px|0px|true|true&#8221; global_colors_info=&#8221;{}&#8221;][\/et_pb_de_mach_acf_item][et_pb_de_mach_acf_item acf_name=&#8221;field_65f812949fad3&#8243; show_label=&#8221;off&#8221; use_icon=&#8221;on&#8221; font_icon=&#8221;&#x4e;||divi||400&#8243; use_icon_font_size=&#8221;on&#8221; icon_font_size=&#8221;24px&#8221; _builder_version=&#8221;4.24.2&#8243; _module_preset=&#8221;default&#8221; title_css_text_color=&#8221;#2F3734&#8243; title_css_font_size=&#8221;18px&#8221; custom_margin=&#8221;0px|0px|10px|0px|false|true&#8221; custom_padding=&#8221;0px|0px|0px|0px|true|true&#8221; global_colors_info=&#8221;{}&#8221;][\/et_pb_de_mach_acf_item][et_pb_de_mach_acf_item acf_name=&#8221;field_65f812a99fad4&#8243; show_label=&#8221;off&#8221; use_icon=&#8221;on&#8221; font_icon=&#8221;&#x4e;||divi||400&#8243; use_icon_font_size=&#8221;on&#8221; icon_font_size=&#8221;24px&#8221; _builder_version=&#8221;4.24.2&#8243; _module_preset=&#8221;default&#8221; title_css_text_color=&#8221;#2F3734&#8243; title_css_font_size=&#8221;18px&#8221; custom_margin=&#8221;0px|0px|0px|0px|false|true&#8221; custom_padding=&#8221;0px|0px|0px|0px|true|true&#8221; global_colors_info=&#8221;{}&#8221;][\/et_pb_de_mach_acf_item][\/et_pb_column][\/et_pb_row][\/et_pb_section][et_pb_section fb_built=&#8221;1&#8243; admin_label=&#8221;Section informations&#8221; _builder_version=&#8221;4.24.2&#8243; _module_preset=&#8221;default&#8221; background_color=&#8221;#ECF8F3&#8243; custom_padding=&#8221;3px|||||&#8221; locked=&#8221;off&#8221; global_colors_info=&#8221;{}&#8221;][et_pb_row custom_padding_last_edited=&#8221;on|phone&#8221; _builder_version=&#8221;4.24.2&#8243; _module_preset=&#8221;default&#8221; max_width=&#8221;70%&#8221; max_width_tablet=&#8221;70%&#8221; max_width_phone=&#8221;90%&#8221; max_width_last_edited=&#8221;on|phone&#8221; module_alignment=&#8221;left&#8221; custom_margin=&#8221;50px||||false|false&#8221; custom_padding=&#8221;|||5%|false|false&#8221; custom_padding_tablet=&#8221;|||5%|false|false&#8221; custom_padding_phone=&#8221;|||0%|false|false&#8221; module_alignment_tablet=&#8221;center&#8221; module_alignment_phone=&#8221;center&#8221; module_alignment_last_edited=&#8221;on|phone&#8221; custom_css_free_form=&#8221;selector .title-p {||\tfont-weight: bold;||  font-size: 18px !important;||}&#8221; locked=&#8221;off&#8221; global_colors_info=&#8221;{}&#8221;][et_pb_column type=&#8221;4_4&#8243; _builder_version=&#8221;4.24.2&#8243; _module_preset=&#8221;default&#8221; global_colors_info=&#8221;{}&#8221;][et_pb_toggle title=&#8221;General information&#8221; open_toggle_text_color=&#8221;#0B7A75&#8243; open_toggle_background_color=&#8221;RGBA(255,255,255,0)&#8221; closed_toggle_background_color=&#8221;RGBA(255,255,255,0)&#8221; icon_color=&#8221;#0B7A75&#8243; toggle_icon=&#8221;&#x33;||divi||400&#8243; use_icon_font_size=&#8221;on&#8221; icon_font_size=&#8221;30px&#8221; _builder_version=&#8221;4.24.2&#8243; _module_preset=&#8221;default&#8221; title_text_color=&#8221;#0B7A75&#8243; title_level=&#8221;h3&#8243; title_font_size=&#8221;26px&#8221; body_text_color=&#8221;#0B7A75&#8243; border_radii=&#8221;on|10px|10px|10px|10px&#8221; border_width_all=&#8221;2px&#8221; border_color_all=&#8221;#0B7A75&#8243; global_colors_info=&#8221;{}&#8221;]<\/p>\n<p class=\"title-p\">SAFETY<\/p>\n<p>You can find the Quai d&#8217;Orsay&#8217;s position on these countries on the official website of the French Ministry of Foreign Affairs:<span> <\/span><a href=\"https:\/\/www.diplomatie.gouv.fr\/fr\/conseils-aux-voyageurs\/conseils-par-pays-destination\/\" target=\"_blank\" rel=\"noopener noreferrer\"><span><strong>diplomatie.gouv.fr in the &#8220;Conseils aux voyageurs&#8221; section<\/strong><\/span><\/a>.<\/p>\n<p>The information contained on the website of the French Ministry of Foreign Affairs is subject to change and is given for guidance only. Please note that no region of the world or country can be considered safe from the risk of terrorism. <\/p>\n<p class=\"title-p\">REGISTRATION<\/p>\n<p><span><strong>By post:<\/strong><\/span><\/p>\n<p>Ask us for a registration form<\/p>\n<ul>\n<li>by phone: 06 65 93 29 29<\/li>\n<li>or e-mail: contact@watse.fr<\/li>\n<\/ul>\n<p>Send us your registration with a copy of your passport, your postal address, telephone number and e-mail address, together with a deposit of 30% of the cost of the trip.<br \/>Also, if you wish to take out a Comfort or Comfort Multirisk cancellation insurance policy, this must be paid at the same time as the deposit when you register. You can consult our insurance contracts on our website. <\/p>\n<p><span><strong>By internet:<\/strong><\/span><br \/>Book your holiday directly on our website: directly on the holiday page, choosing your dates and insurance options.<\/p>\n<p><strong>ATTENTION:<\/strong><span> <\/span>air fares will be maintained until 3 months before departure and may be readjusted if necessary if you book during this period.<\/p>\n<p class=\"title-p\">ASSISTANCE AND SAFETY<\/p>\n<p>We strongly advise you to take out assistance insurance for the duration of your trip.<\/p>\n<p>We offer two different types of insurance: Comfort Cancellation and Comfort Multirisk, to be taken out when you register for your trip.<\/p>\n<p>Details of this insurance are available on request or can be viewed by<span> <\/span><span><strong><a href=\"https:\/\/watse.fr\/en\/assurances-3\/\">by clicking here<\/a><\/strong><\/span>.<\/p>\n<p>Other offers include Mondial Assistance, your own insurance company or Club Alpin Fran\u00e7ais. Check that your trekking activity is covered. <\/p>\n<p>Make sure your insurance covers all medical expenses in the event of an accident.<\/p>\n<p>You must make sure that you are covered for mountain rescue costs. If this is the case, you must provide us with the following information before you set off on your trek: <\/p>\n<ul>\n<li>a certificate from the insurance company covering mountain rescue costs.<\/li>\n<li>the contract number and telephone number of the assistance center<\/li>\n<\/ul>\n<p>Beware of restrictive clauses in certain insurance policies (particularly those linked to Visa Premier, Gold or other cards), such as mountain insurance limited to snow activities, or altitude sickness not recognized as an illness requiring repatriation, which will be refused.<\/p>\n<p>Please check the actual content of your insurance and take the necessary steps if necessary.<\/p>\n<p>[\/et_pb_toggle][et_pb_toggle title=&#8221;Health &amp; climate&#8221; open_toggle_text_color=&#8221;#0B7A75&#8243; open_toggle_background_color=&#8221;RGBA(255,255,255,0)&#8221; closed_toggle_background_color=&#8221;RGBA(255,255,255,0)&#8221; icon_color=&#8221;#0B7A75&#8243; toggle_icon=&#8221;&#x33;||divi||400&#8243; use_icon_font_size=&#8221;on&#8221; icon_font_size=&#8221;30px&#8221; _builder_version=&#8221;4.24.2&#8243; _module_preset=&#8221;default&#8221; title_text_color=&#8221;#0B7A75&#8243; title_level=&#8221;h3&#8243; title_font_size=&#8221;26px&#8221; body_text_color=&#8221;#0B7A75&#8243; border_radii=&#8221;on|10px|10px|10px|10px&#8221; border_width_all=&#8221;2px&#8221; border_color_all=&#8221;#0B7A75&#8243; global_colors_info=&#8221;{}&#8221;]<\/p>\n<p class=\"title-p\">CLIMATE<\/p>\n<p><span>Temperatures vary according to altitude. In summer, it can be hot in the valleys and cold at higher altitudes. The wind can also make it feel colder.  <\/span><\/p>\n<p class=\"title-p\">HEALTH AND VACCINES<\/p>\n<p>No vaccinations required.<\/p>\n<p>We strongly recommend that you are up to date with the usual vaccinations: diphtheria-tetanus-poliomyelitis, whooping cough, tuberculosis, typhoid fever, hepatitis A and B.<\/p>\n<p>We recommend that you have a check-up with your dentist before you leave.<\/p>\n<p class=\"title-p\">IFREMMONT<\/p>\n<p>No specific indications.<\/p>\n<p>[\/et_pb_toggle][et_pb_toggle title=&#8221;Transport and conditions&#8221; open_toggle_text_color=&#8221;#0B7A75&#8243; open_toggle_background_color=&#8221;RGBA(255,255,255,0)&#8221; closed_toggle_background_color=&#8221;RGBA(255,255,255,0)&#8221; icon_color=&#8221;#0B7A75&#8243; toggle_icon=&#8221;&#x33;||divi||400&#8243; use_icon_font_size=&#8221;on&#8221; icon_font_size=&#8221;30px&#8221; _builder_version=&#8221;4.24.2&#8243; _module_preset=&#8221;default&#8221; title_text_color=&#8221;#0B7A75&#8243; title_level=&#8221;h3&#8243; title_font_size=&#8221;26px&#8221; body_text_color=&#8221;#0B7A75&#8243; border_radii=&#8221;on|10px|10px|10px|10px&#8221; border_width_all=&#8221;2px&#8221; border_color_all=&#8221;#0B7A75&#8243; global_colors_info=&#8221;{}&#8221;]<\/p>\n<p>Meet at 9 a.m. in front of the H\u00f4tel Mauvoisin. You can park on site and leave your vehicle for the duration of your stay. You can also sleep on site the night before.  <\/p>\n<p>To reach Mauvoisin by public transport: TGV or TER to Geneva, TER to Martigny, then to Le Ch\u00e2ble and finally local bus to Mauvoisin (45 minutes). In all, about 7 hours from Paris, 5h30 from Lyon and 6h30 from Strasbourg. <\/p>\n<p>Transport to and from the meeting point on the first and last day is not included. We can organize your transfer to and from Mauvoisin: optional and on request. <\/p>\n<p class=\"title-p\">AIR<\/p>\n<p>No specific indications.<\/p>\n<p class=\"title-p\">LUGGAGE<\/p>\n<p><span>Luggage transport except days 3 and 4<\/span><\/p>\n<p>[\/et_pb_toggle][et_pb_toggle title=&#8221;The stay&#8221; open_toggle_text_color=&#8221;#0B7A75&#8243; open_toggle_background_color=&#8221;RGBA(255,255,255,0)&#8221; closed_toggle_background_color=&#8221;RGBA(255,255,255,0)&#8221; icon_color=&#8221;#0B7A75&#8243; toggle_icon=&#8221;&#x33;||divi||400&#8243; use_icon_font_size=&#8221;on&#8221; icon_font_size=&#8221;30px&#8221; _builder_version=&#8221;4.24.2&#8243; _module_preset=&#8221;default&#8221; title_text_color=&#8221;#0B7A75&#8243; title_level=&#8221;h3&#8243; title_font_size=&#8221;26px&#8221; body_text_color=&#8221;#0B7A75&#8243; border_radii=&#8221;on|10px|10px|10px|10px&#8221; border_width_all=&#8221;2px&#8221; border_color_all=&#8221;#0B7A75&#8243; global_colors_info=&#8221;{}&#8221;]<\/p>\n<p class=\"title-p\">MEALS<\/p>\n<p><span>Picnics for lunch. Morning and evening meals are taken in the accommodation. <\/span><\/p>\n<p class=\"title-p\">ACCOMMODATION<\/p>\n<p><span>4 nights in a refuge, 1 night in a gite and 1 night at the Grand Saint-Bernard hospice with half-board.<\/span><\/p>\n<p class=\"title-p\">TRAINING<\/p>\n<p><span>Supervision by a state-qualified French or Swiss mountain leader.<\/span><\/p>\n<p>[\/et_pb_toggle][et_pb_toggle title=&#8221;Practical info&#8221; open_toggle_text_color=&#8221;#0B7A75&#8243; open_toggle_background_color=&#8221;RGBA(255,255,255,0)&#8221; closed_toggle_background_color=&#8221;RGBA(255,255,255,0)&#8221; icon_color=&#8221;#0B7A75&#8243; toggle_icon=&#8221;&#x33;||divi||400&#8243; use_icon_font_size=&#8221;on&#8221; icon_font_size=&#8221;30px&#8221; _builder_version=&#8221;4.24.2&#8243; _module_preset=&#8221;default&#8221; title_text_color=&#8221;#0B7A75&#8243; title_level=&#8221;h3&#8243; title_font_size=&#8221;26px&#8221; body_text_color=&#8221;#0B7A75&#8243; border_radii=&#8221;on|10px|10px|10px|10px&#8221; border_width_all=&#8221;2px&#8221; border_color_all=&#8221;#0B7A75&#8243; global_colors_info=&#8221;{}&#8221;]<\/p>\n<p class=\"title-p\">ELECTRICITY<\/p>\n<p><span>Some (but not all) accommodations allow you to recharge small electronic devices (smartphones, cameras). If necessary, bring an external battery or solar charger. <\/span><\/p>\n<p class=\"title-p\">FORMALITIES AND VISA<\/p>\n<p><span>No visa required for French nationals and citizens of bordering countries.<\/span><\/p>\n<p class=\"title-p\">BUDGET, CHANGE AND TIPS<\/p>\n<p><span>Meals not included (cold drinks, snacks, etc.) and accommodation are included in the price of the stay. Showers are included in the accommodation. We provide 1 bottle of water for 2 people in each accommodation. Tipping is not compulsory and should reflect your satisfaction with the team. Euros are accepted by many shopkeepers in the Valais, but the rate is generally 1\u20ac = 1 CHF.    <\/span><\/p>\n<p>&nbsp;<\/p>\n<p>[\/et_pb_toggle][et_pb_button button_text=&#8221;Consult the FAQ&#8221; button_alignment=&#8221;left&#8221; button_alignment_tablet=&#8221;center&#8221; button_alignment_phone=&#8221;center&#8221; button_alignment_last_edited=&#8221;on|phone&#8221; _builder_version=&#8221;4.24.2&#8243; _module_preset=&#8221;default&#8221; button_text_color=&#8221;#FFFFFF&#8221; button_border_width=&#8221;2px&#8221; button_use_icon=&#8221;off&#8221; locked=&#8221;off&#8221; global_colors_info=&#8221;{}&#8221; button_bg_color__hover=&#8221;#FFFFFF&#8221;][\/et_pb_button][\/et_pb_column][\/et_pb_row][\/et_pb_section][et_pb_section fb_built=&#8221;1&#8243; admin_label=&#8221;Section plus value&#8221; _builder_version=&#8221;4.24.2&#8243; _module_preset=&#8221;default&#8221; background_color=&#8221;#FFFFFF&#8221; custom_padding=&#8221;2px||58px|||&#8221; custom_css_free_form=&#8221;selector {||  z-index: 20 !important;||}&#8221; locked=&#8221;off&#8221; global_colors_info=&#8221;{}&#8221;][et_pb_row _builder_version=&#8221;4.24.2&#8243; _module_preset=&#8221;default&#8221; global_colors_info=&#8221;{}&#8221;][et_pb_column type=&#8221;4_4&#8243; _builder_version=&#8221;4.24.2&#8243; _module_preset=&#8221;default&#8221; global_colors_info=&#8221;{}&#8221;][et_pb_text _builder_version=&#8221;4.24.2&#8243; _module_preset=&#8221;default&#8221; text_font_size=&#8221;40px&#8221; header_text_color=&#8221;#0B7A75&#8243; header_4_text_color=&#8221;#0B7A75&#8243; header_4_font_size=&#8221;42px&#8221; header_2_font_size_tablet=&#8221;&#8221; header_2_font_size_phone=&#8221;38px&#8221; header_2_font_size_last_edited=&#8221;on|phone&#8221; global_colors_info=&#8221;{}&#8221;]<\/p>\n<h4 style=\"text-align: center\"><strong>Watse added value<\/strong><\/h4>\n<p>[\/et_pb_text][\/et_pb_column][\/et_pb_row][et_pb_row column_structure=&#8221;1_3,1_3,1_3&#8243; custom_padding_last_edited=&#8221;on|phone&#8221; _builder_version=&#8221;4.24.2&#8243; _module_preset=&#8221;default&#8221; max_width=&#8221;1200px&#8221; max_width_tablet=&#8221;1200px&#8221; max_width_phone=&#8221;90%&#8221; max_width_last_edited=&#8221;on|phone&#8221; module_alignment=&#8221;center&#8221; custom_margin=&#8221;7px|auto||auto||&#8221; custom_margin_tablet=&#8221;7px|auto||auto||&#8221; custom_margin_phone=&#8221;0px|auto||auto|false|false&#8221; custom_margin_last_edited=&#8221;on|phone&#8221; custom_padding=&#8221;0px|||50px|false|false&#8221; custom_padding_tablet=&#8221;0px|||50px|false|false&#8221; custom_padding_phone=&#8221;|||0px|false|false&#8221; module_alignment_tablet=&#8221;center&#8221; module_alignment_phone=&#8221;center&#8221; module_alignment_last_edited=&#8221;on|phone&#8221; global_colors_info=&#8221;{}&#8221;][et_pb_column type=&#8221;1_3&#8243; _builder_version=&#8221;4.24.2&#8243; _module_preset=&#8221;default&#8221; global_colors_info=&#8221;{}&#8221;][et_pb_icon font_icon=&#8221;&#xf2e7;||fa||900&#8243; icon_width=&#8221;60px&#8221; _builder_version=&#8221;4.24.2&#8243; _module_preset=&#8221;default&#8221; custom_margin=&#8221;||22px|||&#8221; global_colors_info=&#8221;{}&#8221;][\/et_pb_icon][et_pb_text _builder_version=&#8221;4.24.2&#8243; _module_preset=&#8221;default&#8221; header_5_text_color=&#8221;#0B7A75&#8243; global_colors_info=&#8221;{}&#8221;]<\/p>\n<h5 style=\"text-align: center\"><strong>HOME-MADE PICNICS<\/strong><strong><\/strong><\/h5>\n<p style=\"text-align: center\">During your stay, picnics are prepared with fresh local produce by your guide.<\/p>\n<p>[\/et_pb_text][\/et_pb_column][et_pb_column type=&#8221;1_3&#8243; _builder_version=&#8221;4.24.2&#8243; _module_preset=&#8221;default&#8221; global_colors_info=&#8221;{}&#8221;][et_pb_icon font_icon=&#8221;&#xe074;||divi||400&#8243; icon_width=&#8221;60px&#8221; _builder_version=&#8221;4.24.2&#8243; _module_preset=&#8221;default&#8221; custom_margin=&#8221;||22px|||&#8221; global_colors_info=&#8221;{}&#8221;][\/et_pb_icon][et_pb_text _builder_version=&#8221;4.24.2&#8243; _module_preset=&#8221;default&#8221; header_5_text_color=&#8221;#0B7A75&#8243; global_colors_info=&#8221;{}&#8221;]<\/p>\n<h5 style=\"text-align: center\"><strong>THE BEST ACCOMMODATIONS<\/strong><strong><\/strong><\/h5>\n<p style=\"text-align: center\">The refuges and g\u00eetes on this hiking trip in the Queyras have been selected by our teams for their ideal location and the quality of their welcome.<\/p>\n<p>[\/et_pb_text][\/et_pb_column][et_pb_column type=&#8221;1_3&#8243; _builder_version=&#8221;4.24.2&#8243; _module_preset=&#8221;default&#8221; global_colors_info=&#8221;{}&#8221;][et_pb_icon font_icon=&#8221;&#xf1b9;||fa||900&#8243; icon_width=&#8221;60px&#8221; _builder_version=&#8221;4.24.2&#8243; _module_preset=&#8221;default&#8221; custom_margin=&#8221;||22px|||&#8221; global_colors_info=&#8221;{}&#8221;][\/et_pb_icon][et_pb_text _builder_version=&#8221;4.24.2&#8243; _module_preset=&#8221;default&#8221; header_5_text_color=&#8221;#0B7A75&#8243; global_colors_info=&#8221;{}&#8221;]<\/p>\n<h5 style=\"text-align: center\"><strong>TRANSFERS IN PRIVATE VEHICLES<\/strong><strong><\/strong><\/h5>\n<p style=\"text-align: center\">To be completely free and autonomous, and to avoid any delays, all transfers will be made by private vehicle during the stay.<\/p>\n<p>[\/et_pb_text][\/et_pb_column][\/et_pb_row][\/et_pb_section]<\/p>\n","protected":false},"featured_media":61207,"template":"","meta":{"_acf_changed":false,"_et_pb_use_builder":"on","_et_pb_old_content":"","_et_gb_content_width":""},"activite":[341],"destination":[342,344],"class_list":["post-62174","sejour","type-sejour","status-publish","has-post-thumbnail","hentry","activite-trekking-en","destination-europe-en","destination-switerland"],"acf":{"desc-text-1":"The night at the Hospice du St-Bernard and a warm welcome from the canons","desc-text-2":"A breathtaking view of the Corbassi\u00e8re glacier","desc-text-3":"Crossing the 100-metre-high Corbassi\u00e8re footbridge","destination_principale":"Switzerland"},"yoast_head":"<!-- This site is optimized with the Yoast SEO plugin v23.5 - https:\/\/yoast.com\/wordpress\/plugins\/seo\/ -->\n<title>Grand Tour des Combins trek with guide in 7 days<\/title>\n<meta name=\"description\" content=\"Cross majestic passes, admire exceptional panoramas and immerse yourself in the wilderness of the Swiss and Italian Alps.\" \/>\n<meta name=\"robots\" content=\"index, follow, max-snippet:-1, max-image-preview:large, max-video-preview:-1\" \/>\n<link rel=\"canonical\" href=\"https:\/\/watse.fr\/en\/sejour\/grand-tour-des-combins\/\" \/>\n<meta property=\"og:locale\" content=\"en_US\" \/>\n<meta property=\"og:type\" content=\"article\" \/>\n<meta property=\"og:title\" content=\"Tour des Combins: 7-day trek\" \/>\n<meta property=\"og:description\" content=\"Explore magnificent Alpine landscapes, cross spectacular passes and discover the wild beauty of the Alps with an expert guide.\" \/>\n<meta property=\"og:site_name\" content=\"Watse\" \/>\n<meta property=\"article:modified_time\" content=\"2024-10-11T14:15:10+00:00\" \/>\n<meta property=\"og:image\" content=\"https:\/\/watse.fr\/wp-content\/uploads\/2024\/05\/trek-J4-tour-des-combins-1024x768.jpg\" \/>\n<meta name=\"twitter:card\" content=\"summary_large_image\" \/>\n<meta name=\"twitter:title\" content=\"Tour des Combins Trek: 7 days between Switzerland and Italy\" \/>\n<meta name=\"twitter:description\" content=\"The 7-day Combins tour is the perfect opportunity to discover this wild territory with its grandiose, contrasting landscapes.\" \/>\n<meta name=\"twitter:image\" content=\"https:\/\/watse.fr\/wp-content\/uploads\/2024\/06\/Copie-de-IMG_6732-1024x768.jpg\" \/>\n<meta name=\"twitter:label1\" content=\"Est. reading time\" \/>\n\t<meta name=\"twitter:data1\" content=\"42 minutes\" \/>\n<script type=\"application\/ld+json\" class=\"yoast-schema-graph\">{\"@context\":\"https:\/\/schema.org\",\"@graph\":[{\"@type\":\"WebPage\",\"@id\":\"https:\/\/watse.fr\/en\/sejour\/grand-tour-des-combins\/\",\"url\":\"https:\/\/watse.fr\/en\/sejour\/grand-tour-des-combins\/\",\"name\":\"Grand Tour des Combins trek with guide in 7 days\",\"isPartOf\":{\"@id\":\"https:\/\/watse.fr\/en\/#website\"},\"primaryImageOfPage\":{\"@id\":\"https:\/\/watse.fr\/en\/sejour\/grand-tour-des-combins\/#primaryimage\"},\"image\":{\"@id\":\"https:\/\/watse.fr\/en\/sejour\/grand-tour-des-combins\/#primaryimage\"},\"thumbnailUrl\":\"https:\/\/watse.fr\/wp-content\/uploads\/2024\/05\/TREK-Tour-des-Combins.jpg\",\"datePublished\":\"2024-05-26T13:00:12+00:00\",\"dateModified\":\"2024-10-11T14:15:10+00:00\",\"description\":\"Cross majestic passes, admire exceptional panoramas and immerse yourself in the wilderness of the Swiss and Italian Alps.\",\"breadcrumb\":{\"@id\":\"https:\/\/watse.fr\/en\/sejour\/grand-tour-des-combins\/#breadcrumb\"},\"inLanguage\":\"en-US\",\"potentialAction\":[{\"@type\":\"ReadAction\",\"target\":[\"https:\/\/watse.fr\/en\/sejour\/grand-tour-des-combins\/\"]}]},{\"@type\":\"ImageObject\",\"inLanguage\":\"en-US\",\"@id\":\"https:\/\/watse.fr\/en\/sejour\/grand-tour-des-combins\/#primaryimage\",\"url\":\"https:\/\/watse.fr\/wp-content\/uploads\/2024\/05\/TREK-Tour-des-Combins.jpg\",\"contentUrl\":\"https:\/\/watse.fr\/wp-content\/uploads\/2024\/05\/TREK-Tour-des-Combins.jpg\",\"width\":2560,\"height\":1440,\"caption\":\"TREK-Tour-des-Combins\"},{\"@type\":\"BreadcrumbList\",\"@id\":\"https:\/\/watse.fr\/en\/sejour\/grand-tour-des-combins\/#breadcrumb\",\"itemListElement\":[{\"@type\":\"ListItem\",\"position\":1,\"name\":\"Accueil\",\"item\":\"https:\/\/watse.fr\/en\/\"},{\"@type\":\"ListItem\",\"position\":2,\"name\":\"S\u00e9jours\",\"item\":\"https:\/\/watse.fr\/en\/tous-nos-sejours\/\"},{\"@type\":\"ListItem\",\"position\":3,\"name\":\"Grand Tour des Combins\"}]},{\"@type\":\"WebSite\",\"@id\":\"https:\/\/watse.fr\/en\/#website\",\"url\":\"https:\/\/watse.fr\/en\/\",\"name\":\"Watse\",\"description\":\"\",\"potentialAction\":[{\"@type\":\"SearchAction\",\"target\":{\"@type\":\"EntryPoint\",\"urlTemplate\":\"https:\/\/watse.fr\/en\/?s={search_term_string}\"},\"query-input\":{\"@type\":\"PropertyValueSpecification\",\"valueRequired\":true,\"valueName\":\"search_term_string\"}}],\"inLanguage\":\"en-US\"}]}<\/script>\n<!-- \/ Yoast SEO plugin. -->","yoast_head_json":{"title":"Grand Tour des Combins trek with guide in 7 days","description":"Cross majestic passes, admire exceptional panoramas and immerse yourself in the wilderness of the Swiss and Italian Alps.","robots":{"index":"index","follow":"follow","max-snippet":"max-snippet:-1","max-image-preview":"max-image-preview:large","max-video-preview":"max-video-preview:-1"},"canonical":"https:\/\/watse.fr\/en\/sejour\/grand-tour-des-combins\/","og_locale":"en_US","og_type":"article","og_title":"Tour des Combins: 7-day trek","og_description":"Explore magnificent Alpine landscapes, cross spectacular passes and discover the wild beauty of the Alps with an expert guide.","og_site_name":"Watse","article_modified_time":"2024-10-11T14:15:10+00:00","og_image":[{"url":"https:\/\/watse.fr\/wp-content\/uploads\/2024\/05\/trek-J4-tour-des-combins-1024x768.jpg"}],"twitter_card":"summary_large_image","twitter_title":"Tour des Combins Trek: 7 days between Switzerland and Italy","twitter_description":"The 7-day Combins tour is the perfect opportunity to discover this wild territory with its grandiose, contrasting landscapes.","twitter_image":"https:\/\/watse.fr\/wp-content\/uploads\/2024\/06\/Copie-de-IMG_6732-1024x768.jpg","twitter_misc":{"Est. reading time":"42 minutes"},"schema":{"@context":"https:\/\/schema.org","@graph":[{"@type":"WebPage","@id":"https:\/\/watse.fr\/en\/sejour\/grand-tour-des-combins\/","url":"https:\/\/watse.fr\/en\/sejour\/grand-tour-des-combins\/","name":"Grand Tour des Combins trek with guide in 7 days","isPartOf":{"@id":"https:\/\/watse.fr\/en\/#website"},"primaryImageOfPage":{"@id":"https:\/\/watse.fr\/en\/sejour\/grand-tour-des-combins\/#primaryimage"},"image":{"@id":"https:\/\/watse.fr\/en\/sejour\/grand-tour-des-combins\/#primaryimage"},"thumbnailUrl":"https:\/\/watse.fr\/wp-content\/uploads\/2024\/05\/TREK-Tour-des-Combins.jpg","datePublished":"2024-05-26T13:00:12+00:00","dateModified":"2024-10-11T14:15:10+00:00","description":"Cross majestic passes, admire exceptional panoramas and immerse yourself in the wilderness of the Swiss and Italian Alps.","breadcrumb":{"@id":"https:\/\/watse.fr\/en\/sejour\/grand-tour-des-combins\/#breadcrumb"},"inLanguage":"en-US","potentialAction":[{"@type":"ReadAction","target":["https:\/\/watse.fr\/en\/sejour\/grand-tour-des-combins\/"]}]},{"@type":"ImageObject","inLanguage":"en-US","@id":"https:\/\/watse.fr\/en\/sejour\/grand-tour-des-combins\/#primaryimage","url":"https:\/\/watse.fr\/wp-content\/uploads\/2024\/05\/TREK-Tour-des-Combins.jpg","contentUrl":"https:\/\/watse.fr\/wp-content\/uploads\/2024\/05\/TREK-Tour-des-Combins.jpg","width":2560,"height":1440,"caption":"TREK-Tour-des-Combins"},{"@type":"BreadcrumbList","@id":"https:\/\/watse.fr\/en\/sejour\/grand-tour-des-combins\/#breadcrumb","itemListElement":[{"@type":"ListItem","position":1,"name":"Accueil","item":"https:\/\/watse.fr\/en\/"},{"@type":"ListItem","position":2,"name":"S\u00e9jours","item":"https:\/\/watse.fr\/en\/tous-nos-sejours\/"},{"@type":"ListItem","position":3,"name":"Grand Tour des Combins"}]},{"@type":"WebSite","@id":"https:\/\/watse.fr\/en\/#website","url":"https:\/\/watse.fr\/en\/","name":"Watse","description":"","potentialAction":[{"@type":"SearchAction","target":{"@type":"EntryPoint","urlTemplate":"https:\/\/watse.fr\/en\/?s={search_term_string}"},"query-input":{"@type":"PropertyValueSpecification","valueRequired":true,"valueName":"search_term_string"}}],"inLanguage":"en-US"}]}},"_links":{"self":[{"href":"https:\/\/watse.fr\/en\/wp-json\/wp\/v2\/sejour\/62174"}],"collection":[{"href":"https:\/\/watse.fr\/en\/wp-json\/wp\/v2\/sejour"}],"about":[{"href":"https:\/\/watse.fr\/en\/wp-json\/wp\/v2\/types\/sejour"}],"wp:featuredmedia":[{"embeddable":true,"href":"https:\/\/watse.fr\/en\/wp-json\/wp\/v2\/media\/61207"}],"wp:attachment":[{"href":"https:\/\/watse.fr\/en\/wp-json\/wp\/v2\/media?parent=62174"}],"wp:term":[{"taxonomy":"activite","embeddable":true,"href":"https:\/\/watse.fr\/en\/wp-json\/wp\/v2\/activite?post=62174"},{"taxonomy":"destination","embeddable":true,"href":"https:\/\/watse.fr\/en\/wp-json\/wp\/v2\/destination?post=62174"}],"curies":[{"name":"wp","href":"https:\/\/api.w.org\/{rel}","templated":true}]}}